{"id":10236,"date":"2026-04-02T14:51:00","date_gmt":"2026-04-02T12:51:00","guid":{"rendered":"https:\/\/petrapekna.com\/?page_id=10236"},"modified":"2026-04-15T09:34:29","modified_gmt":"2026-04-15T07:34:29","slug":"immobilien-cala-figuera","status":"publish","type":"page","link":"https:\/\/petrapekna.com\/en\/immobilien-cala-figuera\/","title":{"rendered":"Immobilien Cala Figuera"},"content":{"rendered":"\t\t<div data-elementor-type=\"wp-page\" data-elementor-id=\"10236\" class=\"elementor elementor-10236\" data-elementor-post-type=\"page\">\n\t\t\t\t<div class=\"elementor-element elementor-element-515d35fa e-flex e-con-boxed e-con e-parent\" data-id=\"515d35fa\" data-element_type=\"container\" data-e-type=\"container\" data-settings=\"{&quot;background_background&quot;:&quot;slideshow&quot;,&quot;background_slideshow_gallery&quot;:[{&quot;id&quot;:439,&quot;url&quot;:&quot;https:\\\/\\\/petrapekna.com\\\/wp-content\\\/uploads\\\/2025\\\/07\\\/APH001CN-R.-Web-002.jpg&quot;},{&quot;id&quot;:631,&quot;url&quot;:&quot;https:\\\/\\\/petrapekna.com\\\/wp-content\\\/uploads\\\/2025\\\/07\\\/51aec239-e8ef-431b-85e8-a08e887f1a3e-scaled.jpg&quot;},{&quot;id&quot;:446,&quot;url&quot;:&quot;https:\\\/\\\/petrapekna.com\\\/wp-content\\\/uploads\\\/2025\\\/07\\\/PP002CN-Dron-R.Alta-003-scaled.jpg&quot;},{&quot;id&quot;:445,&quot;url&quot;:&quot;https:\\\/\\\/petrapekna.com\\\/wp-content\\\/uploads\\\/2025\\\/07\\\/MHM514-scaled.jpg&quot;}],&quot;background_slideshow_ken_burns&quot;:&quot;yes&quot;,&quot;background_slideshow_transition_duration&quot;:300,&quot;background_slideshow_loop&quot;:&quot;yes&quot;,&quot;background_slideshow_slide_duration&quot;:5000,&quot;background_slideshow_slide_transition&quot;:&quot;fade&quot;,&quot;background_slideshow_ken_burns_zoom_direction&quot;:&quot;in&quot;}\">\n\t\t\t\t\t<div class=\"e-con-inner\">\n\t\t<div class=\"elementor-element elementor-element-d280ff3 e-con-full e-flex e-con e-child\" data-id=\"d280ff3\" data-element_type=\"container\" data-e-type=\"container\" data-settings=\"{&quot;background_background&quot;:&quot;classic&quot;}\">\n\t\t\t\t<div class=\"elementor-element elementor-element-32cb94c0 elementor-invisible elementor-widget elementor-widget-heading\" data-id=\"32cb94c0\" data-element_type=\"widget\" data-e-type=\"widget\" data-settings=\"{&quot;_animation&quot;:&quot;fadeInLeft&quot;}\" data-widget_type=\"heading.default\">\n\t\t\t\t<div class=\"elementor-widget-container\">\n\t\t\t\t\t<h2 class=\"elementor-heading-title elementor-size-default\">PETRA PEKNA <br>IMMOBILIEN\n<\/h2>\t\t\t\t<\/div>\n\t\t\t\t<\/div>\n\t\t\t\t<div class=\"elementor-element elementor-element-96f6025 elementor-invisible elementor-widget elementor-widget-text-editor\" data-id=\"96f6025\" data-element_type=\"widget\" data-e-type=\"widget\" data-settings=\"{&quot;_animation&quot;:&quot;fadeInLeft&quot;,&quot;_animation_delay&quot;:&quot;100&quot;}\" data-widget_type=\"text-editor.default\">\n\t\t\t\t<div class=\"elementor-widget-container\">\n\t\t\t\t\t\t\t\t\t<p><strong>Ihre Immobilienexperten in Cala FIguera<\/strong><\/p>\t\t\t\t\t\t\t\t<\/div>\n\t\t\t\t<\/div>\n\t\t\t\t<\/div>\n\t\t<div class=\"elementor-element elementor-element-38f05e3d e-con-full e-flex e-con e-child\" data-id=\"38f05e3d\" data-element_type=\"container\" data-e-type=\"container\">\n\t\t\t\t<div class=\"elementor-element elementor-element-43b559ae elementor-align-left elementor-mobile-align-center elementor-widget__width-auto elementor-invisible elementor-widget elementor-widget-button\" data-id=\"43b559ae\" data-element_type=\"widget\" data-e-type=\"widget\" data-settings=\"{&quot;_animation&quot;:&quot;fadeInLeft&quot;,&quot;_animation_delay&quot;:&quot;200&quot;}\" data-widget_type=\"button.default\">\n\t\t\t\t<div class=\"elementor-widget-container\">\n\t\t\t\t\t\t\t\t\t<div class=\"elementor-button-wrapper\">\n\t\t\t\t\t<a class=\"elementor-button elementor-button-link elementor-size-sm\" href=\"https:\/\/petrapekna.com\/leistungen\">\n\t\t\t\t\t\t<span class=\"elementor-button-content-wrapper\">\n\t\t\t\t\t\t\t\t\t<span class=\"elementor-button-text\">Unsere Leistungen<\/span>\n\t\t\t\t\t<\/span>\n\t\t\t\t\t<\/a>\n\t\t\t\t<\/div>\n\t\t\t\t\t\t\t\t<\/div>\n\t\t\t\t<\/div>\n\t\t\t\t<div class=\"elementor-element elementor-element-35f658d8 elementor-align-left elementor-mobile-align-center elementor-widget__width-auto elementor-invisible elementor-widget elementor-widget-button\" data-id=\"35f658d8\" data-element_type=\"widget\" data-e-type=\"widget\" data-settings=\"{&quot;_animation&quot;:&quot;fadeInLeft&quot;,&quot;_animation_delay&quot;:&quot;200&quot;}\" data-widget_type=\"button.default\">\n\t\t\t\t<div class=\"elementor-widget-container\">\n\t\t\t\t\t\t\t\t\t<div class=\"elementor-button-wrapper\">\n\t\t\t\t\t<a class=\"elementor-button elementor-button-link elementor-size-sm\" href=\"https:\/\/petrapekna.com\/immobilien\/\">\n\t\t\t\t\t\t<span class=\"elementor-button-content-wrapper\">\n\t\t\t\t\t\t\t\t\t<span class=\"elementor-button-text\">Aktuelle Angebote<\/span>\n\t\t\t\t\t<\/span>\n\t\t\t\t\t<\/a>\n\t\t\t\t<\/div>\n\t\t\t\t\t\t\t\t<\/div>\n\t\t\t\t<\/div>\n\t\t\t\t<\/div>\n\t\t\t\t\t<\/div>\n\t\t\t\t<\/div>\n\t\t<div class=\"elementor-element elementor-element-421b667a e-flex e-con-boxed e-con e-parent\" data-id=\"421b667a\" data-element_type=\"container\" data-e-type=\"container\" data-settings=\"{&quot;background_background&quot;:&quot;classic&quot;}\">\n\t\t\t\t\t<div class=\"e-con-inner\">\n\t\t<div class=\"elementor-element elementor-element-91c8729 e-con-full e-flex e-con e-child\" data-id=\"91c8729\" data-element_type=\"container\" data-e-type=\"container\">\n\t\t\t\t<div class=\"elementor-element elementor-element-3753d6e0 elementor-widget elementor-widget-image\" data-id=\"3753d6e0\" data-element_type=\"widget\" data-e-type=\"widget\" data-widget_type=\"image.default\">\n\t\t\t\t<div class=\"elementor-widget-container\">\n\t\t\t\t\t\t\t\t\t\t\t\t\t\t\t<img fetchpriority=\"high\" decoding=\"async\" width=\"1920\" height=\"2560\" src=\"https:\/\/petrapekna.com\/wp-content\/uploads\/2025\/07\/3-scaled.jpg\" class=\"attachment-full size-full wp-image-463\" alt=\"Immobilienmakler Petra Pekna\" srcset=\"https:\/\/petrapekna.com\/wp-content\/uploads\/2025\/07\/3-scaled.jpg 1920w, https:\/\/petrapekna.com\/wp-content\/uploads\/2025\/07\/3-225x300.jpg 225w, https:\/\/petrapekna.com\/wp-content\/uploads\/2025\/07\/3-768x1024.jpg 768w, https:\/\/petrapekna.com\/wp-content\/uploads\/2025\/07\/3-1152x1536.jpg 1152w, https:\/\/petrapekna.com\/wp-content\/uploads\/2025\/07\/3-1536x2048.jpg 1536w\" sizes=\"(max-width: 1920px) 100vw, 1920px\" \/>\t\t\t\t\t\t\t\t\t\t\t\t\t\t\t<\/div>\n\t\t\t\t<\/div>\n\t\t\t\t<\/div>\n\t\t<div class=\"elementor-element elementor-element-134b996c e-con-full e-flex e-con e-child\" data-id=\"134b996c\" data-element_type=\"container\" data-e-type=\"container\">\n\t\t<div class=\"elementor-element elementor-element-75146a29 e-con-full e-flex e-con e-child\" data-id=\"75146a29\" data-element_type=\"container\" data-e-type=\"container\">\n\t\t<div class=\"elementor-element elementor-element-7188c8dd e-con-full e-flex elementor-invisible e-con e-child\" data-id=\"7188c8dd\" data-element_type=\"container\" data-e-type=\"container\" data-settings=\"{&quot;background_background&quot;:&quot;classic&quot;,&quot;animation&quot;:&quot;fadeInRight&quot;}\">\n\t\t\t\t<div class=\"elementor-element elementor-element-1e775699 elementor-invisible elementor-widget elementor-widget-heading\" data-id=\"1e775699\" data-element_type=\"widget\" data-e-type=\"widget\" data-settings=\"{&quot;_animation&quot;:&quot;fadeInLeft&quot;}\" data-widget_type=\"heading.default\">\n\t\t\t\t<div class=\"elementor-widget-container\">\n\t\t\t\t\t<div class=\"elementor-heading-title elementor-size-default\"><h1 style=\"color: #C6AD7B;font-weight: 600;font-size: 1.0em;font-style: italic\">Immobilie kaufen in Cala Figuera <br \/> mit Petra Pekna \u2013 wenn Sie erfolgreich Immobilien in Cala Figuera kaufen wollen <\/h1> <\/div>\t\t\t\t<\/div>\n\t\t\t\t<\/div>\n\t\t\t\t<div class=\"elementor-element elementor-element-1779d620 elementor-widget elementor-widget-heading\" data-id=\"1779d620\" data-element_type=\"widget\" data-e-type=\"widget\" data-widget_type=\"heading.default\">\n\t\t\t\t<div class=\"elementor-widget-container\">\n\t\t\t\t\t<h2 class=\"elementor-heading-title elementor-size-default\">Ihr lokaler Immobilienmakler und Preisexperte f\u00fcr den Hauskauf in Cala Figuera<\/h2>\t\t\t\t<\/div>\n\t\t\t\t<\/div>\n\t\t\t\t<div class=\"elementor-element elementor-element-1f85f3ca elementor-widget elementor-widget-text-editor\" data-id=\"1f85f3ca\" data-element_type=\"widget\" data-e-type=\"widget\" data-widget_type=\"text-editor.default\">\n\t\t\t\t<div class=\"elementor-widget-container\">\n\t\t\t\t\t\t\t\t\t<div class=\"elementor-element elementor-element-1f85f3ca elementor-widget elementor-widget-text-editor\" data-id=\"1f85f3ca\" data-element_type=\"widget\" data-widget_type=\"text-editor.default\"><div class=\"elementor-widget-container\"><p data-start=\"0\" data-end=\"463\">Mit einem bew\u00e4hrten Prozess und gro\u00dfem pers\u00f6nlichen Engagement begleitet Petra Pekna Immobilien Sie zuverl\u00e4ssig beim Kauf Ihrer Immobilie in Cala Figuera. Von der ersten Beratung bis zum erfolgreichen Abschluss steht Ihnen eine feste, pers\u00f6nliche Ansprechpartnerin zur Seite, die Ihre individuellen W\u00fcnsche kennt und konsequent vertritt. Wir \u00fcbernehmen die gesamte Organisation des Kaufprozesses \u2013 transparent, strukturiert und f\u00fcr Sie so entspannt wie m\u00f6glich.<\/p><p data-start=\"465\" data-end=\"600\" data-is-last-node=\"\" data-is-only-node=\"\">F\u00fcr eine erste, unverbindliche telefonische Beratung erreichen Sie uns unter +34 87 15 32 007 oder nehmen Sie hier Kontakt mit uns auf.<\/p><\/div><\/div>\t\t\t\t\t\t\t\t<\/div>\n\t\t\t\t<\/div>\n\t\t\t\t<div class=\"elementor-element elementor-element-2b871e56 elementor-align-left elementor-mobile-align-justify elementor-widget elementor-widget-button\" data-id=\"2b871e56\" data-element_type=\"widget\" data-e-type=\"widget\" data-widget_type=\"button.default\">\n\t\t\t\t<div class=\"elementor-widget-container\">\n\t\t\t\t\t\t\t\t\t<div class=\"elementor-button-wrapper\">\n\t\t\t\t\t<a class=\"elementor-button elementor-button-link elementor-size-sm\" href=\"https:\/\/petrapekna.com\/haus-kaufen-santanyi\/#schritte\">\n\t\t\t\t\t\t<span class=\"elementor-button-content-wrapper\">\n\t\t\t\t\t\t\t\t\t<span class=\"elementor-button-text\">Mehr erfahren<\/span>\n\t\t\t\t\t<\/span>\n\t\t\t\t\t<\/a>\n\t\t\t\t<\/div>\n\t\t\t\t\t\t\t\t<\/div>\n\t\t\t\t<\/div>\n\t\t\t\t<\/div>\n\t\t\t\t<\/div>\n\t\t\t\t<\/div>\n\t\t\t\t\t<\/div>\n\t\t\t\t<\/div>\n\t\t<div class=\"elementor-element elementor-element-390ef25 e-flex e-con-boxed e-con e-parent\" data-id=\"390ef25\" data-element_type=\"container\" data-e-type=\"container\" id=\"schritte\">\n\t\t\t\t\t<div class=\"e-con-inner\">\n\t\t<div class=\"elementor-element elementor-element-5ac6d2a e-con-full e-flex e-con e-child\" data-id=\"5ac6d2a\" data-element_type=\"container\" data-e-type=\"container\" data-settings=\"{&quot;background_background&quot;:&quot;classic&quot;}\">\n\t\t<div class=\"elementor-element elementor-element-29f98ad e-con-full e-flex e-con e-child\" data-id=\"29f98ad\" data-element_type=\"container\" data-e-type=\"container\">\n\t\t<div class=\"elementor-element elementor-element-24bce6b e-con-full e-flex e-con e-child\" data-id=\"24bce6b\" data-element_type=\"container\" data-e-type=\"container\">\n\t\t<div class=\"elementor-element elementor-element-26b8205 e-con-full e-flex e-con e-child\" data-id=\"26b8205\" data-element_type=\"container\" data-e-type=\"container\">\n\t\t\t\t<div class=\"elementor-element elementor-element-e18a5fb elementor-widget elementor-widget-heading\" data-id=\"e18a5fb\" data-element_type=\"widget\" data-e-type=\"widget\" data-widget_type=\"heading.default\">\n\t\t\t\t<div class=\"elementor-widget-container\">\n\t\t\t\t\t<h3 class=\"elementor-heading-title elementor-size-default\">In 4 Schritten <br>  zur Immobilie in Cala Figuera<\/h3>\t\t\t\t<\/div>\n\t\t\t\t<\/div>\n\t\t\t\t<div class=\"elementor-element elementor-element-543c005 elementor-invisible elementor-widget elementor-widget-text-editor\" data-id=\"543c005\" data-element_type=\"widget\" data-e-type=\"widget\" data-settings=\"{&quot;_animation&quot;:&quot;fadeInLeft&quot;,&quot;_animation_delay&quot;:&quot;100&quot;}\" data-widget_type=\"text-editor.default\">\n\t\t\t\t<div class=\"elementor-widget-container\">\n\t\t\t\t\t\t\t\t\t<div class=\"flex flex-col text-sm pb-25\"><section class=\"text-token-text-primary w-full focus:outline-none [--shadow-height:45px] has-data-writing-block:pointer-events-none has-data-writing-block:-mt-(--shadow-height) has-data-writing-block:pt-(--shadow-height) [&amp;:has([data-writing-block])&gt;*]:pointer-events-auto scroll-mt-[calc(var(--header-height)+min(200px,max(70px,20svh)))]\" dir=\"auto\" data-turn-id=\"request-WEB:54cf34a1-0b31-407e-a7a9-c56a26ec3913-5\" data-testid=\"conversation-turn-12\" data-scroll-anchor=\"true\" data-turn=\"assistant\"><div class=\"text-base my-auto mx-auto pb-10 [--thread-content-margin:var(--thread-content-margin-xs,calc(var(--spacing)*4))] @w-sm\/main:[--thread-content-margin:var(--thread-content-margin-sm,calc(var(--spacing)*6))] @w-lg\/main:[--thread-content-margin:var(--thread-content-margin-lg,calc(var(--spacing)*16))] px-(--thread-content-margin)\"><div class=\"[--thread-content-max-width:40rem] @w-lg\/main:[--thread-content-max-width:48rem] mx-auto max-w-(--thread-content-max-width) flex-1 group\/turn-messages focus-visible:outline-hidden relative flex w-full min-w-0 flex-col agent-turn\"><div class=\"flex max-w-full flex-col gap-4 grow\"><div class=\"min-h-8 text-message relative flex w-full flex-col items-end gap-2 text-start break-words whitespace-normal outline-none keyboard-focused:focus-ring [.text-message+&amp;]:mt-1\" dir=\"auto\" tabindex=\"0\" data-message-author-role=\"assistant\" data-message-id=\"53f7b830-c9ec-469d-91b3-2af3a396ccf8\" data-message-model-slug=\"gpt-5-mini\" data-turn-start-message=\"true\"><div class=\"flex w-full flex-col gap-1 empty:hidden\"><div class=\"markdown prose dark:prose-invert w-full wrap-break-word light markdown-new-styling\"><p data-start=\"0\" data-end=\"348\">Mit \u00fcber 15 Jahren Erfahrung im Immobilienmarkt im S\u00fcdosten Mallorcas begleitet Petra Pekna Real Estate Agency Sie zuverl\u00e4ssig auf dem Weg zu Ihrer Traumimmobilie. Ob idyllische Finca, modernes Haus oder exklusive Villa \u2013 wir verbinden fundiertes Fachwissen mit Leidenschaft f\u00fcr Cala Figuera und einem feinen Gesp\u00fcr f\u00fcr Ihre pers\u00f6nlichen W\u00fcnsche.<\/p><p data-start=\"350\" data-end=\"599\" data-is-last-node=\"\" data-is-only-node=\"\">Unser Ziel ist es, Sie beim Immobilienkauf in Cala Figuera individuell und diskret zu unterst\u00fctzen. Mit ma\u00dfgeschneiderten L\u00f6sungen sorgen wir daf\u00fcr, dass Sie genau die Immobilie finden, die zu Ihnen passt \u2013 stressfrei, transparent und professionell.<\/p><\/div><\/div><\/div><\/div><\/div><\/div><\/section><\/div>\t\t\t\t\t\t\t\t<\/div>\n\t\t\t\t<\/div>\n\t\t\t\t<\/div>\n\t\t<div class=\"elementor-element elementor-element-e8cb590 e-con-full e-flex e-con e-child\" data-id=\"e8cb590\" data-element_type=\"container\" data-e-type=\"container\">\n\t\t<div class=\"elementor-element elementor-element-1c82bfe e-con-full e-flex e-con e-child\" data-id=\"1c82bfe\" data-element_type=\"container\" data-e-type=\"container\" data-settings=\"{&quot;background_background&quot;:&quot;classic&quot;}\">\n\t\t\t\t<div class=\"elementor-element elementor-element-7b23237 elementor-position-inline-start elementor-view-default elementor-mobile-position-block-start elementor-widget elementor-widget-icon-box\" data-id=\"7b23237\" data-element_type=\"widget\" data-e-type=\"widget\" data-widget_type=\"icon-box.default\">\n\t\t\t\t<div class=\"elementor-widget-container\">\n\t\t\t\t\t\t\t<div class=\"elementor-icon-box-wrapper\">\n\n\t\t\t\t\t\t<div class=\"elementor-icon-box-icon\">\n\t\t\t\t<span  class=\"elementor-icon\">\n\t\t\t\t<svg xmlns=\"http:\/\/www.w3.org\/2000\/svg\" xmlns:xlink=\"http:\/\/www.w3.org\/1999\/xlink\" id=\"Capa_1\" x=\"0px\" y=\"0px\" viewBox=\"0 0 463.937 463.937\" style=\"enable-background:new 0 0 463.937 463.937;\" xml:space=\"preserve\"><g>\t<g>\t\t<path d=\"M460.414,216.518l-85.6-73.1c0.1-0.5,0.2-1,0.3-1.6v-95.6c-0.1-5.7-4.6-10.3-10.3-10.5h-47.8c-5.5,0-10,4.9-10,10.5v39.6   l-68.5-58.4c-3.7-3.2-9.2-3.2-13,0l-221.9,189c-4.3,3.5-4.8,9.8-1.3,14.1s9.8,4.8,14.1,1.3c0.1-0.1,0.1-0.1,0.2-0.2l215.4-183.4   l77.1,65.7l46.1,39.2l92.3,78.6c4.2,3.6,10.5,3.1,14.1-1.1C465.114,226.418,464.614,220.118,460.414,216.518z M355.014,126.518   l-28-23.6v-47.1h28V126.518z\"><\/path>\t<\/g><\/g><g>\t<g>\t\t<path d=\"M416.314,236.718l-28.1-24l-149.7-127.9c-3.7-3.2-9.2-3.2-13,0l-149.7,127.9l-28.1,24c-4.2,3.6-4.7,9.9-1.1,14.1   c3.5,4.2,9.7,4.7,13.8,1.2l0.1-0.1l12.5-10.8v187.5c0.1,5.6,4.7,10.2,10.3,10.3h297.3c5.6-0.1,10.2-4.6,10.3-10.3v-187.5   l12.5,10.8c1.8,1.5,4,2.4,6.4,2.4c2.9,0,5.7-1.3,7.6-3.5C421.114,246.518,420.514,240.218,416.314,236.718z M272.014,418.818h-80   v-108h80V418.818z M292.014,418.818v-117.7c0-5.5-4.1-10.3-9.6-10.3h-100.8c-5.5,0-9.6,4.8-9.6,10.3v117.7h-79v-194.8l139-118.4   l139,118.4v194.8H292.014z\"><\/path>\t<\/g><\/g><g><\/g><g><\/g><g><\/g><g><\/g><g><\/g><g><\/g><g><\/g><g><\/g><g><\/g><g><\/g><g><\/g><g><\/g><g><\/g><g><\/g><g><\/g><\/svg>\t\t\t\t<\/span>\n\t\t\t<\/div>\n\t\t\t\n\t\t\t\t\t\t<div class=\"elementor-icon-box-content\">\n\n\t\t\t\t\t\t\t\t\t<h3 class=\"elementor-icon-box-title\">\n\t\t\t\t\t\t<span  >\n\t\t\t\t\t\t\tBeratung &amp; Besichtigung\t\t\t\t\t\t<\/span>\n\t\t\t\t\t<\/h3>\n\t\t\t\t\n\t\t\t\t\t\t\t\t\t<p class=\"elementor-icon-box-description\">\n\t\t\t\t\t\tWir lernen Ihre individuellen W\u00fcnsche kennen und besichtigen gemeinsam passende Immobilien in Cala Figuera. Dabei erhalten Sie einen klaren \u00dcberblick \u00fcber den lokalen Markt, die Abl\u00e4ufe und Ihre Optionen \u2013 so starten Sie bestens informiert in Ihren Immobilienkauf.\t\t\t\t\t<\/p>\n\t\t\t\t\n\t\t\t<\/div>\n\t\t\t\n\t\t<\/div>\n\t\t\t\t\t\t<\/div>\n\t\t\t\t<\/div>\n\t\t\t\t<\/div>\n\t\t<div class=\"elementor-element elementor-element-11fd7e8 e-con-full e-flex e-con e-child\" data-id=\"11fd7e8\" data-element_type=\"container\" data-e-type=\"container\" data-settings=\"{&quot;background_background&quot;:&quot;classic&quot;}\">\n\t\t\t\t<div class=\"elementor-element elementor-element-fce828c elementor-position-inline-start elementor-view-default elementor-mobile-position-block-start elementor-widget elementor-widget-icon-box\" data-id=\"fce828c\" data-element_type=\"widget\" data-e-type=\"widget\" data-widget_type=\"icon-box.default\">\n\t\t\t\t<div class=\"elementor-widget-container\">\n\t\t\t\t\t\t\t<div class=\"elementor-icon-box-wrapper\">\n\n\t\t\t\t\t\t<div class=\"elementor-icon-box-icon\">\n\t\t\t\t<span  class=\"elementor-icon\">\n\t\t\t\t<svg xmlns=\"http:\/\/www.w3.org\/2000\/svg\" xmlns:xlink=\"http:\/\/www.w3.org\/1999\/xlink\" id=\"Capa_1\" x=\"0px\" y=\"0px\" viewBox=\"0 0 463.937 463.937\" style=\"enable-background:new 0 0 463.937 463.937;\" xml:space=\"preserve\"><g>\t<g>\t\t<path d=\"M460.414,216.518l-85.6-73.1c0.1-0.5,0.2-1,0.3-1.6v-95.6c-0.1-5.7-4.6-10.3-10.3-10.5h-47.8c-5.5,0-10,4.9-10,10.5v39.6   l-68.5-58.4c-3.7-3.2-9.2-3.2-13,0l-221.9,189c-4.3,3.5-4.8,9.8-1.3,14.1s9.8,4.8,14.1,1.3c0.1-0.1,0.1-0.1,0.2-0.2l215.4-183.4   l77.1,65.7l46.1,39.2l92.3,78.6c4.2,3.6,10.5,3.1,14.1-1.1C465.114,226.418,464.614,220.118,460.414,216.518z M355.014,126.518   l-28-23.6v-47.1h28V126.518z\"><\/path>\t<\/g><\/g><g>\t<g>\t\t<path d=\"M416.314,236.718l-28.1-24l-149.7-127.9c-3.7-3.2-9.2-3.2-13,0l-149.7,127.9l-28.1,24c-4.2,3.6-4.7,9.9-1.1,14.1   c3.5,4.2,9.7,4.7,13.8,1.2l0.1-0.1l12.5-10.8v187.5c0.1,5.6,4.7,10.2,10.3,10.3h297.3c5.6-0.1,10.2-4.6,10.3-10.3v-187.5   l12.5,10.8c1.8,1.5,4,2.4,6.4,2.4c2.9,0,5.7-1.3,7.6-3.5C421.114,246.518,420.514,240.218,416.314,236.718z M272.014,418.818h-80   v-108h80V418.818z M292.014,418.818v-117.7c0-5.5-4.1-10.3-9.6-10.3h-100.8c-5.5,0-9.6,4.8-9.6,10.3v117.7h-79v-194.8l139-118.4   l139,118.4v194.8H292.014z\"><\/path>\t<\/g><\/g><g><\/g><g><\/g><g><\/g><g><\/g><g><\/g><g><\/g><g><\/g><g><\/g><g><\/g><g><\/g><g><\/g><g><\/g><g><\/g><g><\/g><g><\/g><\/svg>\t\t\t\t<\/span>\n\t\t\t<\/div>\n\t\t\t\n\t\t\t\t\t\t<div class=\"elementor-icon-box-content\">\n\n\t\t\t\t\t\t\t\t\t<h3 class=\"elementor-icon-box-title\">\n\t\t\t\t\t\t<span  >\n\t\t\t\t\t\t\tBesichtigungen &amp; Verhandlung\t\t\t\t\t\t<\/span>\n\t\t\t\t\t<\/h3>\n\t\t\t\t\n\t\t\t\t\t\t\t\t\t<p class=\"elementor-icon-box-description\">\n\t\t\t\t\t\tWir begleiten jede Besichtigung in Cala Figuera, beantworten Ihre Fragen und geben ehrliche Einsch\u00e4tzungen zu Lage, Zustand und Potenzial der Immobilie. Bei Preisverhandlungen vertreten wir Ihre Interessen kompetent und zuverl\u00e4ssig.\t\t\t\t\t<\/p>\n\t\t\t\t\n\t\t\t<\/div>\n\t\t\t\n\t\t<\/div>\n\t\t\t\t\t\t<\/div>\n\t\t\t\t<\/div>\n\t\t\t\t<\/div>\n\t\t\t\t<\/div>\n\t\t<div class=\"elementor-element elementor-element-68b2583 e-con-full e-flex e-con e-child\" data-id=\"68b2583\" data-element_type=\"container\" data-e-type=\"container\">\n\t\t<div class=\"elementor-element elementor-element-af8fe9f e-con-full e-flex e-con e-child\" data-id=\"af8fe9f\" data-element_type=\"container\" data-e-type=\"container\" data-settings=\"{&quot;background_background&quot;:&quot;classic&quot;}\">\n\t\t\t\t<div class=\"elementor-element elementor-element-1476ac2 elementor-position-inline-start elementor-view-default elementor-mobile-position-block-start elementor-widget elementor-widget-icon-box\" data-id=\"1476ac2\" data-element_type=\"widget\" data-e-type=\"widget\" data-widget_type=\"icon-box.default\">\n\t\t\t\t<div class=\"elementor-widget-container\">\n\t\t\t\t\t\t\t<div class=\"elementor-icon-box-wrapper\">\n\n\t\t\t\t\t\t<div class=\"elementor-icon-box-icon\">\n\t\t\t\t<span  class=\"elementor-icon\">\n\t\t\t\t<svg xmlns=\"http:\/\/www.w3.org\/2000\/svg\" xmlns:xlink=\"http:\/\/www.w3.org\/1999\/xlink\" id=\"Capa_1\" x=\"0px\" y=\"0px\" viewBox=\"0 0 463.937 463.937\" style=\"enable-background:new 0 0 463.937 463.937;\" xml:space=\"preserve\"><g>\t<g>\t\t<path d=\"M460.414,216.518l-85.6-73.1c0.1-0.5,0.2-1,0.3-1.6v-95.6c-0.1-5.7-4.6-10.3-10.3-10.5h-47.8c-5.5,0-10,4.9-10,10.5v39.6   l-68.5-58.4c-3.7-3.2-9.2-3.2-13,0l-221.9,189c-4.3,3.5-4.8,9.8-1.3,14.1s9.8,4.8,14.1,1.3c0.1-0.1,0.1-0.1,0.2-0.2l215.4-183.4   l77.1,65.7l46.1,39.2l92.3,78.6c4.2,3.6,10.5,3.1,14.1-1.1C465.114,226.418,464.614,220.118,460.414,216.518z M355.014,126.518   l-28-23.6v-47.1h28V126.518z\"><\/path>\t<\/g><\/g><g>\t<g>\t\t<path d=\"M416.314,236.718l-28.1-24l-149.7-127.9c-3.7-3.2-9.2-3.2-13,0l-149.7,127.9l-28.1,24c-4.2,3.6-4.7,9.9-1.1,14.1   c3.5,4.2,9.7,4.7,13.8,1.2l0.1-0.1l12.5-10.8v187.5c0.1,5.6,4.7,10.2,10.3,10.3h297.3c5.6-0.1,10.2-4.6,10.3-10.3v-187.5   l12.5,10.8c1.8,1.5,4,2.4,6.4,2.4c2.9,0,5.7-1.3,7.6-3.5C421.114,246.518,420.514,240.218,416.314,236.718z M272.014,418.818h-80   v-108h80V418.818z M292.014,418.818v-117.7c0-5.5-4.1-10.3-9.6-10.3h-100.8c-5.5,0-9.6,4.8-9.6,10.3v117.7h-79v-194.8l139-118.4   l139,118.4v194.8H292.014z\"><\/path>\t<\/g><\/g><g><\/g><g><\/g><g><\/g><g><\/g><g><\/g><g><\/g><g><\/g><g><\/g><g><\/g><g><\/g><g><\/g><g><\/g><g><\/g><g><\/g><g><\/g><\/svg>\t\t\t\t<\/span>\n\t\t\t<\/div>\n\t\t\t\n\t\t\t\t\t\t<div class=\"elementor-icon-box-content\">\n\n\t\t\t\t\t\t\t\t\t<h3 class=\"elementor-icon-box-title\">\n\t\t\t\t\t\t<span  >\n\t\t\t\t\t\t\tMarktanalyse &amp; Auswahl\t\t\t\t\t\t<\/span>\n\t\t\t\t\t<\/h3>\n\t\t\t\t\n\t\t\t\t\t\t\t\t\t<p class=\"elementor-icon-box-description\">\n\t\t\t\t\t\tWir pr\u00fcfen Preise und vergleichen Immobilien in Cala Figuera. Nur Objekte, die wirklich zu Ihren Kriterien passen, werden Ihnen pr\u00e4sentiert \u2013 inklusive professioneller Fotos, ausf\u00fchrlicher Expos\u00e9s und detaillierter Grundrisse.\t\t\t\t\t<\/p>\n\t\t\t\t\n\t\t\t<\/div>\n\t\t\t\n\t\t<\/div>\n\t\t\t\t\t\t<\/div>\n\t\t\t\t<\/div>\n\t\t\t\t<\/div>\n\t\t<div class=\"elementor-element elementor-element-c2585ac e-con-full e-flex e-con e-child\" data-id=\"c2585ac\" data-element_type=\"container\" data-e-type=\"container\" data-settings=\"{&quot;background_background&quot;:&quot;classic&quot;}\">\n\t\t\t\t<div class=\"elementor-element elementor-element-5e9601a elementor-position-inline-start elementor-view-default elementor-mobile-position-block-start elementor-widget elementor-widget-icon-box\" data-id=\"5e9601a\" data-element_type=\"widget\" data-e-type=\"widget\" data-widget_type=\"icon-box.default\">\n\t\t\t\t<div class=\"elementor-widget-container\">\n\t\t\t\t\t\t\t<div class=\"elementor-icon-box-wrapper\">\n\n\t\t\t\t\t\t<div class=\"elementor-icon-box-icon\">\n\t\t\t\t<span  class=\"elementor-icon\">\n\t\t\t\t<svg xmlns=\"http:\/\/www.w3.org\/2000\/svg\" xmlns:xlink=\"http:\/\/www.w3.org\/1999\/xlink\" id=\"Capa_1\" x=\"0px\" y=\"0px\" viewBox=\"0 0 463.937 463.937\" style=\"enable-background:new 0 0 463.937 463.937;\" xml:space=\"preserve\"><g>\t<g>\t\t<path d=\"M460.414,216.518l-85.6-73.1c0.1-0.5,0.2-1,0.3-1.6v-95.6c-0.1-5.7-4.6-10.3-10.3-10.5h-47.8c-5.5,0-10,4.9-10,10.5v39.6   l-68.5-58.4c-3.7-3.2-9.2-3.2-13,0l-221.9,189c-4.3,3.5-4.8,9.8-1.3,14.1s9.8,4.8,14.1,1.3c0.1-0.1,0.1-0.1,0.2-0.2l215.4-183.4   l77.1,65.7l46.1,39.2l92.3,78.6c4.2,3.6,10.5,3.1,14.1-1.1C465.114,226.418,464.614,220.118,460.414,216.518z M355.014,126.518   l-28-23.6v-47.1h28V126.518z\"><\/path>\t<\/g><\/g><g>\t<g>\t\t<path d=\"M416.314,236.718l-28.1-24l-149.7-127.9c-3.7-3.2-9.2-3.2-13,0l-149.7,127.9l-28.1,24c-4.2,3.6-4.7,9.9-1.1,14.1   c3.5,4.2,9.7,4.7,13.8,1.2l0.1-0.1l12.5-10.8v187.5c0.1,5.6,4.7,10.2,10.3,10.3h297.3c5.6-0.1,10.2-4.6,10.3-10.3v-187.5   l12.5,10.8c1.8,1.5,4,2.4,6.4,2.4c2.9,0,5.7-1.3,7.6-3.5C421.114,246.518,420.514,240.218,416.314,236.718z M272.014,418.818h-80   v-108h80V418.818z M292.014,418.818v-117.7c0-5.5-4.1-10.3-9.6-10.3h-100.8c-5.5,0-9.6,4.8-9.6,10.3v117.7h-79v-194.8l139-118.4   l139,118.4v194.8H292.014z\"><\/path>\t<\/g><\/g><g><\/g><g><\/g><g><\/g><g><\/g><g><\/g><g><\/g><g><\/g><g><\/g><g><\/g><g><\/g><g><\/g><g><\/g><g><\/g><g><\/g><g><\/g><\/svg>\t\t\t\t<\/span>\n\t\t\t<\/div>\n\t\t\t\n\t\t\t\t\t\t<div class=\"elementor-icon-box-content\">\n\n\t\t\t\t\t\t\t\t\t<h3 class=\"elementor-icon-box-title\">\n\t\t\t\t\t\t<span  >\n\t\t\t\t\t\t\tNotar &amp; Einzug\t\t\t\t\t\t<\/span>\n\t\t\t\t\t<\/h3>\n\t\t\t\t\n\t\t\t\t\t\t\t\t\t<p class=\"elementor-icon-box-description\">\n\t\t\t\t\t\tWir begleiten Sie zum Notartermin, koordinieren alle Formalit\u00e4ten und unterst\u00fctzen Sie bei der Schl\u00fcssel\u00fcbergabe. So ziehen Sie stressfrei in Ihre neue Traumimmobilie in Cala Figuera ein.\t\t\t\t\t<\/p>\n\t\t\t\t\n\t\t\t<\/div>\n\t\t\t\n\t\t<\/div>\n\t\t\t\t\t\t<\/div>\n\t\t\t\t<\/div>\n\t\t\t\t<\/div>\n\t\t\t\t<\/div>\n\t\t\t\t<\/div>\n\t\t\t\t<\/div>\n\t\t\t\t<\/div>\n\t\t\t\t\t<\/div>\n\t\t\t\t<\/div>\n\t\t<div class=\"elementor-element elementor-element-a1e22c9 e-flex e-con-boxed e-con e-parent\" data-id=\"a1e22c9\" data-element_type=\"container\" data-e-type=\"container\">\n\t\t\t\t\t<div class=\"e-con-inner\">\n\t\t<div class=\"elementor-element elementor-element-3c64de5 e-con-full e-flex e-con e-child\" data-id=\"3c64de5\" data-element_type=\"container\" data-e-type=\"container\" data-settings=\"{&quot;background_background&quot;:&quot;classic&quot;}\">\n\t\t<div class=\"elementor-element elementor-element-6ee1484 e-con-full e-flex e-con e-child\" data-id=\"6ee1484\" data-element_type=\"container\" data-e-type=\"container\">\n\t\t\t\t<div class=\"elementor-element elementor-element-a73d5ed elementor-widget elementor-widget-heading\" data-id=\"a73d5ed\" data-element_type=\"widget\" data-e-type=\"widget\" data-widget_type=\"heading.default\">\n\t\t\t\t<div class=\"elementor-widget-container\">\n\t\t\t\t\t<h2 class=\"elementor-heading-title elementor-size-default\">Ihre Immobilie in Cala Figuera kaufen<\/h2>\t\t\t\t<\/div>\n\t\t\t\t<\/div>\n\t\t\t\t<div class=\"elementor-element elementor-element-c3fd230 elementor-widget__width-initial elementor-widget-mobile__width-inherit elementor-invisible elementor-widget elementor-widget-text-editor\" data-id=\"c3fd230\" data-element_type=\"widget\" data-e-type=\"widget\" data-settings=\"{&quot;_animation&quot;:&quot;fadeInUp&quot;,&quot;_animation_delay&quot;:&quot;100&quot;}\" data-widget_type=\"text-editor.default\">\n\t\t\t\t<div class=\"elementor-widget-container\">\n\t\t\t\t\t\t\t\t\t<p data-start=\"0\" data-end=\"411\">Cala Figuera ist ein idyllisches K\u00fcstendorf im S\u00fcdosten Mallorcas, das zur Gemeinde Santany\u00ed geh\u00f6rt. Der malerische Fischerhafen mit seinen traditionellen Bootsh\u00fctten und steilen Klippen pr\u00e4gt das Ortsbild und macht Cala Figuera zu einem der charmantesten Orte der Insel. Bereits seit Jahrhunderten ist der Ort f\u00fcr seine Fischerei bekannt, und die historischen Hafenanlagen zeugen von dieser langen Tradition.<\/p><p data-start=\"413\" data-end=\"920\" data-is-last-node=\"\" data-is-only-node=\"\">Heute besticht Cala Figuera durch seine einzigartige Lage am Meer: enge Gassen f\u00fchren direkt zum Wasser, und zahlreiche Restaurants und Caf\u00e9s laden zum Verweilen ein. Die Kombination aus urspr\u00fcnglichem Charme, spektakul\u00e4rer K\u00fcstenlandschaft und moderner Infrastruktur macht Cala Figuera besonders attraktiv f\u00fcr Immobilieninteressierte. Hier finden sich stilvolle Villen, charmante H\u00e4user und exklusive Apartments \u2013 ideal f\u00fcr alle, die das Leben in einem historischen, lebendigen K\u00fcstendorf genie\u00dfen m\u00f6chten.<\/p>\t\t\t\t\t\t\t\t<\/div>\n\t\t\t\t<\/div>\n\t\t\t\t<\/div>\n\t\t<div class=\"elementor-element elementor-element-d731a57 e-con-full e-flex e-con e-child\" data-id=\"d731a57\" data-element_type=\"container\" data-e-type=\"container\">\n\t\t\t\t<div class=\"elementor-element elementor-element-f7a47cb elementor-align-right elementor-mobile-align-center elementor-widget elementor-widget-button\" data-id=\"f7a47cb\" data-element_type=\"widget\" data-e-type=\"widget\" data-widget_type=\"button.default\">\n\t\t\t\t<div class=\"elementor-widget-container\">\n\t\t\t\t\t\t\t\t\t<div class=\"elementor-button-wrapper\">\n\t\t\t\t\t<a class=\"elementor-button elementor-button-link elementor-size-sm\" href=\"https:\/\/petrapekna.com\/kontakt\/\">\n\t\t\t\t\t\t<span class=\"elementor-button-content-wrapper\">\n\t\t\t\t\t\t\t\t\t<span class=\"elementor-button-text\">Jetzt kontaktieren<\/span>\n\t\t\t\t\t<\/span>\n\t\t\t\t\t<\/a>\n\t\t\t\t<\/div>\n\t\t\t\t\t\t\t\t<\/div>\n\t\t\t\t<\/div>\n\t\t\t\t<\/div>\n\t\t\t\t<\/div>\n\t\t\t\t\t<\/div>\n\t\t\t\t<\/div>\n\t\t<div class=\"elementor-element elementor-element-e74b94e e-flex e-con-boxed e-con e-parent\" data-id=\"e74b94e\" data-element_type=\"container\" data-e-type=\"container\" data-settings=\"{&quot;background_background&quot;:&quot;classic&quot;}\">\n\t\t\t\t\t<div class=\"e-con-inner\">\n\t\t\t\t<div class=\"elementor-element elementor-element-1a00b01 elementor-widget elementor-widget-heading\" data-id=\"1a00b01\" data-element_type=\"widget\" data-e-type=\"widget\" data-widget_type=\"heading.default\">\n\t\t\t\t<div class=\"elementor-widget-container\">\n\t\t\t\t\t<h3 class=\"elementor-heading-title elementor-size-default\">\u00a0Exklusive Immobilien zum Kauf in Cala Figuera<\/h3>\t\t\t\t<\/div>\n\t\t\t\t<\/div>\n\t\t\t\t<div data-frymo-query-id=\"\" data-frymo-widget-settings=\"{&quot;post_id&quot;:10236,&quot;widget_id&quot;:&quot;6a1f241&quot;,&quot;query_id&quot;:&quot;&quot;,&quot;scrolltop_offset&quot;:100}\" class=\"elementor-element elementor-element-6a1f241 elementor-widget elementor-widget-frymo-listing\" data-id=\"6a1f241\" data-element_type=\"widget\" data-e-type=\"widget\" data-settings=\"{&quot;slides_per_view_dropdown&quot;:&quot;3&quot;,&quot;slides_per_view_dropdown_tablet&quot;:&quot;2&quot;,&quot;slides_per_view_dropdown_mobile&quot;:&quot;1&quot;}\" data-widget_type=\"frymo-listing.grid-skin\">\n\t\t\t\t<div class=\"elementor-widget-container\">\n\t\t\t\t\t<div class=\"swiper-slider-container frymo-listing-slider swiper frymo-listing-slider--equal-height\" data-slider-settings={&quot;enable_slider&quot;:&quot;yes&quot;,&quot;speed&quot;:500,&quot;pagination_type&quot;:&quot;none&quot;,&quot;breakpoints&quot;:{&quot;0&quot;:{&quot;slidesPerView&quot;:1},&quot;767&quot;:{&quot;slidesPerView&quot;:2},&quot;1024&quot;:{&quot;slidesPerView&quot;:3}},&quot;spaceBetween&quot;:16,&quot;autoplay_delay&quot;:3000,&quot;autoplay_pause_on_hover&quot;:&quot;&quot;,&quot;loop&quot;:false,&quot;autoplay&quot;:false,&quot;freeMode&quot;:false,&quot;centeredSlides&quot;:false}><div class=\"frymo-listing frymo-listing-grid-skin swiper-wrapper\" data-settings=\"{&quot;post_id&quot;:10236,&quot;widget_id&quot;:&quot;6a1f241&quot;,&quot;query_id&quot;:&quot;&quot;,&quot;scrolltop_offset&quot;:100}\"><script type=\"application\/ld+json\">{\"@context\":\"https:\/\/schema.org\",\"@type\":\"ItemList\",\"itemListElement\":[{\"@type\":\"ListItem\",\"position\":1,\"name\":\"Modern Apartment in Exclusive Seafront Residence \u2013 Long-Term Rental\",\"url\":\"https:\/\/petrapekna.com\/en\/immobilie\/modern-apartment-in-exclusive-seafront-residence-long-term-rental\/\"},{\"@type\":\"ListItem\",\"position\":2,\"name\":\"Moderno apartamento en exclusiva residencia en primera l\u00ednea de mar \u2013 Alquiler de larga duraci\u00f3n\",\"url\":\"https:\/\/petrapekna.com\/en\/immobilie\/moderno-apartamento-en-exclusiva-residencia-en-primera-linea-de-mar-alquiler-de-larga-duracion\/\"},{\"@type\":\"ListItem\",\"position\":3,\"name\":\"Moderne Wohnung in exklusiver Wohnanlage direkt am Meer zur Langzeitmiete\",\"url\":\"https:\/\/petrapekna.com\/en\/immobilie\/moderne-wohnung-in-exklusiver-wohnanlage-direkt-am-meer-zur-langzeitmiete\/\"},{\"@type\":\"ListItem\",\"position\":4,\"name\":\"Luxury villa in a prime location near the sea\",\"url\":\"https:\/\/petrapekna.com\/en\/immobilie\/luxury-villa-in-a-prime-location-near-the-sea\/\"},{\"@type\":\"ListItem\",\"position\":5,\"name\":\"Villa de lujo en una ubicaci\u00f3n privilegiada cerca del mar\",\"url\":\"https:\/\/petrapekna.com\/en\/immobilie\/villa-de-lujo-en-una-ubicacion-privilegiada-cerca-del-mar\/\"},{\"@type\":\"ListItem\",\"position\":6,\"name\":\"Luxusvilla in privilegierter Lage nahe am Meer\",\"url\":\"https:\/\/petrapekna.com\/en\/immobilie\/luxusvilla-in-privilegierter-lage-nahe-am-meer\/\"},{\"@type\":\"ListItem\",\"position\":7,\"name\":\"Spacious, quietly located villa near the harbour of Cala Figuera\",\"url\":\"https:\/\/petrapekna.com\/en\/immobilie\/spacious-quietly-located-villa-near-the-harbour-of-cala-figuera\/\"},{\"@type\":\"ListItem\",\"position\":8,\"name\":\"Amplia villa situada en una zona tranquila cerca del puerto de Cala Figuera\",\"url\":\"https:\/\/petrapekna.com\/en\/immobilie\/amplia-villa-situada-en-una-zona-tranquila-cerca-del-puerto-de-cala-figuera\/\"},{\"@type\":\"ListItem\",\"position\":9,\"name\":\"Gro\u00dfz\u00fcgige, ruhig gelegene Villa in Hafenn\u00e4he von Cala Figuera\",\"url\":\"https:\/\/petrapekna.com\/en\/immobilie\/grosszuegige-ruhig-gelegene-villa-in-hafennaehe-von-cala-figuera\/\"},{\"@type\":\"ListItem\",\"position\":10,\"name\":\"Apartamento soleado junto al mar en Cala Figuera\",\"url\":\"https:\/\/petrapekna.com\/en\/immobilie\/apartamento-soleado-junto-al-mar-en-cala-figuera\/\"},{\"@type\":\"ListItem\",\"position\":11,\"name\":\"Sunny flat by the sea in Cala Figuera\",\"url\":\"https:\/\/petrapekna.com\/en\/immobilie\/sunny-flat-by-the-sea-in-cala-figuera\/\"},{\"@type\":\"ListItem\",\"position\":12,\"name\":\"Sonnige Wohnung am Meer in Cala Figuera\",\"url\":\"https:\/\/petrapekna.com\/en\/immobilie\/sonnige-wohnung-am-meer-in-cala-figuera\/\"}]}<\/script><article class=\"frymo-listing-item post-id-10561 swiper-slide\"><a class=\"frymo-listing-image\" href=\"https:\/\/petrapekna.com\/en\/immobilie\/modern-apartment-in-exclusive-seafront-residence-long-term-rental\/\" aria-label=\"Modern Apartment in Exclusive Seafront Residence \u2013 Long-Term Rental\">                <div class=\"frymo-listing-tool\">\n                    <div class=\"frymo-favorite\" data-post-id=\"10561\">\n                        <svg xmlns=\"http:\/\/www.w3.org\/2000\/svg\" class=\"star-filled\"\n                             width=\"20\" height=\"20\" viewBox=\"0 0 48 48\">\n                            <g class=\"nc-icon-wrapper\">\n                                <path d=\"M24,44a1,1,0,0,1-.73-.316L6.246,25.5A11.493,11.493,0,1,1,24,11.039,11.493,11.493,0,1,1,41.74,25.514L24.73,43.684A1,1,0,0,1,24,44Z\"><\/path>\n                            <\/g>\n                        <\/svg>\n                        <svg xmlns=\"http:\/\/www.w3.org\/2000\/svg\" class=\"star-outline\"\n                             width=\"20\" height=\"20\" viewBox=\"0 0 48 48\">\n                            <g stroke-linecap=\"square\" stroke-width=\"2\" fill=\"none\" stroke=\"currentColor\"\n                               stroke-linejoin=\"miter\" class=\"nc-icon-wrapper\" stroke-miterlimit=\"10\">\n                                <path d=\"M41.108,24.778,24,42.556,6.892,24.778A10.529,10.529,0,1,1,24,12.928a10.529,10.529,0,1,1,17.108,11.85Z\"><\/path>\n                            <\/g>\n                        <\/svg>\n                    <\/div>\n                <\/div>\n\t\t\t<div class=\"frymo-listing-badges\"><\/div><div class=\"frymo-listing-image-wrapper\"><img decoding=\"async\" width=\"768\" height=\"509\" src=\"https:\/\/petrapekna.com\/wp-content\/uploads\/2026\/04\/cc9e8ddd-e766-489a-8940-8553cc1ebbfe-2-768x509.jpg\" class=\"attachment-medium_large size-medium_large wp-post-image\" alt=\"DSC_0115_tonemapped\" srcset=\"https:\/\/petrapekna.com\/wp-content\/uploads\/2026\/04\/cc9e8ddd-e766-489a-8940-8553cc1ebbfe-2-768x509.jpg 768w, https:\/\/petrapekna.com\/wp-content\/uploads\/2026\/04\/cc9e8ddd-e766-489a-8940-8553cc1ebbfe-2-300x199.jpg 300w, https:\/\/petrapekna.com\/wp-content\/uploads\/2026\/04\/cc9e8ddd-e766-489a-8940-8553cc1ebbfe-2-1024x678.jpg 1024w, https:\/\/petrapekna.com\/wp-content\/uploads\/2026\/04\/cc9e8ddd-e766-489a-8940-8553cc1ebbfe-2-1536x1017.jpg 1536w, https:\/\/petrapekna.com\/wp-content\/uploads\/2026\/04\/cc9e8ddd-e766-489a-8940-8553cc1ebbfe-2-18x12.jpg 18w, https:\/\/petrapekna.com\/wp-content\/uploads\/2026\/04\/cc9e8ddd-e766-489a-8940-8553cc1ebbfe-2.jpg 1631w\" sizes=\"(max-width: 768px) 100vw, 768px\" \/><\/div><\/a><div class=\"frymo-listing-content\"><div class=\"frymo-listing-id-wrapper\"><div class=\"frymo-listing-property-id\">ID: A061<\/div><\/div><h3 class='frymo-listing-title'><a href='https:\/\/petrapekna.com\/en\/immobilie\/modern-apartment-in-exclusive-seafront-residence-long-term-rental\/' aria-label='Modern Apartment in Exclusive Seafront Residence \u2013 Long-Term Rental'>Modern Apartment in Exclusive Seafront Residence \u2013 Long-Term Rental<\/a><\/h3><div class=\"frymo-listing-location\"><i class=\"frymo-icon frymo-icon-location-2\"><\/i>Cala Figuera<\/div><div class=\"frymo-listing-meta\"><span class=\"frymo-listing-meta-item frymo-listing-area \" data-frymo-tooltip=\"Wohnfl\u00e4che ca.\"><i class=\"frymo-icon frymo-icon-flaeche\"><\/i><div class=\"frymo-listing-meta-item-value\">101 m\u00b2<\/div><\/span><span class=\"frymo-listing-meta-item frymo-listing-bedrooms \" data-frymo-tooltip=\"Schlafzimmer\"><i class=\"frymo-icon frymo-icon-betten\"><\/i><div class=\"frymo-listing-meta-item-value\">2<\/div><\/span><span class=\"frymo-listing-meta-item frymo-listing-bathrooms \" data-frymo-tooltip=\"Badezimmer\"><i class=\"frymo-icon frymo-icon-bad\"><\/i><div class=\"frymo-listing-meta-item-value\">2<\/div><\/span><\/div><div class=\"frymo-listing-price\"><span>Base Rent<\/span> <span class=\"frymo-listing-price-value\">2.800 \u20ac<\/span><\/div><\/div><\/article><article class=\"frymo-listing-item post-id-10544 swiper-slide\"><a class=\"frymo-listing-image\" href=\"https:\/\/petrapekna.com\/en\/immobilie\/moderno-apartamento-en-exclusiva-residencia-en-primera-linea-de-mar-alquiler-de-larga-duracion\/\" aria-label=\"Moderno apartamento en exclusiva residencia en primera l\u00ednea de mar \u2013 Alquiler de larga duraci\u00f3n\">                <div class=\"frymo-listing-tool\">\n                    <div class=\"frymo-favorite\" data-post-id=\"10544\">\n                        <svg xmlns=\"http:\/\/www.w3.org\/2000\/svg\" class=\"star-filled\"\n                             width=\"20\" height=\"20\" viewBox=\"0 0 48 48\">\n                            <g class=\"nc-icon-wrapper\">\n                                <path d=\"M24,44a1,1,0,0,1-.73-.316L6.246,25.5A11.493,11.493,0,1,1,24,11.039,11.493,11.493,0,1,1,41.74,25.514L24.73,43.684A1,1,0,0,1,24,44Z\"><\/path>\n                            <\/g>\n                        <\/svg>\n                        <svg xmlns=\"http:\/\/www.w3.org\/2000\/svg\" class=\"star-outline\"\n                             width=\"20\" height=\"20\" viewBox=\"0 0 48 48\">\n                            <g stroke-linecap=\"square\" stroke-width=\"2\" fill=\"none\" stroke=\"currentColor\"\n                               stroke-linejoin=\"miter\" class=\"nc-icon-wrapper\" stroke-miterlimit=\"10\">\n                                <path d=\"M41.108,24.778,24,42.556,6.892,24.778A10.529,10.529,0,1,1,24,12.928a10.529,10.529,0,1,1,17.108,11.85Z\"><\/path>\n                            <\/g>\n                        <\/svg>\n                    <\/div>\n                <\/div>\n\t\t\t<div class=\"frymo-listing-badges\"><\/div><div class=\"frymo-listing-image-wrapper\"><img decoding=\"async\" width=\"768\" height=\"509\" src=\"https:\/\/petrapekna.com\/wp-content\/uploads\/2026\/04\/cc9e8ddd-e766-489a-8940-8553cc1ebbfe-1-768x509.jpg\" class=\"attachment-medium_large size-medium_large wp-post-image\" alt=\"DSC_0115_tonemapped\" srcset=\"https:\/\/petrapekna.com\/wp-content\/uploads\/2026\/04\/cc9e8ddd-e766-489a-8940-8553cc1ebbfe-1-768x509.jpg 768w, https:\/\/petrapekna.com\/wp-content\/uploads\/2026\/04\/cc9e8ddd-e766-489a-8940-8553cc1ebbfe-1-300x199.jpg 300w, https:\/\/petrapekna.com\/wp-content\/uploads\/2026\/04\/cc9e8ddd-e766-489a-8940-8553cc1ebbfe-1-1024x678.jpg 1024w, https:\/\/petrapekna.com\/wp-content\/uploads\/2026\/04\/cc9e8ddd-e766-489a-8940-8553cc1ebbfe-1-1536x1017.jpg 1536w, https:\/\/petrapekna.com\/wp-content\/uploads\/2026\/04\/cc9e8ddd-e766-489a-8940-8553cc1ebbfe-1-18x12.jpg 18w, https:\/\/petrapekna.com\/wp-content\/uploads\/2026\/04\/cc9e8ddd-e766-489a-8940-8553cc1ebbfe-1.jpg 1631w\" sizes=\"(max-width: 768px) 100vw, 768px\" \/><\/div><\/a><div class=\"frymo-listing-content\"><div class=\"frymo-listing-id-wrapper\"><div class=\"frymo-listing-property-id\">ID: A061<\/div><\/div><h3 class='frymo-listing-title'><a href='https:\/\/petrapekna.com\/en\/immobilie\/moderno-apartamento-en-exclusiva-residencia-en-primera-linea-de-mar-alquiler-de-larga-duracion\/' aria-label='Moderno apartamento en exclusiva residencia en primera l\u00ednea de mar \u2013 Alquiler de larga duraci\u00f3n'>Moderno apartamento en exclusiva residencia en primera l\u00ednea de mar \u2013 Alquiler de larga duraci\u00f3n<\/a><\/h3><div class=\"frymo-listing-location\"><i class=\"frymo-icon frymo-icon-location-2\"><\/i>Cala Figuera<\/div><div class=\"frymo-listing-meta\"><span class=\"frymo-listing-meta-item frymo-listing-area \" data-frymo-tooltip=\"Wohnfl\u00e4che ca.\"><i class=\"frymo-icon frymo-icon-flaeche\"><\/i><div class=\"frymo-listing-meta-item-value\">101 m\u00b2<\/div><\/span><span class=\"frymo-listing-meta-item frymo-listing-bedrooms \" data-frymo-tooltip=\"Schlafzimmer\"><i class=\"frymo-icon frymo-icon-betten\"><\/i><div class=\"frymo-listing-meta-item-value\">2<\/div><\/span><span class=\"frymo-listing-meta-item frymo-listing-bathrooms \" data-frymo-tooltip=\"Badezimmer\"><i class=\"frymo-icon frymo-icon-bad\"><\/i><div class=\"frymo-listing-meta-item-value\">2<\/div><\/span><\/div><div class=\"frymo-listing-price\"><span>Base Rent<\/span> <span class=\"frymo-listing-price-value\">2.800 \u20ac<\/span><\/div><\/div><\/article><article class=\"frymo-listing-item post-id-10527 swiper-slide\"><a class=\"frymo-listing-image\" href=\"https:\/\/petrapekna.com\/en\/immobilie\/moderne-wohnung-in-exklusiver-wohnanlage-direkt-am-meer-zur-langzeitmiete\/\" aria-label=\"Moderne Wohnung in exklusiver Wohnanlage direkt am Meer zur Langzeitmiete\">                <div class=\"frymo-listing-tool\">\n                    <div class=\"frymo-favorite\" data-post-id=\"10527\">\n                        <svg xmlns=\"http:\/\/www.w3.org\/2000\/svg\" class=\"star-filled\"\n                             width=\"20\" height=\"20\" viewBox=\"0 0 48 48\">\n                            <g class=\"nc-icon-wrapper\">\n                                <path d=\"M24,44a1,1,0,0,1-.73-.316L6.246,25.5A11.493,11.493,0,1,1,24,11.039,11.493,11.493,0,1,1,41.74,25.514L24.73,43.684A1,1,0,0,1,24,44Z\"><\/path>\n                            <\/g>\n                        <\/svg>\n                        <svg xmlns=\"http:\/\/www.w3.org\/2000\/svg\" class=\"star-outline\"\n                             width=\"20\" height=\"20\" viewBox=\"0 0 48 48\">\n                            <g stroke-linecap=\"square\" stroke-width=\"2\" fill=\"none\" stroke=\"currentColor\"\n                               stroke-linejoin=\"miter\" class=\"nc-icon-wrapper\" stroke-miterlimit=\"10\">\n                                <path d=\"M41.108,24.778,24,42.556,6.892,24.778A10.529,10.529,0,1,1,24,12.928a10.529,10.529,0,1,1,17.108,11.85Z\"><\/path>\n                            <\/g>\n                        <\/svg>\n                    <\/div>\n                <\/div>\n\t\t\t<div class=\"frymo-listing-badges\"><\/div><div class=\"frymo-listing-image-wrapper\"><img loading=\"lazy\" decoding=\"async\" width=\"768\" height=\"509\" src=\"https:\/\/petrapekna.com\/wp-content\/uploads\/2026\/04\/cc9e8ddd-e766-489a-8940-8553cc1ebbfe-768x509.jpg\" class=\"attachment-medium_large size-medium_large wp-post-image\" alt=\"DSC_0115_tonemapped\" srcset=\"https:\/\/petrapekna.com\/wp-content\/uploads\/2026\/04\/cc9e8ddd-e766-489a-8940-8553cc1ebbfe-768x509.jpg 768w, https:\/\/petrapekna.com\/wp-content\/uploads\/2026\/04\/cc9e8ddd-e766-489a-8940-8553cc1ebbfe-300x199.jpg 300w, https:\/\/petrapekna.com\/wp-content\/uploads\/2026\/04\/cc9e8ddd-e766-489a-8940-8553cc1ebbfe-1024x678.jpg 1024w, https:\/\/petrapekna.com\/wp-content\/uploads\/2026\/04\/cc9e8ddd-e766-489a-8940-8553cc1ebbfe-1536x1017.jpg 1536w, https:\/\/petrapekna.com\/wp-content\/uploads\/2026\/04\/cc9e8ddd-e766-489a-8940-8553cc1ebbfe-18x12.jpg 18w, https:\/\/petrapekna.com\/wp-content\/uploads\/2026\/04\/cc9e8ddd-e766-489a-8940-8553cc1ebbfe.jpg 1631w\" sizes=\"(max-width: 768px) 100vw, 768px\" \/><\/div><\/a><div class=\"frymo-listing-content\"><div class=\"frymo-listing-id-wrapper\"><div class=\"frymo-listing-property-id\">ID: A061<\/div><\/div><h3 class='frymo-listing-title'><a href='https:\/\/petrapekna.com\/en\/immobilie\/moderne-wohnung-in-exklusiver-wohnanlage-direkt-am-meer-zur-langzeitmiete\/' aria-label='Moderne Wohnung in exklusiver Wohnanlage direkt am Meer zur Langzeitmiete'>Moderne Wohnung in exklusiver Wohnanlage direkt am Meer zur Langzeitmiete<\/a><\/h3><div class=\"frymo-listing-location\"><i class=\"frymo-icon frymo-icon-location-2\"><\/i>Cala Figuera<\/div><div class=\"frymo-listing-meta\"><span class=\"frymo-listing-meta-item frymo-listing-area \" data-frymo-tooltip=\"Wohnfl\u00e4che ca.\"><i class=\"frymo-icon frymo-icon-flaeche\"><\/i><div class=\"frymo-listing-meta-item-value\">101 m\u00b2<\/div><\/span><span class=\"frymo-listing-meta-item frymo-listing-bedrooms \" data-frymo-tooltip=\"Schlafzimmer\"><i class=\"frymo-icon frymo-icon-betten\"><\/i><div class=\"frymo-listing-meta-item-value\">2<\/div><\/span><span class=\"frymo-listing-meta-item frymo-listing-bathrooms \" data-frymo-tooltip=\"Badezimmer\"><i class=\"frymo-icon frymo-icon-bad\"><\/i><div class=\"frymo-listing-meta-item-value\">2<\/div><\/span><\/div><div class=\"frymo-listing-price\"><span>Base Rent<\/span> <span class=\"frymo-listing-price-value\">2.800 \u20ac<\/span><\/div><\/div><\/article><article class=\"frymo-listing-item post-id-10093 swiper-slide\"><a class=\"frymo-listing-image\" href=\"https:\/\/petrapekna.com\/en\/immobilie\/luxury-villa-in-a-prime-location-near-the-sea\/\" aria-label=\"Luxury villa in a prime location near the sea\">                <div class=\"frymo-listing-tool\">\n                    <div class=\"frymo-favorite\" data-post-id=\"10093\">\n                        <svg xmlns=\"http:\/\/www.w3.org\/2000\/svg\" class=\"star-filled\"\n                             width=\"20\" height=\"20\" viewBox=\"0 0 48 48\">\n                            <g class=\"nc-icon-wrapper\">\n                                <path d=\"M24,44a1,1,0,0,1-.73-.316L6.246,25.5A11.493,11.493,0,1,1,24,11.039,11.493,11.493,0,1,1,41.74,25.514L24.73,43.684A1,1,0,0,1,24,44Z\"><\/path>\n                            <\/g>\n                        <\/svg>\n                        <svg xmlns=\"http:\/\/www.w3.org\/2000\/svg\" class=\"star-outline\"\n                             width=\"20\" height=\"20\" viewBox=\"0 0 48 48\">\n                            <g stroke-linecap=\"square\" stroke-width=\"2\" fill=\"none\" stroke=\"currentColor\"\n                               stroke-linejoin=\"miter\" class=\"nc-icon-wrapper\" stroke-miterlimit=\"10\">\n                                <path d=\"M41.108,24.778,24,42.556,6.892,24.778A10.529,10.529,0,1,1,24,12.928a10.529,10.529,0,1,1,17.108,11.85Z\"><\/path>\n                            <\/g>\n                        <\/svg>\n                    <\/div>\n                <\/div>\n\t\t\t<div class=\"frymo-listing-badges\"><\/div><div class=\"frymo-listing-image-wrapper\"><img loading=\"lazy\" decoding=\"async\" width=\"768\" height=\"512\" src=\"https:\/\/petrapekna.com\/wp-content\/uploads\/2026\/03\/a1e32f5f-c8af-4139-a251-8aff9b11b007-2-768x512.jpg\" class=\"attachment-medium_large size-medium_large wp-post-image\" alt=\"02 - Cala Figuera - Escala entrada + garatge_Post_tonemapped\" srcset=\"https:\/\/petrapekna.com\/wp-content\/uploads\/2026\/03\/a1e32f5f-c8af-4139-a251-8aff9b11b007-2-768x512.jpg 768w, https:\/\/petrapekna.com\/wp-content\/uploads\/2026\/03\/a1e32f5f-c8af-4139-a251-8aff9b11b007-2-300x200.jpg 300w, https:\/\/petrapekna.com\/wp-content\/uploads\/2026\/03\/a1e32f5f-c8af-4139-a251-8aff9b11b007-2-1024x682.jpg 1024w, https:\/\/petrapekna.com\/wp-content\/uploads\/2026\/03\/a1e32f5f-c8af-4139-a251-8aff9b11b007-2-1536x1023.jpg 1536w, https:\/\/petrapekna.com\/wp-content\/uploads\/2026\/03\/a1e32f5f-c8af-4139-a251-8aff9b11b007-2-18x12.jpg 18w, https:\/\/petrapekna.com\/wp-content\/uploads\/2026\/03\/a1e32f5f-c8af-4139-a251-8aff9b11b007-2.jpg 1621w\" sizes=\"(max-width: 768px) 100vw, 768px\" \/><\/div><\/a><div class=\"frymo-listing-content\"><div class=\"frymo-listing-id-wrapper\"><div class=\"frymo-listing-property-id\">ID: 1117<\/div><\/div><h3 class='frymo-listing-title'><a href='https:\/\/petrapekna.com\/en\/immobilie\/luxury-villa-in-a-prime-location-near-the-sea\/' aria-label='Luxury villa in a prime location near the sea'>Luxury villa in a prime location near the sea<\/a><\/h3><div class=\"frymo-listing-location\"><i class=\"frymo-icon frymo-icon-location-2\"><\/i>Cala Figuera<\/div><div class=\"frymo-listing-meta\"><span class=\"frymo-listing-meta-item frymo-listing-area \" data-frymo-tooltip=\"Wohnfl\u00e4che ca.\"><i class=\"frymo-icon frymo-icon-flaeche\"><\/i><div class=\"frymo-listing-meta-item-value\">280 m\u00b2<\/div><\/span><span class=\"frymo-listing-meta-item frymo-listing-bedrooms \" data-frymo-tooltip=\"Schlafzimmer\"><i class=\"frymo-icon frymo-icon-betten\"><\/i><div class=\"frymo-listing-meta-item-value\">5<\/div><\/span><span class=\"frymo-listing-meta-item frymo-listing-bathrooms \" data-frymo-tooltip=\"Badezimmer\"><i class=\"frymo-icon frymo-icon-bad\"><\/i><div class=\"frymo-listing-meta-item-value\">6<\/div><\/span><span class=\"frymo-listing-meta-item frymo-listing-ground_area \" data-frymo-tooltip=\"Grundst\u00fccksfl\u00e4che ca.\"><i class=\"frymo-icon frymo-icon-grundstuecksflaeche\"><\/i><div class=\"frymo-listing-meta-item-value\">850 m\u00b2<\/div><\/span><\/div><div class=\"frymo-listing-price\"><span>Purchase Price<\/span> <span class=\"frymo-listing-price-value\">4.000.000 \u20ac<\/span><\/div><\/div><\/article><article class=\"frymo-listing-item post-id-10073 swiper-slide\"><a class=\"frymo-listing-image\" href=\"https:\/\/petrapekna.com\/en\/immobilie\/villa-de-lujo-en-una-ubicacion-privilegiada-cerca-del-mar\/\" aria-label=\"Villa de lujo en una ubicaci\u00f3n privilegiada cerca del mar\">                <div class=\"frymo-listing-tool\">\n                    <div class=\"frymo-favorite\" data-post-id=\"10073\">\n                        <svg xmlns=\"http:\/\/www.w3.org\/2000\/svg\" class=\"star-filled\"\n                             width=\"20\" height=\"20\" viewBox=\"0 0 48 48\">\n                            <g class=\"nc-icon-wrapper\">\n                                <path d=\"M24,44a1,1,0,0,1-.73-.316L6.246,25.5A11.493,11.493,0,1,1,24,11.039,11.493,11.493,0,1,1,41.74,25.514L24.73,43.684A1,1,0,0,1,24,44Z\"><\/path>\n                            <\/g>\n                        <\/svg>\n                        <svg xmlns=\"http:\/\/www.w3.org\/2000\/svg\" class=\"star-outline\"\n                             width=\"20\" height=\"20\" viewBox=\"0 0 48 48\">\n                            <g stroke-linecap=\"square\" stroke-width=\"2\" fill=\"none\" stroke=\"currentColor\"\n                               stroke-linejoin=\"miter\" class=\"nc-icon-wrapper\" stroke-miterlimit=\"10\">\n                                <path d=\"M41.108,24.778,24,42.556,6.892,24.778A10.529,10.529,0,1,1,24,12.928a10.529,10.529,0,1,1,17.108,11.85Z\"><\/path>\n                            <\/g>\n                        <\/svg>\n                    <\/div>\n                <\/div>\n\t\t\t<div class=\"frymo-listing-badges\"><\/div><div class=\"frymo-listing-image-wrapper\"><img loading=\"lazy\" decoding=\"async\" width=\"768\" height=\"512\" src=\"https:\/\/petrapekna.com\/wp-content\/uploads\/2026\/03\/a1e32f5f-c8af-4139-a251-8aff9b11b007-1-768x512.jpg\" class=\"attachment-medium_large size-medium_large wp-post-image\" alt=\"02 - Cala Figuera - Escala entrada + garatge_Post_tonemapped\" srcset=\"https:\/\/petrapekna.com\/wp-content\/uploads\/2026\/03\/a1e32f5f-c8af-4139-a251-8aff9b11b007-1-768x512.jpg 768w, https:\/\/petrapekna.com\/wp-content\/uploads\/2026\/03\/a1e32f5f-c8af-4139-a251-8aff9b11b007-1-300x200.jpg 300w, https:\/\/petrapekna.com\/wp-content\/uploads\/2026\/03\/a1e32f5f-c8af-4139-a251-8aff9b11b007-1-1024x682.jpg 1024w, https:\/\/petrapekna.com\/wp-content\/uploads\/2026\/03\/a1e32f5f-c8af-4139-a251-8aff9b11b007-1-1536x1023.jpg 1536w, https:\/\/petrapekna.com\/wp-content\/uploads\/2026\/03\/a1e32f5f-c8af-4139-a251-8aff9b11b007-1-18x12.jpg 18w, https:\/\/petrapekna.com\/wp-content\/uploads\/2026\/03\/a1e32f5f-c8af-4139-a251-8aff9b11b007-1.jpg 1621w\" sizes=\"(max-width: 768px) 100vw, 768px\" \/><\/div><\/a><div class=\"frymo-listing-content\"><div class=\"frymo-listing-id-wrapper\"><div class=\"frymo-listing-property-id\">ID: 1117<\/div><\/div><h3 class='frymo-listing-title'><a href='https:\/\/petrapekna.com\/en\/immobilie\/villa-de-lujo-en-una-ubicacion-privilegiada-cerca-del-mar\/' aria-label='Villa de lujo en una ubicaci\u00f3n privilegiada cerca del mar'>Villa de lujo en una ubicaci\u00f3n privilegiada cerca del mar<\/a><\/h3><div class=\"frymo-listing-location\"><i class=\"frymo-icon frymo-icon-location-2\"><\/i>Cala Figuera<\/div><div class=\"frymo-listing-meta\"><span class=\"frymo-listing-meta-item frymo-listing-area \" data-frymo-tooltip=\"Wohnfl\u00e4che ca.\"><i class=\"frymo-icon frymo-icon-flaeche\"><\/i><div class=\"frymo-listing-meta-item-value\">280 m\u00b2<\/div><\/span><span class=\"frymo-listing-meta-item frymo-listing-bedrooms \" data-frymo-tooltip=\"Schlafzimmer\"><i class=\"frymo-icon frymo-icon-betten\"><\/i><div class=\"frymo-listing-meta-item-value\">5<\/div><\/span><span class=\"frymo-listing-meta-item frymo-listing-bathrooms \" data-frymo-tooltip=\"Badezimmer\"><i class=\"frymo-icon frymo-icon-bad\"><\/i><div class=\"frymo-listing-meta-item-value\">6<\/div><\/span><span class=\"frymo-listing-meta-item frymo-listing-ground_area \" data-frymo-tooltip=\"Grundst\u00fccksfl\u00e4che ca.\"><i class=\"frymo-icon frymo-icon-grundstuecksflaeche\"><\/i><div class=\"frymo-listing-meta-item-value\">850 m\u00b2<\/div><\/span><\/div><div class=\"frymo-listing-price\"><span>Purchase Price<\/span> <span class=\"frymo-listing-price-value\">4.000.000 \u20ac<\/span><\/div><\/div><\/article><article class=\"frymo-listing-item post-id-10053 swiper-slide\"><a class=\"frymo-listing-image\" href=\"https:\/\/petrapekna.com\/en\/immobilie\/luxusvilla-in-privilegierter-lage-nahe-am-meer\/\" aria-label=\"Luxusvilla in privilegierter Lage nahe am Meer\">                <div class=\"frymo-listing-tool\">\n                    <div class=\"frymo-favorite\" data-post-id=\"10053\">\n                        <svg xmlns=\"http:\/\/www.w3.org\/2000\/svg\" class=\"star-filled\"\n                             width=\"20\" height=\"20\" viewBox=\"0 0 48 48\">\n                            <g class=\"nc-icon-wrapper\">\n                                <path d=\"M24,44a1,1,0,0,1-.73-.316L6.246,25.5A11.493,11.493,0,1,1,24,11.039,11.493,11.493,0,1,1,41.74,25.514L24.73,43.684A1,1,0,0,1,24,44Z\"><\/path>\n                            <\/g>\n                        <\/svg>\n                        <svg xmlns=\"http:\/\/www.w3.org\/2000\/svg\" class=\"star-outline\"\n                             width=\"20\" height=\"20\" viewBox=\"0 0 48 48\">\n                            <g stroke-linecap=\"square\" stroke-width=\"2\" fill=\"none\" stroke=\"currentColor\"\n                               stroke-linejoin=\"miter\" class=\"nc-icon-wrapper\" stroke-miterlimit=\"10\">\n                                <path d=\"M41.108,24.778,24,42.556,6.892,24.778A10.529,10.529,0,1,1,24,12.928a10.529,10.529,0,1,1,17.108,11.85Z\"><\/path>\n                            <\/g>\n                        <\/svg>\n                    <\/div>\n                <\/div>\n\t\t\t<div class=\"frymo-listing-badges\"><\/div><div class=\"frymo-listing-image-wrapper\"><img loading=\"lazy\" decoding=\"async\" width=\"768\" height=\"512\" src=\"https:\/\/petrapekna.com\/wp-content\/uploads\/2026\/03\/a1e32f5f-c8af-4139-a251-8aff9b11b007-768x512.jpg\" class=\"attachment-medium_large size-medium_large wp-post-image\" alt=\"02 - Cala Figuera - Escala entrada + garatge_Post_tonemapped\" srcset=\"https:\/\/petrapekna.com\/wp-content\/uploads\/2026\/03\/a1e32f5f-c8af-4139-a251-8aff9b11b007-768x512.jpg 768w, https:\/\/petrapekna.com\/wp-content\/uploads\/2026\/03\/a1e32f5f-c8af-4139-a251-8aff9b11b007-300x200.jpg 300w, https:\/\/petrapekna.com\/wp-content\/uploads\/2026\/03\/a1e32f5f-c8af-4139-a251-8aff9b11b007-1024x682.jpg 1024w, https:\/\/petrapekna.com\/wp-content\/uploads\/2026\/03\/a1e32f5f-c8af-4139-a251-8aff9b11b007-1536x1023.jpg 1536w, https:\/\/petrapekna.com\/wp-content\/uploads\/2026\/03\/a1e32f5f-c8af-4139-a251-8aff9b11b007-18x12.jpg 18w, https:\/\/petrapekna.com\/wp-content\/uploads\/2026\/03\/a1e32f5f-c8af-4139-a251-8aff9b11b007.jpg 1621w\" sizes=\"(max-width: 768px) 100vw, 768px\" \/><\/div><\/a><div class=\"frymo-listing-content\"><div class=\"frymo-listing-id-wrapper\"><div class=\"frymo-listing-property-id\">ID: 1117<\/div><\/div><h3 class='frymo-listing-title'><a href='https:\/\/petrapekna.com\/en\/immobilie\/luxusvilla-in-privilegierter-lage-nahe-am-meer\/' aria-label='Luxusvilla in privilegierter Lage nahe am Meer'>Luxusvilla in privilegierter Lage nahe am Meer<\/a><\/h3><div class=\"frymo-listing-location\"><i class=\"frymo-icon frymo-icon-location-2\"><\/i>Cala Figuera<\/div><div class=\"frymo-listing-meta\"><span class=\"frymo-listing-meta-item frymo-listing-area \" data-frymo-tooltip=\"Wohnfl\u00e4che ca.\"><i class=\"frymo-icon frymo-icon-flaeche\"><\/i><div class=\"frymo-listing-meta-item-value\">280 m\u00b2<\/div><\/span><span class=\"frymo-listing-meta-item frymo-listing-bedrooms \" data-frymo-tooltip=\"Schlafzimmer\"><i class=\"frymo-icon frymo-icon-betten\"><\/i><div class=\"frymo-listing-meta-item-value\">5<\/div><\/span><span class=\"frymo-listing-meta-item frymo-listing-bathrooms \" data-frymo-tooltip=\"Badezimmer\"><i class=\"frymo-icon frymo-icon-bad\"><\/i><div class=\"frymo-listing-meta-item-value\">6<\/div><\/span><span class=\"frymo-listing-meta-item frymo-listing-ground_area \" data-frymo-tooltip=\"Grundst\u00fccksfl\u00e4che ca.\"><i class=\"frymo-icon frymo-icon-grundstuecksflaeche\"><\/i><div class=\"frymo-listing-meta-item-value\">850 m\u00b2<\/div><\/span><\/div><div class=\"frymo-listing-price\"><span>Purchase Price<\/span> <span class=\"frymo-listing-price-value\">4.000.000 \u20ac<\/span><\/div><\/div><\/article><article class=\"frymo-listing-item post-id-9848 swiper-slide\"><a class=\"frymo-listing-image\" href=\"https:\/\/petrapekna.com\/en\/immobilie\/spacious-quietly-located-villa-near-the-harbour-of-cala-figuera\/\" aria-label=\"Spacious, quietly located villa near the harbour of Cala Figuera\">                <div class=\"frymo-listing-tool\">\n                    <div class=\"frymo-favorite\" data-post-id=\"9848\">\n                        <svg xmlns=\"http:\/\/www.w3.org\/2000\/svg\" class=\"star-filled\"\n                             width=\"20\" height=\"20\" viewBox=\"0 0 48 48\">\n                            <g class=\"nc-icon-wrapper\">\n                                <path d=\"M24,44a1,1,0,0,1-.73-.316L6.246,25.5A11.493,11.493,0,1,1,24,11.039,11.493,11.493,0,1,1,41.74,25.514L24.73,43.684A1,1,0,0,1,24,44Z\"><\/path>\n                            <\/g>\n                        <\/svg>\n                        <svg xmlns=\"http:\/\/www.w3.org\/2000\/svg\" class=\"star-outline\"\n                             width=\"20\" height=\"20\" viewBox=\"0 0 48 48\">\n                            <g stroke-linecap=\"square\" stroke-width=\"2\" fill=\"none\" stroke=\"currentColor\"\n                               stroke-linejoin=\"miter\" class=\"nc-icon-wrapper\" stroke-miterlimit=\"10\">\n                                <path d=\"M41.108,24.778,24,42.556,6.892,24.778A10.529,10.529,0,1,1,24,12.928a10.529,10.529,0,1,1,17.108,11.85Z\"><\/path>\n                            <\/g>\n                        <\/svg>\n                    <\/div>\n                <\/div>\n\t\t\t<div class=\"frymo-listing-badges\"><\/div><div class=\"frymo-listing-image-wrapper\"><img loading=\"lazy\" decoding=\"async\" width=\"768\" height=\"509\" src=\"https:\/\/petrapekna.com\/wp-content\/uploads\/2026\/03\/7dbfe913-7a45-48a3-a16e-7a8de6911b71-2-768x509.jpg\" class=\"attachment-medium_large size-medium_large wp-post-image\" alt=\"DSC_0024_tonemapped\" srcset=\"https:\/\/petrapekna.com\/wp-content\/uploads\/2026\/03\/7dbfe913-7a45-48a3-a16e-7a8de6911b71-2-768x509.jpg 768w, https:\/\/petrapekna.com\/wp-content\/uploads\/2026\/03\/7dbfe913-7a45-48a3-a16e-7a8de6911b71-2-300x199.jpg 300w, https:\/\/petrapekna.com\/wp-content\/uploads\/2026\/03\/7dbfe913-7a45-48a3-a16e-7a8de6911b71-2-1024x678.jpg 1024w, https:\/\/petrapekna.com\/wp-content\/uploads\/2026\/03\/7dbfe913-7a45-48a3-a16e-7a8de6911b71-2-1536x1017.jpg 1536w, https:\/\/petrapekna.com\/wp-content\/uploads\/2026\/03\/7dbfe913-7a45-48a3-a16e-7a8de6911b71-2-18x12.jpg 18w, https:\/\/petrapekna.com\/wp-content\/uploads\/2026\/03\/7dbfe913-7a45-48a3-a16e-7a8de6911b71-2.jpg 1631w\" sizes=\"(max-width: 768px) 100vw, 768px\" \/><\/div><\/a><div class=\"frymo-listing-content\"><div class=\"frymo-listing-id-wrapper\"><div class=\"frymo-listing-property-id\">ID: 1114<\/div><\/div><h3 class='frymo-listing-title'><a href='https:\/\/petrapekna.com\/en\/immobilie\/spacious-quietly-located-villa-near-the-harbour-of-cala-figuera\/' aria-label='Spacious, quietly located villa near the harbour of Cala Figuera'>Spacious, quietly located villa near the harbour of Cala Figuera<\/a><\/h3><div class=\"frymo-listing-location\"><i class=\"frymo-icon frymo-icon-location-2\"><\/i>Cala Figuera<\/div><div class=\"frymo-listing-meta\"><span class=\"frymo-listing-meta-item frymo-listing-area \" data-frymo-tooltip=\"Wohnfl\u00e4che ca.\"><i class=\"frymo-icon frymo-icon-flaeche\"><\/i><div class=\"frymo-listing-meta-item-value\">350 m\u00b2<\/div><\/span><span class=\"frymo-listing-meta-item frymo-listing-bedrooms \" data-frymo-tooltip=\"Schlafzimmer\"><i class=\"frymo-icon frymo-icon-betten\"><\/i><div class=\"frymo-listing-meta-item-value\">5<\/div><\/span><span class=\"frymo-listing-meta-item frymo-listing-bathrooms \" data-frymo-tooltip=\"Badezimmer\"><i class=\"frymo-icon frymo-icon-bad\"><\/i><div class=\"frymo-listing-meta-item-value\">5<\/div><\/span><span class=\"frymo-listing-meta-item frymo-listing-ground_area \" data-frymo-tooltip=\"Grundst\u00fccksfl\u00e4che ca.\"><i class=\"frymo-icon frymo-icon-grundstuecksflaeche\"><\/i><div class=\"frymo-listing-meta-item-value\">1.018,20 m\u00b2<\/div><\/span><\/div><div class=\"frymo-listing-price\"><span>Purchase Price<\/span> <span class=\"frymo-listing-price-value\">2.950.000 \u20ac<\/span><\/div><\/div><\/article><article class=\"frymo-listing-item post-id-9803 swiper-slide\"><a class=\"frymo-listing-image\" href=\"https:\/\/petrapekna.com\/en\/immobilie\/amplia-villa-situada-en-una-zona-tranquila-cerca-del-puerto-de-cala-figuera\/\" aria-label=\"Amplia villa situada en una zona tranquila cerca del puerto de Cala Figuera\">                <div class=\"frymo-listing-tool\">\n                    <div class=\"frymo-favorite\" data-post-id=\"9803\">\n                        <svg xmlns=\"http:\/\/www.w3.org\/2000\/svg\" class=\"star-filled\"\n                             width=\"20\" height=\"20\" viewBox=\"0 0 48 48\">\n                            <g class=\"nc-icon-wrapper\">\n                                <path d=\"M24,44a1,1,0,0,1-.73-.316L6.246,25.5A11.493,11.493,0,1,1,24,11.039,11.493,11.493,0,1,1,41.74,25.514L24.73,43.684A1,1,0,0,1,24,44Z\"><\/path>\n                            <\/g>\n                        <\/svg>\n                        <svg xmlns=\"http:\/\/www.w3.org\/2000\/svg\" class=\"star-outline\"\n                             width=\"20\" height=\"20\" viewBox=\"0 0 48 48\">\n                            <g stroke-linecap=\"square\" stroke-width=\"2\" fill=\"none\" stroke=\"currentColor\"\n                               stroke-linejoin=\"miter\" class=\"nc-icon-wrapper\" stroke-miterlimit=\"10\">\n                                <path d=\"M41.108,24.778,24,42.556,6.892,24.778A10.529,10.529,0,1,1,24,12.928a10.529,10.529,0,1,1,17.108,11.85Z\"><\/path>\n                            <\/g>\n                        <\/svg>\n                    <\/div>\n                <\/div>\n\t\t\t<div class=\"frymo-listing-badges\"><\/div><div class=\"frymo-listing-image-wrapper\"><img loading=\"lazy\" decoding=\"async\" width=\"768\" height=\"509\" src=\"https:\/\/petrapekna.com\/wp-content\/uploads\/2026\/03\/7dbfe913-7a45-48a3-a16e-7a8de6911b71-1-768x509.jpg\" class=\"attachment-medium_large size-medium_large wp-post-image\" alt=\"DSC_0024_tonemapped\" srcset=\"https:\/\/petrapekna.com\/wp-content\/uploads\/2026\/03\/7dbfe913-7a45-48a3-a16e-7a8de6911b71-1-768x509.jpg 768w, https:\/\/petrapekna.com\/wp-content\/uploads\/2026\/03\/7dbfe913-7a45-48a3-a16e-7a8de6911b71-1-300x199.jpg 300w, https:\/\/petrapekna.com\/wp-content\/uploads\/2026\/03\/7dbfe913-7a45-48a3-a16e-7a8de6911b71-1-1024x678.jpg 1024w, https:\/\/petrapekna.com\/wp-content\/uploads\/2026\/03\/7dbfe913-7a45-48a3-a16e-7a8de6911b71-1-1536x1017.jpg 1536w, https:\/\/petrapekna.com\/wp-content\/uploads\/2026\/03\/7dbfe913-7a45-48a3-a16e-7a8de6911b71-1-18x12.jpg 18w, https:\/\/petrapekna.com\/wp-content\/uploads\/2026\/03\/7dbfe913-7a45-48a3-a16e-7a8de6911b71-1.jpg 1631w\" sizes=\"(max-width: 768px) 100vw, 768px\" \/><\/div><\/a><div class=\"frymo-listing-content\"><div class=\"frymo-listing-id-wrapper\"><div class=\"frymo-listing-property-id\">ID: 1114<\/div><\/div><h3 class='frymo-listing-title'><a href='https:\/\/petrapekna.com\/en\/immobilie\/amplia-villa-situada-en-una-zona-tranquila-cerca-del-puerto-de-cala-figuera\/' aria-label='Amplia villa situada en una zona tranquila cerca del puerto de Cala Figuera'>Amplia villa situada en una zona tranquila cerca del puerto de Cala Figuera<\/a><\/h3><div class=\"frymo-listing-location\"><i class=\"frymo-icon frymo-icon-location-2\"><\/i>Cala Figuera<\/div><div class=\"frymo-listing-meta\"><span class=\"frymo-listing-meta-item frymo-listing-area \" data-frymo-tooltip=\"Wohnfl\u00e4che ca.\"><i class=\"frymo-icon frymo-icon-flaeche\"><\/i><div class=\"frymo-listing-meta-item-value\">350 m\u00b2<\/div><\/span><span class=\"frymo-listing-meta-item frymo-listing-bedrooms \" data-frymo-tooltip=\"Schlafzimmer\"><i class=\"frymo-icon frymo-icon-betten\"><\/i><div class=\"frymo-listing-meta-item-value\">5<\/div><\/span><span class=\"frymo-listing-meta-item frymo-listing-bathrooms \" data-frymo-tooltip=\"Badezimmer\"><i class=\"frymo-icon frymo-icon-bad\"><\/i><div class=\"frymo-listing-meta-item-value\">5<\/div><\/span><span class=\"frymo-listing-meta-item frymo-listing-ground_area \" data-frymo-tooltip=\"Grundst\u00fccksfl\u00e4che ca.\"><i class=\"frymo-icon frymo-icon-grundstuecksflaeche\"><\/i><div class=\"frymo-listing-meta-item-value\">1.018,20 m\u00b2<\/div><\/span><\/div><div class=\"frymo-listing-price\"><span>Purchase Price<\/span> <span class=\"frymo-listing-price-value\">2.950.000 \u20ac<\/span><\/div><\/div><\/article><article class=\"frymo-listing-item post-id-9775 swiper-slide\"><a class=\"frymo-listing-image\" href=\"https:\/\/petrapekna.com\/en\/immobilie\/grosszuegige-ruhig-gelegene-villa-in-hafennaehe-von-cala-figuera\/\" aria-label=\"Gro\u00dfz\u00fcgige, ruhig gelegene Villa in Hafenn\u00e4he von Cala Figuera\">                <div class=\"frymo-listing-tool\">\n                    <div class=\"frymo-favorite\" data-post-id=\"9775\">\n                        <svg xmlns=\"http:\/\/www.w3.org\/2000\/svg\" class=\"star-filled\"\n                             width=\"20\" height=\"20\" viewBox=\"0 0 48 48\">\n                            <g class=\"nc-icon-wrapper\">\n                                <path d=\"M24,44a1,1,0,0,1-.73-.316L6.246,25.5A11.493,11.493,0,1,1,24,11.039,11.493,11.493,0,1,1,41.74,25.514L24.73,43.684A1,1,0,0,1,24,44Z\"><\/path>\n                            <\/g>\n                        <\/svg>\n                        <svg xmlns=\"http:\/\/www.w3.org\/2000\/svg\" class=\"star-outline\"\n                             width=\"20\" height=\"20\" viewBox=\"0 0 48 48\">\n                            <g stroke-linecap=\"square\" stroke-width=\"2\" fill=\"none\" stroke=\"currentColor\"\n                               stroke-linejoin=\"miter\" class=\"nc-icon-wrapper\" stroke-miterlimit=\"10\">\n                                <path d=\"M41.108,24.778,24,42.556,6.892,24.778A10.529,10.529,0,1,1,24,12.928a10.529,10.529,0,1,1,17.108,11.85Z\"><\/path>\n                            <\/g>\n                        <\/svg>\n                    <\/div>\n                <\/div>\n\t\t\t<div class=\"frymo-listing-badges\"><\/div><div class=\"frymo-listing-image-wrapper\"><img loading=\"lazy\" decoding=\"async\" width=\"768\" height=\"509\" src=\"https:\/\/petrapekna.com\/wp-content\/uploads\/2026\/03\/7dbfe913-7a45-48a3-a16e-7a8de6911b71-768x509.jpg\" class=\"attachment-medium_large size-medium_large wp-post-image\" alt=\"DSC_0024_tonemapped\" srcset=\"https:\/\/petrapekna.com\/wp-content\/uploads\/2026\/03\/7dbfe913-7a45-48a3-a16e-7a8de6911b71-768x509.jpg 768w, https:\/\/petrapekna.com\/wp-content\/uploads\/2026\/03\/7dbfe913-7a45-48a3-a16e-7a8de6911b71-300x199.jpg 300w, https:\/\/petrapekna.com\/wp-content\/uploads\/2026\/03\/7dbfe913-7a45-48a3-a16e-7a8de6911b71-1024x678.jpg 1024w, https:\/\/petrapekna.com\/wp-content\/uploads\/2026\/03\/7dbfe913-7a45-48a3-a16e-7a8de6911b71-1536x1017.jpg 1536w, https:\/\/petrapekna.com\/wp-content\/uploads\/2026\/03\/7dbfe913-7a45-48a3-a16e-7a8de6911b71-18x12.jpg 18w, https:\/\/petrapekna.com\/wp-content\/uploads\/2026\/03\/7dbfe913-7a45-48a3-a16e-7a8de6911b71.jpg 1631w\" sizes=\"(max-width: 768px) 100vw, 768px\" \/><\/div><\/a><div class=\"frymo-listing-content\"><div class=\"frymo-listing-id-wrapper\"><div class=\"frymo-listing-property-id\">ID: 1114<\/div><\/div><h3 class='frymo-listing-title'><a href='https:\/\/petrapekna.com\/en\/immobilie\/grosszuegige-ruhig-gelegene-villa-in-hafennaehe-von-cala-figuera\/' aria-label='Gro\u00dfz\u00fcgige, ruhig gelegene Villa in Hafenn\u00e4he von Cala Figuera'>Gro\u00dfz\u00fcgige, ruhig gelegene Villa in Hafenn\u00e4he von Cala Figuera<\/a><\/h3><div class=\"frymo-listing-location\"><i class=\"frymo-icon frymo-icon-location-2\"><\/i>Cala Figuera<\/div><div class=\"frymo-listing-meta\"><span class=\"frymo-listing-meta-item frymo-listing-area \" data-frymo-tooltip=\"Wohnfl\u00e4che ca.\"><i class=\"frymo-icon frymo-icon-flaeche\"><\/i><div class=\"frymo-listing-meta-item-value\">350 m\u00b2<\/div><\/span><span class=\"frymo-listing-meta-item frymo-listing-bedrooms \" data-frymo-tooltip=\"Schlafzimmer\"><i class=\"frymo-icon frymo-icon-betten\"><\/i><div class=\"frymo-listing-meta-item-value\">5<\/div><\/span><span class=\"frymo-listing-meta-item frymo-listing-bathrooms \" data-frymo-tooltip=\"Badezimmer\"><i class=\"frymo-icon frymo-icon-bad\"><\/i><div class=\"frymo-listing-meta-item-value\">5<\/div><\/span><span class=\"frymo-listing-meta-item frymo-listing-ground_area \" data-frymo-tooltip=\"Grundst\u00fccksfl\u00e4che ca.\"><i class=\"frymo-icon frymo-icon-grundstuecksflaeche\"><\/i><div class=\"frymo-listing-meta-item-value\">1.018,20 m\u00b2<\/div><\/span><\/div><div class=\"frymo-listing-price\"><span>Purchase Price<\/span> <span class=\"frymo-listing-price-value\">2.950.000 \u20ac<\/span><\/div><\/div><\/article><article class=\"frymo-listing-item post-id-9171 swiper-slide\"><a class=\"frymo-listing-image\" href=\"https:\/\/petrapekna.com\/en\/immobilie\/apartamento-soleado-junto-al-mar-en-cala-figuera\/\" aria-label=\"Apartamento soleado junto al mar en Cala Figuera\">                <div class=\"frymo-listing-tool\">\n                    <div class=\"frymo-favorite\" data-post-id=\"9171\">\n                        <svg xmlns=\"http:\/\/www.w3.org\/2000\/svg\" class=\"star-filled\"\n                             width=\"20\" height=\"20\" viewBox=\"0 0 48 48\">\n                            <g class=\"nc-icon-wrapper\">\n                                <path d=\"M24,44a1,1,0,0,1-.73-.316L6.246,25.5A11.493,11.493,0,1,1,24,11.039,11.493,11.493,0,1,1,41.74,25.514L24.73,43.684A1,1,0,0,1,24,44Z\"><\/path>\n                            <\/g>\n                        <\/svg>\n                        <svg xmlns=\"http:\/\/www.w3.org\/2000\/svg\" class=\"star-outline\"\n                             width=\"20\" height=\"20\" viewBox=\"0 0 48 48\">\n                            <g stroke-linecap=\"square\" stroke-width=\"2\" fill=\"none\" stroke=\"currentColor\"\n                               stroke-linejoin=\"miter\" class=\"nc-icon-wrapper\" stroke-miterlimit=\"10\">\n                                <path d=\"M41.108,24.778,24,42.556,6.892,24.778A10.529,10.529,0,1,1,24,12.928a10.529,10.529,0,1,1,17.108,11.85Z\"><\/path>\n                            <\/g>\n                        <\/svg>\n                    <\/div>\n                <\/div>\n\t\t\t<div class=\"frymo-listing-badges\"><\/div><div class=\"frymo-listing-image-wrapper\"><img loading=\"lazy\" decoding=\"async\" width=\"768\" height=\"509\" src=\"https:\/\/petrapekna.com\/wp-content\/uploads\/2026\/02\/0a50a9c7-482c-40f6-8483-61b8b3401e75-2-768x509.jpg\" class=\"attachment-medium_large size-medium_large wp-post-image\" alt=\"DSC_0022_tonemapped\" srcset=\"https:\/\/petrapekna.com\/wp-content\/uploads\/2026\/02\/0a50a9c7-482c-40f6-8483-61b8b3401e75-2-768x509.jpg 768w, https:\/\/petrapekna.com\/wp-content\/uploads\/2026\/02\/0a50a9c7-482c-40f6-8483-61b8b3401e75-2-300x199.jpg 300w, https:\/\/petrapekna.com\/wp-content\/uploads\/2026\/02\/0a50a9c7-482c-40f6-8483-61b8b3401e75-2-1024x678.jpg 1024w, https:\/\/petrapekna.com\/wp-content\/uploads\/2026\/02\/0a50a9c7-482c-40f6-8483-61b8b3401e75-2-1536x1017.jpg 1536w, https:\/\/petrapekna.com\/wp-content\/uploads\/2026\/02\/0a50a9c7-482c-40f6-8483-61b8b3401e75-2-18x12.jpg 18w, https:\/\/petrapekna.com\/wp-content\/uploads\/2026\/02\/0a50a9c7-482c-40f6-8483-61b8b3401e75-2.jpg 1631w\" sizes=\"(max-width: 768px) 100vw, 768px\" \/><\/div><\/a><div class=\"frymo-listing-content\"><div class=\"frymo-listing-id-wrapper\"><div class=\"frymo-listing-property-id\">ID: 8056<\/div><\/div><h3 class='frymo-listing-title'><a href='https:\/\/petrapekna.com\/en\/immobilie\/apartamento-soleado-junto-al-mar-en-cala-figuera\/' aria-label='Apartamento soleado junto al mar en Cala Figuera'>Apartamento soleado junto al mar en Cala Figuera<\/a><\/h3><div class=\"frymo-listing-location\"><i class=\"frymo-icon frymo-icon-location-2\"><\/i>Cala Figuera<\/div><div class=\"frymo-listing-meta\"><span class=\"frymo-listing-meta-item frymo-listing-area \" data-frymo-tooltip=\"Wohnfl\u00e4che ca.\"><i class=\"frymo-icon frymo-icon-flaeche\"><\/i><div class=\"frymo-listing-meta-item-value\">93 m\u00b2<\/div><\/span><span class=\"frymo-listing-meta-item frymo-listing-bedrooms \" data-frymo-tooltip=\"Schlafzimmer\"><i class=\"frymo-icon frymo-icon-betten\"><\/i><div class=\"frymo-listing-meta-item-value\">2<\/div><\/span><span class=\"frymo-listing-meta-item frymo-listing-bathrooms \" data-frymo-tooltip=\"Badezimmer\"><i class=\"frymo-icon frymo-icon-bad\"><\/i><div class=\"frymo-listing-meta-item-value\">2<\/div><\/span><\/div><div class=\"frymo-listing-price\"><span>Purchase Price<\/span> <span class=\"frymo-listing-price-value\">450.000 \u20ac<\/span><\/div><\/div><\/article><article class=\"frymo-listing-item post-id-9147 swiper-slide\"><a class=\"frymo-listing-image\" href=\"https:\/\/petrapekna.com\/en\/immobilie\/sunny-flat-by-the-sea-in-cala-figuera\/\" aria-label=\"Sunny flat by the sea in Cala Figuera\">                <div class=\"frymo-listing-tool\">\n                    <div class=\"frymo-favorite\" data-post-id=\"9147\">\n                        <svg xmlns=\"http:\/\/www.w3.org\/2000\/svg\" class=\"star-filled\"\n                             width=\"20\" height=\"20\" viewBox=\"0 0 48 48\">\n                            <g class=\"nc-icon-wrapper\">\n                                <path d=\"M24,44a1,1,0,0,1-.73-.316L6.246,25.5A11.493,11.493,0,1,1,24,11.039,11.493,11.493,0,1,1,41.74,25.514L24.73,43.684A1,1,0,0,1,24,44Z\"><\/path>\n                            <\/g>\n                        <\/svg>\n                        <svg xmlns=\"http:\/\/www.w3.org\/2000\/svg\" class=\"star-outline\"\n                             width=\"20\" height=\"20\" viewBox=\"0 0 48 48\">\n                            <g stroke-linecap=\"square\" stroke-width=\"2\" fill=\"none\" stroke=\"currentColor\"\n                               stroke-linejoin=\"miter\" class=\"nc-icon-wrapper\" stroke-miterlimit=\"10\">\n                                <path d=\"M41.108,24.778,24,42.556,6.892,24.778A10.529,10.529,0,1,1,24,12.928a10.529,10.529,0,1,1,17.108,11.85Z\"><\/path>\n                            <\/g>\n                        <\/svg>\n                    <\/div>\n                <\/div>\n\t\t\t<div class=\"frymo-listing-badges\"><\/div><div class=\"frymo-listing-image-wrapper\"><img loading=\"lazy\" decoding=\"async\" width=\"768\" height=\"509\" src=\"https:\/\/petrapekna.com\/wp-content\/uploads\/2026\/02\/0a50a9c7-482c-40f6-8483-61b8b3401e75-1-768x509.jpg\" class=\"attachment-medium_large size-medium_large wp-post-image\" alt=\"DSC_0022_tonemapped\" srcset=\"https:\/\/petrapekna.com\/wp-content\/uploads\/2026\/02\/0a50a9c7-482c-40f6-8483-61b8b3401e75-1-768x509.jpg 768w, https:\/\/petrapekna.com\/wp-content\/uploads\/2026\/02\/0a50a9c7-482c-40f6-8483-61b8b3401e75-1-300x199.jpg 300w, https:\/\/petrapekna.com\/wp-content\/uploads\/2026\/02\/0a50a9c7-482c-40f6-8483-61b8b3401e75-1-1024x678.jpg 1024w, https:\/\/petrapekna.com\/wp-content\/uploads\/2026\/02\/0a50a9c7-482c-40f6-8483-61b8b3401e75-1-1536x1017.jpg 1536w, https:\/\/petrapekna.com\/wp-content\/uploads\/2026\/02\/0a50a9c7-482c-40f6-8483-61b8b3401e75-1-18x12.jpg 18w, https:\/\/petrapekna.com\/wp-content\/uploads\/2026\/02\/0a50a9c7-482c-40f6-8483-61b8b3401e75-1.jpg 1631w\" sizes=\"(max-width: 768px) 100vw, 768px\" \/><\/div><\/a><div class=\"frymo-listing-content\"><div class=\"frymo-listing-id-wrapper\"><div class=\"frymo-listing-property-id\">ID: 8056<\/div><\/div><h3 class='frymo-listing-title'><a href='https:\/\/petrapekna.com\/en\/immobilie\/sunny-flat-by-the-sea-in-cala-figuera\/' aria-label='Sunny flat by the sea in Cala Figuera'>Sunny flat by the sea in Cala Figuera<\/a><\/h3><div class=\"frymo-listing-location\"><i class=\"frymo-icon frymo-icon-location-2\"><\/i>Cala Figuera<\/div><div class=\"frymo-listing-meta\"><span class=\"frymo-listing-meta-item frymo-listing-area \" data-frymo-tooltip=\"Wohnfl\u00e4che ca.\"><i class=\"frymo-icon frymo-icon-flaeche\"><\/i><div class=\"frymo-listing-meta-item-value\">93 m\u00b2<\/div><\/span><span class=\"frymo-listing-meta-item frymo-listing-bedrooms \" data-frymo-tooltip=\"Schlafzimmer\"><i class=\"frymo-icon frymo-icon-betten\"><\/i><div class=\"frymo-listing-meta-item-value\">2<\/div><\/span><span class=\"frymo-listing-meta-item frymo-listing-bathrooms \" data-frymo-tooltip=\"Badezimmer\"><i class=\"frymo-icon frymo-icon-bad\"><\/i><div class=\"frymo-listing-meta-item-value\">2<\/div><\/span><\/div><div class=\"frymo-listing-price\"><span>Purchase Price<\/span> <span class=\"frymo-listing-price-value\">450.000 \u20ac<\/span><\/div><\/div><\/article><article class=\"frymo-listing-item post-id-9123 swiper-slide\"><a class=\"frymo-listing-image\" href=\"https:\/\/petrapekna.com\/en\/immobilie\/sonnige-wohnung-am-meer-in-cala-figuera\/\" aria-label=\"Sonnige Wohnung am Meer in Cala Figuera\">                <div class=\"frymo-listing-tool\">\n                    <div class=\"frymo-favorite\" data-post-id=\"9123\">\n                        <svg xmlns=\"http:\/\/www.w3.org\/2000\/svg\" class=\"star-filled\"\n                             width=\"20\" height=\"20\" viewBox=\"0 0 48 48\">\n                            <g class=\"nc-icon-wrapper\">\n                                <path d=\"M24,44a1,1,0,0,1-.73-.316L6.246,25.5A11.493,11.493,0,1,1,24,11.039,11.493,11.493,0,1,1,41.74,25.514L24.73,43.684A1,1,0,0,1,24,44Z\"><\/path>\n                            <\/g>\n                        <\/svg>\n                        <svg xmlns=\"http:\/\/www.w3.org\/2000\/svg\" class=\"star-outline\"\n                             width=\"20\" height=\"20\" viewBox=\"0 0 48 48\">\n                            <g stroke-linecap=\"square\" stroke-width=\"2\" fill=\"none\" stroke=\"currentColor\"\n                               stroke-linejoin=\"miter\" class=\"nc-icon-wrapper\" stroke-miterlimit=\"10\">\n                                <path d=\"M41.108,24.778,24,42.556,6.892,24.778A10.529,10.529,0,1,1,24,12.928a10.529,10.529,0,1,1,17.108,11.85Z\"><\/path>\n                            <\/g>\n                        <\/svg>\n                    <\/div>\n                <\/div>\n\t\t\t<div class=\"frymo-listing-badges\"><\/div><div class=\"frymo-listing-image-wrapper\"><img loading=\"lazy\" decoding=\"async\" width=\"768\" height=\"509\" src=\"https:\/\/petrapekna.com\/wp-content\/uploads\/2026\/02\/0a50a9c7-482c-40f6-8483-61b8b3401e75-768x509.jpg\" class=\"attachment-medium_large size-medium_large wp-post-image\" alt=\"DSC_0022_tonemapped\" srcset=\"https:\/\/petrapekna.com\/wp-content\/uploads\/2026\/02\/0a50a9c7-482c-40f6-8483-61b8b3401e75-768x509.jpg 768w, https:\/\/petrapekna.com\/wp-content\/uploads\/2026\/02\/0a50a9c7-482c-40f6-8483-61b8b3401e75-300x199.jpg 300w, https:\/\/petrapekna.com\/wp-content\/uploads\/2026\/02\/0a50a9c7-482c-40f6-8483-61b8b3401e75-1024x678.jpg 1024w, https:\/\/petrapekna.com\/wp-content\/uploads\/2026\/02\/0a50a9c7-482c-40f6-8483-61b8b3401e75-1536x1017.jpg 1536w, https:\/\/petrapekna.com\/wp-content\/uploads\/2026\/02\/0a50a9c7-482c-40f6-8483-61b8b3401e75-18x12.jpg 18w, https:\/\/petrapekna.com\/wp-content\/uploads\/2026\/02\/0a50a9c7-482c-40f6-8483-61b8b3401e75.jpg 1631w\" sizes=\"(max-width: 768px) 100vw, 768px\" \/><\/div><\/a><div class=\"frymo-listing-content\"><div class=\"frymo-listing-id-wrapper\"><div class=\"frymo-listing-property-id\">ID: 8056<\/div><\/div><h3 class='frymo-listing-title'><a href='https:\/\/petrapekna.com\/en\/immobilie\/sonnige-wohnung-am-meer-in-cala-figuera\/' aria-label='Sonnige Wohnung am Meer in Cala Figuera'>Sonnige Wohnung am Meer in Cala Figuera<\/a><\/h3><div class=\"frymo-listing-location\"><i class=\"frymo-icon frymo-icon-location-2\"><\/i>Cala Figuera<\/div><div class=\"frymo-listing-meta\"><span class=\"frymo-listing-meta-item frymo-listing-area \" data-frymo-tooltip=\"Wohnfl\u00e4che ca.\"><i class=\"frymo-icon frymo-icon-flaeche\"><\/i><div class=\"frymo-listing-meta-item-value\">93 m\u00b2<\/div><\/span><span class=\"frymo-listing-meta-item frymo-listing-bedrooms \" data-frymo-tooltip=\"Schlafzimmer\"><i class=\"frymo-icon frymo-icon-betten\"><\/i><div class=\"frymo-listing-meta-item-value\">2<\/div><\/span><span class=\"frymo-listing-meta-item frymo-listing-bathrooms \" data-frymo-tooltip=\"Badezimmer\"><i class=\"frymo-icon frymo-icon-bad\"><\/i><div class=\"frymo-listing-meta-item-value\">2<\/div><\/span><\/div><div class=\"frymo-listing-price\"><span>Purchase Price<\/span> <span class=\"frymo-listing-price-value\">450.000 \u20ac<\/span><\/div><\/div><\/article><\/div><\/div><div class=\"button-prev elementor-icon\"><svg aria-hidden=\"true\" class=\"e-font-icon-svg e-fas-chevron-left\" viewBox=\"0 0 320 512\" xmlns=\"http:\/\/www.w3.org\/2000\/svg\"><path d=\"M34.52 239.03L228.87 44.69c9.37-9.37 24.57-9.37 33.94 0l22.67 22.67c9.36 9.36 9.37 24.52.04 33.9L131.49 256l154.02 154.75c9.34 9.38 9.32 24.54-.04 33.9l-22.67 22.67c-9.37 9.37-24.57 9.37-33.94 0L34.52 272.97c-9.37-9.37-9.37-24.57 0-33.94z\"><\/path><\/svg><\/div><div class=\"button-next elementor-icon\"><svg aria-hidden=\"true\" class=\"e-font-icon-svg e-fas-chevron-right\" viewBox=\"0 0 320 512\" xmlns=\"http:\/\/www.w3.org\/2000\/svg\"><path d=\"M285.476 272.971L91.132 467.314c-9.373 9.373-24.569 9.373-33.941 0l-22.667-22.667c-9.357-9.357-9.375-24.522-.04-33.901L188.505 256 34.484 101.255c-9.335-9.379-9.317-24.544.04-33.901l22.667-22.667c9.373-9.373 24.569-9.373 33.941 0L285.475 239.03c9.373 9.372 9.373 24.568.001 33.941z\"><\/path><\/svg><\/div>\t\t\t\t<\/div>\n\t\t\t\t<\/div>\n\t\t\t\t<div class=\"elementor-element elementor-element-10bfa76 elementor-align-center elementor-mobile-align-center elementor-widget elementor-widget-button\" data-id=\"10bfa76\" data-element_type=\"widget\" data-e-type=\"widget\" data-widget_type=\"button.default\">\n\t\t\t\t<div class=\"elementor-widget-container\">\n\t\t\t\t\t\t\t\t\t<div class=\"elementor-button-wrapper\">\n\t\t\t\t\t<a class=\"elementor-button elementor-button-link elementor-size-sm\" href=\"https:\/\/petrapekna.com\/immobilien\/\">\n\t\t\t\t\t\t<span class=\"elementor-button-content-wrapper\">\n\t\t\t\t\t\t\t\t\t<span class=\"elementor-button-text\">Jetzt alle Immobilien ansehen<\/span>\n\t\t\t\t\t<\/span>\n\t\t\t\t\t<\/a>\n\t\t\t\t<\/div>\n\t\t\t\t\t\t\t\t<\/div>\n\t\t\t\t<\/div>\n\t\t\t\t\t<\/div>\n\t\t\t\t<\/div>\n\t\t<div class=\"elementor-element elementor-element-53a121ad e-con-full e-flex e-con e-parent\" data-id=\"53a121ad\" data-element_type=\"container\" data-e-type=\"container\">\n\t\t<div class=\"elementor-element elementor-element-11c3e419 e-con-full e-flex e-con e-child\" data-id=\"11c3e419\" data-element_type=\"container\" data-e-type=\"container\">\n\t\t\t\t<div class=\"elementor-element elementor-element-952f618 elementor-widget elementor-widget-image\" data-id=\"952f618\" data-element_type=\"widget\" data-e-type=\"widget\" data-widget_type=\"image.default\">\n\t\t\t\t<div class=\"elementor-widget-container\">\n\t\t\t\t\t\t\t\t\t\t\t\t\t\t\t<img loading=\"lazy\" decoding=\"async\" width=\"1707\" height=\"1527\" src=\"https:\/\/petrapekna.com\/wp-content\/uploads\/2025\/07\/616fda19-2b09-4817-a808-fe91fd3b892f-scaled-e1760352951838.jpg\" class=\"attachment-full size-full wp-image-647\" alt=\"Immobilien Petra Pekna\" srcset=\"https:\/\/petrapekna.com\/wp-content\/uploads\/2025\/07\/616fda19-2b09-4817-a808-fe91fd3b892f-scaled-e1760352951838.jpg 1707w, https:\/\/petrapekna.com\/wp-content\/uploads\/2025\/07\/616fda19-2b09-4817-a808-fe91fd3b892f-scaled-e1760352951838-300x268.jpg 300w, https:\/\/petrapekna.com\/wp-content\/uploads\/2025\/07\/616fda19-2b09-4817-a808-fe91fd3b892f-scaled-e1760352951838-1024x916.jpg 1024w, https:\/\/petrapekna.com\/wp-content\/uploads\/2025\/07\/616fda19-2b09-4817-a808-fe91fd3b892f-scaled-e1760352951838-768x687.jpg 768w, https:\/\/petrapekna.com\/wp-content\/uploads\/2025\/07\/616fda19-2b09-4817-a808-fe91fd3b892f-scaled-e1760352951838-1536x1374.jpg 1536w, https:\/\/petrapekna.com\/wp-content\/uploads\/2025\/07\/616fda19-2b09-4817-a808-fe91fd3b892f-scaled-e1760352951838-13x12.jpg 13w\" sizes=\"(max-width: 1707px) 100vw, 1707px\" \/>\t\t\t\t\t\t\t\t\t\t\t\t\t\t\t<\/div>\n\t\t\t\t<\/div>\n\t\t\t\t<\/div>\n\t\t<div class=\"elementor-element elementor-element-661f775 e-con-full e-flex e-con e-child\" data-id=\"661f775\" data-element_type=\"container\" data-e-type=\"container\" data-settings=\"{&quot;background_background&quot;:&quot;classic&quot;}\">\n\t\t\t\t<div class=\"elementor-element elementor-element-46d13521 elementor-invisible elementor-widget elementor-widget-heading\" data-id=\"46d13521\" data-element_type=\"widget\" data-e-type=\"widget\" data-settings=\"{&quot;_animation&quot;:&quot;fadeInLeft&quot;}\" data-widget_type=\"heading.default\">\n\t\t\t\t<div class=\"elementor-widget-container\">\n\t\t\t\t\t<h5 class=\"elementor-heading-title elementor-size-default\">\/ Kundenstimmen\n\n\n\n\n\n\n\n<\/h5>\t\t\t\t<\/div>\n\t\t\t\t<\/div>\n\t\t\t\t<div class=\"elementor-element elementor-element-490c1e27 elementor-widget elementor-widget-heading\" data-id=\"490c1e27\" data-element_type=\"widget\" data-e-type=\"widget\" data-widget_type=\"heading.default\">\n\t\t\t\t<div class=\"elementor-widget-container\">\n\t\t\t\t\t<h3 class=\"elementor-heading-title elementor-size-default\"><!-- x-tinymce\/html --><span style=\"color: inherit;font-family: inherit;font-size: 1.75rem;font-weight: 500;font-style: oblique\">Das sagen unsere Kunden \u00fcber uns<\/span><\/h3>\t\t\t\t<\/div>\n\t\t\t\t<\/div>\n\t\t\t\t<div class=\"elementor-element elementor-element-2074f993 elementor-widget elementor-widget-text-editor\" data-id=\"2074f993\" data-element_type=\"widget\" data-e-type=\"widget\" data-widget_type=\"text-editor.default\">\n\t\t\t\t<div class=\"elementor-widget-container\">\n\t\t\t\t\t\t\t\t\t<p data-start=\"3389\" data-end=\"3489\">Zufriedene Kunden sind die beste Empfehlung. Lesen Sie, warum Menschen uns ihr Vertrauen schenken:<\/p>\t\t\t\t\t\t\t\t<\/div>\n\t\t\t\t<\/div>\n\t\t\t\t<div class=\"elementor-element elementor-element-a209bf1 elementor-widget elementor-widget-html\" data-id=\"a209bf1\" data-element_type=\"widget\" data-e-type=\"widget\" data-widget_type=\"html.default\">\n\t\t\t\t<div class=\"elementor-widget-container\">\n\t\t\t\t\t<!-- Elfsight Google Reviews | Petra Pekna - Google -->\n<script src=\"https:\/\/elfsightcdn.com\/platform.js\" async><\/script>\n<div class=\"elfsight-app-4ea8bb94-7443-41f4-bc4b-b9eb4f125d6d\" data-elfsight-app-lazy><\/div>\t\t\t\t<\/div>\n\t\t\t\t<\/div>\n\t\t\t\t<div class=\"elementor-element elementor-element-7a077cf elementor-widget elementor-widget-text-editor\" data-id=\"7a077cf\" data-element_type=\"widget\" data-e-type=\"widget\" data-widget_type=\"text-editor.default\">\n\t\t\t\t<div class=\"elementor-widget-container\">\n\t\t\t\t\t\t\t\t\t<p>Hinweis zur Echtheit von Bewertungen:<br \/>Die hier ver\u00f6ffentlichten Bewertungen stammen von Personen, die unsere Dienstleistungen auf Portalen von Dritten bewertet haben. Eine Pr\u00fcfung der Echtheit kann derzeit nicht sicher gestellt werden, da die bewertenden Personen teilweise unter Synonymen diese auf den Seiten von Dritten hinterlassen.<\/p>\t\t\t\t\t\t\t\t<\/div>\n\t\t\t\t<\/div>\n\t\t\t\t<\/div>\n\t\t\t\t<\/div>\n\t\t<div class=\"elementor-element elementor-element-3ec3930 e-flex e-con-boxed e-con e-parent\" data-id=\"3ec3930\" data-element_type=\"container\" data-e-type=\"container\">\n\t\t\t\t\t<div class=\"e-con-inner\">\n\t\t\t\t<div class=\"elementor-element elementor-element-0d86cb3 elementor-widget elementor-widget-spacer\" data-id=\"0d86cb3\" data-element_type=\"widget\" data-e-type=\"widget\" data-widget_type=\"spacer.default\">\n\t\t\t\t<div class=\"elementor-widget-container\">\n\t\t\t\t\t\t\t<div class=\"elementor-spacer\">\n\t\t\t<div class=\"elementor-spacer-inner\"><\/div>\n\t\t<\/div>\n\t\t\t\t\t\t<\/div>\n\t\t\t\t<\/div>\n\t\t\t\t\t<\/div>\n\t\t\t\t<\/div>\n\t\t<div class=\"elementor-element elementor-element-a3a0ae0 e-flex e-con-boxed e-con e-parent\" data-id=\"a3a0ae0\" data-element_type=\"container\" data-e-type=\"container\">\n\t\t\t\t\t<div class=\"e-con-inner\">\n\t\t\t\t<div class=\"elementor-element elementor-element-7012603 elementor-widget elementor-widget-heading\" data-id=\"7012603\" data-element_type=\"widget\" data-e-type=\"widget\" data-widget_type=\"heading.default\">\n\t\t\t\t<div class=\"elementor-widget-container\">\n\t\t\t\t\t<h2 class=\"elementor-heading-title elementor-size-default\">Immobilien kaufen in Cala Figuera \u2013 h\u00e4ufig gestellte Fragen<\/h2>\t\t\t\t<\/div>\n\t\t\t\t<\/div>\n\t\t\t\t\t<\/div>\n\t\t\t\t<\/div>\n\t\t<div class=\"elementor-element elementor-element-89036e7 e-flex e-con-boxed e-con e-parent\" data-id=\"89036e7\" data-element_type=\"container\" data-e-type=\"container\">\n\t\t\t\t\t<div class=\"e-con-inner\">\n\t\t\t\t<div class=\"elementor-element elementor-element-7424933 elementor-widget elementor-widget-n-accordion\" data-id=\"7424933\" data-element_type=\"widget\" data-e-type=\"widget\" data-settings=\"{&quot;default_state&quot;:&quot;expanded&quot;,&quot;max_items_expended&quot;:&quot;one&quot;,&quot;n_accordion_animation_duration&quot;:{&quot;unit&quot;:&quot;ms&quot;,&quot;size&quot;:400,&quot;sizes&quot;:[]}}\" data-widget_type=\"nested-accordion.default\">\n\t\t\t\t<div class=\"elementor-widget-container\">\n\t\t\t\t\t\t\t<div class=\"e-n-accordion\" aria-label=\"Accordion. Open links with Enter or Space, close with Escape, and navigate with Arrow Keys\">\n\t\t\t\t\t\t<details id=\"e-n-accordion-item-1210\" class=\"e-n-accordion-item\" open>\n\t\t\t\t<summary class=\"e-n-accordion-item-title\" data-accordion-index=\"1\" tabindex=\"0\" aria-expanded=\"true\" aria-controls=\"e-n-accordion-item-1210\" >\n\t\t\t\t\t<span class='e-n-accordion-item-title-header'><h3 class=\"e-n-accordion-item-title-text\"> Ist es sinnvoll, eine Immobilie in Cala Figuera zu kaufen? <\/h3><\/span>\n\t\t\t\t\t\t\t<span class='e-n-accordion-item-title-icon'>\n\t\t\t<span class='e-opened' ><svg aria-hidden=\"true\" class=\"e-font-icon-svg e-fas-minus\" viewBox=\"0 0 448 512\" xmlns=\"http:\/\/www.w3.org\/2000\/svg\"><path d=\"M416 208H32c-17.67 0-32 14.33-32 32v32c0 17.67 14.33 32 32 32h384c17.67 0 32-14.33 32-32v-32c0-17.67-14.33-32-32-32z\"><\/path><\/svg><\/span>\n\t\t\t<span class='e-closed'><svg aria-hidden=\"true\" class=\"e-font-icon-svg e-fas-plus\" viewBox=\"0 0 448 512\" xmlns=\"http:\/\/www.w3.org\/2000\/svg\"><path d=\"M416 208H272V64c0-17.67-14.33-32-32-32h-32c-17.67 0-32 14.33-32 32v144H32c-17.67 0-32 14.33-32 32v32c0 17.67 14.33 32 32 32h144v144c0 17.67 14.33 32 32 32h32c17.67 0 32-14.33 32-32V304h144c17.67 0 32-14.33 32-32v-32c0-17.67-14.33-32-32-32z\"><\/path><\/svg><\/span>\n\t\t<\/span>\n\n\t\t\t\t\t\t<\/summary>\n\t\t\t\t<div role=\"region\" aria-labelledby=\"e-n-accordion-item-1210\" class=\"elementor-element elementor-element-9cbe65d e-con-full e-flex e-con e-child\" data-id=\"9cbe65d\" data-element_type=\"container\" data-e-type=\"container\">\n\t\t<div role=\"region\" aria-labelledby=\"e-n-accordion-item-1210\" class=\"elementor-element elementor-element-b469771 e-flex e-con-boxed e-con e-child\" data-id=\"b469771\" data-element_type=\"container\" data-e-type=\"container\">\n\t\t\t\t\t<div class=\"e-con-inner\">\n\t\t\t\t<div class=\"elementor-element elementor-element-4c92e51 elementor-widget elementor-widget-text-editor\" data-id=\"4c92e51\" data-element_type=\"widget\" data-e-type=\"widget\" data-widget_type=\"text-editor.default\">\n\t\t\t\t<div class=\"elementor-widget-container\">\n\t\t\t\t\t\t\t\t\t<p data-start=\"272\" data-end=\"823\">Ja, der Kauf einer Immobilie in Cala Figuera ist f\u00fcr viele K\u00e4ufer eine langfristig attraktive Entscheidung. Das K\u00fcstendorf \u00fcberzeugt durch seine authentische Atmosph\u00e4re, die hohe Lebensqualit\u00e4t und zahlreiche Immobilien in ruhiger, exklusiver Lage. Ob charmante Finca, modernes Haus oder exklusive Villa \u2013 viele K\u00e4ufer finden hier ihre Traumimmobilie in einer der begehrtesten K\u00fcstenregionen Mallorcas.<\/p>\t\t\t\t\t\t\t\t<\/div>\n\t\t\t\t<\/div>\n\t\t\t\t\t<\/div>\n\t\t\t\t<\/div>\n\t\t\t\t<\/div>\n\t\t\t\t\t<\/details>\n\t\t\t\t\t\t<details id=\"e-n-accordion-item-1211\" class=\"e-n-accordion-item\" >\n\t\t\t\t<summary class=\"e-n-accordion-item-title\" data-accordion-index=\"2\" tabindex=\"-1\" aria-expanded=\"false\" aria-controls=\"e-n-accordion-item-1211\" >\n\t\t\t\t\t<span class='e-n-accordion-item-title-header'><h3 class=\"e-n-accordion-item-title-text\"> Wann ist der beste Zeitpunkt, eine Immobilie in Cala Figuera zu kaufen? <\/h3><\/span>\n\t\t\t\t\t\t\t<span class='e-n-accordion-item-title-icon'>\n\t\t\t<span class='e-opened' ><svg aria-hidden=\"true\" class=\"e-font-icon-svg e-fas-minus\" viewBox=\"0 0 448 512\" xmlns=\"http:\/\/www.w3.org\/2000\/svg\"><path d=\"M416 208H32c-17.67 0-32 14.33-32 32v32c0 17.67 14.33 32 32 32h384c17.67 0 32-14.33 32-32v-32c0-17.67-14.33-32-32-32z\"><\/path><\/svg><\/span>\n\t\t\t<span class='e-closed'><svg aria-hidden=\"true\" class=\"e-font-icon-svg e-fas-plus\" viewBox=\"0 0 448 512\" xmlns=\"http:\/\/www.w3.org\/2000\/svg\"><path d=\"M416 208H272V64c0-17.67-14.33-32-32-32h-32c-17.67 0-32 14.33-32 32v144H32c-17.67 0-32 14.33-32 32v32c0 17.67 14.33 32 32 32h144v144c0 17.67 14.33 32 32 32h32c17.67 0 32-14.33 32-32V304h144c17.67 0 32-14.33 32-32v-32c0-17.67-14.33-32-32-32z\"><\/path><\/svg><\/span>\n\t\t<\/span>\n\n\t\t\t\t\t\t<\/summary>\n\t\t\t\t<div role=\"region\" aria-labelledby=\"e-n-accordion-item-1211\" class=\"elementor-element elementor-element-6d132b0 e-con-full e-flex e-con e-child\" data-id=\"6d132b0\" data-element_type=\"container\" data-e-type=\"container\">\n\t\t<div role=\"region\" aria-labelledby=\"e-n-accordion-item-1211\" class=\"elementor-element elementor-element-0b8867d e-flex e-con-boxed e-con e-child\" data-id=\"0b8867d\" data-element_type=\"container\" data-e-type=\"container\">\n\t\t\t\t\t<div class=\"e-con-inner\">\n\t\t\t\t<div class=\"elementor-element elementor-element-7b1cca7 elementor-widget elementor-widget-text-editor\" data-id=\"7b1cca7\" data-element_type=\"widget\" data-e-type=\"widget\" data-widget_type=\"text-editor.default\">\n\t\t\t\t<div class=\"elementor-widget-container\">\n\t\t\t\t\t\t\t\t\t<div class=\"flex flex-col text-sm pb-25\"><section class=\"text-token-text-primary w-full focus:outline-none [--shadow-height:45px] has-data-writing-block:pointer-events-none has-data-writing-block:-mt-(--shadow-height) has-data-writing-block:pt-(--shadow-height) [&amp;:has([data-writing-block])&gt;*]:pointer-events-auto scroll-mt-[calc(var(--header-height)+min(200px,max(70px,20svh)))]\" dir=\"auto\" data-turn-id=\"request-WEB:54cf34a1-0b31-407e-a7a9-c56a26ec3913-12\" data-testid=\"conversation-turn-26\" data-scroll-anchor=\"true\" data-turn=\"assistant\"><div class=\"text-base my-auto mx-auto pb-10 [--thread-content-margin:var(--thread-content-margin-xs,calc(var(--spacing)*4))] @w-sm\/main:[--thread-content-margin:var(--thread-content-margin-sm,calc(var(--spacing)*6))] @w-lg\/main:[--thread-content-margin:var(--thread-content-margin-lg,calc(var(--spacing)*16))] px-(--thread-content-margin)\"><div class=\"[--thread-content-max-width:40rem] @w-lg\/main:[--thread-content-max-width:48rem] mx-auto max-w-(--thread-content-max-width) flex-1 group\/turn-messages focus-visible:outline-hidden relative flex w-full min-w-0 flex-col agent-turn\"><div class=\"flex max-w-full flex-col gap-4 grow\"><div class=\"min-h-8 text-message relative flex w-full flex-col items-end gap-2 text-start break-words whitespace-normal outline-none keyboard-focused:focus-ring [.text-message+&amp;]:mt-1\" dir=\"auto\" tabindex=\"0\" data-message-author-role=\"assistant\" data-message-id=\"8ffccc40-39d5-4f49-9b8f-8db5f5cd4b93\" data-message-model-slug=\"gpt-5-mini\" data-turn-start-message=\"true\"><div class=\"flex w-full flex-col gap-1 empty:hidden\"><div class=\"markdown prose dark:prose-invert w-full wrap-break-word light markdown-new-styling\"><p data-start=\"0\" data-end=\"289\" data-is-last-node=\"\" data-is-only-node=\"\">Immobilien in Cala Figuera k\u00f6nnen grunds\u00e4tzlich das ganze Jahr \u00fcber erworben werden. Besonders im Fr\u00fchling und Herbst gelangen h\u00e4ufig neue Objekte auf den Markt. Entscheidender als der Zeitpunkt ist jedoch, dass Lage, Preis und Immobilie genau Ihren pers\u00f6nlichen Vorstellungen entsprechen.<\/p><\/div><\/div><\/div><\/div><\/div><\/div><\/section><\/div>\t\t\t\t\t\t\t\t<\/div>\n\t\t\t\t<\/div>\n\t\t\t\t\t<\/div>\n\t\t\t\t<\/div>\n\t\t\t\t<\/div>\n\t\t\t\t\t<\/details>\n\t\t\t\t\t\t<details id=\"e-n-accordion-item-1212\" class=\"e-n-accordion-item\" >\n\t\t\t\t<summary class=\"e-n-accordion-item-title\" data-accordion-index=\"3\" tabindex=\"-1\" aria-expanded=\"false\" aria-controls=\"e-n-accordion-item-1212\" >\n\t\t\t\t\t<span class='e-n-accordion-item-title-header'><h3 class=\"e-n-accordion-item-title-text\"> Was muss ich beachten, wenn ich eine Immobilie in Cala Figuera kaufen m\u00f6chte? <\/h3><\/span>\n\t\t\t\t\t\t\t<span class='e-n-accordion-item-title-icon'>\n\t\t\t<span class='e-opened' ><svg aria-hidden=\"true\" class=\"e-font-icon-svg e-fas-minus\" viewBox=\"0 0 448 512\" xmlns=\"http:\/\/www.w3.org\/2000\/svg\"><path d=\"M416 208H32c-17.67 0-32 14.33-32 32v32c0 17.67 14.33 32 32 32h384c17.67 0 32-14.33 32-32v-32c0-17.67-14.33-32-32-32z\"><\/path><\/svg><\/span>\n\t\t\t<span class='e-closed'><svg aria-hidden=\"true\" class=\"e-font-icon-svg e-fas-plus\" viewBox=\"0 0 448 512\" xmlns=\"http:\/\/www.w3.org\/2000\/svg\"><path d=\"M416 208H272V64c0-17.67-14.33-32-32-32h-32c-17.67 0-32 14.33-32 32v144H32c-17.67 0-32 14.33-32 32v32c0 17.67 14.33 32 32 32h144v144c0 17.67 14.33 32 32 32h32c17.67 0 32-14.33 32-32V304h144c17.67 0 32-14.33 32-32v-32c0-17.67-14.33-32-32-32z\"><\/path><\/svg><\/span>\n\t\t<\/span>\n\n\t\t\t\t\t\t<\/summary>\n\t\t\t\t<div role=\"region\" aria-labelledby=\"e-n-accordion-item-1212\" class=\"elementor-element elementor-element-279c6ba e-con-full e-flex e-con e-child\" data-id=\"279c6ba\" data-element_type=\"container\" data-e-type=\"container\">\n\t\t<div role=\"region\" aria-labelledby=\"e-n-accordion-item-1212\" class=\"elementor-element elementor-element-a4174ae e-flex e-con-boxed e-con e-child\" data-id=\"a4174ae\" data-element_type=\"container\" data-e-type=\"container\">\n\t\t\t\t\t<div class=\"e-con-inner\">\n\t\t\t\t<div class=\"elementor-element elementor-element-b9d78a7 elementor-widget elementor-widget-text-editor\" data-id=\"b9d78a7\" data-element_type=\"widget\" data-e-type=\"widget\" data-widget_type=\"text-editor.default\">\n\t\t\t\t<div class=\"elementor-widget-container\">\n\t\t\t\t\t\t\t\t\t<div class=\"flex flex-col text-sm pb-25\"><section class=\"text-token-text-primary w-full focus:outline-none [--shadow-height:45px] has-data-writing-block:pointer-events-none has-data-writing-block:-mt-(--shadow-height) has-data-writing-block:pt-(--shadow-height) [&amp;:has([data-writing-block])&gt;*]:pointer-events-auto scroll-mt-[calc(var(--header-height)+min(200px,max(70px,20svh)))]\" dir=\"auto\" data-turn-id=\"request-WEB:54cf34a1-0b31-407e-a7a9-c56a26ec3913-13\" data-testid=\"conversation-turn-28\" data-scroll-anchor=\"true\" data-turn=\"assistant\"><div class=\"text-base my-auto mx-auto pb-10 [--thread-content-margin:var(--thread-content-margin-xs,calc(var(--spacing)*4))] @w-sm\/main:[--thread-content-margin:var(--thread-content-margin-sm,calc(var(--spacing)*6))] @w-lg\/main:[--thread-content-margin:var(--thread-content-margin-lg,calc(var(--spacing)*16))] px-(--thread-content-margin)\"><div class=\"[--thread-content-max-width:40rem] @w-lg\/main:[--thread-content-max-width:48rem] mx-auto max-w-(--thread-content-max-width) flex-1 group\/turn-messages focus-visible:outline-hidden relative flex w-full min-w-0 flex-col agent-turn\"><div class=\"flex max-w-full flex-col gap-4 grow\"><div class=\"min-h-8 text-message relative flex w-full flex-col items-end gap-2 text-start break-words whitespace-normal outline-none keyboard-focused:focus-ring [.text-message+&amp;]:mt-1\" dir=\"auto\" tabindex=\"0\" data-message-author-role=\"assistant\" data-message-id=\"0f5929ef-9f19-4df0-89dc-0299d9348323\" data-message-model-slug=\"gpt-5-mini\" data-turn-start-message=\"true\"><div class=\"flex w-full flex-col gap-1 empty:hidden\"><div class=\"markdown prose dark:prose-invert w-full wrap-break-word light markdown-new-styling\"><p data-start=\"0\" data-end=\"400\" data-is-last-node=\"\" data-is-only-node=\"\">Beim Kauf oder Verkauf einer Immobilie sollten rechtliche, bauliche und finanzielle Aspekte sorgf\u00e4ltig gepr\u00fcft werden. Dazu geh\u00f6ren Eigentumsverh\u00e4ltnisse, Genehmigungen, Energieausweis und m\u00f6gliche Belastungen. Eine professionelle Begleitung durch einen erfahrenen Immobilienmakler in Cala Figuera sorgt f\u00fcr Sicherheit und Transparenz w\u00e4hrend des gesamten Prozesses der Immobiliensuche und des Kaufs.<\/p><\/div><\/div><\/div><\/div><\/div><\/div><\/section><\/div>\t\t\t\t\t\t\t\t<\/div>\n\t\t\t\t<\/div>\n\t\t\t\t\t<\/div>\n\t\t\t\t<\/div>\n\t\t\t\t<\/div>\n\t\t\t\t\t<\/details>\n\t\t\t\t\t\t<details id=\"e-n-accordion-item-1213\" class=\"e-n-accordion-item\" >\n\t\t\t\t<summary class=\"e-n-accordion-item-title\" data-accordion-index=\"4\" tabindex=\"-1\" aria-expanded=\"false\" aria-controls=\"e-n-accordion-item-1213\" >\n\t\t\t\t\t<span class='e-n-accordion-item-title-header'><h3 class=\"e-n-accordion-item-title-text\"> Welche Kosten entstehen beim Immobilienkauf auf Mallorca? <\/h3><\/span>\n\t\t\t\t\t\t\t<span class='e-n-accordion-item-title-icon'>\n\t\t\t<span class='e-opened' ><svg aria-hidden=\"true\" class=\"e-font-icon-svg e-fas-minus\" viewBox=\"0 0 448 512\" xmlns=\"http:\/\/www.w3.org\/2000\/svg\"><path d=\"M416 208H32c-17.67 0-32 14.33-32 32v32c0 17.67 14.33 32 32 32h384c17.67 0 32-14.33 32-32v-32c0-17.67-14.33-32-32-32z\"><\/path><\/svg><\/span>\n\t\t\t<span class='e-closed'><svg aria-hidden=\"true\" class=\"e-font-icon-svg e-fas-plus\" viewBox=\"0 0 448 512\" xmlns=\"http:\/\/www.w3.org\/2000\/svg\"><path d=\"M416 208H272V64c0-17.67-14.33-32-32-32h-32c-17.67 0-32 14.33-32 32v144H32c-17.67 0-32 14.33-32 32v32c0 17.67 14.33 32 32 32h144v144c0 17.67 14.33 32 32 32h32c17.67 0 32-14.33 32-32V304h144c17.67 0 32-14.33 32-32v-32c0-17.67-14.33-32-32-32z\"><\/path><\/svg><\/span>\n\t\t<\/span>\n\n\t\t\t\t\t\t<\/summary>\n\t\t\t\t<div role=\"region\" aria-labelledby=\"e-n-accordion-item-1213\" class=\"elementor-element elementor-element-e3d9d6f e-flex e-con-boxed e-con e-child\" data-id=\"e3d9d6f\" data-element_type=\"container\" data-e-type=\"container\">\n\t\t\t\t\t<div class=\"e-con-inner\">\n\t\t<div role=\"region\" aria-labelledby=\"e-n-accordion-item-1213\" class=\"elementor-element elementor-element-84428dd e-con-full e-flex e-con e-child\" data-id=\"84428dd\" data-element_type=\"container\" data-e-type=\"container\">\n\t\t\t\t<div class=\"elementor-element elementor-element-aa91bab elementor-widget elementor-widget-text-editor\" data-id=\"aa91bab\" data-element_type=\"widget\" data-e-type=\"widget\" data-widget_type=\"text-editor.default\">\n\t\t\t\t<div class=\"elementor-widget-container\">\n\t\t\t\t\t\t\t\t\t<p data-start=\"75\" data-end=\"117\">Neben dem Kaufpreis fallen in Cala Figuera weitere Kosten an, wie Steuern, Notar- und Grundbuchgeb\u00fchren. Diese sollten fr\u00fchzeitig eingeplant werden, um eine realistische und verl\u00e4ssliche Budgetplanung zu gew\u00e4hrleisten.<\/p>\t\t\t\t\t\t\t\t<\/div>\n\t\t\t\t<\/div>\n\t\t\t\t<\/div>\n\t\t\t\t\t<\/div>\n\t\t\t\t<\/div>\n\t\t\t\t\t<\/details>\n\t\t\t\t\t\t<details id=\"e-n-accordion-item-1214\" class=\"e-n-accordion-item\" >\n\t\t\t\t<summary class=\"e-n-accordion-item-title\" data-accordion-index=\"5\" tabindex=\"-1\" aria-expanded=\"false\" aria-controls=\"e-n-accordion-item-1214\" >\n\t\t\t\t\t<span class='e-n-accordion-item-title-header'><h3 class=\"e-n-accordion-item-title-text\"> Kann ich eine Immobilie in Cala Figuera ohne Makler kaufen? <\/h3><\/span>\n\t\t\t\t\t\t\t<span class='e-n-accordion-item-title-icon'>\n\t\t\t<span class='e-opened' ><svg aria-hidden=\"true\" class=\"e-font-icon-svg e-fas-minus\" viewBox=\"0 0 448 512\" xmlns=\"http:\/\/www.w3.org\/2000\/svg\"><path d=\"M416 208H32c-17.67 0-32 14.33-32 32v32c0 17.67 14.33 32 32 32h384c17.67 0 32-14.33 32-32v-32c0-17.67-14.33-32-32-32z\"><\/path><\/svg><\/span>\n\t\t\t<span class='e-closed'><svg aria-hidden=\"true\" class=\"e-font-icon-svg e-fas-plus\" viewBox=\"0 0 448 512\" xmlns=\"http:\/\/www.w3.org\/2000\/svg\"><path d=\"M416 208H272V64c0-17.67-14.33-32-32-32h-32c-17.67 0-32 14.33-32 32v144H32c-17.67 0-32 14.33-32 32v32c0 17.67 14.33 32 32 32h144v144c0 17.67 14.33 32 32 32h32c17.67 0 32-14.33 32-32V304h144c17.67 0 32-14.33 32-32v-32c0-17.67-14.33-32-32-32z\"><\/path><\/svg><\/span>\n\t\t<\/span>\n\n\t\t\t\t\t\t<\/summary>\n\t\t\t\t<div role=\"region\" aria-labelledby=\"e-n-accordion-item-1214\" class=\"elementor-element elementor-element-726c055 e-flex e-con-boxed e-con e-child\" data-id=\"726c055\" data-element_type=\"container\" data-e-type=\"container\">\n\t\t\t\t\t<div class=\"e-con-inner\">\n\t\t<div role=\"region\" aria-labelledby=\"e-n-accordion-item-1214\" class=\"elementor-element elementor-element-5339c8e e-con-full e-flex e-con e-child\" data-id=\"5339c8e\" data-element_type=\"container\" data-e-type=\"container\">\n\t\t\t\t<div class=\"elementor-element elementor-element-129fa64 elementor-widget elementor-widget-text-editor\" data-id=\"129fa64\" data-element_type=\"widget\" data-e-type=\"widget\" data-widget_type=\"text-editor.default\">\n\t\t\t\t<div class=\"elementor-widget-container\">\n\t\t\t\t\t\t\t\t\t<p>Ja, grunds\u00e4tzlich ist ein Kauf in Cala Figuera auch ohne Makler m\u00f6glich. Allerdings erfordert dies umfassende Marktkenntnis, rechtliches Verst\u00e4ndnis und viel Zeit. Gerade bei komplexen Kaufprozessen oder internationalen Beteiligten kann die professionelle Unterst\u00fctzung eines erfahrenen Immobilienmaklers entscheidende Vorteile bieten.<\/p>\t\t\t\t\t\t\t\t<\/div>\n\t\t\t\t<\/div>\n\t\t\t\t<\/div>\n\t\t\t\t\t<\/div>\n\t\t\t\t<\/div>\n\t\t\t\t\t<\/details>\n\t\t\t\t\t\t<details id=\"e-n-accordion-item-1215\" class=\"e-n-accordion-item\" >\n\t\t\t\t<summary class=\"e-n-accordion-item-title\" data-accordion-index=\"6\" tabindex=\"-1\" aria-expanded=\"false\" aria-controls=\"e-n-accordion-item-1215\" >\n\t\t\t\t\t<span class='e-n-accordion-item-title-header'><h3 class=\"e-n-accordion-item-title-text\"> Warum ist ein Immobilienmakler beim Kauf in Cala Figuera sinnvoll? <\/h3><\/span>\n\t\t\t\t\t\t\t<span class='e-n-accordion-item-title-icon'>\n\t\t\t<span class='e-opened' ><svg aria-hidden=\"true\" class=\"e-font-icon-svg e-fas-minus\" viewBox=\"0 0 448 512\" xmlns=\"http:\/\/www.w3.org\/2000\/svg\"><path d=\"M416 208H32c-17.67 0-32 14.33-32 32v32c0 17.67 14.33 32 32 32h384c17.67 0 32-14.33 32-32v-32c0-17.67-14.33-32-32-32z\"><\/path><\/svg><\/span>\n\t\t\t<span class='e-closed'><svg aria-hidden=\"true\" class=\"e-font-icon-svg e-fas-plus\" viewBox=\"0 0 448 512\" xmlns=\"http:\/\/www.w3.org\/2000\/svg\"><path d=\"M416 208H272V64c0-17.67-14.33-32-32-32h-32c-17.67 0-32 14.33-32 32v144H32c-17.67 0-32 14.33-32 32v32c0 17.67 14.33 32 32 32h144v144c0 17.67 14.33 32 32 32h32c17.67 0 32-14.33 32-32V304h144c17.67 0 32-14.33 32-32v-32c0-17.67-14.33-32-32-32z\"><\/path><\/svg><\/span>\n\t\t<\/span>\n\n\t\t\t\t\t\t<\/summary>\n\t\t\t\t<div role=\"region\" aria-labelledby=\"e-n-accordion-item-1215\" class=\"elementor-element elementor-element-0563443 e-flex e-con-boxed e-con e-child\" data-id=\"0563443\" data-element_type=\"container\" data-e-type=\"container\">\n\t\t\t\t\t<div class=\"e-con-inner\">\n\t\t<div role=\"region\" aria-labelledby=\"e-n-accordion-item-1215\" class=\"elementor-element elementor-element-c43b780 e-con-full e-flex e-con e-child\" data-id=\"c43b780\" data-element_type=\"container\" data-e-type=\"container\">\n\t\t\t\t<div class=\"elementor-element elementor-element-3043cb0 elementor-widget elementor-widget-text-editor\" data-id=\"3043cb0\" data-element_type=\"widget\" data-e-type=\"widget\" data-widget_type=\"text-editor.default\">\n\t\t\t\t<div class=\"elementor-widget-container\">\n\t\t\t\t\t\t\t\t\t<section class=\"text-token-text-primary w-full focus:outline-none [--shadow-height:45px] has-data-writing-block:pointer-events-none has-data-writing-block:-mt-(--shadow-height) has-data-writing-block:pt-(--shadow-height) [&amp;:has([data-writing-block])&gt;*]:pointer-events-auto scroll-mt-(--header-height)\" dir=\"auto\" data-turn-id=\"ccad0ee5-9beb-43f5-a65c-6f39e988aa96\" data-testid=\"conversation-turn-33\" data-scroll-anchor=\"false\" data-turn=\"user\"><\/section><section class=\"text-token-text-primary w-full focus:outline-none [--shadow-height:45px] has-data-writing-block:pointer-events-none has-data-writing-block:-mt-(--shadow-height) has-data-writing-block:pt-(--shadow-height) [&amp;:has([data-writing-block])&gt;*]:pointer-events-auto scroll-mt-[calc(var(--header-height)+min(200px,max(70px,20svh)))]\" dir=\"auto\" data-turn-id=\"request-WEB:54cf34a1-0b31-407e-a7a9-c56a26ec3913-16\" data-testid=\"conversation-turn-34\" data-scroll-anchor=\"true\" data-turn=\"assistant\"><div class=\"text-base my-auto mx-auto pb-10 [--thread-content-margin:var(--thread-content-margin-xs,calc(var(--spacing)*4))] @w-sm\/main:[--thread-content-margin:var(--thread-content-margin-sm,calc(var(--spacing)*6))] @w-lg\/main:[--thread-content-margin:var(--thread-content-margin-lg,calc(var(--spacing)*16))] px-(--thread-content-margin)\"><div class=\"[--thread-content-max-width:40rem] @w-lg\/main:[--thread-content-max-width:48rem] mx-auto max-w-(--thread-content-max-width) flex-1 group\/turn-messages focus-visible:outline-hidden relative flex w-full min-w-0 flex-col agent-turn\"><div class=\"flex max-w-full flex-col gap-4 grow\"><div class=\"min-h-8 text-message relative flex w-full flex-col items-end gap-2 text-start break-words whitespace-normal outline-none keyboard-focused:focus-ring [.text-message+&amp;]:mt-1\" dir=\"auto\" tabindex=\"0\" data-message-author-role=\"assistant\" data-message-id=\"2d999a56-c24a-4b0a-9648-f6f5c6ead16d\" data-message-model-slug=\"gpt-5-mini\" data-turn-start-message=\"true\"><div class=\"flex w-full flex-col gap-1 empty:hidden\"><div class=\"markdown prose dark:prose-invert w-full wrap-break-word light markdown-new-styling\"><p data-start=\"0\" data-end=\"260\" data-is-last-node=\"\" data-is-only-node=\"\">Ein erfahrener Makler in Cala Figuera kennt den lokalen Markt, realistische Preise und die rechtlichen Besonderheiten vor Ort. K\u00e4ufer profitieren von individueller Beratung, professioneller Verhandlungsf\u00fchrung und einer sicheren Begleitung bis zum Notartermin.<\/p><\/div><\/div><\/div><\/div><\/div><\/div><\/section>\t\t\t\t\t\t\t\t<\/div>\n\t\t\t\t<\/div>\n\t\t\t\t<\/div>\n\t\t\t\t\t<\/div>\n\t\t\t\t<\/div>\n\t\t\t\t\t<\/details>\n\t\t\t\t\t\t<details id=\"e-n-accordion-item-1216\" class=\"e-n-accordion-item\" >\n\t\t\t\t<summary class=\"e-n-accordion-item-title\" data-accordion-index=\"7\" tabindex=\"-1\" aria-expanded=\"false\" aria-controls=\"e-n-accordion-item-1216\" >\n\t\t\t\t\t<span class='e-n-accordion-item-title-header'><h3 class=\"e-n-accordion-item-title-text\"> Kann man Immobilien mit Wohnrecht oder bestehender Vermietung in Cala Figuera kaufen? <\/h3><\/span>\n\t\t\t\t\t\t\t<span class='e-n-accordion-item-title-icon'>\n\t\t\t<span class='e-opened' ><svg aria-hidden=\"true\" class=\"e-font-icon-svg e-fas-minus\" viewBox=\"0 0 448 512\" xmlns=\"http:\/\/www.w3.org\/2000\/svg\"><path d=\"M416 208H32c-17.67 0-32 14.33-32 32v32c0 17.67 14.33 32 32 32h384c17.67 0 32-14.33 32-32v-32c0-17.67-14.33-32-32-32z\"><\/path><\/svg><\/span>\n\t\t\t<span class='e-closed'><svg aria-hidden=\"true\" class=\"e-font-icon-svg e-fas-plus\" viewBox=\"0 0 448 512\" xmlns=\"http:\/\/www.w3.org\/2000\/svg\"><path d=\"M416 208H272V64c0-17.67-14.33-32-32-32h-32c-17.67 0-32 14.33-32 32v144H32c-17.67 0-32 14.33-32 32v32c0 17.67 14.33 32 32 32h144v144c0 17.67 14.33 32 32 32h32c17.67 0 32-14.33 32-32V304h144c17.67 0 32-14.33 32-32v-32c0-17.67-14.33-32-32-32z\"><\/path><\/svg><\/span>\n\t\t<\/span>\n\n\t\t\t\t\t\t<\/summary>\n\t\t\t\t<div role=\"region\" aria-labelledby=\"e-n-accordion-item-1216\" class=\"elementor-element elementor-element-d61d9ed e-flex e-con-boxed e-con e-child\" data-id=\"d61d9ed\" data-element_type=\"container\" data-e-type=\"container\">\n\t\t\t\t\t<div class=\"e-con-inner\">\n\t\t<div role=\"region\" aria-labelledby=\"e-n-accordion-item-1216\" class=\"elementor-element elementor-element-dbc3976 e-con-full e-flex e-con e-child\" data-id=\"dbc3976\" data-element_type=\"container\" data-e-type=\"container\">\n\t\t\t\t<div class=\"elementor-element elementor-element-17f75db elementor-widget elementor-widget-text-editor\" data-id=\"17f75db\" data-element_type=\"widget\" data-e-type=\"widget\" data-widget_type=\"text-editor.default\">\n\t\t\t\t<div class=\"elementor-widget-container\">\n\t\t\t\t\t\t\t\t\t<div class=\"flex flex-col text-sm pb-25\"><section class=\"text-token-text-primary w-full focus:outline-none [--shadow-height:45px] has-data-writing-block:pointer-events-none has-data-writing-block:-mt-(--shadow-height) has-data-writing-block:pt-(--shadow-height) [&amp;:has([data-writing-block])&gt;*]:pointer-events-auto scroll-mt-[calc(var(--header-height)+min(200px,max(70px,20svh)))]\" dir=\"auto\" data-turn-id=\"request-WEB:54cf34a1-0b31-407e-a7a9-c56a26ec3913-17\" data-testid=\"conversation-turn-36\" data-scroll-anchor=\"true\" data-turn=\"assistant\"><div class=\"text-base my-auto mx-auto pb-10 [--thread-content-margin:var(--thread-content-margin-xs,calc(var(--spacing)*4))] @w-sm\/main:[--thread-content-margin:var(--thread-content-margin-sm,calc(var(--spacing)*6))] @w-lg\/main:[--thread-content-margin:var(--thread-content-margin-lg,calc(var(--spacing)*16))] px-(--thread-content-margin)\"><div class=\"[--thread-content-max-width:40rem] @w-lg\/main:[--thread-content-max-width:48rem] mx-auto max-w-(--thread-content-max-width) flex-1 group\/turn-messages focus-visible:outline-hidden relative flex w-full min-w-0 flex-col agent-turn\"><div class=\"flex max-w-full flex-col gap-4 grow\"><div class=\"min-h-8 text-message relative flex w-full flex-col items-end gap-2 text-start break-words whitespace-normal outline-none keyboard-focused:focus-ring [.text-message+&amp;]:mt-1\" dir=\"auto\" tabindex=\"0\" data-message-author-role=\"assistant\" data-message-id=\"dcc7f7cf-9a1e-4f2c-829e-2957a4f7222b\" data-message-model-slug=\"gpt-5-mini\" data-turn-start-message=\"true\"><div class=\"flex w-full flex-col gap-1 empty:hidden\"><div class=\"markdown prose dark:prose-invert w-full wrap-break-word light markdown-new-styling\"><p data-start=\"0\" data-end=\"143\" data-is-last-node=\"\" data-is-only-node=\"\">Nein. Ein g\u00fcltiger Energieausweis ist gesetzlich vorgeschrieben und Voraussetzung f\u00fcr den Verkauf jeder Immobilie in Cala Figuera auf Mallorca.<\/p><\/div><\/div><\/div><\/div><\/div><\/div><\/section><\/div>\t\t\t\t\t\t\t\t<\/div>\n\t\t\t\t<\/div>\n\t\t\t\t<\/div>\n\t\t\t\t\t<\/div>\n\t\t\t\t<\/div>\n\t\t\t\t\t<\/details>\n\t\t\t\t\t\t<details id=\"e-n-accordion-item-1217\" class=\"e-n-accordion-item\" >\n\t\t\t\t<summary class=\"e-n-accordion-item-title\" data-accordion-index=\"8\" tabindex=\"-1\" aria-expanded=\"false\" aria-controls=\"e-n-accordion-item-1217\" >\n\t\t\t\t\t<span class='e-n-accordion-item-title-header'><h3 class=\"e-n-accordion-item-title-text\"> Ist es besser, eine Immobilie in Cala Figuera zu kaufen oder zu mieten? <\/h3><\/span>\n\t\t\t\t\t\t\t<span class='e-n-accordion-item-title-icon'>\n\t\t\t<span class='e-opened' ><svg aria-hidden=\"true\" class=\"e-font-icon-svg e-fas-minus\" viewBox=\"0 0 448 512\" xmlns=\"http:\/\/www.w3.org\/2000\/svg\"><path d=\"M416 208H32c-17.67 0-32 14.33-32 32v32c0 17.67 14.33 32 32 32h384c17.67 0 32-14.33 32-32v-32c0-17.67-14.33-32-32-32z\"><\/path><\/svg><\/span>\n\t\t\t<span class='e-closed'><svg aria-hidden=\"true\" class=\"e-font-icon-svg e-fas-plus\" viewBox=\"0 0 448 512\" xmlns=\"http:\/\/www.w3.org\/2000\/svg\"><path d=\"M416 208H272V64c0-17.67-14.33-32-32-32h-32c-17.67 0-32 14.33-32 32v144H32c-17.67 0-32 14.33-32 32v32c0 17.67 14.33 32 32 32h144v144c0 17.67 14.33 32 32 32h32c17.67 0 32-14.33 32-32V304h144c17.67 0 32-14.33 32-32v-32c0-17.67-14.33-32-32-32z\"><\/path><\/svg><\/span>\n\t\t<\/span>\n\n\t\t\t\t\t\t<\/summary>\n\t\t\t\t<div role=\"region\" aria-labelledby=\"e-n-accordion-item-1217\" class=\"elementor-element elementor-element-ee7f518 e-flex e-con-boxed e-con e-child\" data-id=\"ee7f518\" data-element_type=\"container\" data-e-type=\"container\">\n\t\t\t\t\t<div class=\"e-con-inner\">\n\t\t<div role=\"region\" aria-labelledby=\"e-n-accordion-item-1217\" class=\"elementor-element elementor-element-4b05ffa e-con-full e-flex e-con e-child\" data-id=\"4b05ffa\" data-element_type=\"container\" data-e-type=\"container\">\n\t\t\t\t<div class=\"elementor-element elementor-element-ef34617 elementor-widget elementor-widget-text-editor\" data-id=\"ef34617\" data-element_type=\"widget\" data-e-type=\"widget\" data-widget_type=\"text-editor.default\">\n\t\t\t\t<div class=\"elementor-widget-container\">\n\t\t\t\t\t\t\t\t\t<p>Das h\u00e4ngt von Ihren pers\u00f6nlichen Zielen ab. Wer langfristig in Cala Figuera leben oder investieren m\u00f6chte, entscheidet sich h\u00e4ufig f\u00fcr den Kauf. Mieten kann sinnvoll sein, um den Ort und die Region zun\u00e4chst kennenzulernen.<\/p>\t\t\t\t\t\t\t\t<\/div>\n\t\t\t\t<\/div>\n\t\t\t\t<\/div>\n\t\t\t\t\t<\/div>\n\t\t\t\t<\/div>\n\t\t\t\t\t<\/details>\n\t\t\t\t\t\t<details id=\"e-n-accordion-item-1218\" class=\"e-n-accordion-item\" >\n\t\t\t\t<summary class=\"e-n-accordion-item-title\" data-accordion-index=\"9\" tabindex=\"-1\" aria-expanded=\"false\" aria-controls=\"e-n-accordion-item-1218\" >\n\t\t\t\t\t<span class='e-n-accordion-item-title-header'><h3 class=\"e-n-accordion-item-title-text\"> Kann man ein Haus mit Wohnrecht oder bestehender Vermietung in Cala Figuera kaufen? <\/h3><\/span>\n\t\t\t\t\t\t\t<span class='e-n-accordion-item-title-icon'>\n\t\t\t<span class='e-opened' ><svg aria-hidden=\"true\" class=\"e-font-icon-svg e-fas-minus\" viewBox=\"0 0 448 512\" xmlns=\"http:\/\/www.w3.org\/2000\/svg\"><path d=\"M416 208H32c-17.67 0-32 14.33-32 32v32c0 17.67 14.33 32 32 32h384c17.67 0 32-14.33 32-32v-32c0-17.67-14.33-32-32-32z\"><\/path><\/svg><\/span>\n\t\t\t<span class='e-closed'><svg aria-hidden=\"true\" class=\"e-font-icon-svg e-fas-plus\" viewBox=\"0 0 448 512\" xmlns=\"http:\/\/www.w3.org\/2000\/svg\"><path d=\"M416 208H272V64c0-17.67-14.33-32-32-32h-32c-17.67 0-32 14.33-32 32v144H32c-17.67 0-32 14.33-32 32v32c0 17.67 14.33 32 32 32h144v144c0 17.67 14.33 32 32 32h32c17.67 0 32-14.33 32-32V304h144c17.67 0 32-14.33 32-32v-32c0-17.67-14.33-32-32-32z\"><\/path><\/svg><\/span>\n\t\t<\/span>\n\n\t\t\t\t\t\t<\/summary>\n\t\t\t\t<div role=\"region\" aria-labelledby=\"e-n-accordion-item-1218\" class=\"elementor-element elementor-element-3085078 e-flex e-con-boxed e-con e-child\" data-id=\"3085078\" data-element_type=\"container\" data-e-type=\"container\">\n\t\t\t\t\t<div class=\"e-con-inner\">\n\t\t<div role=\"region\" aria-labelledby=\"e-n-accordion-item-1218\" class=\"elementor-element elementor-element-85dfac3 e-con-full e-flex e-con e-child\" data-id=\"85dfac3\" data-element_type=\"container\" data-e-type=\"container\">\n\t\t\t\t<div class=\"elementor-element elementor-element-87a543e elementor-widget elementor-widget-text-editor\" data-id=\"87a543e\" data-element_type=\"widget\" data-e-type=\"widget\" data-widget_type=\"text-editor.default\">\n\t\t\t\t<div class=\"elementor-widget-container\">\n\t\t\t\t\t\t\t\t\t<section class=\"text-token-text-primary w-full focus:outline-none [--shadow-height:45px] has-data-writing-block:pointer-events-none has-data-writing-block:-mt-(--shadow-height) has-data-writing-block:pt-(--shadow-height) [&amp;:has([data-writing-block])&gt;*]:pointer-events-auto scroll-mt-(--header-height)\" dir=\"auto\" data-turn-id=\"b63453da-f551-4587-b1b5-94a44277878e\" data-testid=\"conversation-turn-39\" data-scroll-anchor=\"false\" data-turn=\"user\"><\/section><section class=\"text-token-text-primary w-full focus:outline-none [--shadow-height:45px] has-data-writing-block:pointer-events-none has-data-writing-block:-mt-(--shadow-height) has-data-writing-block:pt-(--shadow-height) [&amp;:has([data-writing-block])&gt;*]:pointer-events-auto scroll-mt-[calc(var(--header-height)+min(200px,max(70px,20svh)))]\" dir=\"auto\" data-turn-id=\"request-WEB:54cf34a1-0b31-407e-a7a9-c56a26ec3913-19\" data-testid=\"conversation-turn-40\" data-scroll-anchor=\"true\" data-turn=\"assistant\"><div class=\"text-base my-auto mx-auto pb-10 [--thread-content-margin:var(--thread-content-margin-xs,calc(var(--spacing)*4))] @w-sm\/main:[--thread-content-margin:var(--thread-content-margin-sm,calc(var(--spacing)*6))] @w-lg\/main:[--thread-content-margin:var(--thread-content-margin-lg,calc(var(--spacing)*16))] px-(--thread-content-margin)\"><div class=\"[--thread-content-max-width:40rem] @w-lg\/main:[--thread-content-max-width:48rem] mx-auto max-w-(--thread-content-max-width) flex-1 group\/turn-messages focus-visible:outline-hidden relative flex w-full min-w-0 flex-col agent-turn\"><div class=\"flex max-w-full flex-col gap-4 grow\"><div class=\"min-h-8 text-message relative flex w-full flex-col items-end gap-2 text-start break-words whitespace-normal outline-none keyboard-focused:focus-ring [.text-message+&amp;]:mt-1\" dir=\"auto\" tabindex=\"0\" data-message-author-role=\"assistant\" data-message-id=\"dbb07e22-6856-4e5f-806c-3166b25dbb48\" data-message-model-slug=\"gpt-5-mini\" data-turn-start-message=\"true\"><div class=\"flex w-full flex-col gap-1 empty:hidden\"><div class=\"markdown prose dark:prose-invert w-full wrap-break-word light markdown-new-styling\"><p data-start=\"0\" data-end=\"238\" data-is-last-node=\"\" data-is-only-node=\"\">Ja, sowohl Immobilien mit Wohnrecht als auch vermietete Objekte in Cala Figuera k\u00f6nnen erworben werden. Diese Varianten eignen sich besonders f\u00fcr K\u00e4ufer mit langfristiger Perspektive und sollten vorher rechtlich sorgf\u00e4ltig gepr\u00fcft werden.<\/p><\/div><\/div><\/div><\/div><\/div><\/div><\/section>\t\t\t\t\t\t\t\t<\/div>\n\t\t\t\t<\/div>\n\t\t\t\t<\/div>\n\t\t\t\t\t<\/div>\n\t\t\t\t<\/div>\n\t\t\t\t\t<\/details>\n\t\t\t\t\t\t<details id=\"e-n-accordion-item-1219\" class=\"e-n-accordion-item\" >\n\t\t\t\t<summary class=\"e-n-accordion-item-title\" data-accordion-index=\"10\" tabindex=\"-1\" aria-expanded=\"false\" aria-controls=\"e-n-accordion-item-1219\" >\n\t\t\t\t\t<span class='e-n-accordion-item-title-header'><h3 class=\"e-n-accordion-item-title-text\"> Welche Immobilien gibt es in Cala Figuera und im S\u00fcdosten Mallorcas? <\/h3><\/span>\n\t\t\t\t\t\t\t<span class='e-n-accordion-item-title-icon'>\n\t\t\t<span class='e-opened' ><svg aria-hidden=\"true\" class=\"e-font-icon-svg e-fas-minus\" viewBox=\"0 0 448 512\" xmlns=\"http:\/\/www.w3.org\/2000\/svg\"><path d=\"M416 208H32c-17.67 0-32 14.33-32 32v32c0 17.67 14.33 32 32 32h384c17.67 0 32-14.33 32-32v-32c0-17.67-14.33-32-32-32z\"><\/path><\/svg><\/span>\n\t\t\t<span class='e-closed'><svg aria-hidden=\"true\" class=\"e-font-icon-svg e-fas-plus\" viewBox=\"0 0 448 512\" xmlns=\"http:\/\/www.w3.org\/2000\/svg\"><path d=\"M416 208H272V64c0-17.67-14.33-32-32-32h-32c-17.67 0-32 14.33-32 32v144H32c-17.67 0-32 14.33-32 32v32c0 17.67 14.33 32 32 32h144v144c0 17.67 14.33 32 32 32h32c17.67 0 32-14.33 32-32V304h144c17.67 0 32-14.33 32-32v-32c0-17.67-14.33-32-32-32z\"><\/path><\/svg><\/span>\n\t\t<\/span>\n\n\t\t\t\t\t\t<\/summary>\n\t\t\t\t<div role=\"region\" aria-labelledby=\"e-n-accordion-item-1219\" class=\"elementor-element elementor-element-cdac947 e-flex e-con-boxed e-con e-child\" data-id=\"cdac947\" data-element_type=\"container\" data-e-type=\"container\">\n\t\t\t\t\t<div class=\"e-con-inner\">\n\t\t<div role=\"region\" aria-labelledby=\"e-n-accordion-item-1219\" class=\"elementor-element elementor-element-256cf75 e-con-full e-flex e-con e-child\" data-id=\"256cf75\" data-element_type=\"container\" data-e-type=\"container\">\n\t\t\t\t<div class=\"elementor-element elementor-element-2e962aa elementor-widget elementor-widget-text-editor\" data-id=\"2e962aa\" data-element_type=\"widget\" data-e-type=\"widget\" data-widget_type=\"text-editor.default\">\n\t\t\t\t<div class=\"elementor-widget-container\">\n\t\t\t\t\t\t\t\t\t<div class=\"flex flex-col text-sm pb-25\"><section class=\"text-token-text-primary w-full focus:outline-none [--shadow-height:45px] has-data-writing-block:pointer-events-none has-data-writing-block:-mt-(--shadow-height) has-data-writing-block:pt-(--shadow-height) [&amp;:has([data-writing-block])&gt;*]:pointer-events-auto scroll-mt-[calc(var(--header-height)+min(200px,max(70px,20svh)))]\" dir=\"auto\" data-turn-id=\"request-WEB:54cf34a1-0b31-407e-a7a9-c56a26ec3913-20\" data-testid=\"conversation-turn-42\" data-scroll-anchor=\"true\" data-turn=\"assistant\"><div class=\"text-base my-auto mx-auto pb-10 [--thread-content-margin:var(--thread-content-margin-xs,calc(var(--spacing)*4))] @w-sm\/main:[--thread-content-margin:var(--thread-content-margin-sm,calc(var(--spacing)*6))] @w-lg\/main:[--thread-content-margin:var(--thread-content-margin-lg,calc(var(--spacing)*16))] px-(--thread-content-margin)\"><div class=\"[--thread-content-max-width:40rem] @w-lg\/main:[--thread-content-max-width:48rem] mx-auto max-w-(--thread-content-max-width) flex-1 group\/turn-messages focus-visible:outline-hidden relative flex w-full min-w-0 flex-col agent-turn\"><div class=\"flex max-w-full flex-col gap-4 grow\"><div class=\"min-h-8 text-message relative flex w-full flex-col items-end gap-2 text-start break-words whitespace-normal outline-none keyboard-focused:focus-ring [.text-message+&amp;]:mt-1\" dir=\"auto\" tabindex=\"0\" data-message-author-role=\"assistant\" data-message-id=\"00bcfa50-4fef-4133-bf55-c01ce50511fb\" data-message-model-slug=\"gpt-5-mini\" data-turn-start-message=\"true\"><div class=\"flex w-full flex-col gap-1 empty:hidden\"><div class=\"markdown prose dark:prose-invert w-full wrap-break-word light markdown-new-styling\"><p data-start=\"0\" data-end=\"128\">Im S\u00fcdosten Mallorcas, besonders in Cala Figuera und Umgebung, gibt es ein vielf\u00e4ltiges Immobilienangebot. K\u00e4ufer finden hier:<\/p><ul data-start=\"130\" data-end=\"328\"><li data-section-id=\"1xxn0za\" data-start=\"130\" data-end=\"192\">Charmante Fincas und Landh\u00e4user, teilweise als Neubaufinca<\/li><li data-section-id=\"56b2cs\" data-start=\"193\" data-end=\"242\">Exklusive Villen mit Pool und modernem Design<\/li><li data-section-id=\"w5393b\" data-start=\"243\" data-end=\"286\">Stilvolle H\u00e4user in Hafen- und Ortsn\u00e4he<\/li><li data-section-id=\"7tfiey\" data-start=\"287\" data-end=\"328\">Traumimmobilien in erster Meereslinie<\/li><\/ul><p data-start=\"330\" data-end=\"713\" data-is-last-node=\"\" data-is-only-node=\"\"><br \/>Viele Objekte zeichnen sich durch mediterranen Stil, gro\u00dfz\u00fcgige Terrassen, Panoramablick oder direkte N\u00e4he zum Meer aus. Ob ruhig gelegene Finca, modernes Haus im Ortskern von Cala Figuera oder exklusive Villa nahe dem Naturpark Parc Natural de Mondrag\u00f3 \u2013 erfahrene Makler unterst\u00fctzen Sie kompetent bei der Immobiliensuche sowie beim Kauf und Verkauf von Immobilien in Cala Figuera.<\/p><\/div><\/div><\/div><\/div><\/div><\/div><\/section><\/div>\t\t\t\t\t\t\t\t<\/div>\n\t\t\t\t<\/div>\n\t\t\t\t<\/div>\n\t\t\t\t\t<\/div>\n\t\t\t\t<\/div>\n\t\t\t\t\t<\/details>\n\t\t\t\t\t\t<details id=\"e-n-accordion-item-12110\" class=\"e-n-accordion-item\" >\n\t\t\t\t<summary class=\"e-n-accordion-item-title\" data-accordion-index=\"11\" tabindex=\"-1\" aria-expanded=\"false\" aria-controls=\"e-n-accordion-item-12110\" >\n\t\t\t\t\t<span class='e-n-accordion-item-title-header'><h3 class=\"e-n-accordion-item-title-text\"> H\u00e4ufige Themen rund um Immobilien Cala Figuera <\/h3><\/span>\n\t\t\t\t\t\t\t<span class='e-n-accordion-item-title-icon'>\n\t\t\t<span class='e-opened' ><svg aria-hidden=\"true\" class=\"e-font-icon-svg e-fas-minus\" viewBox=\"0 0 448 512\" xmlns=\"http:\/\/www.w3.org\/2000\/svg\"><path d=\"M416 208H32c-17.67 0-32 14.33-32 32v32c0 17.67 14.33 32 32 32h384c17.67 0 32-14.33 32-32v-32c0-17.67-14.33-32-32-32z\"><\/path><\/svg><\/span>\n\t\t\t<span class='e-closed'><svg aria-hidden=\"true\" class=\"e-font-icon-svg e-fas-plus\" viewBox=\"0 0 448 512\" xmlns=\"http:\/\/www.w3.org\/2000\/svg\"><path d=\"M416 208H272V64c0-17.67-14.33-32-32-32h-32c-17.67 0-32 14.33-32 32v144H32c-17.67 0-32 14.33-32 32v32c0 17.67 14.33 32 32 32h144v144c0 17.67 14.33 32 32 32h32c17.67 0 32-14.33 32-32V304h144c17.67 0 32-14.33 32-32v-32c0-17.67-14.33-32-32-32z\"><\/path><\/svg><\/span>\n\t\t<\/span>\n\n\t\t\t\t\t\t<\/summary>\n\t\t\t\t<div role=\"region\" aria-labelledby=\"e-n-accordion-item-12110\" class=\"elementor-element elementor-element-95e1199 e-flex e-con-boxed e-con e-child\" data-id=\"95e1199\" data-element_type=\"container\" data-e-type=\"container\">\n\t\t\t\t\t<div class=\"e-con-inner\">\n\t\t<div role=\"region\" aria-labelledby=\"e-n-accordion-item-12110\" class=\"elementor-element elementor-element-8b3792f e-con-full e-flex e-con e-child\" data-id=\"8b3792f\" data-element_type=\"container\" data-e-type=\"container\">\n\t\t\t\t<div class=\"elementor-element elementor-element-b2e11b2 elementor-widget elementor-widget-text-editor\" data-id=\"b2e11b2\" data-element_type=\"widget\" data-e-type=\"widget\" data-widget_type=\"text-editor.default\">\n\t\t\t\t<div class=\"elementor-widget-container\">\n\t\t\t\t\t\t\t\t\t<p>Immobilien Cala Figuera, Notar Cala Figuera, Nebenkosten, Verkaufspreis, Immobilienbewertung Cala Figuera, Kaufvertrag, Steuern, Einfamilienhaus Cala Figuera, Grundbuch Cala Figuera, Energieausweis Cala Figuera, Ertragswertverfahren, Vergleichswertverfahren, Alleinerbe, Spekulationsfrist, private Ver\u00e4u\u00dferungsgesch\u00e4fte, Grunderwerbsteuer, Erbengemeinschaft, Wohnfl\u00e4che, Sachverst\u00e4ndiger Cala Figuera, Immobilienkauf Mallorca, Gemeinde Santany\u00ed, Immobilie auf Mallorca.<\/p>\t\t\t\t\t\t\t\t<\/div>\n\t\t\t\t<\/div>\n\t\t\t\t<\/div>\n\t\t\t\t\t<\/div>\n\t\t\t\t<\/div>\n\t\t\t\t\t<\/details>\n\t\t\t\t\t<\/div>\n\t\t\t\t\t<script type=\"application\/ld+json\">{\"@context\":\"https:\\\/\\\/schema.org\",\"@type\":\"FAQPage\",\"mainEntity\":[{\"@type\":\"Question\",\"name\":\"Ist es sinnvoll, eine Immobilie in Cala Figuera zu kaufen?\",\"acceptedAnswer\":{\"@type\":\"Answer\",\"text\":\"Ja, der Kauf einer Immobilie in Cala Figuera ist f\\u00fcr viele K\\u00e4ufer eine langfristig attraktive Entscheidung. Das K\\u00fcstendorf \\u00fcberzeugt durch seine authentische Atmosph\\u00e4re, die hohe Lebensqualit\\u00e4t und zahlreiche Immobilien in ruhiger, exklusiver Lage. Ob charmante Finca, modernes Haus oder exklusive Villa \\u2013 viele K\\u00e4ufer finden hier ihre Traumimmobilie in einer der begehrtesten K\\u00fcstenregionen Mallorcas.\"}},{\"@type\":\"Question\",\"name\":\"Wann ist der beste Zeitpunkt, eine Immobilie in Cala Figuera zu kaufen?\",\"acceptedAnswer\":{\"@type\":\"Answer\",\"text\":\"Immobilien in Cala Figuera k\\u00f6nnen grunds\\u00e4tzlich das ganze Jahr \\u00fcber erworben werden. Besonders im Fr\\u00fchling und Herbst gelangen h\\u00e4ufig neue Objekte auf den Markt. Entscheidender als der Zeitpunkt ist jedoch, dass Lage, Preis und Immobilie genau Ihren pers\\u00f6nlichen Vorstellungen entsprechen.\"}},{\"@type\":\"Question\",\"name\":\"Was muss ich beachten, wenn ich eine Immobilie in Cala Figuera kaufen m\\u00f6chte?\",\"acceptedAnswer\":{\"@type\":\"Answer\",\"text\":\"Beim Kauf oder Verkauf einer Immobilie sollten rechtliche, bauliche und finanzielle Aspekte sorgf\\u00e4ltig gepr\\u00fcft werden. Dazu geh\\u00f6ren Eigentumsverh\\u00e4ltnisse, Genehmigungen, Energieausweis und m\\u00f6gliche Belastungen. Eine professionelle Begleitung durch einen erfahrenen Immobilienmakler in Cala Figuera sorgt f\\u00fcr Sicherheit und Transparenz w\\u00e4hrend des gesamten Prozesses der Immobiliensuche und des Kaufs.\"}},{\"@type\":\"Question\",\"name\":\"Welche Kosten entstehen beim Immobilienkauf auf Mallorca?\",\"acceptedAnswer\":{\"@type\":\"Answer\",\"text\":\"Neben dem Kaufpreis fallen in Cala Figuera weitere Kosten an, wie Steuern, Notar- und Grundbuchgeb\\u00fchren. Diese sollten fr\\u00fchzeitig eingeplant werden, um eine realistische und verl\\u00e4ssliche Budgetplanung zu gew\\u00e4hrleisten.\"}},{\"@type\":\"Question\",\"name\":\"Kann ich eine Immobilie in Cala Figuera ohne Makler kaufen?\",\"acceptedAnswer\":{\"@type\":\"Answer\",\"text\":\"Ja, grunds\\u00e4tzlich ist ein Kauf in Cala Figuera auch ohne Makler m\\u00f6glich. Allerdings erfordert dies umfassende Marktkenntnis, rechtliches Verst\\u00e4ndnis und viel Zeit. Gerade bei komplexen Kaufprozessen oder internationalen Beteiligten kann die professionelle Unterst\\u00fctzung eines erfahrenen Immobilienmaklers entscheidende Vorteile bieten.\"}},{\"@type\":\"Question\",\"name\":\"Warum ist ein Immobilienmakler beim Kauf in Cala Figuera sinnvoll?\",\"acceptedAnswer\":{\"@type\":\"Answer\",\"text\":\"Ein erfahrener Makler in Cala Figuera kennt den lokalen Markt, realistische Preise und die rechtlichen Besonderheiten vor Ort. K\\u00e4ufer profitieren von individueller Beratung, professioneller Verhandlungsf\\u00fchrung und einer sicheren Begleitung bis zum Notartermin.\"}},{\"@type\":\"Question\",\"name\":\"Kann man Immobilien mit Wohnrecht oder bestehender Vermietung in Cala Figuera kaufen?\",\"acceptedAnswer\":{\"@type\":\"Answer\",\"text\":\"Nein. Ein g\\u00fcltiger Energieausweis ist gesetzlich vorgeschrieben und Voraussetzung f\\u00fcr den Verkauf jeder Immobilie in Cala Figuera auf Mallorca.\"}},{\"@type\":\"Question\",\"name\":\"Ist es besser, eine Immobilie in Cala Figuera zu kaufen oder zu mieten?\",\"acceptedAnswer\":{\"@type\":\"Answer\",\"text\":\"Das h\\u00e4ngt von Ihren pers\\u00f6nlichen Zielen ab. Wer langfristig in Cala Figuera leben oder investieren m\\u00f6chte, entscheidet sich h\\u00e4ufig f\\u00fcr den Kauf. Mieten kann sinnvoll sein, um den Ort und die Region zun\\u00e4chst kennenzulernen.\"}},{\"@type\":\"Question\",\"name\":\"Kann man ein Haus mit Wohnrecht oder bestehender Vermietung in Cala Figuera kaufen?\",\"acceptedAnswer\":{\"@type\":\"Answer\",\"text\":\"Ja, sowohl Immobilien mit Wohnrecht als auch vermietete Objekte in Cala Figuera k\\u00f6nnen erworben werden. Diese Varianten eignen sich besonders f\\u00fcr K\\u00e4ufer mit langfristiger Perspektive und sollten vorher rechtlich sorgf\\u00e4ltig gepr\\u00fcft werden.\"}},{\"@type\":\"Question\",\"name\":\"Welche Immobilien gibt es in Cala Figuera und im S\\u00fcdosten Mallorcas?\",\"acceptedAnswer\":{\"@type\":\"Answer\",\"text\":\"Im S\\u00fcdosten Mallorcas, besonders in Cala Figuera und Umgebung, gibt es ein vielf\\u00e4ltiges Immobilienangebot. K\\u00e4ufer finden hier:Charmante Fincas und Landh\\u00e4user, teilweise als NeubaufincaExklusive Villen mit Pool und modernem DesignStilvolle H\\u00e4user in Hafen- und Ortsn\\u00e4heTraumimmobilien in erster MeereslinieViele Objekte zeichnen sich durch mediterranen Stil, gro\\u00dfz\\u00fcgige Terrassen, Panoramablick oder direkte N\\u00e4he zum Meer aus. Ob ruhig gelegene Finca, modernes Haus im Ortskern von Cala Figuera oder exklusive Villa nahe dem Naturpark Parc Natural de Mondrag\\u00f3 \\u2013 erfahrene Makler unterst\\u00fctzen Sie kompetent bei der Immobiliensuche sowie beim Kauf und Verkauf von Immobilien in Cala Figuera.\"}},{\"@type\":\"Question\",\"name\":\"H\\u00e4ufige Themen rund um Immobilien Cala Figuera\",\"acceptedAnswer\":{\"@type\":\"Answer\",\"text\":\"Immobilien Cala Figuera, Notar Cala Figuera, Nebenkosten, Verkaufspreis, Immobilienbewertung Cala Figuera, Kaufvertrag, Steuern, Einfamilienhaus Cala Figuera, Grundbuch Cala Figuera, Energieausweis Cala Figuera, Ertragswertverfahren, Vergleichswertverfahren, Alleinerbe, Spekulationsfrist, private Ver\\u00e4u\\u00dferungsgesch\\u00e4fte, Grunderwerbsteuer, Erbengemeinschaft, Wohnfl\\u00e4che, Sachverst\\u00e4ndiger Cala Figuera, Immobilienkauf Mallorca, Gemeinde Santany\\u00ed, Immobilie auf Mallorca.\"}}]}<\/script>\n\t\t\t\t\t\t\t<\/div>\n\t\t\t\t<\/div>\n\t\t\t\t\t<\/div>\n\t\t\t\t<\/div>\n\t\t<div class=\"elementor-element elementor-element-a53c3be e-flex e-con-boxed e-con e-parent\" data-id=\"a53c3be\" data-element_type=\"container\" data-e-type=\"container\">\n\t\t\t\t\t<div class=\"e-con-inner\">\n\t\t\t\t<div class=\"elementor-element elementor-element-640dc23 elementor-widget elementor-widget-html\" data-id=\"640dc23\" data-element_type=\"widget\" data-e-type=\"widget\" data-widget_type=\"html.default\">\n\t\t\t\t<div class=\"elementor-widget-container\">\n\t\t\t\t\t<script type=\"application\/ld+json\">\r\n{\r\n  \"@context\": \"https:\/\/schema.org\",\r\n  \"@type\": \"RealEstateAgent\",\r\n  \"name\": \"Immobilien Cala Figuera | Petra Pekna Immobilien\",\r\n  \"image\": \"https:\/\/petrapekna.com\/wp-content\/uploads\/2025\/10\/Logotipo-color-1-fondo-blanco-1024x517.jpg\",\r\n  \"url\": \"https:\/\/petrapekna.com\/immobilien-cala-figuera\",\r\n  \"address\": {\r\n    \"@type\": \"PostalAddress\",\r\n    \"streetAddress\": \"Carrer Verge del Carme, 52\",\r\n    \"addressLocality\": \"cala figuera\",\r\n    \"postalCode\": \"07659\",\r\n    \"addressCountry\": \"ES\"\r\n  },\r\n  \"geo\": {\r\n    \"@type\": \"GeoCoordinates\",\r\n    \"latitude\": 39.33086460,\r\n    \"longitude\": 3.17041700\r\n  },\r\n  \"openingHoursSpecification\": [\r\n    {\r\n      \"@type\": \"OpeningHoursSpecification\",\r\n      \"dayOfWeek\": [\r\n        \"Monday\",\r\n        \"Tuesday\",\r\n        \"Wednesday\",\r\n        \"Thursday\",\r\n        \"Friday\"\r\n      ],\r\n      \"opens\": \"09:00\",\r\n      \"closes\": \"17:00\"\r\n    },\r\n    {\r\n      \"@type\": \"OpeningHoursSpecification\",\r\n      \"dayOfWeek\": [\r\n        \"Saturday\",\r\n        \"Sunday\"\r\n      ],\r\n      \"opens\": \"00:00\",\r\n      \"closes\": \"00:00\"\r\n    }\r\n  ],\r\n  \"knowsAbout\":[\r\n\"Immobilienmakler Cala Figuera\",\r\n\"Immobilien Cala Figuera\",\r\n\"Immobilienbewertung Cala Figuera\",\r\n\"Immobilie verkaufen Cala Figuera\",\r\n\"Haus kaufen Cala Figuera\",\r\n\"Wohnung kaufen Cala Figuera\",\r\n\"Wohnung mieten Cala Figuera\",\r\n\"haus mieten Cala Figuera\"\r\n], \r\n \"keywords\": \"Immobilienmakler Cala Figuera, Makler Cala Figuera, Immobilien Cala Figuera, Immobilienagentur Cala Figuera, Immobilienb\u00fcro Cala Figuera, Wohnung kaufen Cala Figuera, Haus kaufen Cala Figuera, Wohnung verkaufen Cala Figuera, Haus verkaufen Cala Figuera, Immobilie verkaufen Cala Figuera, Immobilienbewertung Cala Figuera, Wertermittlung Cala Figuera, Verkehrswert Immobilie Cala Figuera, Expos\u00e9 Erstellung Cala Figuera, Home Staging Cala Figuera, 3D Rundgang Cala Figuera, Energieausweis Cala Figuera, Wohnung vermieten Cala Figuera, Immobilie vermieten Cala Figuera, Kapitalanlage Cala Figuera, Mehrfamilienhaus kaufen Cala Figuera, Gewerbeimmobilie Cala Figuera, Grundst\u00fcck verkaufen Cala Figuera, Notar Immobilien Cala Figuera, Maklerprovision Cala Figuera, Grundbuchauszug Cala Figuera, Real Estate Agent Cala Figuera\",\r\n \"hasMap\":\"https:\/\/maps.google.com\/?cid=1938842600204666192\",\r\n \"areaServed\":[\"https:\/\/de.wikipedia.org\/wiki\/Cala_Figuera_(Santany%C3%AD)\" \r\n],\r\n     \"additionalType\": [\r\n\"https:\/\/de.wikipedia.org\/wiki\/Immobilienmakler\",\r\n\"https:\/\/de.wikipedia.org\/wiki\/Makler\",\r\n\"https:\/\/de.wikipedia.org\/wiki\/Immobilienfinanzierung\",\r\n\"https:\/\/de.wikipedia.org\/wiki\/Immobilien\",\r\n\"https:\/\/de.wikipedia.org\/wiki\/Makler#Vermittlungsmakler\",\r\n\"https:\/\/de.wikipedia.org\/wiki\/Makler#Nachweismakler\",\r\n\"T\/doc\/Real_estate_agent\",\r\n\"https:\/\/www.wikidata.org\/wiki\/Q519076\",\r\n\"https:\/\/de.wikipedia.org\/wiki\/Grundst\u00fccksbewertung\"\r\n],\r\n                      \"award\":[\r\n       \"Top Immobilienmakler Cala Figuera 2026\",\r\n      \"Top Makler Cala Figuera 2026\"\r\n   ],\r\n   \"description\":\"Immobilien Cala Figuera: Petra Pekna Immobilien bietet pers\u00f6nliche Beratung, exklusive Objekte und kompetente Begleitung beim Kauf & Verkauf Ihrer Traumimmobilie in Cala Figuera.\",\r\n    \"disambiguatingDescription\":\"Exklusive Immobilienvermittlung in Cala Figuera, Mallorca \u2013 Kauf, Verkauf und Beratung durch Petra Pekna Immobilien\",\r\n  \"sameAs\": [\r\n\"https:\/\/www.facebook.com\/people\/Petra-Pekna-Real-Estate\/100071948467810\/\",\r\n\"https:\/\/www.immowelt.de\/profil\/7a9a96aa5e094f7d90c356f46bc3d956\",\r\n\"https:\/\/www.instagram.com\/petrapekna_realestate\/?hl=en\",\r\n\"https:\/\/www.linkedin.com\/posts\/petra-pekna-real-estate-90a156242_luxury-property-onsale-activity-6983347678755610624-vdzW\"\r\n]\r\n}\r\n<\/script>\t\t\t\t<\/div>\n\t\t\t\t<\/div>\n\t\t\t\t\t<\/div>\n\t\t\t\t<\/div>\n\t\t\t\t<\/div>\n\t\t","protected":false},"excerpt":{"rendered":"<p>PETRA PEKNA IMMOBILIEN Ihre Immobilienexperten in Cala FIguera Unsere Leistungen Aktuelle Angebote Immobilie kaufen in Cala Figuera mit Petra Pekna \u2013 wenn Sie erfolgreich Immobilien in Cala Figuera kaufen wollen Ihr lokaler Immobilienmakler und Preisexperte f\u00fcr den Hauskauf in Cala Figuera Mit einem bew\u00e4hrten Prozess und gro\u00dfem pers\u00f6nlichen Engagement begleitet Petra Pekna Immobilien Sie zuverl\u00e4ssig [&hellip;]<\/p>\n","protected":false},"author":4,"featured_media":0,"parent":0,"menu_order":0,"comment_status":"closed","ping_status":"closed","template":"","meta":{"_acf_changed":false,"footnotes":""},"class_list":["post-10236","page","type-page","status-publish","hentry"],"acf":[],"_links":{"self":[{"href":"https:\/\/petrapekna.com\/en\/wp-json\/wp\/v2\/pages\/10236","targetHints":{"allow":["GET"]}}],"collection":[{"href":"https:\/\/petrapekna.com\/en\/wp-json\/wp\/v2\/pages"}],"about":[{"href":"https:\/\/petrapekna.com\/en\/wp-json\/wp\/v2\/types\/page"}],"author":[{"embeddable":true,"href":"https:\/\/petrapekna.com\/en\/wp-json\/wp\/v2\/users\/4"}],"replies":[{"embeddable":true,"href":"https:\/\/petrapekna.com\/en\/wp-json\/wp\/v2\/comments?post=10236"}],"version-history":[{"count":13,"href":"https:\/\/petrapekna.com\/en\/wp-json\/wp\/v2\/pages\/10236\/revisions"}],"predecessor-version":[{"id":10422,"href":"https:\/\/petrapekna.com\/en\/wp-json\/wp\/v2\/pages\/10236\/revisions\/10422"}],"wp:attachment":[{"href":"https:\/\/petrapekna.com\/en\/wp-json\/wp\/v2\/media?parent=10236"}],"curies":[{"name":"wp","href":"https:\/\/api.w.org\/{rel}","templated":true}]}}