{"id":9053,"date":"2026-02-02T22:51:04","date_gmt":"2026-02-02T21:51:04","guid":{"rendered":"https:\/\/petrapekna.com\/?page_id=9053"},"modified":"2026-04-15T10:09:27","modified_gmt":"2026-04-15T08:09:27","slug":"haus-kaufen-colonia-de-sant-jordi","status":"publish","type":"page","link":"https:\/\/petrapekna.com\/en\/haus-kaufen-colonia-de-sant-jordi\/","title":{"rendered":"haus kaufen Col\u00f2nia de Sant Jordi"},"content":{"rendered":"\t\t<div data-elementor-type=\"wp-page\" data-elementor-id=\"9053\" class=\"elementor elementor-9053\" data-elementor-post-type=\"page\">\n\t\t\t\t<div class=\"elementor-element elementor-element-515d35fa e-flex e-con-boxed e-con e-parent\" data-id=\"515d35fa\" data-element_type=\"container\" data-e-type=\"container\" data-settings=\"{&quot;background_background&quot;:&quot;slideshow&quot;,&quot;background_slideshow_gallery&quot;:[{&quot;id&quot;:439,&quot;url&quot;:&quot;https:\\\/\\\/petrapekna.com\\\/wp-content\\\/uploads\\\/2025\\\/07\\\/APH001CN-R.-Web-002.jpg&quot;},{&quot;id&quot;:631,&quot;url&quot;:&quot;https:\\\/\\\/petrapekna.com\\\/wp-content\\\/uploads\\\/2025\\\/07\\\/51aec239-e8ef-431b-85e8-a08e887f1a3e-scaled.jpg&quot;},{&quot;id&quot;:446,&quot;url&quot;:&quot;https:\\\/\\\/petrapekna.com\\\/wp-content\\\/uploads\\\/2025\\\/07\\\/PP002CN-Dron-R.Alta-003-scaled.jpg&quot;},{&quot;id&quot;:445,&quot;url&quot;:&quot;https:\\\/\\\/petrapekna.com\\\/wp-content\\\/uploads\\\/2025\\\/07\\\/MHM514-scaled.jpg&quot;}],&quot;background_slideshow_ken_burns&quot;:&quot;yes&quot;,&quot;background_slideshow_transition_duration&quot;:300,&quot;background_slideshow_loop&quot;:&quot;yes&quot;,&quot;background_slideshow_slide_duration&quot;:5000,&quot;background_slideshow_slide_transition&quot;:&quot;fade&quot;,&quot;background_slideshow_ken_burns_zoom_direction&quot;:&quot;in&quot;}\">\n\t\t\t\t\t<div class=\"e-con-inner\">\n\t\t<div class=\"elementor-element elementor-element-d280ff3 e-con-full e-flex e-con e-child\" data-id=\"d280ff3\" data-element_type=\"container\" data-e-type=\"container\" data-settings=\"{&quot;background_background&quot;:&quot;classic&quot;}\">\n\t\t\t\t<div class=\"elementor-element elementor-element-32cb94c0 elementor-invisible elementor-widget elementor-widget-heading\" data-id=\"32cb94c0\" data-element_type=\"widget\" data-e-type=\"widget\" data-settings=\"{&quot;_animation&quot;:&quot;fadeInLeft&quot;}\" data-widget_type=\"heading.default\">\n\t\t\t\t<div class=\"elementor-widget-container\">\n\t\t\t\t\t<h2 class=\"elementor-heading-title elementor-size-default\">PETRA PEKNA <br>IMMOBILIEN\n<\/h2>\t\t\t\t<\/div>\n\t\t\t\t<\/div>\n\t\t\t\t<div class=\"elementor-element elementor-element-96f6025 elementor-invisible elementor-widget elementor-widget-text-editor\" data-id=\"96f6025\" data-element_type=\"widget\" data-e-type=\"widget\" data-settings=\"{&quot;_animation&quot;:&quot;fadeInLeft&quot;,&quot;_animation_delay&quot;:&quot;100&quot;}\" data-widget_type=\"text-editor.default\">\n\t\t\t\t<div class=\"elementor-widget-container\">\n\t\t\t\t\t\t\t\t\t<p><strong>Ihre Immobilienexperten in Col\u00f2nia de Sant Jordi<\/strong><\/p>\t\t\t\t\t\t\t\t<\/div>\n\t\t\t\t<\/div>\n\t\t\t\t<\/div>\n\t\t<div class=\"elementor-element elementor-element-38f05e3d e-con-full e-flex e-con e-child\" data-id=\"38f05e3d\" data-element_type=\"container\" data-e-type=\"container\">\n\t\t\t\t<div class=\"elementor-element elementor-element-43b559ae elementor-align-left elementor-mobile-align-center elementor-widget__width-auto elementor-invisible elementor-widget elementor-widget-button\" data-id=\"43b559ae\" data-element_type=\"widget\" data-e-type=\"widget\" data-settings=\"{&quot;_animation&quot;:&quot;fadeInLeft&quot;,&quot;_animation_delay&quot;:&quot;200&quot;}\" data-widget_type=\"button.default\">\n\t\t\t\t<div class=\"elementor-widget-container\">\n\t\t\t\t\t\t\t\t\t<div class=\"elementor-button-wrapper\">\n\t\t\t\t\t<a class=\"elementor-button elementor-button-link elementor-size-sm\" href=\"https:\/\/petrapekna.com\/leistungen\">\n\t\t\t\t\t\t<span class=\"elementor-button-content-wrapper\">\n\t\t\t\t\t\t\t\t\t<span class=\"elementor-button-text\">Unsere Leistungen<\/span>\n\t\t\t\t\t<\/span>\n\t\t\t\t\t<\/a>\n\t\t\t\t<\/div>\n\t\t\t\t\t\t\t\t<\/div>\n\t\t\t\t<\/div>\n\t\t\t\t<div class=\"elementor-element elementor-element-35f658d8 elementor-align-left elementor-mobile-align-center elementor-widget__width-auto elementor-invisible elementor-widget elementor-widget-button\" data-id=\"35f658d8\" data-element_type=\"widget\" data-e-type=\"widget\" data-settings=\"{&quot;_animation&quot;:&quot;fadeInLeft&quot;,&quot;_animation_delay&quot;:&quot;200&quot;}\" data-widget_type=\"button.default\">\n\t\t\t\t<div class=\"elementor-widget-container\">\n\t\t\t\t\t\t\t\t\t<div class=\"elementor-button-wrapper\">\n\t\t\t\t\t<a class=\"elementor-button elementor-button-link elementor-size-sm\" href=\"https:\/\/petrapekna.com\/immobilien\/\">\n\t\t\t\t\t\t<span class=\"elementor-button-content-wrapper\">\n\t\t\t\t\t\t\t\t\t<span class=\"elementor-button-text\">Aktuelle Angebote<\/span>\n\t\t\t\t\t<\/span>\n\t\t\t\t\t<\/a>\n\t\t\t\t<\/div>\n\t\t\t\t\t\t\t\t<\/div>\n\t\t\t\t<\/div>\n\t\t\t\t<\/div>\n\t\t\t\t\t<\/div>\n\t\t\t\t<\/div>\n\t\t<div class=\"elementor-element elementor-element-421b667a e-flex e-con-boxed e-con e-parent\" data-id=\"421b667a\" data-element_type=\"container\" data-e-type=\"container\" data-settings=\"{&quot;background_background&quot;:&quot;classic&quot;}\">\n\t\t\t\t\t<div class=\"e-con-inner\">\n\t\t<div class=\"elementor-element elementor-element-91c8729 e-con-full e-flex e-con e-child\" data-id=\"91c8729\" data-element_type=\"container\" data-e-type=\"container\">\n\t\t\t\t<div class=\"elementor-element elementor-element-3753d6e0 elementor-widget elementor-widget-image\" data-id=\"3753d6e0\" data-element_type=\"widget\" data-e-type=\"widget\" data-widget_type=\"image.default\">\n\t\t\t\t<div class=\"elementor-widget-container\">\n\t\t\t\t\t\t\t\t\t\t\t\t\t\t\t<img fetchpriority=\"high\" decoding=\"async\" width=\"1920\" height=\"2560\" src=\"https:\/\/petrapekna.com\/wp-content\/uploads\/2025\/07\/3-scaled.jpg\" class=\"attachment-full size-full wp-image-463\" alt=\"Immobilienmakler Petra Pekna\" srcset=\"https:\/\/petrapekna.com\/wp-content\/uploads\/2025\/07\/3-scaled.jpg 1920w, https:\/\/petrapekna.com\/wp-content\/uploads\/2025\/07\/3-225x300.jpg 225w, https:\/\/petrapekna.com\/wp-content\/uploads\/2025\/07\/3-768x1024.jpg 768w, https:\/\/petrapekna.com\/wp-content\/uploads\/2025\/07\/3-1152x1536.jpg 1152w, https:\/\/petrapekna.com\/wp-content\/uploads\/2025\/07\/3-1536x2048.jpg 1536w\" sizes=\"(max-width: 1920px) 100vw, 1920px\" \/>\t\t\t\t\t\t\t\t\t\t\t\t\t\t\t<\/div>\n\t\t\t\t<\/div>\n\t\t\t\t<\/div>\n\t\t<div class=\"elementor-element elementor-element-134b996c e-con-full e-flex e-con e-child\" data-id=\"134b996c\" data-element_type=\"container\" data-e-type=\"container\">\n\t\t<div class=\"elementor-element elementor-element-75146a29 e-con-full e-flex e-con e-child\" data-id=\"75146a29\" data-element_type=\"container\" data-e-type=\"container\">\n\t\t<div class=\"elementor-element elementor-element-7188c8dd e-con-full e-flex elementor-invisible e-con e-child\" data-id=\"7188c8dd\" data-element_type=\"container\" data-e-type=\"container\" data-settings=\"{&quot;background_background&quot;:&quot;classic&quot;,&quot;animation&quot;:&quot;fadeInRight&quot;}\">\n\t\t\t\t<div class=\"elementor-element elementor-element-1e775699 elementor-invisible elementor-widget elementor-widget-heading\" data-id=\"1e775699\" data-element_type=\"widget\" data-e-type=\"widget\" data-settings=\"{&quot;_animation&quot;:&quot;fadeInLeft&quot;}\" data-widget_type=\"heading.default\">\n\t\t\t\t<div class=\"elementor-widget-container\">\n\t\t\t\t\t<div class=\"elementor-heading-title elementor-size-default\"><h1 style=\"color: #C6AD7B;font-weight: 600;font-size: 1.0em;font-style: italic\">Haus kaufen in Col\u00f2nia de Sant Jordi <br \/>  mit Petra Pekna \u2013  wenn Sie erfolgreich Immobilien in Col\u00f2nia de Sant Jordi kaufen wollen <\/h1> <\/div>\t\t\t\t<\/div>\n\t\t\t\t<\/div>\n\t\t\t\t<div class=\"elementor-element elementor-element-1779d620 elementor-widget elementor-widget-heading\" data-id=\"1779d620\" data-element_type=\"widget\" data-e-type=\"widget\" data-widget_type=\"heading.default\">\n\t\t\t\t<div class=\"elementor-widget-container\">\n\t\t\t\t\t<h2 class=\"elementor-heading-title elementor-size-default\">Ihr lokaler Immobilienmakler und Preisexperte f\u00fcr den Hauskauf in Col\u00f2nia de Sant Jordi<\/h2>\t\t\t\t<\/div>\n\t\t\t\t<\/div>\n\t\t\t\t<div class=\"elementor-element elementor-element-1f85f3ca elementor-widget elementor-widget-text-editor\" data-id=\"1f85f3ca\" data-element_type=\"widget\" data-e-type=\"widget\" data-widget_type=\"text-editor.default\">\n\t\t\t\t<div class=\"elementor-widget-container\">\n\t\t\t\t\t\t\t\t\t<div class=\"flex flex-col text-sm pb-25\"><article class=\"text-token-text-primary w-full focus:outline-none [--shadow-height:45px] has-data-writing-block:pointer-events-none has-data-writing-block:-mt-(--shadow-height) has-data-writing-block:pt-(--shadow-height) [&amp;:has([data-writing-block])&gt;*]:pointer-events-auto scroll-mt-[calc(var(--header-height)+min(200px,max(70px,20svh)))]\" dir=\"auto\" tabindex=\"-1\" data-turn-id=\"a0ef8c0a-f527-4f7e-aed2-e653b4882512\" data-testid=\"conversation-turn-226\" data-scroll-anchor=\"true\" data-turn=\"assistant\"><div class=\"text-base my-auto mx-auto pb-10 [--thread-content-margin:--spacing(4)] @w-sm\/main:[--thread-content-margin:--spacing(6)] @w-lg\/main:[--thread-content-margin:--spacing(16)] px-(--thread-content-margin)\"><div class=\"[--thread-content-max-width:40rem] @w-lg\/main:[--thread-content-max-width:48rem] mx-auto max-w-(--thread-content-max-width) flex-1 group\/turn-messages focus-visible:outline-hidden relative flex w-full min-w-0 flex-col agent-turn\" tabindex=\"-1\"><div class=\"flex max-w-full flex-col grow\"><div class=\"min-h-8 text-message relative flex w-full flex-col items-end gap-2 text-start break-words whitespace-normal [.text-message+&amp;]:mt-1\" dir=\"auto\" data-message-author-role=\"assistant\" data-message-id=\"1d933492-0c54-4975-b51a-910487001129\" data-message-model-slug=\"gpt-5-2\"><div class=\"flex w-full flex-col gap-1 empty:hidden first:pt-[1px]\"><div class=\"markdown prose dark:prose-invert w-full wrap-break-word light markdown-new-styling\"><p data-start=\"145\" data-end=\"614\" data-is-last-node=\"\" data-is-only-node=\"\">Mit einem klar strukturierten Ablauf und hohem pers\u00f6nlichem Engagement begleitet Petra Pekna Immobilien Sie zuverl\u00e4ssig beim Kauf Ihres Hauses in Col\u00f2nia de Sant Jordi. Von der ersten Beratung bis zum erfolgreichen Abschluss steht Ihnen eine feste, pers\u00f6nliche Ansprechpartnerin zur Seite, die Ihre individuellen W\u00fcnsche kennt und konsequent vertritt. S\u00e4mtliche Details des Kaufprozesses werden f\u00fcr Sie transparent, professionell und ohne unn\u00f6tigen Aufwand koordiniert.<\/p><\/div><\/div><\/div><\/div><\/div><\/div><\/article><\/div><p>F\u00fcr eine erste, unverbindliche telefonische Beratung erreichen Sie uns unter +34 87 15 32 007 oder nehmen Sie hier <a href=\"https:\/\/petrapekna.com\/kontakt\/\">Kontakt <\/a>mit uns auf.<\/p>\t\t\t\t\t\t\t\t<\/div>\n\t\t\t\t<\/div>\n\t\t\t\t<div class=\"elementor-element elementor-element-2b871e56 elementor-align-left elementor-mobile-align-justify elementor-widget elementor-widget-button\" data-id=\"2b871e56\" data-element_type=\"widget\" data-e-type=\"widget\" data-widget_type=\"button.default\">\n\t\t\t\t<div class=\"elementor-widget-container\">\n\t\t\t\t\t\t\t\t\t<div class=\"elementor-button-wrapper\">\n\t\t\t\t\t<a class=\"elementor-button elementor-button-link elementor-size-sm\" href=\"#schritte\">\n\t\t\t\t\t\t<span class=\"elementor-button-content-wrapper\">\n\t\t\t\t\t\t\t\t\t<span class=\"elementor-button-text\">Mehr erfahren<\/span>\n\t\t\t\t\t<\/span>\n\t\t\t\t\t<\/a>\n\t\t\t\t<\/div>\n\t\t\t\t\t\t\t\t<\/div>\n\t\t\t\t<\/div>\n\t\t\t\t<\/div>\n\t\t\t\t<\/div>\n\t\t\t\t<\/div>\n\t\t\t\t\t<\/div>\n\t\t\t\t<\/div>\n\t\t<div class=\"elementor-element elementor-element-390ef25 e-flex e-con-boxed e-con e-parent\" data-id=\"390ef25\" data-element_type=\"container\" data-e-type=\"container\" id=\"schritte\">\n\t\t\t\t\t<div class=\"e-con-inner\">\n\t\t<div class=\"elementor-element elementor-element-5ac6d2a e-con-full e-flex e-con e-child\" data-id=\"5ac6d2a\" data-element_type=\"container\" data-e-type=\"container\" data-settings=\"{&quot;background_background&quot;:&quot;classic&quot;}\">\n\t\t<div class=\"elementor-element elementor-element-29f98ad e-con-full e-flex e-con e-child\" data-id=\"29f98ad\" data-element_type=\"container\" data-e-type=\"container\">\n\t\t<div class=\"elementor-element elementor-element-24bce6b e-con-full e-flex e-con e-child\" data-id=\"24bce6b\" data-element_type=\"container\" data-e-type=\"container\">\n\t\t<div class=\"elementor-element elementor-element-26b8205 e-con-full e-flex e-con e-child\" data-id=\"26b8205\" data-element_type=\"container\" data-e-type=\"container\">\n\t\t\t\t<div class=\"elementor-element elementor-element-e18a5fb elementor-widget elementor-widget-heading\" data-id=\"e18a5fb\" data-element_type=\"widget\" data-e-type=\"widget\" data-widget_type=\"heading.default\">\n\t\t\t\t<div class=\"elementor-widget-container\">\n\t\t\t\t\t<h3 class=\"elementor-heading-title elementor-size-default\">In 4 Schritten <br> zum Hauskauf in Col\u00f2nia de Sant Jordi<\/h3>\t\t\t\t<\/div>\n\t\t\t\t<\/div>\n\t\t\t\t<div class=\"elementor-element elementor-element-543c005 elementor-invisible elementor-widget elementor-widget-text-editor\" data-id=\"543c005\" data-element_type=\"widget\" data-e-type=\"widget\" data-settings=\"{&quot;_animation&quot;:&quot;fadeInLeft&quot;,&quot;_animation_delay&quot;:&quot;100&quot;}\" data-widget_type=\"text-editor.default\">\n\t\t\t\t<div class=\"elementor-widget-container\">\n\t\t\t\t\t\t\t\t\t<div class=\"flex flex-col text-sm pb-25\"><article class=\"text-token-text-primary w-full focus:outline-none [--shadow-height:45px] has-data-writing-block:pointer-events-none has-data-writing-block:-mt-(--shadow-height) has-data-writing-block:pt-(--shadow-height) [&amp;:has([data-writing-block])&gt;*]:pointer-events-auto scroll-mt-[calc(var(--header-height)+min(200px,max(70px,20svh)))]\" dir=\"auto\" tabindex=\"-1\" data-turn-id=\"b92eef03-073b-4c55-a324-950783ad96ee\" data-testid=\"conversation-turn-228\" data-scroll-anchor=\"true\" data-turn=\"assistant\"><div class=\"text-base my-auto mx-auto pb-10 [--thread-content-margin:--spacing(4)] @w-sm\/main:[--thread-content-margin:--spacing(6)] @w-lg\/main:[--thread-content-margin:--spacing(16)] px-(--thread-content-margin)\"><div class=\"[--thread-content-max-width:40rem] @w-lg\/main:[--thread-content-max-width:48rem] mx-auto max-w-(--thread-content-max-width) flex-1 group\/turn-messages focus-visible:outline-hidden relative flex w-full min-w-0 flex-col agent-turn\" tabindex=\"-1\"><div class=\"flex max-w-full flex-col grow\"><div class=\"min-h-8 text-message relative flex w-full flex-col items-end gap-2 text-start break-words whitespace-normal [.text-message+&amp;]:mt-1\" dir=\"auto\" data-message-author-role=\"assistant\" data-message-id=\"f9881ff2-6f11-4799-b7d5-b358ac085361\" data-message-model-slug=\"gpt-5-2\"><div class=\"flex w-full flex-col gap-1 empty:hidden first:pt-[1px]\"><div class=\"markdown prose dark:prose-invert w-full wrap-break-word light markdown-new-styling\"><p data-start=\"138\" data-end=\"543\">Mit \u00fcber 15 Jahren Erfahrung im Immobilienmarkt des S\u00fcdostens Mallorcas begleitet Petra Pekna Real Estate Agency Sie verl\u00e4sslich auf dem Weg zu Ihrer Immobilie in Col\u00f2nia de Sant Jordi. Ob charmante Finca im Hinterland, modernes Haus oder hochwertige Villa in K\u00fcstenn\u00e4he \u2013 wir verbinden fundierte Marktkenntnis mit echter Leidenschaft f\u00fcr die Region und einem feinen Gesp\u00fcr f\u00fcr Ihre individuellen W\u00fcnsche.<\/p><p data-start=\"545\" data-end=\"864\" data-is-last-node=\"\" data-is-only-node=\"\">Unser Anspruch ist es, Sie beim Hauskauf in Col\u00f2nia de Sant Jordi pers\u00f6nlich, diskret und zielgerichtet zu unterst\u00fctzen. Durch ma\u00dfgeschneiderte Beratung und eine transparente Vorgehensweise stellen wir sicher, dass Sie genau die Immobilie finden, die zu Ihnen passt \u2013 professionell begleitet und ohne unn\u00f6tigen Aufwand.<\/p><\/div><\/div><\/div><\/div><\/div><\/div><\/article><\/div>\t\t\t\t\t\t\t\t<\/div>\n\t\t\t\t<\/div>\n\t\t\t\t<\/div>\n\t\t<div class=\"elementor-element elementor-element-e8cb590 e-con-full e-flex e-con e-child\" data-id=\"e8cb590\" data-element_type=\"container\" data-e-type=\"container\">\n\t\t<div class=\"elementor-element elementor-element-1c82bfe e-con-full e-flex e-con e-child\" data-id=\"1c82bfe\" data-element_type=\"container\" data-e-type=\"container\" data-settings=\"{&quot;background_background&quot;:&quot;classic&quot;}\">\n\t\t\t\t<div class=\"elementor-element elementor-element-7b23237 elementor-position-inline-start elementor-view-default elementor-mobile-position-block-start elementor-widget elementor-widget-icon-box\" data-id=\"7b23237\" data-element_type=\"widget\" data-e-type=\"widget\" data-widget_type=\"icon-box.default\">\n\t\t\t\t<div class=\"elementor-widget-container\">\n\t\t\t\t\t\t\t<div class=\"elementor-icon-box-wrapper\">\n\n\t\t\t\t\t\t<div class=\"elementor-icon-box-icon\">\n\t\t\t\t<span  class=\"elementor-icon\">\n\t\t\t\t<svg xmlns=\"http:\/\/www.w3.org\/2000\/svg\" xmlns:xlink=\"http:\/\/www.w3.org\/1999\/xlink\" id=\"Capa_1\" x=\"0px\" y=\"0px\" viewBox=\"0 0 463.937 463.937\" style=\"enable-background:new 0 0 463.937 463.937;\" xml:space=\"preserve\"><g>\t<g>\t\t<path d=\"M460.414,216.518l-85.6-73.1c0.1-0.5,0.2-1,0.3-1.6v-95.6c-0.1-5.7-4.6-10.3-10.3-10.5h-47.8c-5.5,0-10,4.9-10,10.5v39.6   l-68.5-58.4c-3.7-3.2-9.2-3.2-13,0l-221.9,189c-4.3,3.5-4.8,9.8-1.3,14.1s9.8,4.8,14.1,1.3c0.1-0.1,0.1-0.1,0.2-0.2l215.4-183.4   l77.1,65.7l46.1,39.2l92.3,78.6c4.2,3.6,10.5,3.1,14.1-1.1C465.114,226.418,464.614,220.118,460.414,216.518z M355.014,126.518   l-28-23.6v-47.1h28V126.518z\"><\/path>\t<\/g><\/g><g>\t<g>\t\t<path d=\"M416.314,236.718l-28.1-24l-149.7-127.9c-3.7-3.2-9.2-3.2-13,0l-149.7,127.9l-28.1,24c-4.2,3.6-4.7,9.9-1.1,14.1   c3.5,4.2,9.7,4.7,13.8,1.2l0.1-0.1l12.5-10.8v187.5c0.1,5.6,4.7,10.2,10.3,10.3h297.3c5.6-0.1,10.2-4.6,10.3-10.3v-187.5   l12.5,10.8c1.8,1.5,4,2.4,6.4,2.4c2.9,0,5.7-1.3,7.6-3.5C421.114,246.518,420.514,240.218,416.314,236.718z M272.014,418.818h-80   v-108h80V418.818z M292.014,418.818v-117.7c0-5.5-4.1-10.3-9.6-10.3h-100.8c-5.5,0-9.6,4.8-9.6,10.3v117.7h-79v-194.8l139-118.4   l139,118.4v194.8H292.014z\"><\/path>\t<\/g><\/g><g><\/g><g><\/g><g><\/g><g><\/g><g><\/g><g><\/g><g><\/g><g><\/g><g><\/g><g><\/g><g><\/g><g><\/g><g><\/g><g><\/g><g><\/g><\/svg>\t\t\t\t<\/span>\n\t\t\t<\/div>\n\t\t\t\n\t\t\t\t\t\t<div class=\"elementor-icon-box-content\">\n\n\t\t\t\t\t\t\t\t\t<h3 class=\"elementor-icon-box-title\">\n\t\t\t\t\t\t<span  >\n\t\t\t\t\t\t\tBeratung &amp; Besichtigung\t\t\t\t\t\t<\/span>\n\t\t\t\t\t<\/h3>\n\t\t\t\t\n\t\t\t\t\t\t\t\t\t<p class=\"elementor-icon-box-description\">\n\t\t\t\t\t\tWir nehmen uns Zeit, Ihre W\u00fcnsche und Anforderungen genau kennenzulernen und besichtigen gemeinsam sorgf\u00e4ltig ausgew\u00e4hlte Immobilien in Col\u00f2nia de Sant Jordi. Dabei erhalten Sie einen klaren \u00dcberblick \u00fcber den lokalen Markt, die Abl\u00e4ufe und Ihre konkreten M\u00f6glichkeiten \u2013 f\u00fcr einen gut informierten und sicheren Start in den Kaufprozess.\t\t\t\t\t<\/p>\n\t\t\t\t\n\t\t\t<\/div>\n\t\t\t\n\t\t<\/div>\n\t\t\t\t\t\t<\/div>\n\t\t\t\t<\/div>\n\t\t\t\t<\/div>\n\t\t<div class=\"elementor-element elementor-element-11fd7e8 e-con-full e-flex e-con e-child\" data-id=\"11fd7e8\" data-element_type=\"container\" data-e-type=\"container\" data-settings=\"{&quot;background_background&quot;:&quot;classic&quot;}\">\n\t\t\t\t<div class=\"elementor-element elementor-element-fce828c elementor-position-inline-start elementor-view-default elementor-mobile-position-block-start elementor-widget elementor-widget-icon-box\" data-id=\"fce828c\" data-element_type=\"widget\" data-e-type=\"widget\" data-widget_type=\"icon-box.default\">\n\t\t\t\t<div class=\"elementor-widget-container\">\n\t\t\t\t\t\t\t<div class=\"elementor-icon-box-wrapper\">\n\n\t\t\t\t\t\t<div class=\"elementor-icon-box-icon\">\n\t\t\t\t<span  class=\"elementor-icon\">\n\t\t\t\t<svg xmlns=\"http:\/\/www.w3.org\/2000\/svg\" xmlns:xlink=\"http:\/\/www.w3.org\/1999\/xlink\" id=\"Capa_1\" x=\"0px\" y=\"0px\" viewBox=\"0 0 463.937 463.937\" style=\"enable-background:new 0 0 463.937 463.937;\" xml:space=\"preserve\"><g>\t<g>\t\t<path d=\"M460.414,216.518l-85.6-73.1c0.1-0.5,0.2-1,0.3-1.6v-95.6c-0.1-5.7-4.6-10.3-10.3-10.5h-47.8c-5.5,0-10,4.9-10,10.5v39.6   l-68.5-58.4c-3.7-3.2-9.2-3.2-13,0l-221.9,189c-4.3,3.5-4.8,9.8-1.3,14.1s9.8,4.8,14.1,1.3c0.1-0.1,0.1-0.1,0.2-0.2l215.4-183.4   l77.1,65.7l46.1,39.2l92.3,78.6c4.2,3.6,10.5,3.1,14.1-1.1C465.114,226.418,464.614,220.118,460.414,216.518z M355.014,126.518   l-28-23.6v-47.1h28V126.518z\"><\/path>\t<\/g><\/g><g>\t<g>\t\t<path d=\"M416.314,236.718l-28.1-24l-149.7-127.9c-3.7-3.2-9.2-3.2-13,0l-149.7,127.9l-28.1,24c-4.2,3.6-4.7,9.9-1.1,14.1   c3.5,4.2,9.7,4.7,13.8,1.2l0.1-0.1l12.5-10.8v187.5c0.1,5.6,4.7,10.2,10.3,10.3h297.3c5.6-0.1,10.2-4.6,10.3-10.3v-187.5   l12.5,10.8c1.8,1.5,4,2.4,6.4,2.4c2.9,0,5.7-1.3,7.6-3.5C421.114,246.518,420.514,240.218,416.314,236.718z M272.014,418.818h-80   v-108h80V418.818z M292.014,418.818v-117.7c0-5.5-4.1-10.3-9.6-10.3h-100.8c-5.5,0-9.6,4.8-9.6,10.3v117.7h-79v-194.8l139-118.4   l139,118.4v194.8H292.014z\"><\/path>\t<\/g><\/g><g><\/g><g><\/g><g><\/g><g><\/g><g><\/g><g><\/g><g><\/g><g><\/g><g><\/g><g><\/g><g><\/g><g><\/g><g><\/g><g><\/g><g><\/g><\/svg>\t\t\t\t<\/span>\n\t\t\t<\/div>\n\t\t\t\n\t\t\t\t\t\t<div class=\"elementor-icon-box-content\">\n\n\t\t\t\t\t\t\t\t\t<h3 class=\"elementor-icon-box-title\">\n\t\t\t\t\t\t<span  >\n\t\t\t\t\t\t\tBesichtigungen &amp; Verhandlung\t\t\t\t\t\t<\/span>\n\t\t\t\t\t<\/h3>\n\t\t\t\t\n\t\t\t\t\t\t\t\t\t<p class=\"elementor-icon-box-description\">\n\t\t\t\t\t\tWir begleiten jede Besichtigung pers\u00f6nlich, beantworten Ihre Fragen umfassend und geben eine ehrliche Einsch\u00e4tzung zu Lage, Zustand und Entwicklungspotenzial der Immobilie in Col\u00f2nia de Sant Jordi. In Preisverhandlungen vertreten wir Ihre Interessen souver\u00e4n und mit fundierter Marktkenntnis.\t\t\t\t\t<\/p>\n\t\t\t\t\n\t\t\t<\/div>\n\t\t\t\n\t\t<\/div>\n\t\t\t\t\t\t<\/div>\n\t\t\t\t<\/div>\n\t\t\t\t<\/div>\n\t\t\t\t<\/div>\n\t\t<div class=\"elementor-element elementor-element-68b2583 e-con-full e-flex e-con e-child\" data-id=\"68b2583\" data-element_type=\"container\" data-e-type=\"container\">\n\t\t<div class=\"elementor-element elementor-element-af8fe9f e-con-full e-flex e-con e-child\" data-id=\"af8fe9f\" data-element_type=\"container\" data-e-type=\"container\" data-settings=\"{&quot;background_background&quot;:&quot;classic&quot;}\">\n\t\t\t\t<div class=\"elementor-element elementor-element-1476ac2 elementor-position-inline-start elementor-view-default elementor-mobile-position-block-start elementor-widget elementor-widget-icon-box\" data-id=\"1476ac2\" data-element_type=\"widget\" data-e-type=\"widget\" data-widget_type=\"icon-box.default\">\n\t\t\t\t<div class=\"elementor-widget-container\">\n\t\t\t\t\t\t\t<div class=\"elementor-icon-box-wrapper\">\n\n\t\t\t\t\t\t<div class=\"elementor-icon-box-icon\">\n\t\t\t\t<span  class=\"elementor-icon\">\n\t\t\t\t<svg xmlns=\"http:\/\/www.w3.org\/2000\/svg\" xmlns:xlink=\"http:\/\/www.w3.org\/1999\/xlink\" id=\"Capa_1\" x=\"0px\" y=\"0px\" viewBox=\"0 0 463.937 463.937\" style=\"enable-background:new 0 0 463.937 463.937;\" xml:space=\"preserve\"><g>\t<g>\t\t<path d=\"M460.414,216.518l-85.6-73.1c0.1-0.5,0.2-1,0.3-1.6v-95.6c-0.1-5.7-4.6-10.3-10.3-10.5h-47.8c-5.5,0-10,4.9-10,10.5v39.6   l-68.5-58.4c-3.7-3.2-9.2-3.2-13,0l-221.9,189c-4.3,3.5-4.8,9.8-1.3,14.1s9.8,4.8,14.1,1.3c0.1-0.1,0.1-0.1,0.2-0.2l215.4-183.4   l77.1,65.7l46.1,39.2l92.3,78.6c4.2,3.6,10.5,3.1,14.1-1.1C465.114,226.418,464.614,220.118,460.414,216.518z M355.014,126.518   l-28-23.6v-47.1h28V126.518z\"><\/path>\t<\/g><\/g><g>\t<g>\t\t<path d=\"M416.314,236.718l-28.1-24l-149.7-127.9c-3.7-3.2-9.2-3.2-13,0l-149.7,127.9l-28.1,24c-4.2,3.6-4.7,9.9-1.1,14.1   c3.5,4.2,9.7,4.7,13.8,1.2l0.1-0.1l12.5-10.8v187.5c0.1,5.6,4.7,10.2,10.3,10.3h297.3c5.6-0.1,10.2-4.6,10.3-10.3v-187.5   l12.5,10.8c1.8,1.5,4,2.4,6.4,2.4c2.9,0,5.7-1.3,7.6-3.5C421.114,246.518,420.514,240.218,416.314,236.718z M272.014,418.818h-80   v-108h80V418.818z M292.014,418.818v-117.7c0-5.5-4.1-10.3-9.6-10.3h-100.8c-5.5,0-9.6,4.8-9.6,10.3v117.7h-79v-194.8l139-118.4   l139,118.4v194.8H292.014z\"><\/path>\t<\/g><\/g><g><\/g><g><\/g><g><\/g><g><\/g><g><\/g><g><\/g><g><\/g><g><\/g><g><\/g><g><\/g><g><\/g><g><\/g><g><\/g><g><\/g><g><\/g><\/svg>\t\t\t\t<\/span>\n\t\t\t<\/div>\n\t\t\t\n\t\t\t\t\t\t<div class=\"elementor-icon-box-content\">\n\n\t\t\t\t\t\t\t\t\t<h3 class=\"elementor-icon-box-title\">\n\t\t\t\t\t\t<span  >\n\t\t\t\t\t\t\tMarktanalyse &amp; Auswahl\t\t\t\t\t\t<\/span>\n\t\t\t\t\t<\/h3>\n\t\t\t\t\n\t\t\t\t\t\t\t\t\t<p class=\"elementor-icon-box-description\">\n\t\t\t\t\t\tWir analysieren Preise und vergleichen Immobilien gezielt in Col\u00f2nia de Sant Jordi. Ihnen werden ausschlie\u00dflich Objekte vorgestellt, die Ihren Kriterien tats\u00e4chlich entsprechen \u2013 erg\u00e4nzt durch professionelle Fotos, aussagekr\u00e4ftige Expos\u00e9s und \u00fcbersichtliche Grundrisse.\t\t\t\t\t<\/p>\n\t\t\t\t\n\t\t\t<\/div>\n\t\t\t\n\t\t<\/div>\n\t\t\t\t\t\t<\/div>\n\t\t\t\t<\/div>\n\t\t\t\t<\/div>\n\t\t<div class=\"elementor-element elementor-element-c2585ac e-con-full e-flex e-con e-child\" data-id=\"c2585ac\" data-element_type=\"container\" data-e-type=\"container\" data-settings=\"{&quot;background_background&quot;:&quot;classic&quot;}\">\n\t\t\t\t<div class=\"elementor-element elementor-element-5e9601a elementor-position-inline-start elementor-view-default elementor-mobile-position-block-start elementor-widget elementor-widget-icon-box\" data-id=\"5e9601a\" data-element_type=\"widget\" data-e-type=\"widget\" data-widget_type=\"icon-box.default\">\n\t\t\t\t<div class=\"elementor-widget-container\">\n\t\t\t\t\t\t\t<div class=\"elementor-icon-box-wrapper\">\n\n\t\t\t\t\t\t<div class=\"elementor-icon-box-icon\">\n\t\t\t\t<span  class=\"elementor-icon\">\n\t\t\t\t<svg xmlns=\"http:\/\/www.w3.org\/2000\/svg\" xmlns:xlink=\"http:\/\/www.w3.org\/1999\/xlink\" id=\"Capa_1\" x=\"0px\" y=\"0px\" viewBox=\"0 0 463.937 463.937\" style=\"enable-background:new 0 0 463.937 463.937;\" xml:space=\"preserve\"><g>\t<g>\t\t<path d=\"M460.414,216.518l-85.6-73.1c0.1-0.5,0.2-1,0.3-1.6v-95.6c-0.1-5.7-4.6-10.3-10.3-10.5h-47.8c-5.5,0-10,4.9-10,10.5v39.6   l-68.5-58.4c-3.7-3.2-9.2-3.2-13,0l-221.9,189c-4.3,3.5-4.8,9.8-1.3,14.1s9.8,4.8,14.1,1.3c0.1-0.1,0.1-0.1,0.2-0.2l215.4-183.4   l77.1,65.7l46.1,39.2l92.3,78.6c4.2,3.6,10.5,3.1,14.1-1.1C465.114,226.418,464.614,220.118,460.414,216.518z M355.014,126.518   l-28-23.6v-47.1h28V126.518z\"><\/path>\t<\/g><\/g><g>\t<g>\t\t<path d=\"M416.314,236.718l-28.1-24l-149.7-127.9c-3.7-3.2-9.2-3.2-13,0l-149.7,127.9l-28.1,24c-4.2,3.6-4.7,9.9-1.1,14.1   c3.5,4.2,9.7,4.7,13.8,1.2l0.1-0.1l12.5-10.8v187.5c0.1,5.6,4.7,10.2,10.3,10.3h297.3c5.6-0.1,10.2-4.6,10.3-10.3v-187.5   l12.5,10.8c1.8,1.5,4,2.4,6.4,2.4c2.9,0,5.7-1.3,7.6-3.5C421.114,246.518,420.514,240.218,416.314,236.718z M272.014,418.818h-80   v-108h80V418.818z M292.014,418.818v-117.7c0-5.5-4.1-10.3-9.6-10.3h-100.8c-5.5,0-9.6,4.8-9.6,10.3v117.7h-79v-194.8l139-118.4   l139,118.4v194.8H292.014z\"><\/path>\t<\/g><\/g><g><\/g><g><\/g><g><\/g><g><\/g><g><\/g><g><\/g><g><\/g><g><\/g><g><\/g><g><\/g><g><\/g><g><\/g><g><\/g><g><\/g><g><\/g><\/svg>\t\t\t\t<\/span>\n\t\t\t<\/div>\n\t\t\t\n\t\t\t\t\t\t<div class=\"elementor-icon-box-content\">\n\n\t\t\t\t\t\t\t\t\t<h3 class=\"elementor-icon-box-title\">\n\t\t\t\t\t\t<span  >\n\t\t\t\t\t\t\tNotar &amp; Einzug\t\t\t\t\t\t<\/span>\n\t\t\t\t\t<\/h3>\n\t\t\t\t\n\t\t\t\t\t\t\t\t\t<p class=\"elementor-icon-box-description\">\n\t\t\t\t\t\tWir begleiten Sie zuverl\u00e4ssig bis zum Notartermin, koordinieren s\u00e4mtliche Formalit\u00e4ten und unterst\u00fctzen Sie bei der Schl\u00fcssel\u00fcbergabe. So erfolgt der \u00dcbergang in Ihre neue Immobilie in Col\u00f2nia de Sant Jordi strukturiert, sicher und ohne unn\u00f6tigen Stress.\t\t\t\t\t<\/p>\n\t\t\t\t\n\t\t\t<\/div>\n\t\t\t\n\t\t<\/div>\n\t\t\t\t\t\t<\/div>\n\t\t\t\t<\/div>\n\t\t\t\t<\/div>\n\t\t\t\t<\/div>\n\t\t\t\t<\/div>\n\t\t\t\t<\/div>\n\t\t\t\t<\/div>\n\t\t\t\t\t<\/div>\n\t\t\t\t<\/div>\n\t\t<div class=\"elementor-element elementor-element-a1e22c9 e-flex e-con-boxed e-con e-parent\" data-id=\"a1e22c9\" data-element_type=\"container\" data-e-type=\"container\">\n\t\t\t\t\t<div class=\"e-con-inner\">\n\t\t<div class=\"elementor-element elementor-element-3c64de5 e-con-full e-flex e-con e-child\" data-id=\"3c64de5\" data-element_type=\"container\" data-e-type=\"container\" data-settings=\"{&quot;background_background&quot;:&quot;classic&quot;}\">\n\t\t<div class=\"elementor-element elementor-element-6ee1484 e-con-full e-flex e-con e-child\" data-id=\"6ee1484\" data-element_type=\"container\" data-e-type=\"container\">\n\t\t\t\t<div class=\"elementor-element elementor-element-a73d5ed elementor-widget elementor-widget-heading\" data-id=\"a73d5ed\" data-element_type=\"widget\" data-e-type=\"widget\" data-widget_type=\"heading.default\">\n\t\t\t\t<div class=\"elementor-widget-container\">\n\t\t\t\t\t<h2 class=\"elementor-heading-title elementor-size-default\">Ihre Immobilie in Col\u00f2nia de Sant Jordi kaufen: Von Finca bis moderne Villa<\/h2>\t\t\t\t<\/div>\n\t\t\t\t<\/div>\n\t\t\t\t<div class=\"elementor-element elementor-element-c3fd230 elementor-widget__width-initial elementor-widget-mobile__width-inherit elementor-invisible elementor-widget elementor-widget-text-editor\" data-id=\"c3fd230\" data-element_type=\"widget\" data-e-type=\"widget\" data-settings=\"{&quot;_animation&quot;:&quot;fadeInUp&quot;,&quot;_animation_delay&quot;:&quot;100&quot;}\" data-widget_type=\"text-editor.default\">\n\t\t\t\t<div class=\"elementor-widget-container\">\n\t\t\t\t\t\t\t\t\t<p data-start=\"141\" data-end=\"734\">Col\u00f2nia de Sant Jordi \u00fcberzeugt mit seiner entspannten K\u00fcstenatmosph\u00e4re, langen Sandstr\u00e4nden und der N\u00e4he zum Naturpark Es Trenc. Der Ort verbindet maritimes Flair mit hoher Lebensqualit\u00e4t und einer gewachsenen, authentischen Struktur. Die Immobilien in Col\u00f2nia de Sant Jordi sind h\u00e4ufig gepr\u00e4gt von mediterranen Materialien, klaren Linien und gro\u00dfz\u00fcgigen Au\u00dfenbereichen. Ob stilvolle H\u00e4user in Strandn\u00e4he, hochwertige Villen oder gepflegte Apartments \u2013 sie f\u00fcgen sich harmonisch in das Bild dieses besonderen K\u00fcstenortes ein. Die Region z\u00e4hlt zu den gefragtesten Wohnlagen im S\u00fcden Mallorcas.<\/p><p data-start=\"736\" data-end=\"1049\" data-is-last-node=\"\" data-is-only-node=\"\">Wenn Sie eine Immobilie in Col\u00f2nia de Sant Jordi oder der n\u00e4heren Umgebung kaufen m\u00f6chten, stehen wir Ihnen als erfahrene Ansprechpartner in der Region beratend zur Seite. Wir unterst\u00fctzen Sie bei der Suche nach Ihrer Wunschimmobilie und begleiten Sie professionell und zuverl\u00e4ssig durch den gesamten Kaufprozess.<\/p>\t\t\t\t\t\t\t\t<\/div>\n\t\t\t\t<\/div>\n\t\t\t\t<\/div>\n\t\t<div class=\"elementor-element elementor-element-d731a57 e-con-full e-flex e-con e-child\" data-id=\"d731a57\" data-element_type=\"container\" data-e-type=\"container\">\n\t\t\t\t<div class=\"elementor-element elementor-element-f7a47cb elementor-align-right elementor-mobile-align-center elementor-widget elementor-widget-button\" data-id=\"f7a47cb\" data-element_type=\"widget\" data-e-type=\"widget\" data-widget_type=\"button.default\">\n\t\t\t\t<div class=\"elementor-widget-container\">\n\t\t\t\t\t\t\t\t\t<div class=\"elementor-button-wrapper\">\n\t\t\t\t\t<a class=\"elementor-button elementor-button-link elementor-size-sm\" href=\"https:\/\/petrapekna.com\/kontakt\/\">\n\t\t\t\t\t\t<span class=\"elementor-button-content-wrapper\">\n\t\t\t\t\t\t\t\t\t<span class=\"elementor-button-text\">Jetzt kontaktieren<\/span>\n\t\t\t\t\t<\/span>\n\t\t\t\t\t<\/a>\n\t\t\t\t<\/div>\n\t\t\t\t\t\t\t\t<\/div>\n\t\t\t\t<\/div>\n\t\t\t\t<\/div>\n\t\t\t\t<\/div>\n\t\t\t\t\t<\/div>\n\t\t\t\t<\/div>\n\t\t<div class=\"elementor-element elementor-element-e74b94e e-flex e-con-boxed e-con e-parent\" data-id=\"e74b94e\" data-element_type=\"container\" data-e-type=\"container\" data-settings=\"{&quot;background_background&quot;:&quot;classic&quot;}\">\n\t\t\t\t\t<div class=\"e-con-inner\">\n\t\t\t\t<div class=\"elementor-element elementor-element-1a00b01 elementor-widget elementor-widget-heading\" data-id=\"1a00b01\" data-element_type=\"widget\" data-e-type=\"widget\" data-widget_type=\"heading.default\">\n\t\t\t\t<div class=\"elementor-widget-container\">\n\t\t\t\t\t<h3 class=\"elementor-heading-title elementor-size-default\">Exklusive Immobilien zum Kauf in Col\u00f2nia de Sant Jordi<\/h3>\t\t\t\t<\/div>\n\t\t\t\t<\/div>\n\t\t\t\t<div data-frymo-query-id=\"\" data-frymo-widget-settings=\"{&quot;post_id&quot;:9053,&quot;widget_id&quot;:&quot;6a1f241&quot;,&quot;query_id&quot;:&quot;&quot;,&quot;scrolltop_offset&quot;:100}\" class=\"elementor-element elementor-element-6a1f241 elementor-widget elementor-widget-frymo-listing\" data-id=\"6a1f241\" data-element_type=\"widget\" data-e-type=\"widget\" data-settings=\"{&quot;slides_per_view_dropdown&quot;:&quot;3&quot;,&quot;slides_per_view_dropdown_tablet&quot;:&quot;2&quot;,&quot;slides_per_view_dropdown_mobile&quot;:&quot;1&quot;}\" data-widget_type=\"frymo-listing.grid-skin\">\n\t\t\t\t<div class=\"elementor-widget-container\">\n\t\t\t\t\t<div class=\"swiper-slider-container frymo-listing-slider swiper frymo-listing-slider--equal-height\" data-slider-settings={&quot;enable_slider&quot;:&quot;yes&quot;,&quot;speed&quot;:500,&quot;pagination_type&quot;:&quot;none&quot;,&quot;breakpoints&quot;:{&quot;0&quot;:{&quot;slidesPerView&quot;:1},&quot;767&quot;:{&quot;slidesPerView&quot;:2},&quot;1024&quot;:{&quot;slidesPerView&quot;:3}},&quot;spaceBetween&quot;:16,&quot;autoplay_delay&quot;:3000,&quot;autoplay_pause_on_hover&quot;:&quot;&quot;,&quot;loop&quot;:false,&quot;autoplay&quot;:false,&quot;freeMode&quot;:false,&quot;centeredSlides&quot;:false}><div class=\"frymo-listing frymo-listing-grid-skin swiper-wrapper\" data-settings=\"{&quot;post_id&quot;:9053,&quot;widget_id&quot;:&quot;6a1f241&quot;,&quot;query_id&quot;:&quot;&quot;,&quot;scrolltop_offset&quot;:100}\"><script type=\"application\/ld+json\">{\"@context\":\"https:\/\/schema.org\",\"@type\":\"ItemList\",\"itemListElement\":[{\"@type\":\"ListItem\",\"position\":1,\"name\":\"Exclusive new-build flats in Colonia Sant Jordi just a few steps from the sea\",\"url\":\"https:\/\/petrapekna.com\/en\/immobilie\/exclusive-new-build-flats-in-colonia-sant-jordi-just-a-few-steps-from-the-sea\/\"},{\"@type\":\"ListItem\",\"position\":2,\"name\":\"Exclusivos pisos de obra nueva en Colonia Sant Jordi a un paso del mar\",\"url\":\"https:\/\/petrapekna.com\/en\/immobilie\/exclusivos-pisos-de-obra-nueva-en-colonia-sant-jordi-a-un-paso-del-mar\/\"},{\"@type\":\"ListItem\",\"position\":3,\"name\":\"Exklusive Neubau-Wohnungen in Colonia Sant Jordi nur wenige Schritte vom Meer\",\"url\":\"https:\/\/petrapekna.com\/en\/immobilie\/exklusive-neubau-wohnungen-in-colonia-sant-jordi-nur-wenige-schritte-vom-meer\/\"},{\"@type\":\"ListItem\",\"position\":4,\"name\":\"Exclusivo d\u00faplex de obra nueva en Colonia Sant Jordi a un paso del mar\",\"url\":\"https:\/\/petrapekna.com\/en\/immobilie\/exclusivo-duplex-de-obra-nueva-en-colonia-sant-jordi-a-un-paso-del-mar\/\"},{\"@type\":\"ListItem\",\"position\":5,\"name\":\"Exclusive new-build duplex flat in Colonia Sant Jordi just a few steps from the sea\",\"url\":\"https:\/\/petrapekna.com\/en\/immobilie\/exclusive-new-build-duplex-flat-in-colonia-sant-jordi-just-a-few-steps-from-the-sea\/\"},{\"@type\":\"ListItem\",\"position\":6,\"name\":\"Exklusive Neubau Duplex-Wohnung in Colonia Sant Jordi nur wenige Schritte vom Meer\",\"url\":\"https:\/\/petrapekna.com\/en\/immobilie\/exklusive-neubau-duplex-wohnung-in-colonia-sant-jordi-nur-wenige-schritte-vom-meer\/\"},{\"@type\":\"ListItem\",\"position\":7,\"name\":\"Exclusive new build ground floor flat in Colonia Sant Jordi just a few steps from the sea\",\"url\":\"https:\/\/petrapekna.com\/en\/immobilie\/exclusive-new-build-ground-floor-flat-in-colonia-sant-jordi-just-a-few-steps-from-the-sea\/\"},{\"@type\":\"ListItem\",\"position\":8,\"name\":\"Exclusivo piso de obra nueva en planta baja en Colonia Sant Jordi a un paso del mar\",\"url\":\"https:\/\/petrapekna.com\/en\/immobilie\/exclusivo-piso-de-obra-nueva-en-planta-baja-en-colonia-sant-jordi-a-un-paso-del-mar\/\"},{\"@type\":\"ListItem\",\"position\":9,\"name\":\"Exklusive Neubau Erdgeschoss-Wohnung in Colonia Sant Jordi nur wenige Schritte vom Meer\",\"url\":\"https:\/\/petrapekna.com\/en\/immobilie\/exklusive-neubau-erdgeschoss-wohnung-in-colonia-sant-jordi-nur-wenige-schritte-vom-meer\/\"},{\"@type\":\"ListItem\",\"position\":10,\"name\":\"Exclusive new-build penthouse flats in Colonia Sant Jordi - just a few steps from the sea\",\"url\":\"https:\/\/petrapekna.com\/en\/immobilie\/exclusive-new-build-penthouse-flats-in-colonia-sant-jordi-just-a-few-steps-from-the-sea\/\"},{\"@type\":\"ListItem\",\"position\":11,\"name\":\"Exclusivo \u00e1tico de obra nueva en Colonia Sant Jordi a un paso del mar\",\"url\":\"https:\/\/petrapekna.com\/en\/immobilie\/exclusivo-atico-de-obra-nueva-en-colonia-sant-jordi-a-un-paso-del-mar\/\"},{\"@type\":\"ListItem\",\"position\":12,\"name\":\"Exklusive Neubau-Penthouse-Wohnung in Colonia Sant Jordi nur wenige Schritte vom Meer\",\"url\":\"https:\/\/petrapekna.com\/en\/immobilie\/exklusive-neubau-penthouse-wohnung-in-colonia-sant-jordi-nur-wenige-schritte-vom-meer\/\"}]}<\/script><article class=\"frymo-listing-item post-id-6758 swiper-slide\"><a class=\"frymo-listing-image\" href=\"https:\/\/petrapekna.com\/en\/immobilie\/exclusive-new-build-flats-in-colonia-sant-jordi-just-a-few-steps-from-the-sea\/\" aria-label=\"Exclusive new-build flats in Colonia Sant Jordi just a few steps from the sea\">                <div class=\"frymo-listing-tool\">\n                    <div class=\"frymo-favorite\" data-post-id=\"6758\">\n                        <svg xmlns=\"http:\/\/www.w3.org\/2000\/svg\" class=\"star-filled\"\n                             width=\"20\" height=\"20\" viewBox=\"0 0 48 48\">\n                            <g class=\"nc-icon-wrapper\">\n                                <path d=\"M24,44a1,1,0,0,1-.73-.316L6.246,25.5A11.493,11.493,0,1,1,24,11.039,11.493,11.493,0,1,1,41.74,25.514L24.73,43.684A1,1,0,0,1,24,44Z\"><\/path>\n                            <\/g>\n                        <\/svg>\n                        <svg xmlns=\"http:\/\/www.w3.org\/2000\/svg\" class=\"star-outline\"\n                             width=\"20\" height=\"20\" viewBox=\"0 0 48 48\">\n                            <g stroke-linecap=\"square\" stroke-width=\"2\" fill=\"none\" stroke=\"currentColor\"\n                               stroke-linejoin=\"miter\" class=\"nc-icon-wrapper\" stroke-miterlimit=\"10\">\n                                <path d=\"M41.108,24.778,24,42.556,6.892,24.778A10.529,10.529,0,1,1,24,12.928a10.529,10.529,0,1,1,17.108,11.85Z\"><\/path>\n                            <\/g>\n                        <\/svg>\n                    <\/div>\n                <\/div>\n\t\t\t<div class=\"frymo-listing-badges\"><\/div><div class=\"frymo-listing-image-wrapper\"><img decoding=\"async\" width=\"768\" height=\"432\" src=\"https:\/\/petrapekna.com\/wp-content\/uploads\/2025\/11\/925ae831-d0c3-45cb-880c-c40ff2800b41-2-768x432.jpg\" class=\"attachment-medium_large size-medium_large wp-post-image\" alt=\"COB809547\" srcset=\"https:\/\/petrapekna.com\/wp-content\/uploads\/2025\/11\/925ae831-d0c3-45cb-880c-c40ff2800b41-2-768x432.jpg 768w, https:\/\/petrapekna.com\/wp-content\/uploads\/2025\/11\/925ae831-d0c3-45cb-880c-c40ff2800b41-2-300x169.jpg 300w, https:\/\/petrapekna.com\/wp-content\/uploads\/2025\/11\/925ae831-d0c3-45cb-880c-c40ff2800b41-2-1024x576.jpg 1024w, https:\/\/petrapekna.com\/wp-content\/uploads\/2025\/11\/925ae831-d0c3-45cb-880c-c40ff2800b41-2-1536x864.jpg 1536w, https:\/\/petrapekna.com\/wp-content\/uploads\/2025\/11\/925ae831-d0c3-45cb-880c-c40ff2800b41-2-18x10.jpg 18w, https:\/\/petrapekna.com\/wp-content\/uploads\/2025\/11\/925ae831-d0c3-45cb-880c-c40ff2800b41-2.jpg 1920w\" sizes=\"(max-width: 768px) 100vw, 768px\" \/><\/div><\/a><div class=\"frymo-listing-content\"><div class=\"frymo-listing-id-wrapper\"><div class=\"frymo-listing-property-id\">ID: 80432<\/div><\/div><h3 class='frymo-listing-title'><a href='https:\/\/petrapekna.com\/en\/immobilie\/exclusive-new-build-flats-in-colonia-sant-jordi-just-a-few-steps-from-the-sea\/' aria-label='Exclusive new-build flats in Colonia Sant Jordi just a few steps from the sea'>Exclusive new-build flats in Colonia Sant Jordi just a few steps from the sea<\/a><\/h3><div class=\"frymo-listing-location\"><i class=\"frymo-icon frymo-icon-location-2\"><\/i>Col\u00f2nia de Sant Jordi<\/div><div class=\"frymo-listing-meta\"><span class=\"frymo-listing-meta-item frymo-listing-area \" data-frymo-tooltip=\"Wohnfl\u00e4che ca.\"><i class=\"frymo-icon frymo-icon-flaeche\"><\/i><div class=\"frymo-listing-meta-item-value\">98 m\u00b2<\/div><\/span><span class=\"frymo-listing-meta-item frymo-listing-bedrooms \" data-frymo-tooltip=\"Schlafzimmer\"><i class=\"frymo-icon frymo-icon-betten\"><\/i><div class=\"frymo-listing-meta-item-value\">2<\/div><\/span><span class=\"frymo-listing-meta-item frymo-listing-bathrooms \" data-frymo-tooltip=\"Badezimmer\"><i class=\"frymo-icon frymo-icon-bad\"><\/i><div class=\"frymo-listing-meta-item-value\">2<\/div><\/span><\/div><div class=\"frymo-listing-price\"><span>Purchase Price<\/span> <span class=\"frymo-listing-price-value\">595.000 \u20ac<\/span><\/div><\/div><\/article><article class=\"frymo-listing-item post-id-6750 swiper-slide\"><a class=\"frymo-listing-image\" href=\"https:\/\/petrapekna.com\/en\/immobilie\/exclusivos-pisos-de-obra-nueva-en-colonia-sant-jordi-a-un-paso-del-mar\/\" aria-label=\"Exclusivos pisos de obra nueva en Colonia Sant Jordi a un paso del mar\">                <div class=\"frymo-listing-tool\">\n                    <div class=\"frymo-favorite\" data-post-id=\"6750\">\n                        <svg xmlns=\"http:\/\/www.w3.org\/2000\/svg\" class=\"star-filled\"\n                             width=\"20\" height=\"20\" viewBox=\"0 0 48 48\">\n                            <g class=\"nc-icon-wrapper\">\n                                <path d=\"M24,44a1,1,0,0,1-.73-.316L6.246,25.5A11.493,11.493,0,1,1,24,11.039,11.493,11.493,0,1,1,41.74,25.514L24.73,43.684A1,1,0,0,1,24,44Z\"><\/path>\n                            <\/g>\n                        <\/svg>\n                        <svg xmlns=\"http:\/\/www.w3.org\/2000\/svg\" class=\"star-outline\"\n                             width=\"20\" height=\"20\" viewBox=\"0 0 48 48\">\n                            <g stroke-linecap=\"square\" stroke-width=\"2\" fill=\"none\" stroke=\"currentColor\"\n                               stroke-linejoin=\"miter\" class=\"nc-icon-wrapper\" stroke-miterlimit=\"10\">\n                                <path d=\"M41.108,24.778,24,42.556,6.892,24.778A10.529,10.529,0,1,1,24,12.928a10.529,10.529,0,1,1,17.108,11.85Z\"><\/path>\n                            <\/g>\n                        <\/svg>\n                    <\/div>\n                <\/div>\n\t\t\t<div class=\"frymo-listing-badges\"><\/div><div class=\"frymo-listing-image-wrapper\"><img decoding=\"async\" width=\"768\" height=\"432\" src=\"https:\/\/petrapekna.com\/wp-content\/uploads\/2025\/11\/925ae831-d0c3-45cb-880c-c40ff2800b41-1-768x432.jpg\" class=\"attachment-medium_large size-medium_large wp-post-image\" alt=\"COB809547\" srcset=\"https:\/\/petrapekna.com\/wp-content\/uploads\/2025\/11\/925ae831-d0c3-45cb-880c-c40ff2800b41-1-768x432.jpg 768w, https:\/\/petrapekna.com\/wp-content\/uploads\/2025\/11\/925ae831-d0c3-45cb-880c-c40ff2800b41-1-300x169.jpg 300w, https:\/\/petrapekna.com\/wp-content\/uploads\/2025\/11\/925ae831-d0c3-45cb-880c-c40ff2800b41-1-1024x576.jpg 1024w, https:\/\/petrapekna.com\/wp-content\/uploads\/2025\/11\/925ae831-d0c3-45cb-880c-c40ff2800b41-1-1536x864.jpg 1536w, https:\/\/petrapekna.com\/wp-content\/uploads\/2025\/11\/925ae831-d0c3-45cb-880c-c40ff2800b41-1-18x10.jpg 18w, https:\/\/petrapekna.com\/wp-content\/uploads\/2025\/11\/925ae831-d0c3-45cb-880c-c40ff2800b41-1.jpg 1920w\" sizes=\"(max-width: 768px) 100vw, 768px\" \/><\/div><\/a><div class=\"frymo-listing-content\"><div class=\"frymo-listing-id-wrapper\"><div class=\"frymo-listing-property-id\">ID: 80432<\/div><\/div><h3 class='frymo-listing-title'><a href='https:\/\/petrapekna.com\/en\/immobilie\/exclusivos-pisos-de-obra-nueva-en-colonia-sant-jordi-a-un-paso-del-mar\/' aria-label='Exclusivos pisos de obra nueva en Colonia Sant Jordi a un paso del mar'>Exclusivos pisos de obra nueva en Colonia Sant Jordi a un paso del mar<\/a><\/h3><div class=\"frymo-listing-location\"><i class=\"frymo-icon frymo-icon-location-2\"><\/i>Col\u00f2nia de Sant Jordi<\/div><div class=\"frymo-listing-meta\"><span class=\"frymo-listing-meta-item frymo-listing-area \" data-frymo-tooltip=\"Wohnfl\u00e4che ca.\"><i class=\"frymo-icon frymo-icon-flaeche\"><\/i><div class=\"frymo-listing-meta-item-value\">98 m\u00b2<\/div><\/span><span class=\"frymo-listing-meta-item frymo-listing-bedrooms \" data-frymo-tooltip=\"Schlafzimmer\"><i class=\"frymo-icon frymo-icon-betten\"><\/i><div class=\"frymo-listing-meta-item-value\">2<\/div><\/span><span class=\"frymo-listing-meta-item frymo-listing-bathrooms \" data-frymo-tooltip=\"Badezimmer\"><i class=\"frymo-icon frymo-icon-bad\"><\/i><div class=\"frymo-listing-meta-item-value\">2<\/div><\/span><\/div><div class=\"frymo-listing-price\"><span>Purchase Price<\/span> <span class=\"frymo-listing-price-value\">595.000 \u20ac<\/span><\/div><\/div><\/article><article class=\"frymo-listing-item post-id-6742 swiper-slide\"><a class=\"frymo-listing-image\" href=\"https:\/\/petrapekna.com\/en\/immobilie\/exklusive-neubau-wohnungen-in-colonia-sant-jordi-nur-wenige-schritte-vom-meer\/\" aria-label=\"Exklusive Neubau-Wohnungen in Colonia Sant Jordi nur wenige Schritte vom Meer\">                <div class=\"frymo-listing-tool\">\n                    <div class=\"frymo-favorite\" data-post-id=\"6742\">\n                        <svg xmlns=\"http:\/\/www.w3.org\/2000\/svg\" class=\"star-filled\"\n                             width=\"20\" height=\"20\" viewBox=\"0 0 48 48\">\n                            <g class=\"nc-icon-wrapper\">\n                                <path d=\"M24,44a1,1,0,0,1-.73-.316L6.246,25.5A11.493,11.493,0,1,1,24,11.039,11.493,11.493,0,1,1,41.74,25.514L24.73,43.684A1,1,0,0,1,24,44Z\"><\/path>\n                            <\/g>\n                        <\/svg>\n                        <svg xmlns=\"http:\/\/www.w3.org\/2000\/svg\" class=\"star-outline\"\n                             width=\"20\" height=\"20\" viewBox=\"0 0 48 48\">\n                            <g stroke-linecap=\"square\" stroke-width=\"2\" fill=\"none\" stroke=\"currentColor\"\n                               stroke-linejoin=\"miter\" class=\"nc-icon-wrapper\" stroke-miterlimit=\"10\">\n                                <path d=\"M41.108,24.778,24,42.556,6.892,24.778A10.529,10.529,0,1,1,24,12.928a10.529,10.529,0,1,1,17.108,11.85Z\"><\/path>\n                            <\/g>\n                        <\/svg>\n                    <\/div>\n                <\/div>\n\t\t\t<div class=\"frymo-listing-badges\"><\/div><div class=\"frymo-listing-image-wrapper\"><img loading=\"lazy\" decoding=\"async\" width=\"768\" height=\"432\" src=\"https:\/\/petrapekna.com\/wp-content\/uploads\/2025\/11\/925ae831-d0c3-45cb-880c-c40ff2800b41-768x432.jpg\" class=\"attachment-medium_large size-medium_large wp-post-image\" alt=\"COB809547\" srcset=\"https:\/\/petrapekna.com\/wp-content\/uploads\/2025\/11\/925ae831-d0c3-45cb-880c-c40ff2800b41-768x432.jpg 768w, https:\/\/petrapekna.com\/wp-content\/uploads\/2025\/11\/925ae831-d0c3-45cb-880c-c40ff2800b41-300x169.jpg 300w, https:\/\/petrapekna.com\/wp-content\/uploads\/2025\/11\/925ae831-d0c3-45cb-880c-c40ff2800b41-1024x576.jpg 1024w, https:\/\/petrapekna.com\/wp-content\/uploads\/2025\/11\/925ae831-d0c3-45cb-880c-c40ff2800b41-1536x864.jpg 1536w, https:\/\/petrapekna.com\/wp-content\/uploads\/2025\/11\/925ae831-d0c3-45cb-880c-c40ff2800b41-18x10.jpg 18w, https:\/\/petrapekna.com\/wp-content\/uploads\/2025\/11\/925ae831-d0c3-45cb-880c-c40ff2800b41.jpg 1920w\" sizes=\"(max-width: 768px) 100vw, 768px\" \/><\/div><\/a><div class=\"frymo-listing-content\"><div class=\"frymo-listing-id-wrapper\"><div class=\"frymo-listing-property-id\">ID: 80432<\/div><\/div><h3 class='frymo-listing-title'><a href='https:\/\/petrapekna.com\/en\/immobilie\/exklusive-neubau-wohnungen-in-colonia-sant-jordi-nur-wenige-schritte-vom-meer\/' aria-label='Exklusive Neubau-Wohnungen in Colonia Sant Jordi nur wenige Schritte vom Meer'>Exklusive Neubau-Wohnungen in Colonia Sant Jordi nur wenige Schritte vom Meer<\/a><\/h3><div class=\"frymo-listing-location\"><i class=\"frymo-icon frymo-icon-location-2\"><\/i>Col\u00f2nia de Sant Jordi<\/div><div class=\"frymo-listing-meta\"><span class=\"frymo-listing-meta-item frymo-listing-area \" data-frymo-tooltip=\"Wohnfl\u00e4che ca.\"><i class=\"frymo-icon frymo-icon-flaeche\"><\/i><div class=\"frymo-listing-meta-item-value\">98 m\u00b2<\/div><\/span><span class=\"frymo-listing-meta-item frymo-listing-bedrooms \" data-frymo-tooltip=\"Schlafzimmer\"><i class=\"frymo-icon frymo-icon-betten\"><\/i><div class=\"frymo-listing-meta-item-value\">2<\/div><\/span><span class=\"frymo-listing-meta-item frymo-listing-bathrooms \" data-frymo-tooltip=\"Badezimmer\"><i class=\"frymo-icon frymo-icon-bad\"><\/i><div class=\"frymo-listing-meta-item-value\">2<\/div><\/span><\/div><div class=\"frymo-listing-price\"><span>Purchase Price<\/span> <span class=\"frymo-listing-price-value\">595.000 \u20ac<\/span><\/div><\/div><\/article><article class=\"frymo-listing-item post-id-6530 swiper-slide\"><a class=\"frymo-listing-image\" href=\"https:\/\/petrapekna.com\/en\/immobilie\/exclusivo-duplex-de-obra-nueva-en-colonia-sant-jordi-a-un-paso-del-mar\/\" aria-label=\"Exclusivo d\u00faplex de obra nueva en Colonia Sant Jordi a un paso del mar\">                <div class=\"frymo-listing-tool\">\n                    <div class=\"frymo-favorite\" data-post-id=\"6530\">\n                        <svg xmlns=\"http:\/\/www.w3.org\/2000\/svg\" class=\"star-filled\"\n                             width=\"20\" height=\"20\" viewBox=\"0 0 48 48\">\n                            <g class=\"nc-icon-wrapper\">\n                                <path d=\"M24,44a1,1,0,0,1-.73-.316L6.246,25.5A11.493,11.493,0,1,1,24,11.039,11.493,11.493,0,1,1,41.74,25.514L24.73,43.684A1,1,0,0,1,24,44Z\"><\/path>\n                            <\/g>\n                        <\/svg>\n                        <svg xmlns=\"http:\/\/www.w3.org\/2000\/svg\" class=\"star-outline\"\n                             width=\"20\" height=\"20\" viewBox=\"0 0 48 48\">\n                            <g stroke-linecap=\"square\" stroke-width=\"2\" fill=\"none\" stroke=\"currentColor\"\n                               stroke-linejoin=\"miter\" class=\"nc-icon-wrapper\" stroke-miterlimit=\"10\">\n                                <path d=\"M41.108,24.778,24,42.556,6.892,24.778A10.529,10.529,0,1,1,24,12.928a10.529,10.529,0,1,1,17.108,11.85Z\"><\/path>\n                            <\/g>\n                        <\/svg>\n                    <\/div>\n                <\/div>\n\t\t\t<div class=\"frymo-listing-badges\"><\/div><div class=\"frymo-listing-image-wrapper\"><img loading=\"lazy\" decoding=\"async\" width=\"768\" height=\"432\" src=\"https:\/\/petrapekna.com\/wp-content\/uploads\/2025\/11\/2599ebaa-9766-45f7-bb1f-79568f32bba2-2-768x432.jpg\" class=\"attachment-medium_large size-medium_large wp-post-image\" alt=\"COB809547\" srcset=\"https:\/\/petrapekna.com\/wp-content\/uploads\/2025\/11\/2599ebaa-9766-45f7-bb1f-79568f32bba2-2-768x432.jpg 768w, https:\/\/petrapekna.com\/wp-content\/uploads\/2025\/11\/2599ebaa-9766-45f7-bb1f-79568f32bba2-2-300x169.jpg 300w, https:\/\/petrapekna.com\/wp-content\/uploads\/2025\/11\/2599ebaa-9766-45f7-bb1f-79568f32bba2-2-1024x576.jpg 1024w, https:\/\/petrapekna.com\/wp-content\/uploads\/2025\/11\/2599ebaa-9766-45f7-bb1f-79568f32bba2-2-1536x864.jpg 1536w, https:\/\/petrapekna.com\/wp-content\/uploads\/2025\/11\/2599ebaa-9766-45f7-bb1f-79568f32bba2-2-18x10.jpg 18w, https:\/\/petrapekna.com\/wp-content\/uploads\/2025\/11\/2599ebaa-9766-45f7-bb1f-79568f32bba2-2.jpg 1920w\" sizes=\"(max-width: 768px) 100vw, 768px\" \/><\/div><\/a><div class=\"frymo-listing-content\"><div class=\"frymo-listing-id-wrapper\"><div class=\"frymo-listing-property-id\">ID: 80433<\/div><\/div><h3 class='frymo-listing-title'><a href='https:\/\/petrapekna.com\/en\/immobilie\/exclusivo-duplex-de-obra-nueva-en-colonia-sant-jordi-a-un-paso-del-mar\/' aria-label='Exclusivo d\u00faplex de obra nueva en Colonia Sant Jordi a un paso del mar'>Exclusivo d\u00faplex de obra nueva en Colonia Sant Jordi a un paso del mar<\/a><\/h3><div class=\"frymo-listing-location\"><i class=\"frymo-icon frymo-icon-location-2\"><\/i>Col\u00f2nia de Sant Jordi<\/div><div class=\"frymo-listing-meta\"><span class=\"frymo-listing-meta-item frymo-listing-area \" data-frymo-tooltip=\"Wohnfl\u00e4che ca.\"><i class=\"frymo-icon frymo-icon-flaeche\"><\/i><div class=\"frymo-listing-meta-item-value\">161 m\u00b2<\/div><\/span><span class=\"frymo-listing-meta-item frymo-listing-bedrooms \" data-frymo-tooltip=\"Schlafzimmer\"><i class=\"frymo-icon frymo-icon-betten\"><\/i><div class=\"frymo-listing-meta-item-value\">3<\/div><\/span><span class=\"frymo-listing-meta-item frymo-listing-bathrooms \" data-frymo-tooltip=\"Badezimmer\"><i class=\"frymo-icon frymo-icon-bad\"><\/i><div class=\"frymo-listing-meta-item-value\">3<\/div><\/span><\/div><div class=\"frymo-listing-price\"><span>Purchase Price<\/span> <span class=\"frymo-listing-price-value\">885.000 \u20ac<\/span><\/div><\/div><\/article><article class=\"frymo-listing-item post-id-6520 swiper-slide\"><a class=\"frymo-listing-image\" href=\"https:\/\/petrapekna.com\/en\/immobilie\/exclusive-new-build-duplex-flat-in-colonia-sant-jordi-just-a-few-steps-from-the-sea\/\" aria-label=\"Exclusive new-build duplex flat in Colonia Sant Jordi just a few steps from the sea\">                <div class=\"frymo-listing-tool\">\n                    <div class=\"frymo-favorite\" data-post-id=\"6520\">\n                        <svg xmlns=\"http:\/\/www.w3.org\/2000\/svg\" class=\"star-filled\"\n                             width=\"20\" height=\"20\" viewBox=\"0 0 48 48\">\n                            <g class=\"nc-icon-wrapper\">\n                                <path d=\"M24,44a1,1,0,0,1-.73-.316L6.246,25.5A11.493,11.493,0,1,1,24,11.039,11.493,11.493,0,1,1,41.74,25.514L24.73,43.684A1,1,0,0,1,24,44Z\"><\/path>\n                            <\/g>\n                        <\/svg>\n                        <svg xmlns=\"http:\/\/www.w3.org\/2000\/svg\" class=\"star-outline\"\n                             width=\"20\" height=\"20\" viewBox=\"0 0 48 48\">\n                            <g stroke-linecap=\"square\" stroke-width=\"2\" fill=\"none\" stroke=\"currentColor\"\n                               stroke-linejoin=\"miter\" class=\"nc-icon-wrapper\" stroke-miterlimit=\"10\">\n                                <path d=\"M41.108,24.778,24,42.556,6.892,24.778A10.529,10.529,0,1,1,24,12.928a10.529,10.529,0,1,1,17.108,11.85Z\"><\/path>\n                            <\/g>\n                        <\/svg>\n                    <\/div>\n                <\/div>\n\t\t\t<div class=\"frymo-listing-badges\"><\/div><div class=\"frymo-listing-image-wrapper\"><img loading=\"lazy\" decoding=\"async\" width=\"768\" height=\"432\" src=\"https:\/\/petrapekna.com\/wp-content\/uploads\/2025\/11\/2599ebaa-9766-45f7-bb1f-79568f32bba2-1-768x432.jpg\" class=\"attachment-medium_large size-medium_large wp-post-image\" alt=\"COB809547\" srcset=\"https:\/\/petrapekna.com\/wp-content\/uploads\/2025\/11\/2599ebaa-9766-45f7-bb1f-79568f32bba2-1-768x432.jpg 768w, https:\/\/petrapekna.com\/wp-content\/uploads\/2025\/11\/2599ebaa-9766-45f7-bb1f-79568f32bba2-1-300x169.jpg 300w, https:\/\/petrapekna.com\/wp-content\/uploads\/2025\/11\/2599ebaa-9766-45f7-bb1f-79568f32bba2-1-1024x576.jpg 1024w, https:\/\/petrapekna.com\/wp-content\/uploads\/2025\/11\/2599ebaa-9766-45f7-bb1f-79568f32bba2-1-1536x864.jpg 1536w, https:\/\/petrapekna.com\/wp-content\/uploads\/2025\/11\/2599ebaa-9766-45f7-bb1f-79568f32bba2-1-18x10.jpg 18w, https:\/\/petrapekna.com\/wp-content\/uploads\/2025\/11\/2599ebaa-9766-45f7-bb1f-79568f32bba2-1.jpg 1920w\" sizes=\"(max-width: 768px) 100vw, 768px\" \/><\/div><\/a><div class=\"frymo-listing-content\"><div class=\"frymo-listing-id-wrapper\"><div class=\"frymo-listing-property-id\">ID: 80433<\/div><\/div><h3 class='frymo-listing-title'><a href='https:\/\/petrapekna.com\/en\/immobilie\/exclusive-new-build-duplex-flat-in-colonia-sant-jordi-just-a-few-steps-from-the-sea\/' aria-label='Exclusive new-build duplex flat in Colonia Sant Jordi just a few steps from the sea'>Exclusive new-build duplex flat in Colonia Sant Jordi just a few steps from the sea<\/a><\/h3><div class=\"frymo-listing-location\"><i class=\"frymo-icon frymo-icon-location-2\"><\/i>Col\u00f2nia de Sant Jordi<\/div><div class=\"frymo-listing-meta\"><span class=\"frymo-listing-meta-item frymo-listing-area \" data-frymo-tooltip=\"Wohnfl\u00e4che ca.\"><i class=\"frymo-icon frymo-icon-flaeche\"><\/i><div class=\"frymo-listing-meta-item-value\">161 m\u00b2<\/div><\/span><span class=\"frymo-listing-meta-item frymo-listing-bedrooms \" data-frymo-tooltip=\"Schlafzimmer\"><i class=\"frymo-icon frymo-icon-betten\"><\/i><div class=\"frymo-listing-meta-item-value\">3<\/div><\/span><span class=\"frymo-listing-meta-item frymo-listing-bathrooms \" data-frymo-tooltip=\"Badezimmer\"><i class=\"frymo-icon frymo-icon-bad\"><\/i><div class=\"frymo-listing-meta-item-value\">3<\/div><\/span><\/div><div class=\"frymo-listing-price\"><span>Purchase Price<\/span> <span class=\"frymo-listing-price-value\">885.000 \u20ac<\/span><\/div><\/div><\/article><article class=\"frymo-listing-item post-id-6510 swiper-slide\"><a class=\"frymo-listing-image\" href=\"https:\/\/petrapekna.com\/en\/immobilie\/exklusive-neubau-duplex-wohnung-in-colonia-sant-jordi-nur-wenige-schritte-vom-meer\/\" aria-label=\"Exklusive Neubau Duplex-Wohnung in Colonia Sant Jordi nur wenige Schritte vom Meer\">                <div class=\"frymo-listing-tool\">\n                    <div class=\"frymo-favorite\" data-post-id=\"6510\">\n                        <svg xmlns=\"http:\/\/www.w3.org\/2000\/svg\" class=\"star-filled\"\n                             width=\"20\" height=\"20\" viewBox=\"0 0 48 48\">\n                            <g class=\"nc-icon-wrapper\">\n                                <path d=\"M24,44a1,1,0,0,1-.73-.316L6.246,25.5A11.493,11.493,0,1,1,24,11.039,11.493,11.493,0,1,1,41.74,25.514L24.73,43.684A1,1,0,0,1,24,44Z\"><\/path>\n                            <\/g>\n                        <\/svg>\n                        <svg xmlns=\"http:\/\/www.w3.org\/2000\/svg\" class=\"star-outline\"\n                             width=\"20\" height=\"20\" viewBox=\"0 0 48 48\">\n                            <g stroke-linecap=\"square\" stroke-width=\"2\" fill=\"none\" stroke=\"currentColor\"\n                               stroke-linejoin=\"miter\" class=\"nc-icon-wrapper\" stroke-miterlimit=\"10\">\n                                <path d=\"M41.108,24.778,24,42.556,6.892,24.778A10.529,10.529,0,1,1,24,12.928a10.529,10.529,0,1,1,17.108,11.85Z\"><\/path>\n                            <\/g>\n                        <\/svg>\n                    <\/div>\n                <\/div>\n\t\t\t<div class=\"frymo-listing-badges\"><\/div><div class=\"frymo-listing-image-wrapper\"><img loading=\"lazy\" decoding=\"async\" width=\"768\" height=\"432\" src=\"https:\/\/petrapekna.com\/wp-content\/uploads\/2025\/11\/2599ebaa-9766-45f7-bb1f-79568f32bba2-768x432.jpg\" class=\"attachment-medium_large size-medium_large wp-post-image\" alt=\"COB809547\" srcset=\"https:\/\/petrapekna.com\/wp-content\/uploads\/2025\/11\/2599ebaa-9766-45f7-bb1f-79568f32bba2-768x432.jpg 768w, https:\/\/petrapekna.com\/wp-content\/uploads\/2025\/11\/2599ebaa-9766-45f7-bb1f-79568f32bba2-300x169.jpg 300w, https:\/\/petrapekna.com\/wp-content\/uploads\/2025\/11\/2599ebaa-9766-45f7-bb1f-79568f32bba2-1024x576.jpg 1024w, https:\/\/petrapekna.com\/wp-content\/uploads\/2025\/11\/2599ebaa-9766-45f7-bb1f-79568f32bba2-1536x864.jpg 1536w, https:\/\/petrapekna.com\/wp-content\/uploads\/2025\/11\/2599ebaa-9766-45f7-bb1f-79568f32bba2-18x10.jpg 18w, https:\/\/petrapekna.com\/wp-content\/uploads\/2025\/11\/2599ebaa-9766-45f7-bb1f-79568f32bba2.jpg 1920w\" sizes=\"(max-width: 768px) 100vw, 768px\" \/><\/div><\/a><div class=\"frymo-listing-content\"><div class=\"frymo-listing-id-wrapper\"><div class=\"frymo-listing-property-id\">ID: 80433<\/div><\/div><h3 class='frymo-listing-title'><a href='https:\/\/petrapekna.com\/en\/immobilie\/exklusive-neubau-duplex-wohnung-in-colonia-sant-jordi-nur-wenige-schritte-vom-meer\/' aria-label='Exklusive Neubau Duplex-Wohnung in Colonia Sant Jordi nur wenige Schritte vom Meer'>Exklusive Neubau Duplex-Wohnung in Colonia Sant Jordi nur wenige Schritte vom Meer<\/a><\/h3><div class=\"frymo-listing-location\"><i class=\"frymo-icon frymo-icon-location-2\"><\/i>Col\u00f2nia de Sant Jordi<\/div><div class=\"frymo-listing-meta\"><span class=\"frymo-listing-meta-item frymo-listing-area \" data-frymo-tooltip=\"Wohnfl\u00e4che ca.\"><i class=\"frymo-icon frymo-icon-flaeche\"><\/i><div class=\"frymo-listing-meta-item-value\">161 m\u00b2<\/div><\/span><span class=\"frymo-listing-meta-item frymo-listing-bedrooms \" data-frymo-tooltip=\"Schlafzimmer\"><i class=\"frymo-icon frymo-icon-betten\"><\/i><div class=\"frymo-listing-meta-item-value\">3<\/div><\/span><span class=\"frymo-listing-meta-item frymo-listing-bathrooms \" data-frymo-tooltip=\"Badezimmer\"><i class=\"frymo-icon frymo-icon-bad\"><\/i><div class=\"frymo-listing-meta-item-value\">3<\/div><\/span><\/div><div class=\"frymo-listing-price\"><span>Purchase Price<\/span> <span class=\"frymo-listing-price-value\">885.000 \u20ac<\/span><\/div><\/div><\/article><article class=\"frymo-listing-item post-id-4069 swiper-slide\"><a class=\"frymo-listing-image\" href=\"https:\/\/petrapekna.com\/en\/immobilie\/exclusive-new-build-ground-floor-flat-in-colonia-sant-jordi-just-a-few-steps-from-the-sea\/\" aria-label=\"Exclusive new build ground floor flat in Colonia Sant Jordi just a few steps from the sea\">                <div class=\"frymo-listing-tool\">\n                    <div class=\"frymo-favorite\" data-post-id=\"4069\">\n                        <svg xmlns=\"http:\/\/www.w3.org\/2000\/svg\" class=\"star-filled\"\n                             width=\"20\" height=\"20\" viewBox=\"0 0 48 48\">\n                            <g class=\"nc-icon-wrapper\">\n                                <path d=\"M24,44a1,1,0,0,1-.73-.316L6.246,25.5A11.493,11.493,0,1,1,24,11.039,11.493,11.493,0,1,1,41.74,25.514L24.73,43.684A1,1,0,0,1,24,44Z\"><\/path>\n                            <\/g>\n                        <\/svg>\n                        <svg xmlns=\"http:\/\/www.w3.org\/2000\/svg\" class=\"star-outline\"\n                             width=\"20\" height=\"20\" viewBox=\"0 0 48 48\">\n                            <g stroke-linecap=\"square\" stroke-width=\"2\" fill=\"none\" stroke=\"currentColor\"\n                               stroke-linejoin=\"miter\" class=\"nc-icon-wrapper\" stroke-miterlimit=\"10\">\n                                <path d=\"M41.108,24.778,24,42.556,6.892,24.778A10.529,10.529,0,1,1,24,12.928a10.529,10.529,0,1,1,17.108,11.85Z\"><\/path>\n                            <\/g>\n                        <\/svg>\n                    <\/div>\n                <\/div>\n\t\t\t<div class=\"frymo-listing-badges\"><\/div><div class=\"frymo-listing-image-wrapper\"><img loading=\"lazy\" decoding=\"async\" width=\"768\" height=\"432\" src=\"https:\/\/petrapekna.com\/wp-content\/uploads\/2025\/10\/09271483-5155-4db9-9ef8-9cf9c9e554fe-2-768x432.jpg\" class=\"attachment-medium_large size-medium_large wp-post-image\" alt=\"COB809546\" srcset=\"https:\/\/petrapekna.com\/wp-content\/uploads\/2025\/10\/09271483-5155-4db9-9ef8-9cf9c9e554fe-2-768x432.jpg 768w, https:\/\/petrapekna.com\/wp-content\/uploads\/2025\/10\/09271483-5155-4db9-9ef8-9cf9c9e554fe-2-300x169.jpg 300w, https:\/\/petrapekna.com\/wp-content\/uploads\/2025\/10\/09271483-5155-4db9-9ef8-9cf9c9e554fe-2-1024x576.jpg 1024w, https:\/\/petrapekna.com\/wp-content\/uploads\/2025\/10\/09271483-5155-4db9-9ef8-9cf9c9e554fe-2-1536x864.jpg 1536w, https:\/\/petrapekna.com\/wp-content\/uploads\/2025\/10\/09271483-5155-4db9-9ef8-9cf9c9e554fe-2-18x10.jpg 18w, https:\/\/petrapekna.com\/wp-content\/uploads\/2025\/10\/09271483-5155-4db9-9ef8-9cf9c9e554fe-2.jpg 1920w\" sizes=\"(max-width: 768px) 100vw, 768px\" \/><\/div><\/a><div class=\"frymo-listing-content\"><div class=\"frymo-listing-id-wrapper\"><div class=\"frymo-listing-property-id\">ID: 80434<\/div><\/div><h3 class='frymo-listing-title'><a href='https:\/\/petrapekna.com\/en\/immobilie\/exclusive-new-build-ground-floor-flat-in-colonia-sant-jordi-just-a-few-steps-from-the-sea\/' aria-label='Exclusive new build ground floor flat in Colonia Sant Jordi just a few steps from the sea'>Exclusive new build ground floor flat in Colonia Sant Jordi just a few steps from the sea<\/a><\/h3><div class=\"frymo-listing-location\"><i class=\"frymo-icon frymo-icon-location-2\"><\/i>Col\u00f2nia de Sant Jordi<\/div><div class=\"frymo-listing-meta\"><span class=\"frymo-listing-meta-item frymo-listing-area \" data-frymo-tooltip=\"Wohnfl\u00e4che ca.\"><i class=\"frymo-icon frymo-icon-flaeche\"><\/i><div class=\"frymo-listing-meta-item-value\">98 m\u00b2<\/div><\/span><span class=\"frymo-listing-meta-item frymo-listing-bedrooms \" data-frymo-tooltip=\"Schlafzimmer\"><i class=\"frymo-icon frymo-icon-betten\"><\/i><div class=\"frymo-listing-meta-item-value\">2<\/div><\/span><span class=\"frymo-listing-meta-item frymo-listing-bathrooms \" data-frymo-tooltip=\"Badezimmer\"><i class=\"frymo-icon frymo-icon-bad\"><\/i><div class=\"frymo-listing-meta-item-value\">2<\/div><\/span><span class=\"frymo-listing-meta-item frymo-listing-ground_area \" data-frymo-tooltip=\"Grundst\u00fccksfl\u00e4che ca.\"><i class=\"frymo-icon frymo-icon-grundstuecksflaeche\"><\/i><div class=\"frymo-listing-meta-item-value\">134 m\u00b2<\/div><\/span><\/div><div class=\"frymo-listing-price\"><span>Purchase Price<\/span> <span class=\"frymo-listing-price-value\">695.000 \u20ac<\/span><\/div><\/div><\/article><article class=\"frymo-listing-item post-id-4063 swiper-slide\"><a class=\"frymo-listing-image\" href=\"https:\/\/petrapekna.com\/en\/immobilie\/exclusivo-piso-de-obra-nueva-en-planta-baja-en-colonia-sant-jordi-a-un-paso-del-mar\/\" aria-label=\"Exclusivo piso de obra nueva en planta baja en Colonia Sant Jordi a un paso del mar\">                <div class=\"frymo-listing-tool\">\n                    <div class=\"frymo-favorite\" data-post-id=\"4063\">\n                        <svg xmlns=\"http:\/\/www.w3.org\/2000\/svg\" class=\"star-filled\"\n                             width=\"20\" height=\"20\" viewBox=\"0 0 48 48\">\n                            <g class=\"nc-icon-wrapper\">\n                                <path d=\"M24,44a1,1,0,0,1-.73-.316L6.246,25.5A11.493,11.493,0,1,1,24,11.039,11.493,11.493,0,1,1,41.74,25.514L24.73,43.684A1,1,0,0,1,24,44Z\"><\/path>\n                            <\/g>\n                        <\/svg>\n                        <svg xmlns=\"http:\/\/www.w3.org\/2000\/svg\" class=\"star-outline\"\n                             width=\"20\" height=\"20\" viewBox=\"0 0 48 48\">\n                            <g stroke-linecap=\"square\" stroke-width=\"2\" fill=\"none\" stroke=\"currentColor\"\n                               stroke-linejoin=\"miter\" class=\"nc-icon-wrapper\" stroke-miterlimit=\"10\">\n                                <path d=\"M41.108,24.778,24,42.556,6.892,24.778A10.529,10.529,0,1,1,24,12.928a10.529,10.529,0,1,1,17.108,11.85Z\"><\/path>\n                            <\/g>\n                        <\/svg>\n                    <\/div>\n                <\/div>\n\t\t\t<div class=\"frymo-listing-badges\"><\/div><div class=\"frymo-listing-image-wrapper\"><img loading=\"lazy\" decoding=\"async\" width=\"768\" height=\"432\" src=\"https:\/\/petrapekna.com\/wp-content\/uploads\/2025\/10\/09271483-5155-4db9-9ef8-9cf9c9e554fe-1-768x432.jpg\" class=\"attachment-medium_large size-medium_large wp-post-image\" alt=\"COB809546\" srcset=\"https:\/\/petrapekna.com\/wp-content\/uploads\/2025\/10\/09271483-5155-4db9-9ef8-9cf9c9e554fe-1-768x432.jpg 768w, https:\/\/petrapekna.com\/wp-content\/uploads\/2025\/10\/09271483-5155-4db9-9ef8-9cf9c9e554fe-1-300x169.jpg 300w, https:\/\/petrapekna.com\/wp-content\/uploads\/2025\/10\/09271483-5155-4db9-9ef8-9cf9c9e554fe-1-1024x576.jpg 1024w, https:\/\/petrapekna.com\/wp-content\/uploads\/2025\/10\/09271483-5155-4db9-9ef8-9cf9c9e554fe-1-1536x864.jpg 1536w, https:\/\/petrapekna.com\/wp-content\/uploads\/2025\/10\/09271483-5155-4db9-9ef8-9cf9c9e554fe-1-18x10.jpg 18w, https:\/\/petrapekna.com\/wp-content\/uploads\/2025\/10\/09271483-5155-4db9-9ef8-9cf9c9e554fe-1.jpg 1920w\" sizes=\"(max-width: 768px) 100vw, 768px\" \/><\/div><\/a><div class=\"frymo-listing-content\"><div class=\"frymo-listing-id-wrapper\"><div class=\"frymo-listing-property-id\">ID: 80434<\/div><\/div><h3 class='frymo-listing-title'><a href='https:\/\/petrapekna.com\/en\/immobilie\/exclusivo-piso-de-obra-nueva-en-planta-baja-en-colonia-sant-jordi-a-un-paso-del-mar\/' aria-label='Exclusivo piso de obra nueva en planta baja en Colonia Sant Jordi a un paso del mar'>Exclusivo piso de obra nueva en planta baja en Colonia Sant Jordi a un paso del mar<\/a><\/h3><div class=\"frymo-listing-location\"><i class=\"frymo-icon frymo-icon-location-2\"><\/i>Col\u00f2nia de Sant Jordi<\/div><div class=\"frymo-listing-meta\"><span class=\"frymo-listing-meta-item frymo-listing-area \" data-frymo-tooltip=\"Wohnfl\u00e4che ca.\"><i class=\"frymo-icon frymo-icon-flaeche\"><\/i><div class=\"frymo-listing-meta-item-value\">98 m\u00b2<\/div><\/span><span class=\"frymo-listing-meta-item frymo-listing-bedrooms \" data-frymo-tooltip=\"Schlafzimmer\"><i class=\"frymo-icon frymo-icon-betten\"><\/i><div class=\"frymo-listing-meta-item-value\">2<\/div><\/span><span class=\"frymo-listing-meta-item frymo-listing-bathrooms \" data-frymo-tooltip=\"Badezimmer\"><i class=\"frymo-icon frymo-icon-bad\"><\/i><div class=\"frymo-listing-meta-item-value\">2<\/div><\/span><span class=\"frymo-listing-meta-item frymo-listing-ground_area \" data-frymo-tooltip=\"Grundst\u00fccksfl\u00e4che ca.\"><i class=\"frymo-icon frymo-icon-grundstuecksflaeche\"><\/i><div class=\"frymo-listing-meta-item-value\">134 m\u00b2<\/div><\/span><\/div><div class=\"frymo-listing-price\"><span>Purchase Price<\/span> <span class=\"frymo-listing-price-value\">695.000 \u20ac<\/span><\/div><\/div><\/article><article class=\"frymo-listing-item post-id-4057 swiper-slide\"><a class=\"frymo-listing-image\" href=\"https:\/\/petrapekna.com\/en\/immobilie\/exklusive-neubau-erdgeschoss-wohnung-in-colonia-sant-jordi-nur-wenige-schritte-vom-meer\/\" aria-label=\"Exklusive Neubau Erdgeschoss-Wohnung in Colonia Sant Jordi nur wenige Schritte vom Meer\">                <div class=\"frymo-listing-tool\">\n                    <div class=\"frymo-favorite\" data-post-id=\"4057\">\n                        <svg xmlns=\"http:\/\/www.w3.org\/2000\/svg\" class=\"star-filled\"\n                             width=\"20\" height=\"20\" viewBox=\"0 0 48 48\">\n                            <g class=\"nc-icon-wrapper\">\n                                <path d=\"M24,44a1,1,0,0,1-.73-.316L6.246,25.5A11.493,11.493,0,1,1,24,11.039,11.493,11.493,0,1,1,41.74,25.514L24.73,43.684A1,1,0,0,1,24,44Z\"><\/path>\n                            <\/g>\n                        <\/svg>\n                        <svg xmlns=\"http:\/\/www.w3.org\/2000\/svg\" class=\"star-outline\"\n                             width=\"20\" height=\"20\" viewBox=\"0 0 48 48\">\n                            <g stroke-linecap=\"square\" stroke-width=\"2\" fill=\"none\" stroke=\"currentColor\"\n                               stroke-linejoin=\"miter\" class=\"nc-icon-wrapper\" stroke-miterlimit=\"10\">\n                                <path d=\"M41.108,24.778,24,42.556,6.892,24.778A10.529,10.529,0,1,1,24,12.928a10.529,10.529,0,1,1,17.108,11.85Z\"><\/path>\n                            <\/g>\n                        <\/svg>\n                    <\/div>\n                <\/div>\n\t\t\t<div class=\"frymo-listing-badges\"><\/div><div class=\"frymo-listing-image-wrapper\"><img loading=\"lazy\" decoding=\"async\" width=\"768\" height=\"432\" src=\"https:\/\/petrapekna.com\/wp-content\/uploads\/2025\/10\/09271483-5155-4db9-9ef8-9cf9c9e554fe-768x432.jpg\" class=\"attachment-medium_large size-medium_large wp-post-image\" alt=\"COB809546\" srcset=\"https:\/\/petrapekna.com\/wp-content\/uploads\/2025\/10\/09271483-5155-4db9-9ef8-9cf9c9e554fe-768x432.jpg 768w, https:\/\/petrapekna.com\/wp-content\/uploads\/2025\/10\/09271483-5155-4db9-9ef8-9cf9c9e554fe-300x169.jpg 300w, https:\/\/petrapekna.com\/wp-content\/uploads\/2025\/10\/09271483-5155-4db9-9ef8-9cf9c9e554fe-1024x576.jpg 1024w, https:\/\/petrapekna.com\/wp-content\/uploads\/2025\/10\/09271483-5155-4db9-9ef8-9cf9c9e554fe-1536x864.jpg 1536w, https:\/\/petrapekna.com\/wp-content\/uploads\/2025\/10\/09271483-5155-4db9-9ef8-9cf9c9e554fe-18x10.jpg 18w, https:\/\/petrapekna.com\/wp-content\/uploads\/2025\/10\/09271483-5155-4db9-9ef8-9cf9c9e554fe.jpg 1920w\" sizes=\"(max-width: 768px) 100vw, 768px\" \/><\/div><\/a><div class=\"frymo-listing-content\"><div class=\"frymo-listing-id-wrapper\"><div class=\"frymo-listing-property-id\">ID: 80434<\/div><\/div><h3 class='frymo-listing-title'><a href='https:\/\/petrapekna.com\/en\/immobilie\/exklusive-neubau-erdgeschoss-wohnung-in-colonia-sant-jordi-nur-wenige-schritte-vom-meer\/' aria-label='Exklusive Neubau Erdgeschoss-Wohnung in Colonia Sant Jordi nur wenige Schritte vom Meer'>Exklusive Neubau Erdgeschoss-Wohnung in Colonia Sant Jordi nur wenige Schritte vom Meer<\/a><\/h3><div class=\"frymo-listing-location\"><i class=\"frymo-icon frymo-icon-location-2\"><\/i>Col\u00f2nia de Sant Jordi<\/div><div class=\"frymo-listing-meta\"><span class=\"frymo-listing-meta-item frymo-listing-area \" data-frymo-tooltip=\"Wohnfl\u00e4che ca.\"><i class=\"frymo-icon frymo-icon-flaeche\"><\/i><div class=\"frymo-listing-meta-item-value\">98 m\u00b2<\/div><\/span><span class=\"frymo-listing-meta-item frymo-listing-bedrooms \" data-frymo-tooltip=\"Schlafzimmer\"><i class=\"frymo-icon frymo-icon-betten\"><\/i><div class=\"frymo-listing-meta-item-value\">2<\/div><\/span><span class=\"frymo-listing-meta-item frymo-listing-bathrooms \" data-frymo-tooltip=\"Badezimmer\"><i class=\"frymo-icon frymo-icon-bad\"><\/i><div class=\"frymo-listing-meta-item-value\">2<\/div><\/span><span class=\"frymo-listing-meta-item frymo-listing-ground_area \" data-frymo-tooltip=\"Grundst\u00fccksfl\u00e4che ca.\"><i class=\"frymo-icon frymo-icon-grundstuecksflaeche\"><\/i><div class=\"frymo-listing-meta-item-value\">134 m\u00b2<\/div><\/span><\/div><div class=\"frymo-listing-price\"><span>Purchase Price<\/span> <span class=\"frymo-listing-price-value\">695.000 \u20ac<\/span><\/div><\/div><\/article><article class=\"frymo-listing-item post-id-2156 swiper-slide\"><a class=\"frymo-listing-image\" href=\"https:\/\/petrapekna.com\/en\/immobilie\/exclusive-new-build-penthouse-flats-in-colonia-sant-jordi-just-a-few-steps-from-the-sea\/\" aria-label=\"Exclusive new-build penthouse flats in Colonia Sant Jordi &#8211; just a few steps from the sea\">                <div class=\"frymo-listing-tool\">\n                    <div class=\"frymo-favorite\" data-post-id=\"2156\">\n                        <svg xmlns=\"http:\/\/www.w3.org\/2000\/svg\" class=\"star-filled\"\n                             width=\"20\" height=\"20\" viewBox=\"0 0 48 48\">\n                            <g class=\"nc-icon-wrapper\">\n                                <path d=\"M24,44a1,1,0,0,1-.73-.316L6.246,25.5A11.493,11.493,0,1,1,24,11.039,11.493,11.493,0,1,1,41.74,25.514L24.73,43.684A1,1,0,0,1,24,44Z\"><\/path>\n                            <\/g>\n                        <\/svg>\n                        <svg xmlns=\"http:\/\/www.w3.org\/2000\/svg\" class=\"star-outline\"\n                             width=\"20\" height=\"20\" viewBox=\"0 0 48 48\">\n                            <g stroke-linecap=\"square\" stroke-width=\"2\" fill=\"none\" stroke=\"currentColor\"\n                               stroke-linejoin=\"miter\" class=\"nc-icon-wrapper\" stroke-miterlimit=\"10\">\n                                <path d=\"M41.108,24.778,24,42.556,6.892,24.778A10.529,10.529,0,1,1,24,12.928a10.529,10.529,0,1,1,17.108,11.85Z\"><\/path>\n                            <\/g>\n                        <\/svg>\n                    <\/div>\n                <\/div>\n\t\t\t<div class=\"frymo-listing-badges\"><\/div><div class=\"frymo-listing-image-wrapper\"><img loading=\"lazy\" decoding=\"async\" width=\"768\" height=\"432\" src=\"https:\/\/petrapekna.com\/wp-content\/uploads\/2025\/10\/88e46199-b287-4cc0-b8c6-abea0db42771-2-768x432.jpg\" class=\"attachment-medium_large size-medium_large wp-post-image\" alt=\"COB809547\" srcset=\"https:\/\/petrapekna.com\/wp-content\/uploads\/2025\/10\/88e46199-b287-4cc0-b8c6-abea0db42771-2-768x432.jpg 768w, https:\/\/petrapekna.com\/wp-content\/uploads\/2025\/10\/88e46199-b287-4cc0-b8c6-abea0db42771-2-300x169.jpg 300w, https:\/\/petrapekna.com\/wp-content\/uploads\/2025\/10\/88e46199-b287-4cc0-b8c6-abea0db42771-2-1024x576.jpg 1024w, https:\/\/petrapekna.com\/wp-content\/uploads\/2025\/10\/88e46199-b287-4cc0-b8c6-abea0db42771-2-1536x864.jpg 1536w, https:\/\/petrapekna.com\/wp-content\/uploads\/2025\/10\/88e46199-b287-4cc0-b8c6-abea0db42771-2-18x10.jpg 18w, https:\/\/petrapekna.com\/wp-content\/uploads\/2025\/10\/88e46199-b287-4cc0-b8c6-abea0db42771-2.jpg 1920w\" sizes=\"(max-width: 768px) 100vw, 768px\" \/><\/div><\/a><div class=\"frymo-listing-content\"><div class=\"frymo-listing-id-wrapper\"><div class=\"frymo-listing-property-id\">ID: 80431<\/div><\/div><h3 class='frymo-listing-title'><a href='https:\/\/petrapekna.com\/en\/immobilie\/exclusive-new-build-penthouse-flats-in-colonia-sant-jordi-just-a-few-steps-from-the-sea\/' aria-label='Exclusive new-build penthouse flats in Colonia Sant Jordi &#8211; just a few steps from the sea'>Exclusive new-build penthouse flats in Colonia Sant Jordi &#8211; just a few steps from the sea<\/a><\/h3><div class=\"frymo-listing-location\"><i class=\"frymo-icon frymo-icon-location-2\"><\/i>Col\u00f2nia de Sant Jordi<\/div><div class=\"frymo-listing-meta\"><span class=\"frymo-listing-meta-item frymo-listing-area \" data-frymo-tooltip=\"Wohnfl\u00e4che ca.\"><i class=\"frymo-icon frymo-icon-flaeche\"><\/i><div class=\"frymo-listing-meta-item-value\">151 m\u00b2<\/div><\/span><span class=\"frymo-listing-meta-item frymo-listing-bedrooms \" data-frymo-tooltip=\"Schlafzimmer\"><i class=\"frymo-icon frymo-icon-betten\"><\/i><div class=\"frymo-listing-meta-item-value\">3<\/div><\/span><span class=\"frymo-listing-meta-item frymo-listing-bathrooms \" data-frymo-tooltip=\"Badezimmer\"><i class=\"frymo-icon frymo-icon-bad\"><\/i><div class=\"frymo-listing-meta-item-value\">3<\/div><\/span><\/div><div class=\"frymo-listing-price\"><span>Purchase Price<\/span> <span class=\"frymo-listing-price-value\">970.000 \u20ac<\/span><\/div><\/div><\/article><article class=\"frymo-listing-item post-id-2146 swiper-slide\"><a class=\"frymo-listing-image\" href=\"https:\/\/petrapekna.com\/en\/immobilie\/exclusivo-atico-de-obra-nueva-en-colonia-sant-jordi-a-un-paso-del-mar\/\" aria-label=\"Exclusivo \u00e1tico de obra nueva en Colonia Sant Jordi a un paso del mar\">                <div class=\"frymo-listing-tool\">\n                    <div class=\"frymo-favorite\" data-post-id=\"2146\">\n                        <svg xmlns=\"http:\/\/www.w3.org\/2000\/svg\" class=\"star-filled\"\n                             width=\"20\" height=\"20\" viewBox=\"0 0 48 48\">\n                            <g class=\"nc-icon-wrapper\">\n                                <path d=\"M24,44a1,1,0,0,1-.73-.316L6.246,25.5A11.493,11.493,0,1,1,24,11.039,11.493,11.493,0,1,1,41.74,25.514L24.73,43.684A1,1,0,0,1,24,44Z\"><\/path>\n                            <\/g>\n                        <\/svg>\n                        <svg xmlns=\"http:\/\/www.w3.org\/2000\/svg\" class=\"star-outline\"\n                             width=\"20\" height=\"20\" viewBox=\"0 0 48 48\">\n                            <g stroke-linecap=\"square\" stroke-width=\"2\" fill=\"none\" stroke=\"currentColor\"\n                               stroke-linejoin=\"miter\" class=\"nc-icon-wrapper\" stroke-miterlimit=\"10\">\n                                <path d=\"M41.108,24.778,24,42.556,6.892,24.778A10.529,10.529,0,1,1,24,12.928a10.529,10.529,0,1,1,17.108,11.85Z\"><\/path>\n                            <\/g>\n                        <\/svg>\n                    <\/div>\n                <\/div>\n\t\t\t<div class=\"frymo-listing-badges\"><\/div><div class=\"frymo-listing-image-wrapper\"><img loading=\"lazy\" decoding=\"async\" width=\"768\" height=\"432\" src=\"https:\/\/petrapekna.com\/wp-content\/uploads\/2025\/10\/88e46199-b287-4cc0-b8c6-abea0db42771-1-768x432.jpg\" class=\"attachment-medium_large size-medium_large wp-post-image\" alt=\"COB809547\" srcset=\"https:\/\/petrapekna.com\/wp-content\/uploads\/2025\/10\/88e46199-b287-4cc0-b8c6-abea0db42771-1-768x432.jpg 768w, https:\/\/petrapekna.com\/wp-content\/uploads\/2025\/10\/88e46199-b287-4cc0-b8c6-abea0db42771-1-300x169.jpg 300w, https:\/\/petrapekna.com\/wp-content\/uploads\/2025\/10\/88e46199-b287-4cc0-b8c6-abea0db42771-1-1024x576.jpg 1024w, https:\/\/petrapekna.com\/wp-content\/uploads\/2025\/10\/88e46199-b287-4cc0-b8c6-abea0db42771-1-1536x864.jpg 1536w, https:\/\/petrapekna.com\/wp-content\/uploads\/2025\/10\/88e46199-b287-4cc0-b8c6-abea0db42771-1-18x10.jpg 18w, https:\/\/petrapekna.com\/wp-content\/uploads\/2025\/10\/88e46199-b287-4cc0-b8c6-abea0db42771-1.jpg 1920w\" sizes=\"(max-width: 768px) 100vw, 768px\" \/><\/div><\/a><div class=\"frymo-listing-content\"><div class=\"frymo-listing-id-wrapper\"><div class=\"frymo-listing-property-id\">ID: 80431<\/div><\/div><h3 class='frymo-listing-title'><a href='https:\/\/petrapekna.com\/en\/immobilie\/exclusivo-atico-de-obra-nueva-en-colonia-sant-jordi-a-un-paso-del-mar\/' aria-label='Exclusivo \u00e1tico de obra nueva en Colonia Sant Jordi a un paso del mar'>Exclusivo \u00e1tico de obra nueva en Colonia Sant Jordi a un paso del mar<\/a><\/h3><div class=\"frymo-listing-location\"><i class=\"frymo-icon frymo-icon-location-2\"><\/i>Col\u00f2nia de Sant Jordi<\/div><div class=\"frymo-listing-meta\"><span class=\"frymo-listing-meta-item frymo-listing-area \" data-frymo-tooltip=\"Wohnfl\u00e4che ca.\"><i class=\"frymo-icon frymo-icon-flaeche\"><\/i><div class=\"frymo-listing-meta-item-value\">151 m\u00b2<\/div><\/span><span class=\"frymo-listing-meta-item frymo-listing-bedrooms \" data-frymo-tooltip=\"Schlafzimmer\"><i class=\"frymo-icon frymo-icon-betten\"><\/i><div class=\"frymo-listing-meta-item-value\">3<\/div><\/span><span class=\"frymo-listing-meta-item frymo-listing-bathrooms \" data-frymo-tooltip=\"Badezimmer\"><i class=\"frymo-icon frymo-icon-bad\"><\/i><div class=\"frymo-listing-meta-item-value\">3<\/div><\/span><\/div><div class=\"frymo-listing-price\"><span>Purchase Price<\/span> <span class=\"frymo-listing-price-value\">970.000 \u20ac<\/span><\/div><\/div><\/article><article class=\"frymo-listing-item post-id-2132 swiper-slide\"><a class=\"frymo-listing-image\" href=\"https:\/\/petrapekna.com\/en\/immobilie\/exklusive-neubau-penthouse-wohnung-in-colonia-sant-jordi-nur-wenige-schritte-vom-meer\/\" aria-label=\"Exklusive Neubau-Penthouse-Wohnung in Colonia Sant Jordi nur wenige Schritte vom Meer\">                <div class=\"frymo-listing-tool\">\n                    <div class=\"frymo-favorite\" data-post-id=\"2132\">\n                        <svg xmlns=\"http:\/\/www.w3.org\/2000\/svg\" class=\"star-filled\"\n                             width=\"20\" height=\"20\" viewBox=\"0 0 48 48\">\n                            <g class=\"nc-icon-wrapper\">\n                                <path d=\"M24,44a1,1,0,0,1-.73-.316L6.246,25.5A11.493,11.493,0,1,1,24,11.039,11.493,11.493,0,1,1,41.74,25.514L24.73,43.684A1,1,0,0,1,24,44Z\"><\/path>\n                            <\/g>\n                        <\/svg>\n                        <svg xmlns=\"http:\/\/www.w3.org\/2000\/svg\" class=\"star-outline\"\n                             width=\"20\" height=\"20\" viewBox=\"0 0 48 48\">\n                            <g stroke-linecap=\"square\" stroke-width=\"2\" fill=\"none\" stroke=\"currentColor\"\n                               stroke-linejoin=\"miter\" class=\"nc-icon-wrapper\" stroke-miterlimit=\"10\">\n                                <path d=\"M41.108,24.778,24,42.556,6.892,24.778A10.529,10.529,0,1,1,24,12.928a10.529,10.529,0,1,1,17.108,11.85Z\"><\/path>\n                            <\/g>\n                        <\/svg>\n                    <\/div>\n                <\/div>\n\t\t\t<div class=\"frymo-listing-badges\"><\/div><div class=\"frymo-listing-image-wrapper\"><img loading=\"lazy\" decoding=\"async\" width=\"768\" height=\"432\" src=\"https:\/\/petrapekna.com\/wp-content\/uploads\/2025\/10\/88e46199-b287-4cc0-b8c6-abea0db42771-768x432.jpg\" class=\"attachment-medium_large size-medium_large wp-post-image\" alt=\"COB809547\" srcset=\"https:\/\/petrapekna.com\/wp-content\/uploads\/2025\/10\/88e46199-b287-4cc0-b8c6-abea0db42771-768x432.jpg 768w, https:\/\/petrapekna.com\/wp-content\/uploads\/2025\/10\/88e46199-b287-4cc0-b8c6-abea0db42771-300x169.jpg 300w, https:\/\/petrapekna.com\/wp-content\/uploads\/2025\/10\/88e46199-b287-4cc0-b8c6-abea0db42771-1024x576.jpg 1024w, https:\/\/petrapekna.com\/wp-content\/uploads\/2025\/10\/88e46199-b287-4cc0-b8c6-abea0db42771-1536x864.jpg 1536w, https:\/\/petrapekna.com\/wp-content\/uploads\/2025\/10\/88e46199-b287-4cc0-b8c6-abea0db42771-18x10.jpg 18w, https:\/\/petrapekna.com\/wp-content\/uploads\/2025\/10\/88e46199-b287-4cc0-b8c6-abea0db42771.jpg 1920w\" sizes=\"(max-width: 768px) 100vw, 768px\" \/><\/div><\/a><div class=\"frymo-listing-content\"><div class=\"frymo-listing-id-wrapper\"><div class=\"frymo-listing-property-id\">ID: 80431<\/div><\/div><h3 class='frymo-listing-title'><a href='https:\/\/petrapekna.com\/en\/immobilie\/exklusive-neubau-penthouse-wohnung-in-colonia-sant-jordi-nur-wenige-schritte-vom-meer\/' aria-label='Exklusive Neubau-Penthouse-Wohnung in Colonia Sant Jordi nur wenige Schritte vom Meer'>Exklusive Neubau-Penthouse-Wohnung in Colonia Sant Jordi nur wenige Schritte vom Meer<\/a><\/h3><div class=\"frymo-listing-location\"><i class=\"frymo-icon frymo-icon-location-2\"><\/i>Col\u00f2nia de Sant Jordi<\/div><div class=\"frymo-listing-meta\"><span class=\"frymo-listing-meta-item frymo-listing-area \" data-frymo-tooltip=\"Wohnfl\u00e4che ca.\"><i class=\"frymo-icon frymo-icon-flaeche\"><\/i><div class=\"frymo-listing-meta-item-value\">151 m\u00b2<\/div><\/span><span class=\"frymo-listing-meta-item frymo-listing-bedrooms \" data-frymo-tooltip=\"Schlafzimmer\"><i class=\"frymo-icon frymo-icon-betten\"><\/i><div class=\"frymo-listing-meta-item-value\">3<\/div><\/span><span class=\"frymo-listing-meta-item frymo-listing-bathrooms \" data-frymo-tooltip=\"Badezimmer\"><i class=\"frymo-icon frymo-icon-bad\"><\/i><div class=\"frymo-listing-meta-item-value\">3<\/div><\/span><\/div><div class=\"frymo-listing-price\"><span>Purchase Price<\/span> <span class=\"frymo-listing-price-value\">970.000 \u20ac<\/span><\/div><\/div><\/article><\/div><\/div><div class=\"button-prev elementor-icon\"><svg aria-hidden=\"true\" class=\"e-font-icon-svg e-fas-chevron-left\" viewBox=\"0 0 320 512\" xmlns=\"http:\/\/www.w3.org\/2000\/svg\"><path d=\"M34.52 239.03L228.87 44.69c9.37-9.37 24.57-9.37 33.94 0l22.67 22.67c9.36 9.36 9.37 24.52.04 33.9L131.49 256l154.02 154.75c9.34 9.38 9.32 24.54-.04 33.9l-22.67 22.67c-9.37 9.37-24.57 9.37-33.94 0L34.52 272.97c-9.37-9.37-9.37-24.57 0-33.94z\"><\/path><\/svg><\/div><div class=\"button-next elementor-icon\"><svg aria-hidden=\"true\" class=\"e-font-icon-svg e-fas-chevron-right\" viewBox=\"0 0 320 512\" xmlns=\"http:\/\/www.w3.org\/2000\/svg\"><path d=\"M285.476 272.971L91.132 467.314c-9.373 9.373-24.569 9.373-33.941 0l-22.667-22.667c-9.357-9.357-9.375-24.522-.04-33.901L188.505 256 34.484 101.255c-9.335-9.379-9.317-24.544.04-33.901l22.667-22.667c9.373-9.373 24.569-9.373 33.941 0L285.475 239.03c9.373 9.372 9.373 24.568.001 33.941z\"><\/path><\/svg><\/div>\t\t\t\t<\/div>\n\t\t\t\t<\/div>\n\t\t\t\t<div class=\"elementor-element elementor-element-10bfa76 elementor-align-center elementor-mobile-align-center elementor-widget elementor-widget-button\" data-id=\"10bfa76\" data-element_type=\"widget\" data-e-type=\"widget\" data-widget_type=\"button.default\">\n\t\t\t\t<div class=\"elementor-widget-container\">\n\t\t\t\t\t\t\t\t\t<div class=\"elementor-button-wrapper\">\n\t\t\t\t\t<a class=\"elementor-button elementor-button-link elementor-size-sm\" href=\"https:\/\/petrapekna.com\/immobilien\/\">\n\t\t\t\t\t\t<span class=\"elementor-button-content-wrapper\">\n\t\t\t\t\t\t\t\t\t<span class=\"elementor-button-text\">Jetzt alle Immobilien ansehen<\/span>\n\t\t\t\t\t<\/span>\n\t\t\t\t\t<\/a>\n\t\t\t\t<\/div>\n\t\t\t\t\t\t\t\t<\/div>\n\t\t\t\t<\/div>\n\t\t\t\t\t<\/div>\n\t\t\t\t<\/div>\n\t\t<div class=\"elementor-element elementor-element-53a121ad e-con-full e-flex e-con e-parent\" data-id=\"53a121ad\" data-element_type=\"container\" data-e-type=\"container\">\n\t\t<div class=\"elementor-element elementor-element-11c3e419 e-con-full e-flex e-con e-child\" data-id=\"11c3e419\" data-element_type=\"container\" data-e-type=\"container\">\n\t\t\t\t<div class=\"elementor-element elementor-element-952f618 elementor-widget elementor-widget-image\" data-id=\"952f618\" data-element_type=\"widget\" data-e-type=\"widget\" data-widget_type=\"image.default\">\n\t\t\t\t<div class=\"elementor-widget-container\">\n\t\t\t\t\t\t\t\t\t\t\t\t\t\t\t<img loading=\"lazy\" decoding=\"async\" width=\"1707\" height=\"1527\" src=\"https:\/\/petrapekna.com\/wp-content\/uploads\/2025\/07\/616fda19-2b09-4817-a808-fe91fd3b892f-scaled-e1760352951838.jpg\" class=\"attachment-full size-full wp-image-647\" alt=\"Immobilien Petra Pekna\" srcset=\"https:\/\/petrapekna.com\/wp-content\/uploads\/2025\/07\/616fda19-2b09-4817-a808-fe91fd3b892f-scaled-e1760352951838.jpg 1707w, https:\/\/petrapekna.com\/wp-content\/uploads\/2025\/07\/616fda19-2b09-4817-a808-fe91fd3b892f-scaled-e1760352951838-300x268.jpg 300w, https:\/\/petrapekna.com\/wp-content\/uploads\/2025\/07\/616fda19-2b09-4817-a808-fe91fd3b892f-scaled-e1760352951838-1024x916.jpg 1024w, https:\/\/petrapekna.com\/wp-content\/uploads\/2025\/07\/616fda19-2b09-4817-a808-fe91fd3b892f-scaled-e1760352951838-768x687.jpg 768w, https:\/\/petrapekna.com\/wp-content\/uploads\/2025\/07\/616fda19-2b09-4817-a808-fe91fd3b892f-scaled-e1760352951838-1536x1374.jpg 1536w, https:\/\/petrapekna.com\/wp-content\/uploads\/2025\/07\/616fda19-2b09-4817-a808-fe91fd3b892f-scaled-e1760352951838-13x12.jpg 13w\" sizes=\"(max-width: 1707px) 100vw, 1707px\" \/>\t\t\t\t\t\t\t\t\t\t\t\t\t\t\t<\/div>\n\t\t\t\t<\/div>\n\t\t\t\t<\/div>\n\t\t<div class=\"elementor-element elementor-element-661f775 e-con-full e-flex e-con e-child\" data-id=\"661f775\" data-element_type=\"container\" data-e-type=\"container\" data-settings=\"{&quot;background_background&quot;:&quot;classic&quot;}\">\n\t\t\t\t<div class=\"elementor-element elementor-element-46d13521 elementor-invisible elementor-widget elementor-widget-heading\" data-id=\"46d13521\" data-element_type=\"widget\" data-e-type=\"widget\" data-settings=\"{&quot;_animation&quot;:&quot;fadeInLeft&quot;}\" data-widget_type=\"heading.default\">\n\t\t\t\t<div class=\"elementor-widget-container\">\n\t\t\t\t\t<h5 class=\"elementor-heading-title elementor-size-default\">\/ Kundenstimmen\n\n\n\n\n\n\n\n<\/h5>\t\t\t\t<\/div>\n\t\t\t\t<\/div>\n\t\t\t\t<div class=\"elementor-element elementor-element-490c1e27 elementor-widget elementor-widget-heading\" data-id=\"490c1e27\" data-element_type=\"widget\" data-e-type=\"widget\" data-widget_type=\"heading.default\">\n\t\t\t\t<div class=\"elementor-widget-container\">\n\t\t\t\t\t<h3 class=\"elementor-heading-title elementor-size-default\"><!-- x-tinymce\/html --><span style=\"color: inherit;font-family: inherit;font-size: 1.75rem;font-weight: 500;font-style: oblique\">Das sagen unsere Kunden \u00fcber uns<\/span><\/h3>\t\t\t\t<\/div>\n\t\t\t\t<\/div>\n\t\t\t\t<div class=\"elementor-element elementor-element-2074f993 elementor-widget elementor-widget-text-editor\" data-id=\"2074f993\" data-element_type=\"widget\" data-e-type=\"widget\" data-widget_type=\"text-editor.default\">\n\t\t\t\t<div class=\"elementor-widget-container\">\n\t\t\t\t\t\t\t\t\t<p data-start=\"3389\" data-end=\"3489\">Zufriedene Kunden sind die beste Empfehlung. Lesen Sie, warum Menschen uns ihr Vertrauen schenken:<\/p>\t\t\t\t\t\t\t\t<\/div>\n\t\t\t\t<\/div>\n\t\t\t\t<div class=\"elementor-element elementor-element-a209bf1 elementor-widget elementor-widget-html\" data-id=\"a209bf1\" data-element_type=\"widget\" data-e-type=\"widget\" data-widget_type=\"html.default\">\n\t\t\t\t<div class=\"elementor-widget-container\">\n\t\t\t\t\t<!-- Elfsight Google Reviews | Petra Pekna - Google -->\n<script src=\"https:\/\/elfsightcdn.com\/platform.js\" async><\/script>\n<div class=\"elfsight-app-4ea8bb94-7443-41f4-bc4b-b9eb4f125d6d\" data-elfsight-app-lazy><\/div>\t\t\t\t<\/div>\n\t\t\t\t<\/div>\n\t\t\t\t<div class=\"elementor-element elementor-element-7a077cf elementor-widget elementor-widget-text-editor\" data-id=\"7a077cf\" data-element_type=\"widget\" data-e-type=\"widget\" data-widget_type=\"text-editor.default\">\n\t\t\t\t<div class=\"elementor-widget-container\">\n\t\t\t\t\t\t\t\t\t<p>Hinweis zur Echtheit von Bewertungen:<br \/>Die hier ver\u00f6ffentlichten Bewertungen stammen von Personen, die unsere Dienstleistungen auf Portalen von Dritten bewertet haben. Eine Pr\u00fcfung der Echtheit kann derzeit nicht sicher gestellt werden, da die bewertenden Personen teilweise unter Synonymen diese auf den Seiten von Dritten hinterlassen.<\/p>\t\t\t\t\t\t\t\t<\/div>\n\t\t\t\t<\/div>\n\t\t\t\t<\/div>\n\t\t\t\t<\/div>\n\t\t<div class=\"elementor-element elementor-element-3ec3930 e-flex e-con-boxed e-con e-parent\" data-id=\"3ec3930\" data-element_type=\"container\" data-e-type=\"container\">\n\t\t\t\t\t<div class=\"e-con-inner\">\n\t\t\t\t<div class=\"elementor-element elementor-element-0d86cb3 elementor-widget elementor-widget-spacer\" data-id=\"0d86cb3\" data-element_type=\"widget\" data-e-type=\"widget\" data-widget_type=\"spacer.default\">\n\t\t\t\t<div class=\"elementor-widget-container\">\n\t\t\t\t\t\t\t<div class=\"elementor-spacer\">\n\t\t\t<div class=\"elementor-spacer-inner\"><\/div>\n\t\t<\/div>\n\t\t\t\t\t\t<\/div>\n\t\t\t\t<\/div>\n\t\t\t\t\t<\/div>\n\t\t\t\t<\/div>\n\t\t<div class=\"elementor-element elementor-element-4d3f6ba e-flex e-con-boxed e-con e-parent\" data-id=\"4d3f6ba\" data-element_type=\"container\" data-e-type=\"container\">\n\t\t\t\t\t<div class=\"e-con-inner\">\n\t\t\t\t<div class=\"elementor-element elementor-element-630ca90 elementor-widget elementor-widget-heading\" data-id=\"630ca90\" data-element_type=\"widget\" data-e-type=\"widget\" data-widget_type=\"heading.default\">\n\t\t\t\t<div class=\"elementor-widget-container\">\n\t\t\t\t\t<h2 class=\"elementor-heading-title elementor-size-default\">Petra Pekna Immobilien in Col\u00f2nia de Sant Jordi \u2013 Leicht zu erreichen!<\/h2>\t\t\t\t<\/div>\n\t\t\t\t<\/div>\n\t\t\t\t\t<\/div>\n\t\t\t\t<\/div>\n\t\t<div class=\"elementor-element elementor-element-c195e9a e-flex e-con-boxed e-con e-parent\" data-id=\"c195e9a\" data-element_type=\"container\" data-e-type=\"container\">\n\t\t\t\t\t<div class=\"e-con-inner\">\n\t\t<div class=\"elementor-element elementor-element-f3a3282 e-con-full e-flex e-con e-child\" data-id=\"f3a3282\" data-element_type=\"container\" data-e-type=\"container\">\n\t\t\t\t<div class=\"elementor-element elementor-element-6307211 elementor-widget elementor-widget-text-editor\" data-id=\"6307211\" data-element_type=\"widget\" data-e-type=\"widget\" data-widget_type=\"text-editor.default\">\n\t\t\t\t<div class=\"elementor-widget-container\">\n\t\t\t\t\t\t\t\t\t<p data-start=\"252\" data-end=\"605\"><strong data-start=\"252\" data-end=\"269\">Mit dem Auto:<\/strong><br data-start=\"269\" data-end=\"272\" \/>Von Col\u00f2nia de Sant Jordi erreichen Sie das B\u00fcro von Petra Pekna Real Estate in der Carrer Verge del Carme 52, 07659 Cala Figuera, in etwa 30 bis 35 Minuten. Die Strecke f\u00fchrt \u00fcberwiegend \u00fcber gut ausgebaute Landstra\u00dfen in Richtung Santany\u00ed und anschlie\u00dfend weiter nach Cala Figuera. Die Fahrzeit kann je nach Verkehrslage variieren.<\/p><p data-start=\"607\" data-end=\"1004\"><strong data-start=\"607\" data-end=\"644\">Mit \u00f6ffentlichen Verkehrsmitteln:<\/strong><br data-start=\"644\" data-end=\"647\" \/>Die Fahrt dauert je nach Verbindung rund 60 bis 70 Minuten. Von Col\u00f2nia de Sant Jordi aus gehen Sie zun\u00e4chst zur n\u00e4chstgelegenen Bushaltestelle, fahren mit dem Bus in Richtung Santany\u00ed und steigen dort in eine Verbindung nach Cala Figuera um. Die letzten Minuten bis zum B\u00fcro legen Sie zu Fu\u00df zur\u00fcck. Fahrzeiten und Verbindungen variieren je nach Tageszeit.<\/p><p data-start=\"1006\" data-end=\"1118\"><strong data-start=\"1006\" data-end=\"1044\">Adresse f\u00fcr das Navigationssystem:<\/strong><br data-start=\"1044\" data-end=\"1047\" \/>Carrer Verge del Carme 52<br data-start=\"1072\" data-end=\"1075\" \/>07659 Cala Figuera<br data-start=\"1093\" data-end=\"1096\" \/>Illes Balears, Spanien<\/p><p data-start=\"1120\" data-end=\"1291\"><strong data-start=\"1120\" data-end=\"1139\">\u00d6ffnungszeiten:<\/strong><br data-start=\"1139\" data-end=\"1142\" \/>Montag: 09:00\u201317:00<br data-start=\"1161\" data-end=\"1164\" \/>Dienstag: Geschlossen<br data-start=\"1185\" data-end=\"1188\" \/>Mittwoch: 09:00\u201317:00<br data-start=\"1209\" data-end=\"1212\" \/>Donnerstag: 09:00\u201317:00<br data-start=\"1235\" data-end=\"1238\" \/>Freitag: 09:00\u201317:00<br data-start=\"1258\" data-end=\"1261\" \/>Samstag &amp; Sonntag: Geschlossen<\/p><p data-start=\"1293\" data-end=\"1419\">Petra Pekna Real Estate \u2013 Ihr zuverl\u00e4ssiger Ansprechpartner f\u00fcr Immobilien in Col\u00f2nia de Sant Jordi und im S\u00fcdosten Mallorcas.<\/p>\t\t\t\t\t\t\t\t<\/div>\n\t\t\t\t<\/div>\n\t\t\t\t<\/div>\n\t\t<div class=\"elementor-element elementor-element-cb1540d e-con-full e-flex e-con e-child\" data-id=\"cb1540d\" data-element_type=\"container\" data-e-type=\"container\">\n\t\t\t\t<div class=\"elementor-element elementor-element-4688f8f elementor-widget elementor-widget-html\" data-id=\"4688f8f\" data-element_type=\"widget\" data-e-type=\"widget\" data-widget_type=\"html.default\">\n\t\t\t\t<div class=\"elementor-widget-container\">\n\t\t\t\t\t<iframe src=\"https:\/\/www.google.com\/maps\/embed?pb=!1m28!1m12!1m3!1d98698.69136420499!2d2.9996585362173347!3d39.37131379328232!2m3!1f0!2f0!3f0!3m2!1i1024!2i768!4f13.1!4m13!3e0!4m5!1s0x1297a9a1451c4117%3A0x61f287259733b60e!2sCol%C3%B2nia%20de%20Sant%20Jordi%2C%2007638%2C%20Balearen%2C%20Spanien!3m2!1d39.3171466!2d2.9936716!4m5!1s0x129654250a9c795b%3A0x1ae827128c980550!2sPetra%20Pekna%20Real%20Estate%20%7C%20Immobilienmakler%20Santany%C3%AD%2C%20Carrer%20Verge%20del%20Carme%2C%2052%2C%2007659%20Cala%20Figuera%2C%20Balearic%20Islands%2C%20Spanien!3m2!1d39.3308646!2d3.170417!5e0!3m2!1sde!2sde!4v1770067862062!5m2!1sde!2sde\" width=\"600\" height=\"700\" style=\"border:0;\" allowfullscreen=\"\" loading=\"lazy\" referrerpolicy=\"no-referrer-when-downgrade\"><\/iframe>\t\t\t\t<\/div>\n\t\t\t\t<\/div>\n\t\t\t\t<\/div>\n\t\t\t\t\t<\/div>\n\t\t\t\t<\/div>\n\t\t<div class=\"elementor-element elementor-element-5d7ec39 e-flex e-con-boxed e-con e-parent\" data-id=\"5d7ec39\" data-element_type=\"container\" data-e-type=\"container\">\n\t\t\t\t\t<div class=\"e-con-inner\">\n\t\t\t\t<div class=\"elementor-element elementor-element-00fd96b elementor-widget elementor-widget-spacer\" data-id=\"00fd96b\" data-element_type=\"widget\" data-e-type=\"widget\" data-widget_type=\"spacer.default\">\n\t\t\t\t<div class=\"elementor-widget-container\">\n\t\t\t\t\t\t\t<div class=\"elementor-spacer\">\n\t\t\t<div class=\"elementor-spacer-inner\"><\/div>\n\t\t<\/div>\n\t\t\t\t\t\t<\/div>\n\t\t\t\t<\/div>\n\t\t\t\t\t<\/div>\n\t\t\t\t<\/div>\n\t\t<div class=\"elementor-element elementor-element-a3a0ae0 e-flex e-con-boxed e-con e-parent\" data-id=\"a3a0ae0\" data-element_type=\"container\" data-e-type=\"container\">\n\t\t\t\t\t<div class=\"e-con-inner\">\n\t\t\t\t<div class=\"elementor-element elementor-element-7012603 elementor-widget elementor-widget-heading\" data-id=\"7012603\" data-element_type=\"widget\" data-e-type=\"widget\" data-widget_type=\"heading.default\">\n\t\t\t\t<div class=\"elementor-widget-container\">\n\t\t\t\t\t<h2 class=\"elementor-heading-title elementor-size-default\">Diese Fragen rund um das Thema Haus kaufen in Col\u00f2nia de Sant Jordi stellen unsere Kunden uns h\u00e4ufig:<\/h2>\t\t\t\t<\/div>\n\t\t\t\t<\/div>\n\t\t\t\t\t<\/div>\n\t\t\t\t<\/div>\n\t\t<div class=\"elementor-element elementor-element-89036e7 e-flex e-con-boxed e-con e-parent\" data-id=\"89036e7\" data-element_type=\"container\" data-e-type=\"container\">\n\t\t\t\t\t<div class=\"e-con-inner\">\n\t\t\t\t<div class=\"elementor-element elementor-element-7424933 elementor-widget elementor-widget-n-accordion\" data-id=\"7424933\" data-element_type=\"widget\" data-e-type=\"widget\" data-settings=\"{&quot;default_state&quot;:&quot;expanded&quot;,&quot;max_items_expended&quot;:&quot;one&quot;,&quot;n_accordion_animation_duration&quot;:{&quot;unit&quot;:&quot;ms&quot;,&quot;size&quot;:400,&quot;sizes&quot;:[]}}\" data-widget_type=\"nested-accordion.default\">\n\t\t\t\t<div class=\"elementor-widget-container\">\n\t\t\t\t\t\t\t<div class=\"e-n-accordion\" aria-label=\"Accordion. Open links with Enter or Space, close with Escape, and navigate with Arrow Keys\">\n\t\t\t\t\t\t<details id=\"e-n-accordion-item-1210\" class=\"e-n-accordion-item\" open>\n\t\t\t\t<summary class=\"e-n-accordion-item-title\" data-accordion-index=\"1\" tabindex=\"0\" aria-expanded=\"true\" aria-controls=\"e-n-accordion-item-1210\" >\n\t\t\t\t\t<span class='e-n-accordion-item-title-header'><h3 class=\"e-n-accordion-item-title-text\"> Ist es sinnvoll, ein Haus in Col\u00f2nia de Sant Jordi zu kaufen? <\/h3><\/span>\n\t\t\t\t\t\t\t<span class='e-n-accordion-item-title-icon'>\n\t\t\t<span class='e-opened' ><svg aria-hidden=\"true\" class=\"e-font-icon-svg e-fas-minus\" viewBox=\"0 0 448 512\" xmlns=\"http:\/\/www.w3.org\/2000\/svg\"><path d=\"M416 208H32c-17.67 0-32 14.33-32 32v32c0 17.67 14.33 32 32 32h384c17.67 0 32-14.33 32-32v-32c0-17.67-14.33-32-32-32z\"><\/path><\/svg><\/span>\n\t\t\t<span class='e-closed'><svg aria-hidden=\"true\" class=\"e-font-icon-svg e-fas-plus\" viewBox=\"0 0 448 512\" xmlns=\"http:\/\/www.w3.org\/2000\/svg\"><path d=\"M416 208H272V64c0-17.67-14.33-32-32-32h-32c-17.67 0-32 14.33-32 32v144H32c-17.67 0-32 14.33-32 32v32c0 17.67 14.33 32 32 32h144v144c0 17.67 14.33 32 32 32h32c17.67 0 32-14.33 32-32V304h144c17.67 0 32-14.33 32-32v-32c0-17.67-14.33-32-32-32z\"><\/path><\/svg><\/span>\n\t\t<\/span>\n\n\t\t\t\t\t\t<\/summary>\n\t\t\t\t<div role=\"region\" aria-labelledby=\"e-n-accordion-item-1210\" class=\"elementor-element elementor-element-9cbe65d e-con-full e-flex e-con e-child\" data-id=\"9cbe65d\" data-element_type=\"container\" data-e-type=\"container\">\n\t\t<div role=\"region\" aria-labelledby=\"e-n-accordion-item-1210\" class=\"elementor-element elementor-element-b469771 e-flex e-con-boxed e-con e-child\" data-id=\"b469771\" data-element_type=\"container\" data-e-type=\"container\">\n\t\t\t\t\t<div class=\"e-con-inner\">\n\t\t\t\t<div class=\"elementor-element elementor-element-4c92e51 elementor-widget elementor-widget-text-editor\" data-id=\"4c92e51\" data-element_type=\"widget\" data-e-type=\"widget\" data-widget_type=\"text-editor.default\">\n\t\t\t\t<div class=\"elementor-widget-container\">\n\t\t\t\t\t\t\t\t\t<div class=\"flex flex-col text-sm pb-25\"><article class=\"text-token-text-primary w-full focus:outline-none [--shadow-height:45px] has-data-writing-block:pointer-events-none has-data-writing-block:-mt-(--shadow-height) has-data-writing-block:pt-(--shadow-height) [&amp;:has([data-writing-block])&gt;*]:pointer-events-auto scroll-mt-[calc(var(--header-height)+min(200px,max(70px,20svh)))]\" dir=\"auto\" tabindex=\"-1\" data-turn-id=\"edc32a38-27d4-4dd4-92e9-4e31c424748f\" data-testid=\"conversation-turn-242\" data-scroll-anchor=\"true\" data-turn=\"assistant\"><div class=\"text-base my-auto mx-auto pb-10 [--thread-content-margin:--spacing(4)] @w-sm\/main:[--thread-content-margin:--spacing(6)] @w-lg\/main:[--thread-content-margin:--spacing(16)] px-(--thread-content-margin)\"><div class=\"[--thread-content-max-width:40rem] @w-lg\/main:[--thread-content-max-width:48rem] mx-auto max-w-(--thread-content-max-width) flex-1 group\/turn-messages focus-visible:outline-hidden relative flex w-full min-w-0 flex-col agent-turn\" tabindex=\"-1\"><div class=\"flex max-w-full flex-col grow\"><div class=\"min-h-8 text-message relative flex w-full flex-col items-end gap-2 text-start break-words whitespace-normal [.text-message+&amp;]:mt-1\" dir=\"auto\" data-message-author-role=\"assistant\" data-message-id=\"eea3085c-5c88-491f-90da-2273b87e9a1a\" data-message-model-slug=\"gpt-5-2\"><div class=\"flex w-full flex-col gap-1 empty:hidden first:pt-[1px]\"><div class=\"markdown prose dark:prose-invert w-full wrap-break-word light markdown-new-styling\"><p data-start=\"126\" data-end=\"599\" data-is-last-node=\"\" data-is-only-node=\"\">Ja, ein Hauskauf in Col\u00f2nia de Sant Jordi ist f\u00fcr viele K\u00e4ufer eine langfristig attraktive Entscheidung. Der K\u00fcstenort im S\u00fcden Mallorcas \u00fcberzeugt durch seine authentische Atmosph\u00e4re, eine hohe Lebensqualit\u00e4t und ein ausgew\u00e4hltes Immobilienangebot in ruhiger Lage. Ob charmantes Haus in Strandn\u00e4he, modernes Wohnhaus oder hochwertige Villa \u2013 in Col\u00f2nia de Sant Jordi finden viele Interessenten ihre pers\u00f6nliche Wunschimmobilie in einer der begehrtesten Regionen der Insel.<\/p><\/div><\/div><\/div><\/div><\/div><\/div><\/article><\/div>\t\t\t\t\t\t\t\t<\/div>\n\t\t\t\t<\/div>\n\t\t\t\t\t<\/div>\n\t\t\t\t<\/div>\n\t\t\t\t<\/div>\n\t\t\t\t\t<\/details>\n\t\t\t\t\t\t<details id=\"e-n-accordion-item-1211\" class=\"e-n-accordion-item\" >\n\t\t\t\t<summary class=\"e-n-accordion-item-title\" data-accordion-index=\"2\" tabindex=\"-1\" aria-expanded=\"false\" aria-controls=\"e-n-accordion-item-1211\" >\n\t\t\t\t\t<span class='e-n-accordion-item-title-header'><h3 class=\"e-n-accordion-item-title-text\"> Wann ist der beste Zeitpunkt, um ein Haus in Col\u00f2nia de Sant Jordi zu kaufen? <\/h3><\/span>\n\t\t\t\t\t\t\t<span class='e-n-accordion-item-title-icon'>\n\t\t\t<span class='e-opened' ><svg aria-hidden=\"true\" class=\"e-font-icon-svg e-fas-minus\" viewBox=\"0 0 448 512\" xmlns=\"http:\/\/www.w3.org\/2000\/svg\"><path d=\"M416 208H32c-17.67 0-32 14.33-32 32v32c0 17.67 14.33 32 32 32h384c17.67 0 32-14.33 32-32v-32c0-17.67-14.33-32-32-32z\"><\/path><\/svg><\/span>\n\t\t\t<span class='e-closed'><svg aria-hidden=\"true\" class=\"e-font-icon-svg e-fas-plus\" viewBox=\"0 0 448 512\" xmlns=\"http:\/\/www.w3.org\/2000\/svg\"><path d=\"M416 208H272V64c0-17.67-14.33-32-32-32h-32c-17.67 0-32 14.33-32 32v144H32c-17.67 0-32 14.33-32 32v32c0 17.67 14.33 32 32 32h144v144c0 17.67 14.33 32 32 32h32c17.67 0 32-14.33 32-32V304h144c17.67 0 32-14.33 32-32v-32c0-17.67-14.33-32-32-32z\"><\/path><\/svg><\/span>\n\t\t<\/span>\n\n\t\t\t\t\t\t<\/summary>\n\t\t\t\t<div role=\"region\" aria-labelledby=\"e-n-accordion-item-1211\" class=\"elementor-element elementor-element-6d132b0 e-con-full e-flex e-con e-child\" data-id=\"6d132b0\" data-element_type=\"container\" data-e-type=\"container\">\n\t\t<div role=\"region\" aria-labelledby=\"e-n-accordion-item-1211\" class=\"elementor-element elementor-element-0b8867d e-flex e-con-boxed e-con e-child\" data-id=\"0b8867d\" data-element_type=\"container\" data-e-type=\"container\">\n\t\t\t\t\t<div class=\"e-con-inner\">\n\t\t\t\t<div class=\"elementor-element elementor-element-7b1cca7 elementor-widget elementor-widget-text-editor\" data-id=\"7b1cca7\" data-element_type=\"widget\" data-e-type=\"widget\" data-widget_type=\"text-editor.default\">\n\t\t\t\t<div class=\"elementor-widget-container\">\n\t\t\t\t\t\t\t\t\t<p>Ein Hauskauf in Col\u00f2nia de Sant Jordi ist grunds\u00e4tzlich ganzj\u00e4hrig m\u00f6glich. Besonders im Fr\u00fchling und Herbst gelangen regelm\u00e4\u00dfig neue Immobilienangebote auf den Markt. Entscheidend ist jedoch weniger der Zeitpunkt als vielmehr, dass Lage, Preis und Objektart Ihren pers\u00f6nlichen Vorstellungen und langfristigen Zielen entsprechen.<\/p>\t\t\t\t\t\t\t\t<\/div>\n\t\t\t\t<\/div>\n\t\t\t\t\t<\/div>\n\t\t\t\t<\/div>\n\t\t\t\t<\/div>\n\t\t\t\t\t<\/details>\n\t\t\t\t\t\t<details id=\"e-n-accordion-item-1212\" class=\"e-n-accordion-item\" >\n\t\t\t\t<summary class=\"e-n-accordion-item-title\" data-accordion-index=\"3\" tabindex=\"-1\" aria-expanded=\"false\" aria-controls=\"e-n-accordion-item-1212\" >\n\t\t\t\t\t<span class='e-n-accordion-item-title-header'><h3 class=\"e-n-accordion-item-title-text\"> Was muss ich beachten, wenn ich ein Haus in Col\u00f2nia de Sant Jordi kaufen m\u00f6chte? <\/h3><\/span>\n\t\t\t\t\t\t\t<span class='e-n-accordion-item-title-icon'>\n\t\t\t<span class='e-opened' ><svg aria-hidden=\"true\" class=\"e-font-icon-svg e-fas-minus\" viewBox=\"0 0 448 512\" xmlns=\"http:\/\/www.w3.org\/2000\/svg\"><path d=\"M416 208H32c-17.67 0-32 14.33-32 32v32c0 17.67 14.33 32 32 32h384c17.67 0 32-14.33 32-32v-32c0-17.67-14.33-32-32-32z\"><\/path><\/svg><\/span>\n\t\t\t<span class='e-closed'><svg aria-hidden=\"true\" class=\"e-font-icon-svg e-fas-plus\" viewBox=\"0 0 448 512\" xmlns=\"http:\/\/www.w3.org\/2000\/svg\"><path d=\"M416 208H272V64c0-17.67-14.33-32-32-32h-32c-17.67 0-32 14.33-32 32v144H32c-17.67 0-32 14.33-32 32v32c0 17.67 14.33 32 32 32h144v144c0 17.67 14.33 32 32 32h32c17.67 0 32-14.33 32-32V304h144c17.67 0 32-14.33 32-32v-32c0-17.67-14.33-32-32-32z\"><\/path><\/svg><\/span>\n\t\t<\/span>\n\n\t\t\t\t\t\t<\/summary>\n\t\t\t\t<div role=\"region\" aria-labelledby=\"e-n-accordion-item-1212\" class=\"elementor-element elementor-element-279c6ba e-con-full e-flex e-con e-child\" data-id=\"279c6ba\" data-element_type=\"container\" data-e-type=\"container\">\n\t\t<div role=\"region\" aria-labelledby=\"e-n-accordion-item-1212\" class=\"elementor-element elementor-element-a4174ae e-flex e-con-boxed e-con e-child\" data-id=\"a4174ae\" data-element_type=\"container\" data-e-type=\"container\">\n\t\t\t\t\t<div class=\"e-con-inner\">\n\t\t\t\t<div class=\"elementor-element elementor-element-b9d78a7 elementor-widget elementor-widget-text-editor\" data-id=\"b9d78a7\" data-element_type=\"widget\" data-e-type=\"widget\" data-widget_type=\"text-editor.default\">\n\t\t\t\t<div class=\"elementor-widget-container\">\n\t\t\t\t\t\t\t\t\t<p data-start=\"141\" data-end=\"156\">Beim Hauskauf in Col\u00f2nia de Sant Jordi sollten rechtliche, bauliche und finanzielle Aspekte sorgf\u00e4ltig gepr\u00fcft werden. Dazu z\u00e4hlen klare Eigentumsverh\u00e4ltnisse, bestehende Genehmigungen, der Energieausweis sowie m\u00f6gliche Belastungen der Immobilie. Eine professionelle Begleitung sorgt w\u00e4hrend des gesamten Kaufprozesses f\u00fcr Sicherheit und Transparenz.<\/p>\t\t\t\t\t\t\t\t<\/div>\n\t\t\t\t<\/div>\n\t\t\t\t\t<\/div>\n\t\t\t\t<\/div>\n\t\t\t\t<\/div>\n\t\t\t\t\t<\/details>\n\t\t\t\t\t\t<details id=\"e-n-accordion-item-1213\" class=\"e-n-accordion-item\" >\n\t\t\t\t<summary class=\"e-n-accordion-item-title\" data-accordion-index=\"4\" tabindex=\"-1\" aria-expanded=\"false\" aria-controls=\"e-n-accordion-item-1213\" >\n\t\t\t\t\t<span class='e-n-accordion-item-title-header'><h3 class=\"e-n-accordion-item-title-text\"> Welche Kosten entstehen beim Hauskauf auf Mallorca? <\/h3><\/span>\n\t\t\t\t\t\t\t<span class='e-n-accordion-item-title-icon'>\n\t\t\t<span class='e-opened' ><svg aria-hidden=\"true\" class=\"e-font-icon-svg e-fas-minus\" viewBox=\"0 0 448 512\" xmlns=\"http:\/\/www.w3.org\/2000\/svg\"><path d=\"M416 208H32c-17.67 0-32 14.33-32 32v32c0 17.67 14.33 32 32 32h384c17.67 0 32-14.33 32-32v-32c0-17.67-14.33-32-32-32z\"><\/path><\/svg><\/span>\n\t\t\t<span class='e-closed'><svg aria-hidden=\"true\" class=\"e-font-icon-svg e-fas-plus\" viewBox=\"0 0 448 512\" xmlns=\"http:\/\/www.w3.org\/2000\/svg\"><path d=\"M416 208H272V64c0-17.67-14.33-32-32-32h-32c-17.67 0-32 14.33-32 32v144H32c-17.67 0-32 14.33-32 32v32c0 17.67 14.33 32 32 32h144v144c0 17.67 14.33 32 32 32h32c17.67 0 32-14.33 32-32V304h144c17.67 0 32-14.33 32-32v-32c0-17.67-14.33-32-32-32z\"><\/path><\/svg><\/span>\n\t\t<\/span>\n\n\t\t\t\t\t\t<\/summary>\n\t\t\t\t<div role=\"region\" aria-labelledby=\"e-n-accordion-item-1213\" class=\"elementor-element elementor-element-e3d9d6f e-flex e-con-boxed e-con e-child\" data-id=\"e3d9d6f\" data-element_type=\"container\" data-e-type=\"container\">\n\t\t\t\t\t<div class=\"e-con-inner\">\n\t\t<div role=\"region\" aria-labelledby=\"e-n-accordion-item-1213\" class=\"elementor-element elementor-element-84428dd e-con-full e-flex e-con e-child\" data-id=\"84428dd\" data-element_type=\"container\" data-e-type=\"container\">\n\t\t\t\t<div class=\"elementor-element elementor-element-aa91bab elementor-widget elementor-widget-text-editor\" data-id=\"aa91bab\" data-element_type=\"widget\" data-e-type=\"widget\" data-widget_type=\"text-editor.default\">\n\t\t\t\t<div class=\"elementor-widget-container\">\n\t\t\t\t\t\t\t\t\t<p data-start=\"75\" data-end=\"117\">Neben dem eigentlichen Kaufpreis fallen beim Immobilienerwerb in Col\u00f2nia de Sant Jordi zus\u00e4tzliche Kosten an, etwa f\u00fcr Steuern, Notar- und Grundbuchgeb\u00fchren. Diese Nebenkosten sollten fr\u00fchzeitig ber\u00fccksichtigt werden, um eine realistische und sichere Budgetplanung zu erm\u00f6glichen.<\/p>\t\t\t\t\t\t\t\t<\/div>\n\t\t\t\t<\/div>\n\t\t\t\t<\/div>\n\t\t\t\t\t<\/div>\n\t\t\t\t<\/div>\n\t\t\t\t\t<\/details>\n\t\t\t\t\t\t<details id=\"e-n-accordion-item-1214\" class=\"e-n-accordion-item\" >\n\t\t\t\t<summary class=\"e-n-accordion-item-title\" data-accordion-index=\"5\" tabindex=\"-1\" aria-expanded=\"false\" aria-controls=\"e-n-accordion-item-1214\" >\n\t\t\t\t\t<span class='e-n-accordion-item-title-header'><h3 class=\"e-n-accordion-item-title-text\"> Kann ich ein Haus in Col\u00f2nia de Sant Jordi ohne Makler kaufen? <\/h3><\/span>\n\t\t\t\t\t\t\t<span class='e-n-accordion-item-title-icon'>\n\t\t\t<span class='e-opened' ><svg aria-hidden=\"true\" class=\"e-font-icon-svg e-fas-minus\" viewBox=\"0 0 448 512\" xmlns=\"http:\/\/www.w3.org\/2000\/svg\"><path d=\"M416 208H32c-17.67 0-32 14.33-32 32v32c0 17.67 14.33 32 32 32h384c17.67 0 32-14.33 32-32v-32c0-17.67-14.33-32-32-32z\"><\/path><\/svg><\/span>\n\t\t\t<span class='e-closed'><svg aria-hidden=\"true\" class=\"e-font-icon-svg e-fas-plus\" viewBox=\"0 0 448 512\" xmlns=\"http:\/\/www.w3.org\/2000\/svg\"><path d=\"M416 208H272V64c0-17.67-14.33-32-32-32h-32c-17.67 0-32 14.33-32 32v144H32c-17.67 0-32 14.33-32 32v32c0 17.67 14.33 32 32 32h144v144c0 17.67 14.33 32 32 32h32c17.67 0 32-14.33 32-32V304h144c17.67 0 32-14.33 32-32v-32c0-17.67-14.33-32-32-32z\"><\/path><\/svg><\/span>\n\t\t<\/span>\n\n\t\t\t\t\t\t<\/summary>\n\t\t\t\t<div role=\"region\" aria-labelledby=\"e-n-accordion-item-1214\" class=\"elementor-element elementor-element-726c055 e-flex e-con-boxed e-con e-child\" data-id=\"726c055\" data-element_type=\"container\" data-e-type=\"container\">\n\t\t\t\t\t<div class=\"e-con-inner\">\n\t\t<div role=\"region\" aria-labelledby=\"e-n-accordion-item-1214\" class=\"elementor-element elementor-element-5339c8e e-con-full e-flex e-con e-child\" data-id=\"5339c8e\" data-element_type=\"container\" data-e-type=\"container\">\n\t\t\t\t<div class=\"elementor-element elementor-element-129fa64 elementor-widget elementor-widget-text-editor\" data-id=\"129fa64\" data-element_type=\"widget\" data-e-type=\"widget\" data-widget_type=\"text-editor.default\">\n\t\t\t\t<div class=\"elementor-widget-container\">\n\t\t\t\t\t\t\t\t\t<p>Ein Immobilienkauf ohne Makler ist grunds\u00e4tzlich m\u00f6glich, setzt jedoch umfassende Marktkenntnisse, rechtliches Verst\u00e4ndnis und einen hohen zeitlichen Aufwand voraus. Gerade bei komplexen Kaufprozessen oder bei internationalen K\u00e4ufern kann eine professionelle Begleitung entscheidende Vorteile in Bezug auf Sicherheit, Struktur und Transparenz bieten.<\/p>\t\t\t\t\t\t\t\t<\/div>\n\t\t\t\t<\/div>\n\t\t\t\t<\/div>\n\t\t\t\t\t<\/div>\n\t\t\t\t<\/div>\n\t\t\t\t\t<\/details>\n\t\t\t\t\t\t<details id=\"e-n-accordion-item-1215\" class=\"e-n-accordion-item\" >\n\t\t\t\t<summary class=\"e-n-accordion-item-title\" data-accordion-index=\"6\" tabindex=\"-1\" aria-expanded=\"false\" aria-controls=\"e-n-accordion-item-1215\" >\n\t\t\t\t\t<span class='e-n-accordion-item-title-header'><h3 class=\"e-n-accordion-item-title-text\"> Warum ist ein Immobilienmakler beim Hauskauf in Col\u00f2nia de Sant Jordi sinnvoll? <\/h3><\/span>\n\t\t\t\t\t\t\t<span class='e-n-accordion-item-title-icon'>\n\t\t\t<span class='e-opened' ><svg aria-hidden=\"true\" class=\"e-font-icon-svg e-fas-minus\" viewBox=\"0 0 448 512\" xmlns=\"http:\/\/www.w3.org\/2000\/svg\"><path d=\"M416 208H32c-17.67 0-32 14.33-32 32v32c0 17.67 14.33 32 32 32h384c17.67 0 32-14.33 32-32v-32c0-17.67-14.33-32-32-32z\"><\/path><\/svg><\/span>\n\t\t\t<span class='e-closed'><svg aria-hidden=\"true\" class=\"e-font-icon-svg e-fas-plus\" viewBox=\"0 0 448 512\" xmlns=\"http:\/\/www.w3.org\/2000\/svg\"><path d=\"M416 208H272V64c0-17.67-14.33-32-32-32h-32c-17.67 0-32 14.33-32 32v144H32c-17.67 0-32 14.33-32 32v32c0 17.67 14.33 32 32 32h144v144c0 17.67 14.33 32 32 32h32c17.67 0 32-14.33 32-32V304h144c17.67 0 32-14.33 32-32v-32c0-17.67-14.33-32-32-32z\"><\/path><\/svg><\/span>\n\t\t<\/span>\n\n\t\t\t\t\t\t<\/summary>\n\t\t\t\t<div role=\"region\" aria-labelledby=\"e-n-accordion-item-1215\" class=\"elementor-element elementor-element-0563443 e-flex e-con-boxed e-con e-child\" data-id=\"0563443\" data-element_type=\"container\" data-e-type=\"container\">\n\t\t\t\t\t<div class=\"e-con-inner\">\n\t\t<div role=\"region\" aria-labelledby=\"e-n-accordion-item-1215\" class=\"elementor-element elementor-element-c43b780 e-con-full e-flex e-con e-child\" data-id=\"c43b780\" data-element_type=\"container\" data-e-type=\"container\">\n\t\t\t\t<div class=\"elementor-element elementor-element-3043cb0 elementor-widget elementor-widget-text-editor\" data-id=\"3043cb0\" data-element_type=\"widget\" data-e-type=\"widget\" data-widget_type=\"text-editor.default\">\n\t\t\t\t<div class=\"elementor-widget-container\">\n\t\t\t\t\t\t\t\t\t<div class=\"flex flex-col text-sm pb-25\"><article class=\"text-token-text-primary w-full focus:outline-none [--shadow-height:45px] has-data-writing-block:pointer-events-none has-data-writing-block:-mt-(--shadow-height) has-data-writing-block:pt-(--shadow-height) [&amp;:has([data-writing-block])&gt;*]:pointer-events-auto scroll-mt-[calc(var(--header-height)+min(200px,max(70px,20svh)))]\" dir=\"auto\" tabindex=\"-1\" data-turn-id=\"bc17bde1-860f-407c-809b-5db405c80fe3\" data-testid=\"conversation-turn-252\" data-scroll-anchor=\"true\" data-turn=\"assistant\"><div class=\"text-base my-auto mx-auto pb-10 [--thread-content-margin:--spacing(4)] @w-sm\/main:[--thread-content-margin:--spacing(6)] @w-lg\/main:[--thread-content-margin:--spacing(16)] px-(--thread-content-margin)\"><div class=\"[--thread-content-max-width:40rem] @w-lg\/main:[--thread-content-max-width:48rem] mx-auto max-w-(--thread-content-max-width) flex-1 group\/turn-messages focus-visible:outline-hidden relative flex w-full min-w-0 flex-col agent-turn\" tabindex=\"-1\"><div class=\"flex max-w-full flex-col grow\"><div class=\"min-h-8 text-message relative flex w-full flex-col items-end gap-2 text-start break-words whitespace-normal [.text-message+&amp;]:mt-1\" dir=\"auto\" data-message-author-role=\"assistant\" data-message-id=\"a1c14b69-35e5-443e-bf56-d9c8709be137\" data-message-model-slug=\"gpt-5-2\"><div class=\"flex w-full flex-col gap-1 empty:hidden first:pt-[1px]\"><div class=\"markdown prose dark:prose-invert w-full wrap-break-word light markdown-new-styling\"><p data-start=\"113\" data-end=\"458\" data-is-last-node=\"\" data-is-only-node=\"\">Ein erfahrener Immobilienmakler verf\u00fcgt \u00fcber fundierte Kenntnisse des lokalen Marktes in Col\u00f2nia de Sant Jordi, realistische Preiseinsch\u00e4tzungen sowie ein sicheres Verst\u00e4ndnis der rechtlichen Besonderheiten. K\u00e4ufer profitieren von pers\u00f6nlicher Beratung, professioneller Verhandlungsf\u00fchrung und einer verl\u00e4sslichen Begleitung bis zum Notartermin.<\/p><\/div><\/div><\/div><\/div><\/div><\/div><\/article><\/div>\t\t\t\t\t\t\t\t<\/div>\n\t\t\t\t<\/div>\n\t\t\t\t<\/div>\n\t\t\t\t\t<\/div>\n\t\t\t\t<\/div>\n\t\t\t\t\t<\/details>\n\t\t\t\t\t\t<details id=\"e-n-accordion-item-1216\" class=\"e-n-accordion-item\" >\n\t\t\t\t<summary class=\"e-n-accordion-item-title\" data-accordion-index=\"7\" tabindex=\"-1\" aria-expanded=\"false\" aria-controls=\"e-n-accordion-item-1216\" >\n\t\t\t\t\t<span class='e-n-accordion-item-title-header'><h3 class=\"e-n-accordion-item-title-text\"> Kann man ein Haus in Col\u00f2nia de Sant Jordi ohne Energieausweis kaufen? <\/h3><\/span>\n\t\t\t\t\t\t\t<span class='e-n-accordion-item-title-icon'>\n\t\t\t<span class='e-opened' ><svg aria-hidden=\"true\" class=\"e-font-icon-svg e-fas-minus\" viewBox=\"0 0 448 512\" xmlns=\"http:\/\/www.w3.org\/2000\/svg\"><path d=\"M416 208H32c-17.67 0-32 14.33-32 32v32c0 17.67 14.33 32 32 32h384c17.67 0 32-14.33 32-32v-32c0-17.67-14.33-32-32-32z\"><\/path><\/svg><\/span>\n\t\t\t<span class='e-closed'><svg aria-hidden=\"true\" class=\"e-font-icon-svg e-fas-plus\" viewBox=\"0 0 448 512\" xmlns=\"http:\/\/www.w3.org\/2000\/svg\"><path d=\"M416 208H272V64c0-17.67-14.33-32-32-32h-32c-17.67 0-32 14.33-32 32v144H32c-17.67 0-32 14.33-32 32v32c0 17.67 14.33 32 32 32h144v144c0 17.67 14.33 32 32 32h32c17.67 0 32-14.33 32-32V304h144c17.67 0 32-14.33 32-32v-32c0-17.67-14.33-32-32-32z\"><\/path><\/svg><\/span>\n\t\t<\/span>\n\n\t\t\t\t\t\t<\/summary>\n\t\t\t\t<div role=\"region\" aria-labelledby=\"e-n-accordion-item-1216\" class=\"elementor-element elementor-element-d61d9ed e-flex e-con-boxed e-con e-child\" data-id=\"d61d9ed\" data-element_type=\"container\" data-e-type=\"container\">\n\t\t\t\t\t<div class=\"e-con-inner\">\n\t\t<div role=\"region\" aria-labelledby=\"e-n-accordion-item-1216\" class=\"elementor-element elementor-element-dbc3976 e-con-full e-flex e-con e-child\" data-id=\"dbc3976\" data-element_type=\"container\" data-e-type=\"container\">\n\t\t\t\t<div class=\"elementor-element elementor-element-17f75db elementor-widget elementor-widget-text-editor\" data-id=\"17f75db\" data-element_type=\"widget\" data-e-type=\"widget\" data-widget_type=\"text-editor.default\">\n\t\t\t\t<div class=\"elementor-widget-container\">\n\t\t\t\t\t\t\t\t\t<div class=\"flex flex-col text-sm pb-25\"><article class=\"text-token-text-primary w-full focus:outline-none [--shadow-height:45px] has-data-writing-block:pointer-events-none has-data-writing-block:-mt-(--shadow-height) has-data-writing-block:pt-(--shadow-height) [&amp;:has([data-writing-block])&gt;*]:pointer-events-auto scroll-mt-[calc(var(--header-height)+min(200px,max(70px,20svh)))]\" dir=\"auto\" tabindex=\"-1\" data-turn-id=\"bc17bde1-860f-407c-809b-5db405c80fe3\" data-testid=\"conversation-turn-252\" data-scroll-anchor=\"true\" data-turn=\"assistant\"><div class=\"text-base my-auto mx-auto pb-10 [--thread-content-margin:--spacing(4)] @w-sm\/main:[--thread-content-margin:--spacing(6)] @w-lg\/main:[--thread-content-margin:--spacing(16)] px-(--thread-content-margin)\"><div class=\"[--thread-content-max-width:40rem] @w-lg\/main:[--thread-content-max-width:48rem] mx-auto max-w-(--thread-content-max-width) flex-1 group\/turn-messages focus-visible:outline-hidden relative flex w-full min-w-0 flex-col agent-turn\" tabindex=\"-1\"><div class=\"flex max-w-full flex-col grow\"><div class=\"min-h-8 text-message relative flex w-full flex-col items-end gap-2 text-start break-words whitespace-normal [.text-message+&amp;]:mt-1\" dir=\"auto\" data-message-author-role=\"assistant\" data-message-id=\"a1c14b69-35e5-443e-bf56-d9c8709be137\" data-message-model-slug=\"gpt-5-2\"><div class=\"flex w-full flex-col gap-1 empty:hidden first:pt-[1px]\"><div class=\"markdown prose dark:prose-invert w-full wrap-break-word light markdown-new-styling\"><p data-start=\"113\" data-end=\"458\" data-is-last-node=\"\" data-is-only-node=\"\">Ein erfahrener Immobilienmakler verf\u00fcgt \u00fcber fundierte Kenntnisse des lokalen Marktes in Col\u00f2nia de Sant Jordi, realistische Preiseinsch\u00e4tzungen sowie ein sicheres Verst\u00e4ndnis der rechtlichen Besonderheiten. K\u00e4ufer profitieren von pers\u00f6nlicher Beratung, professioneller Verhandlungsf\u00fchrung und einer verl\u00e4sslichen Begleitung bis zum Notartermin.<\/p><\/div><\/div><\/div><\/div><\/div><\/div><\/article><\/div>\t\t\t\t\t\t\t\t<\/div>\n\t\t\t\t<\/div>\n\t\t\t\t<\/div>\n\t\t\t\t\t<\/div>\n\t\t\t\t<\/div>\n\t\t\t\t\t<\/details>\n\t\t\t\t\t\t<details id=\"e-n-accordion-item-1217\" class=\"e-n-accordion-item\" >\n\t\t\t\t<summary class=\"e-n-accordion-item-title\" data-accordion-index=\"8\" tabindex=\"-1\" aria-expanded=\"false\" aria-controls=\"e-n-accordion-item-1217\" >\n\t\t\t\t\t<span class='e-n-accordion-item-title-header'><h3 class=\"e-n-accordion-item-title-text\"> Ist es besser, ein Haus in Col\u00f2nia de Sant Jordi zu kaufen oder zu mieten? <\/h3><\/span>\n\t\t\t\t\t\t\t<span class='e-n-accordion-item-title-icon'>\n\t\t\t<span class='e-opened' ><svg aria-hidden=\"true\" class=\"e-font-icon-svg e-fas-minus\" viewBox=\"0 0 448 512\" xmlns=\"http:\/\/www.w3.org\/2000\/svg\"><path d=\"M416 208H32c-17.67 0-32 14.33-32 32v32c0 17.67 14.33 32 32 32h384c17.67 0 32-14.33 32-32v-32c0-17.67-14.33-32-32-32z\"><\/path><\/svg><\/span>\n\t\t\t<span class='e-closed'><svg aria-hidden=\"true\" class=\"e-font-icon-svg e-fas-plus\" viewBox=\"0 0 448 512\" xmlns=\"http:\/\/www.w3.org\/2000\/svg\"><path d=\"M416 208H272V64c0-17.67-14.33-32-32-32h-32c-17.67 0-32 14.33-32 32v144H32c-17.67 0-32 14.33-32 32v32c0 17.67 14.33 32 32 32h144v144c0 17.67 14.33 32 32 32h32c17.67 0 32-14.33 32-32V304h144c17.67 0 32-14.33 32-32v-32c0-17.67-14.33-32-32-32z\"><\/path><\/svg><\/span>\n\t\t<\/span>\n\n\t\t\t\t\t\t<\/summary>\n\t\t\t\t<div role=\"region\" aria-labelledby=\"e-n-accordion-item-1217\" class=\"elementor-element elementor-element-ee7f518 e-flex e-con-boxed e-con e-child\" data-id=\"ee7f518\" data-element_type=\"container\" data-e-type=\"container\">\n\t\t\t\t\t<div class=\"e-con-inner\">\n\t\t<div role=\"region\" aria-labelledby=\"e-n-accordion-item-1217\" class=\"elementor-element elementor-element-4b05ffa e-con-full e-flex e-con e-child\" data-id=\"4b05ffa\" data-element_type=\"container\" data-e-type=\"container\">\n\t\t\t\t<div class=\"elementor-element elementor-element-ef34617 elementor-widget elementor-widget-text-editor\" data-id=\"ef34617\" data-element_type=\"widget\" data-e-type=\"widget\" data-widget_type=\"text-editor.default\">\n\t\t\t\t<div class=\"elementor-widget-container\">\n\t\t\t\t\t\t\t\t\t<p>Die Entscheidung zwischen Kaufen und Mieten h\u00e4ngt von den pers\u00f6nlichen Zielen ab. Wer langfristig in Col\u00f2nia de Sant Jordi leben oder in Immobilien auf Mallorca investieren m\u00f6chte, entscheidet sich h\u00e4ufig f\u00fcr den Kauf. Eine Anmietung kann sinnvoll sein, um die Region zun\u00e4chst kennenzulernen und darauf aufbauend fundierte Entscheidungen zu treffen.<\/p>\t\t\t\t\t\t\t\t<\/div>\n\t\t\t\t<\/div>\n\t\t\t\t<\/div>\n\t\t\t\t\t<\/div>\n\t\t\t\t<\/div>\n\t\t\t\t\t<\/details>\n\t\t\t\t\t\t<details id=\"e-n-accordion-item-1218\" class=\"e-n-accordion-item\" >\n\t\t\t\t<summary class=\"e-n-accordion-item-title\" data-accordion-index=\"9\" tabindex=\"-1\" aria-expanded=\"false\" aria-controls=\"e-n-accordion-item-1218\" >\n\t\t\t\t\t<span class='e-n-accordion-item-title-header'><h3 class=\"e-n-accordion-item-title-text\"> Kann man ein Haus mit Wohnrecht oder bestehender Vermietung in Col\u00f2nia de Sant Jordi kaufen? <\/h3><\/span>\n\t\t\t\t\t\t\t<span class='e-n-accordion-item-title-icon'>\n\t\t\t<span class='e-opened' ><svg aria-hidden=\"true\" class=\"e-font-icon-svg e-fas-minus\" viewBox=\"0 0 448 512\" xmlns=\"http:\/\/www.w3.org\/2000\/svg\"><path d=\"M416 208H32c-17.67 0-32 14.33-32 32v32c0 17.67 14.33 32 32 32h384c17.67 0 32-14.33 32-32v-32c0-17.67-14.33-32-32-32z\"><\/path><\/svg><\/span>\n\t\t\t<span class='e-closed'><svg aria-hidden=\"true\" class=\"e-font-icon-svg e-fas-plus\" viewBox=\"0 0 448 512\" xmlns=\"http:\/\/www.w3.org\/2000\/svg\"><path d=\"M416 208H272V64c0-17.67-14.33-32-32-32h-32c-17.67 0-32 14.33-32 32v144H32c-17.67 0-32 14.33-32 32v32c0 17.67 14.33 32 32 32h144v144c0 17.67 14.33 32 32 32h32c17.67 0 32-14.33 32-32V304h144c17.67 0 32-14.33 32-32v-32c0-17.67-14.33-32-32-32z\"><\/path><\/svg><\/span>\n\t\t<\/span>\n\n\t\t\t\t\t\t<\/summary>\n\t\t\t\t<div role=\"region\" aria-labelledby=\"e-n-accordion-item-1218\" class=\"elementor-element elementor-element-3085078 e-flex e-con-boxed e-con e-child\" data-id=\"3085078\" data-element_type=\"container\" data-e-type=\"container\">\n\t\t\t\t\t<div class=\"e-con-inner\">\n\t\t<div role=\"region\" aria-labelledby=\"e-n-accordion-item-1218\" class=\"elementor-element elementor-element-85dfac3 e-con-full e-flex e-con e-child\" data-id=\"85dfac3\" data-element_type=\"container\" data-e-type=\"container\">\n\t\t\t\t<div class=\"elementor-element elementor-element-87a543e elementor-widget elementor-widget-text-editor\" data-id=\"87a543e\" data-element_type=\"widget\" data-e-type=\"widget\" data-widget_type=\"text-editor.default\">\n\t\t\t\t<div class=\"elementor-widget-container\">\n\t\t\t\t\t\t\t\t\t<p data-start=\"113\" data-end=\"369\">Ja, sowohl H\u00e4user mit bestehendem Wohnrecht als auch vermietete Immobilien k\u00f6nnen in Col\u00f2nia de Sant Jordi erworben werden. Diese Objektarten eignen sich insbesondere f\u00fcr K\u00e4ufer mit langfristiger Perspektive und sollten rechtlich sorgf\u00e4ltig gepr\u00fcft werden.<\/p><p data-start=\"371\" data-end=\"532\" data-is-last-node=\"\" data-is-only-node=\"\">Erfahrene Immobilienmakler beraten Sie umfassend und unterst\u00fctzen Sie dabei, passende sowie auch exklusive Immobilienangebote in Col\u00f2nia de Sant Jordi zu finden.<\/p>\t\t\t\t\t\t\t\t<\/div>\n\t\t\t\t<\/div>\n\t\t\t\t<\/div>\n\t\t\t\t\t<\/div>\n\t\t\t\t<\/div>\n\t\t\t\t\t<\/details>\n\t\t\t\t\t\t<details id=\"e-n-accordion-item-1219\" class=\"e-n-accordion-item\" >\n\t\t\t\t<summary class=\"e-n-accordion-item-title\" data-accordion-index=\"10\" tabindex=\"-1\" aria-expanded=\"false\" aria-controls=\"e-n-accordion-item-1219\" >\n\t\t\t\t\t<span class='e-n-accordion-item-title-header'><h3 class=\"e-n-accordion-item-title-text\"> Welche Immobilien kann man in Col\u00f2nia de Sant Jordi und im S\u00fcdosten Mallorcas kaufen? <\/h3><\/span>\n\t\t\t\t\t\t\t<span class='e-n-accordion-item-title-icon'>\n\t\t\t<span class='e-opened' ><svg aria-hidden=\"true\" class=\"e-font-icon-svg e-fas-minus\" viewBox=\"0 0 448 512\" xmlns=\"http:\/\/www.w3.org\/2000\/svg\"><path d=\"M416 208H32c-17.67 0-32 14.33-32 32v32c0 17.67 14.33 32 32 32h384c17.67 0 32-14.33 32-32v-32c0-17.67-14.33-32-32-32z\"><\/path><\/svg><\/span>\n\t\t\t<span class='e-closed'><svg aria-hidden=\"true\" class=\"e-font-icon-svg e-fas-plus\" viewBox=\"0 0 448 512\" xmlns=\"http:\/\/www.w3.org\/2000\/svg\"><path d=\"M416 208H272V64c0-17.67-14.33-32-32-32h-32c-17.67 0-32 14.33-32 32v144H32c-17.67 0-32 14.33-32 32v32c0 17.67 14.33 32 32 32h144v144c0 17.67 14.33 32 32 32h32c17.67 0 32-14.33 32-32V304h144c17.67 0 32-14.33 32-32v-32c0-17.67-14.33-32-32-32z\"><\/path><\/svg><\/span>\n\t\t<\/span>\n\n\t\t\t\t\t\t<\/summary>\n\t\t\t\t<div role=\"region\" aria-labelledby=\"e-n-accordion-item-1219\" class=\"elementor-element elementor-element-cdac947 e-flex e-con-boxed e-con e-child\" data-id=\"cdac947\" data-element_type=\"container\" data-e-type=\"container\">\n\t\t\t\t\t<div class=\"e-con-inner\">\n\t\t<div role=\"region\" aria-labelledby=\"e-n-accordion-item-1219\" class=\"elementor-element elementor-element-256cf75 e-con-full e-flex e-con e-child\" data-id=\"256cf75\" data-element_type=\"container\" data-e-type=\"container\">\n\t\t\t\t<div class=\"elementor-element elementor-element-2e962aa elementor-widget elementor-widget-text-editor\" data-id=\"2e962aa\" data-element_type=\"widget\" data-e-type=\"widget\" data-widget_type=\"text-editor.default\">\n\t\t\t\t<div class=\"elementor-widget-container\">\n\t\t\t\t\t\t\t\t\t<p data-start=\"113\" data-end=\"369\">Ja, sowohl H\u00e4user mit bestehendem Wohnrecht als auch vermietete Immobilien k\u00f6nnen in Col\u00f2nia de Sant Jordi erworben werden. Diese Objektarten eignen sich insbesondere f\u00fcr K\u00e4ufer mit langfristiger Perspektive und sollten rechtlich sorgf\u00e4ltig gepr\u00fcft werden.<\/p><p data-start=\"371\" data-end=\"532\" data-is-last-node=\"\" data-is-only-node=\"\">Erfahrene Immobilienmakler beraten Sie umfassend und unterst\u00fctzen Sie dabei, passende sowie auch exklusive Immobilienangebote in Col\u00f2nia de Sant Jordi zu finden.<\/p><p data-start=\"113\" data-end=\"369\">Ja, sowohl H\u00e4user mit bestehendem Wohnrecht als auch vermietete Immobilien k\u00f6nnen in Col\u00f2nia de Sant Jordi erworben werden. Diese Objektarten eignen sich insbesondere f\u00fcr K\u00e4ufer mit langfristiger Perspektive und sollten rechtlich sorgf\u00e4ltig gepr\u00fcft werden.<\/p><p data-start=\"371\" data-end=\"532\" data-is-last-node=\"\" data-is-only-node=\"\">Erfahrene Immobilienmakler beraten Sie umfassend und unterst\u00fctzen Sie dabei, passende sowie auch exklusive Immobilienangebote in Col\u00f2nia de Sant Jordi zu finden.<\/p>\t\t\t\t\t\t\t\t<\/div>\n\t\t\t\t<\/div>\n\t\t\t\t<\/div>\n\t\t\t\t\t<\/div>\n\t\t\t\t<\/div>\n\t\t\t\t\t<\/details>\n\t\t\t\t\t\t<details id=\"e-n-accordion-item-12110\" class=\"e-n-accordion-item\" >\n\t\t\t\t<summary class=\"e-n-accordion-item-title\" data-accordion-index=\"11\" tabindex=\"-1\" aria-expanded=\"false\" aria-controls=\"e-n-accordion-item-12110\" >\n\t\t\t\t\t<span class='e-n-accordion-item-title-header'><h3 class=\"e-n-accordion-item-title-text\"> Diese Themen werden von unseren Kunden besonders h\u00e4ufig erw\u00e4hnt <\/h3><\/span>\n\t\t\t\t\t\t\t<span class='e-n-accordion-item-title-icon'>\n\t\t\t<span class='e-opened' ><svg aria-hidden=\"true\" class=\"e-font-icon-svg e-fas-minus\" viewBox=\"0 0 448 512\" xmlns=\"http:\/\/www.w3.org\/2000\/svg\"><path d=\"M416 208H32c-17.67 0-32 14.33-32 32v32c0 17.67 14.33 32 32 32h384c17.67 0 32-14.33 32-32v-32c0-17.67-14.33-32-32-32z\"><\/path><\/svg><\/span>\n\t\t\t<span class='e-closed'><svg aria-hidden=\"true\" class=\"e-font-icon-svg e-fas-plus\" viewBox=\"0 0 448 512\" xmlns=\"http:\/\/www.w3.org\/2000\/svg\"><path d=\"M416 208H272V64c0-17.67-14.33-32-32-32h-32c-17.67 0-32 14.33-32 32v144H32c-17.67 0-32 14.33-32 32v32c0 17.67 14.33 32 32 32h144v144c0 17.67 14.33 32 32 32h32c17.67 0 32-14.33 32-32V304h144c17.67 0 32-14.33 32-32v-32c0-17.67-14.33-32-32-32z\"><\/path><\/svg><\/span>\n\t\t<\/span>\n\n\t\t\t\t\t\t<\/summary>\n\t\t\t\t<div role=\"region\" aria-labelledby=\"e-n-accordion-item-12110\" class=\"elementor-element elementor-element-95e1199 e-flex e-con-boxed e-con e-child\" data-id=\"95e1199\" data-element_type=\"container\" data-e-type=\"container\">\n\t\t\t\t\t<div class=\"e-con-inner\">\n\t\t<div role=\"region\" aria-labelledby=\"e-n-accordion-item-12110\" class=\"elementor-element elementor-element-8b3792f e-con-full e-flex e-con e-child\" data-id=\"8b3792f\" data-element_type=\"container\" data-e-type=\"container\">\n\t\t\t\t<div class=\"elementor-element elementor-element-b2e11b2 elementor-widget elementor-widget-text-editor\" data-id=\"b2e11b2\" data-element_type=\"widget\" data-e-type=\"widget\" data-widget_type=\"text-editor.default\">\n\t\t\t\t<div class=\"elementor-widget-container\">\n\t\t\t\t\t\t\t\t\t<p>Immobilie Col\u00f2nia de Sant Jordi, Notar Col\u00f2nia de Sant Jordi, Nebenkosten, Verkaufspreis, Immobilienbewertung Col\u00f2nia de Sant Jordi, Verk\u00e4ufer, Kaufvertrag, Steuern, Einfamilienhaus Col\u00f2nia de Sant Jordi, Grundbuch Col\u00f2nia de Sant Jordi, Energieausweis Col\u00f2nia de Sant Jordi, Ertragswertverfahren, Vergleichswertverfahren, Alleinerbe, Spekulationsfrist, private Ver\u00e4u\u00dferungsgesch\u00e4fte, Grunderwerbsteuer, Erbengemeinschaft, Wohnfl\u00e4che, Sachverst\u00e4ndiger Col\u00f2nia de Sant Jordi, Immobilie in Col\u00f2nia de Sant Jordi kaufen, Immobilie auf Mallorca, Immobilienkauf, Gemeinde Col\u00f2nia de Sant Jordi, Haus kaufen in Col\u00f2nia de Sant Jordi<\/p>\t\t\t\t\t\t\t\t<\/div>\n\t\t\t\t<\/div>\n\t\t\t\t<\/div>\n\t\t\t\t\t<\/div>\n\t\t\t\t<\/div>\n\t\t\t\t\t<\/details>\n\t\t\t\t\t<\/div>\n\t\t\t\t\t<script type=\"application\/ld+json\">{\"@context\":\"https:\\\/\\\/schema.org\",\"@type\":\"FAQPage\",\"mainEntity\":[{\"@type\":\"Question\",\"name\":\"Ist es sinnvoll, ein Haus in Col\\u00f2nia de Sant Jordi zu kaufen?\",\"acceptedAnswer\":{\"@type\":\"Answer\",\"text\":\"Ja, ein Hauskauf in Col\\u00f2nia de Sant Jordi ist f\\u00fcr viele K\\u00e4ufer eine langfristig attraktive Entscheidung. Der K\\u00fcstenort im S\\u00fcden Mallorcas \\u00fcberzeugt durch seine authentische Atmosph\\u00e4re, eine hohe Lebensqualit\\u00e4t und ein ausgew\\u00e4hltes Immobilienangebot in ruhiger Lage. Ob charmantes Haus in Strandn\\u00e4he, modernes Wohnhaus oder hochwertige Villa \\u2013 in Col\\u00f2nia de Sant Jordi finden viele Interessenten ihre pers\\u00f6nliche Wunschimmobilie in einer der begehrtesten Regionen der Insel.\"}},{\"@type\":\"Question\",\"name\":\"Wann ist der beste Zeitpunkt, um ein Haus in Col\\u00f2nia de Sant Jordi zu kaufen?\",\"acceptedAnswer\":{\"@type\":\"Answer\",\"text\":\"Ein Hauskauf in Col\\u00f2nia de Sant Jordi ist grunds\\u00e4tzlich ganzj\\u00e4hrig m\\u00f6glich. Besonders im Fr\\u00fchling und Herbst gelangen regelm\\u00e4\\u00dfig neue Immobilienangebote auf den Markt. Entscheidend ist jedoch weniger der Zeitpunkt als vielmehr, dass Lage, Preis und Objektart Ihren pers\\u00f6nlichen Vorstellungen und langfristigen Zielen entsprechen.\"}},{\"@type\":\"Question\",\"name\":\"Was muss ich beachten, wenn ich ein Haus in Col\\u00f2nia de Sant Jordi kaufen m\\u00f6chte?\",\"acceptedAnswer\":{\"@type\":\"Answer\",\"text\":\"Beim Hauskauf in Col\\u00f2nia de Sant Jordi sollten rechtliche, bauliche und finanzielle Aspekte sorgf\\u00e4ltig gepr\\u00fcft werden. Dazu z\\u00e4hlen klare Eigentumsverh\\u00e4ltnisse, bestehende Genehmigungen, der Energieausweis sowie m\\u00f6gliche Belastungen der Immobilie. Eine professionelle Begleitung sorgt w\\u00e4hrend des gesamten Kaufprozesses f\\u00fcr Sicherheit und Transparenz.\"}},{\"@type\":\"Question\",\"name\":\"Welche Kosten entstehen beim Hauskauf auf Mallorca?\",\"acceptedAnswer\":{\"@type\":\"Answer\",\"text\":\"Neben dem eigentlichen Kaufpreis fallen beim Immobilienerwerb in Col\\u00f2nia de Sant Jordi zus\\u00e4tzliche Kosten an, etwa f\\u00fcr Steuern, Notar- und Grundbuchgeb\\u00fchren. Diese Nebenkosten sollten fr\\u00fchzeitig ber\\u00fccksichtigt werden, um eine realistische und sichere Budgetplanung zu erm\\u00f6glichen.\"}},{\"@type\":\"Question\",\"name\":\"Kann ich ein Haus in Col\\u00f2nia de Sant Jordi ohne Makler kaufen?\",\"acceptedAnswer\":{\"@type\":\"Answer\",\"text\":\"Ein Immobilienkauf ohne Makler ist grunds\\u00e4tzlich m\\u00f6glich, setzt jedoch umfassende Marktkenntnisse, rechtliches Verst\\u00e4ndnis und einen hohen zeitlichen Aufwand voraus. Gerade bei komplexen Kaufprozessen oder bei internationalen K\\u00e4ufern kann eine professionelle Begleitung entscheidende Vorteile in Bezug auf Sicherheit, Struktur und Transparenz bieten.\"}},{\"@type\":\"Question\",\"name\":\"Warum ist ein Immobilienmakler beim Hauskauf in Col\\u00f2nia de Sant Jordi sinnvoll?\",\"acceptedAnswer\":{\"@type\":\"Answer\",\"text\":\"Ein erfahrener Immobilienmakler verf\\u00fcgt \\u00fcber fundierte Kenntnisse des lokalen Marktes in Col\\u00f2nia de Sant Jordi, realistische Preiseinsch\\u00e4tzungen sowie ein sicheres Verst\\u00e4ndnis der rechtlichen Besonderheiten. K\\u00e4ufer profitieren von pers\\u00f6nlicher Beratung, professioneller Verhandlungsf\\u00fchrung und einer verl\\u00e4sslichen Begleitung bis zum Notartermin.\"}},{\"@type\":\"Question\",\"name\":\"Kann man ein Haus in Col\\u00f2nia de Sant Jordi ohne Energieausweis kaufen?\",\"acceptedAnswer\":{\"@type\":\"Answer\",\"text\":\"Ein erfahrener Immobilienmakler verf\\u00fcgt \\u00fcber fundierte Kenntnisse des lokalen Marktes in Col\\u00f2nia de Sant Jordi, realistische Preiseinsch\\u00e4tzungen sowie ein sicheres Verst\\u00e4ndnis der rechtlichen Besonderheiten. K\\u00e4ufer profitieren von pers\\u00f6nlicher Beratung, professioneller Verhandlungsf\\u00fchrung und einer verl\\u00e4sslichen Begleitung bis zum Notartermin.\"}},{\"@type\":\"Question\",\"name\":\"Ist es besser, ein Haus in Col\\u00f2nia de Sant Jordi zu kaufen oder zu mieten?\",\"acceptedAnswer\":{\"@type\":\"Answer\",\"text\":\"Die Entscheidung zwischen Kaufen und Mieten h\\u00e4ngt von den pers\\u00f6nlichen Zielen ab. Wer langfristig in Col\\u00f2nia de Sant Jordi leben oder in Immobilien auf Mallorca investieren m\\u00f6chte, entscheidet sich h\\u00e4ufig f\\u00fcr den Kauf. Eine Anmietung kann sinnvoll sein, um die Region zun\\u00e4chst kennenzulernen und darauf aufbauend fundierte Entscheidungen zu treffen.\"}},{\"@type\":\"Question\",\"name\":\"Kann man ein Haus mit Wohnrecht oder bestehender Vermietung in Col\\u00f2nia de Sant Jordi kaufen?\",\"acceptedAnswer\":{\"@type\":\"Answer\",\"text\":\"Ja, sowohl H\\u00e4user mit bestehendem Wohnrecht als auch vermietete Immobilien k\\u00f6nnen in Col\\u00f2nia de Sant Jordi erworben werden. Diese Objektarten eignen sich insbesondere f\\u00fcr K\\u00e4ufer mit langfristiger Perspektive und sollten rechtlich sorgf\\u00e4ltig gepr\\u00fcft werden.Erfahrene Immobilienmakler beraten Sie umfassend und unterst\\u00fctzen Sie dabei, passende sowie auch exklusive Immobilienangebote in Col\\u00f2nia de Sant Jordi zu finden.\"}},{\"@type\":\"Question\",\"name\":\"Welche Immobilien kann man in Col\\u00f2nia de Sant Jordi und im S\\u00fcdosten Mallorcas kaufen?\",\"acceptedAnswer\":{\"@type\":\"Answer\",\"text\":\"Ja, sowohl H\\u00e4user mit bestehendem Wohnrecht als auch vermietete Immobilien k\\u00f6nnen in Col\\u00f2nia de Sant Jordi erworben werden. Diese Objektarten eignen sich insbesondere f\\u00fcr K\\u00e4ufer mit langfristiger Perspektive und sollten rechtlich sorgf\\u00e4ltig gepr\\u00fcft werden.Erfahrene Immobilienmakler beraten Sie umfassend und unterst\\u00fctzen Sie dabei, passende sowie auch exklusive Immobilienangebote in Col\\u00f2nia de Sant Jordi zu finden.Ja, sowohl H\\u00e4user mit bestehendem Wohnrecht als auch vermietete Immobilien k\\u00f6nnen in Col\\u00f2nia de Sant Jordi erworben werden. Diese Objektarten eignen sich insbesondere f\\u00fcr K\\u00e4ufer mit langfristiger Perspektive und sollten rechtlich sorgf\\u00e4ltig gepr\\u00fcft werden.Erfahrene Immobilienmakler beraten Sie umfassend und unterst\\u00fctzen Sie dabei, passende sowie auch exklusive Immobilienangebote in Col\\u00f2nia de Sant Jordi zu finden.\"}},{\"@type\":\"Question\",\"name\":\"Diese Themen werden von unseren Kunden besonders h\\u00e4ufig erw\\u00e4hnt\",\"acceptedAnswer\":{\"@type\":\"Answer\",\"text\":\"Immobilie Col\\u00f2nia de Sant Jordi, Notar Col\\u00f2nia de Sant Jordi, Nebenkosten, Verkaufspreis, Immobilienbewertung Col\\u00f2nia de Sant Jordi, Verk\\u00e4ufer, Kaufvertrag, Steuern, Einfamilienhaus Col\\u00f2nia de Sant Jordi, Grundbuch Col\\u00f2nia de Sant Jordi, Energieausweis Col\\u00f2nia de Sant Jordi, Ertragswertverfahren, Vergleichswertverfahren, Alleinerbe, Spekulationsfrist, private Ver\\u00e4u\\u00dferungsgesch\\u00e4fte, Grunderwerbsteuer, Erbengemeinschaft, Wohnfl\\u00e4che, Sachverst\\u00e4ndiger Col\\u00f2nia de Sant Jordi, Immobilie in Col\\u00f2nia de Sant Jordi kaufen, Immobilie auf Mallorca, Immobilienkauf, Gemeinde Col\\u00f2nia de Sant Jordi, Haus kaufen in Col\\u00f2nia de Sant Jordi\"}}]}<\/script>\n\t\t\t\t\t\t\t<\/div>\n\t\t\t\t<\/div>\n\t\t\t\t\t<\/div>\n\t\t\t\t<\/div>\n\t\t<div class=\"elementor-element elementor-element-a53c3be e-flex e-con-boxed e-con e-parent\" data-id=\"a53c3be\" data-element_type=\"container\" data-e-type=\"container\">\n\t\t\t\t\t<div class=\"e-con-inner\">\n\t\t\t\t<div class=\"elementor-element elementor-element-640dc23 elementor-widget elementor-widget-html\" data-id=\"640dc23\" data-element_type=\"widget\" data-e-type=\"widget\" data-widget_type=\"html.default\">\n\t\t\t\t<div class=\"elementor-widget-container\">\n\t\t\t\t\t<script type=\"application\/ld+json\">\r\n{\r\n  \"@context\": \"https:\/\/schema.org\",\r\n  \"@type\": \"RealEstateAgent\",\r\n  \"name\": \"Haus kaufen Col\u00f2nia de Sant Jordi | PETRA PEKNA Immobilien\",\r\n  \"image\": \"https:\/\/petrapekna.com\/wp-content\/uploads\/2025\/10\/Logotipo-color-1-fondo-blanco-1024x517.jpg\",\r\n  \"url\": \"https:\/\/petrapekna.com\/haus-kaufen-santanyi\",\r\n  \"address\": {\r\n    \"@type\": \"PostalAddress\",\r\n    \"streetAddress\": \"Carrer Verge del Carme, 52\",\r\n    \"addressLocality\": \"cala figuera\",\r\n    \"postalCode\": \"07659\",\r\n    \"addressCountry\": \"ES\"\r\n  },\r\n  \"geo\": {\r\n    \"@type\": \"GeoCoordinates\",\r\n    \"latitude\": 39.33086460,\r\n    \"longitude\": 3.17041700\r\n  },\r\n  \"openingHoursSpecification\": [\r\n    {\r\n      \"@type\": \"OpeningHoursSpecification\",\r\n      \"dayOfWeek\": [\r\n        \"Monday\",\r\n        \"Tuesday\",\r\n        \"Wednesday\",\r\n        \"Thursday\",\r\n        \"Friday\"\r\n      ],\r\n      \"opens\": \"09:00\",\r\n      \"closes\": \"17:00\"\r\n    },\r\n    {\r\n      \"@type\": \"OpeningHoursSpecification\",\r\n      \"dayOfWeek\": [\r\n        \"Saturday\",\r\n        \"Sunday\"\r\n      ],\r\n      \"opens\": \"00:00\",\r\n      \"closes\": \"00:00\"\r\n    }\r\n  ],\r\n  \"knowsAbout\":[\r\n\"Immobilienmakler Col\u00f2nia de Sant Jordi\",\r\n\"Immobilien Col\u00f2nia de Sant Jordi\",\r\n\"Immobilienbewertung Col\u00f2nia de Sant Jordi\",\r\n\"Immobilie verkaufen Col\u00f2nia de Sant Jordi\",\r\n\"Haus kaufen Col\u00f2nia de Sant Jordi\",\r\n\"Wohnung kaufen Col\u00f2nia de Sant Jordi\",\r\n\"Wohnung mieten Col\u00f2nia de Sant Jordi\",\r\n\"haus mieten Col\u00f2nia de Sant Jordi\"\r\n], \r\n \"keywords\": \"Immobilienmakler Col\u00f2nia de Sant Jordi  , Makler Col\u00f2nia de Sant Jordi  , Immobilien Col\u00f2nia de Sant Jordi  , Immobilienagentur Col\u00f2nia de Sant Jordi  , Immobilienb\u00fcro Col\u00f2nia de Sant Jordi  , Wohnung kaufen Col\u00f2nia de Sant Jordi  , Haus kaufen Col\u00f2nia de Sant Jordi  , Wohnung verkaufen Col\u00f2nia de Sant Jordi  , Haus verkaufen Col\u00f2nia de Sant Jordi  , Immobilie verkaufen Col\u00f2nia de Sant Jordi  , Immobilienbewertung Col\u00f2nia de Sant Jordi  , Wertermittlung Col\u00f2nia de Sant Jordi  , Verkehrswert Immobilie Col\u00f2nia de Sant Jordi  , Expos\u00e9 Erstellung Col\u00f2nia de Sant Jordi  , Home Staging Col\u00f2nia de Sant Jordi  , 3D Rundgang Col\u00f2nia de Sant Jordi  , Energieausweis Col\u00f2nia de Sant Jordi  , Wohnung vermieten Col\u00f2nia de Sant Jordi  , Immobilie vermieten Col\u00f2nia de Sant Jordi  , Kapitalanlage Col\u00f2nia de Sant Jordi  , Mehrfamilienhaus kaufen Col\u00f2nia de Sant Jordi  , Gewerbeimmobilie Col\u00f2nia de Sant Jordi  , Grundst\u00fcck verkaufen Col\u00f2nia de Sant Jordi  , Notar Immobilien Col\u00f2nia de Sant Jordi  , Maklerprovision Col\u00f2nia de Sant Jordi  , Grundbuchauszug Col\u00f2nia de Sant Jordi  , Real Estate Agent Col\u00f2nia de Sant Jordi\",\r\n \"hasMap\":\"https:\/\/maps.google.com\/?cid=1938842600204666192\",\r\n \"areaServed\":[\"https:\/\/de.wikipedia.org\/wiki\/Col%C3%B2nia_de_Sant_Jordi\" \r\n],\r\n     \"additionalType\": [\r\n\"https:\/\/de.wikipedia.org\/wiki\/Immobilienmakler\",\r\n\"https:\/\/de.wikipedia.org\/wiki\/Makler\",\r\n\"https:\/\/de.wikipedia.org\/wiki\/Immobilienfinanzierung\",\r\n\"https:\/\/de.wikipedia.org\/wiki\/Immobilien\",\r\n\"https:\/\/de.wikipedia.org\/wiki\/Makler#Vermittlungsmakler\",\r\n\"https:\/\/de.wikipedia.org\/wiki\/Makler#Nachweismakler\",\r\n\"T\/doc\/Real_estate_agent\",\r\n\"https:\/\/www.wikidata.org\/wiki\/Q519076\",\r\n\"https:\/\/de.wikipedia.org\/wiki\/Grundst\u00fccksbewertung\"\r\n],\r\n                      \"award\":[\r\n       \"Top Immobilienmakler Col\u00f2nia de Sant Jordi 2025\",\r\n      \"Top Makler Col\u00f2nia de Sant Jordi 2025\"\r\n   ],\r\n   \"description\":\"Haus kaufen in Col\u00f2nia de Sant Jordi auf Mallorca \u2013 Petra Pekna Immobilien begleitet K\u00e4ufer beim Erwerb von H\u00e4usern, Villen und Ferienimmobilien in Strandn\u00e4he. Pers\u00f6nliche Beratung, fundierte Marktkenntnis und sichere Abwicklung bis zum Notartermin.\",\r\n    \"disambiguatingDescription\":\"Immobilienangebot und Maklerdienstleistung f\u00fcr den Hauskauf in Col\u00f2nia de Sant Jordi auf Mallorca, betreut von Petra Pekna Immobilien, mit Fokus auf Wohn- und Ferienimmobilien im S\u00fcden der Insel.\",\r\n  \"sameAs\": [\r\n\"https:\/\/www.facebook.com\/people\/Petra-Pekna-Real-Estate\/100071948467810\/\",\r\n\"https:\/\/www.immowelt.de\/profil\/7a9a96aa5e094f7d90c356f46bc3d956\",\r\n\"https:\/\/www.instagram.com\/petrapekna_realestate\/?hl=en\",\r\n\"https:\/\/www.linkedin.com\/posts\/petra-pekna-real-estate-90a156242_luxury-property-onsale-activity-6983347678755610624-vdzW\"\r\n]\r\n}\r\n<\/script>\t\t\t\t<\/div>\n\t\t\t\t<\/div>\n\t\t\t\t\t<\/div>\n\t\t\t\t<\/div>\n\t\t<div class=\"elementor-element elementor-element-83d1a03 e-flex e-con-boxed e-con e-parent\" data-id=\"83d1a03\" data-element_type=\"container\" data-e-type=\"container\">\n\t\t\t\t\t<div class=\"e-con-inner\">\n\t\t\t\t<div class=\"elementor-element elementor-element-4178689 elementor-widget elementor-widget-html\" data-id=\"4178689\" data-element_type=\"widget\" data-e-type=\"widget\" data-widget_type=\"html.default\">\n\t\t\t\t<div class=\"elementor-widget-container\">\n\t\t\t\t\t<script type=\"application\/ld+json\">\n{\n  \"@context\": \"https:\/\/schema.org\/\",\n  \"@type\": \"Product\",\n  \"name\": \"Haus Kaufen Col\u00f2nia de Sant Jordi  | Petra Pekna Immobilien\",\n  \"image\": \"https:\/\/petrapekna.com\/wp-content\/uploads\/2025\/10\/Logotipo-color-1-fondo-blanco-1024x517.jpg\",\n  \"description\": \"Petra Pekna Immobilien \u2013 Ihr Experte f\u00fcr Kauf, Miete und Bewertung von Immobilien in Col\u00f2nia de Sant Jordi auf Mallorca.\",\n  \"review\": {\n    \"@type\": \"Review\",\n    \"reviewRating\": {\n      \"@type\": \"Rating\",\n      \"ratingValue\": 5.0,\n      \"bestRating\": 5\n    },\n    \"author\": {\n      \"@type\": \"Person\",\n      \"name\": \"Petra Pekna\"\n    }\n  },\n  \"aggregateRating\": {\n    \"@type\": \"AggregateRating\",\n    \"ratingValue\": 5.0,\n    \"reviewCount\": 63\n  }\n}\n<\/script>\t\t\t\t<\/div>\n\t\t\t\t<\/div>\n\t\t\t\t\t<\/div>\n\t\t\t\t<\/div>\n\t\t\t\t<\/div>\n\t\t","protected":false},"excerpt":{"rendered":"<p>PETRA PEKNA IMMOBILIEN Ihre Immobilienexperten in Col\u00f2nia de Sant Jordi Unsere Leistungen Aktuelle Angebote Haus kaufen in Col\u00f2nia de Sant Jordi mit Petra Pekna \u2013 wenn Sie erfolgreich Immobilien in Col\u00f2nia de Sant Jordi kaufen wollen Ihr lokaler Immobilienmakler und Preisexperte f\u00fcr den Hauskauf in Col\u00f2nia de Sant Jordi Mit einem klar strukturierten Ablauf und [&hellip;]<\/p>\n","protected":false},"author":4,"featured_media":0,"parent":0,"menu_order":0,"comment_status":"closed","ping_status":"closed","template":"","meta":{"_acf_changed":false,"footnotes":""},"class_list":["post-9053","page","type-page","status-publish","hentry"],"acf":[],"_links":{"self":[{"href":"https:\/\/petrapekna.com\/en\/wp-json\/wp\/v2\/pages\/9053","targetHints":{"allow":["GET"]}}],"collection":[{"href":"https:\/\/petrapekna.com\/en\/wp-json\/wp\/v2\/pages"}],"about":[{"href":"https:\/\/petrapekna.com\/en\/wp-json\/wp\/v2\/types\/page"}],"author":[{"embeddable":true,"href":"https:\/\/petrapekna.com\/en\/wp-json\/wp\/v2\/users\/4"}],"replies":[{"embeddable":true,"href":"https:\/\/petrapekna.com\/en\/wp-json\/wp\/v2\/comments?post=9053"}],"version-history":[{"count":10,"href":"https:\/\/petrapekna.com\/en\/wp-json\/wp\/v2\/pages\/9053\/revisions"}],"predecessor-version":[{"id":10447,"href":"https:\/\/petrapekna.com\/en\/wp-json\/wp\/v2\/pages\/9053\/revisions\/10447"}],"wp:attachment":[{"href":"https:\/\/petrapekna.com\/en\/wp-json\/wp\/v2\/media?parent=9053"}],"curies":[{"name":"wp","href":"https:\/\/api.w.org\/{rel}","templated":true}]}}