{"id":10303,"date":"2026-04-04T12:20:19","date_gmt":"2026-04-04T10:20:19","guid":{"rendered":"https:\/\/petrapekna.com\/?page_id=10303"},"modified":"2026-04-04T12:30:30","modified_gmt":"2026-04-04T10:30:30","slug":"immobilien-s-horta","status":"publish","type":"page","link":"https:\/\/petrapekna.com\/es\/immobilien-s-horta\/","title":{"rendered":"Immobilien S\u2019Horta"},"content":{"rendered":"\t\t<div data-elementor-type=\"wp-page\" data-elementor-id=\"10303\" class=\"elementor elementor-10303\" data-elementor-post-type=\"page\">\n\t\t\t\t<div class=\"elementor-element elementor-element-515d35fa e-flex e-con-boxed e-con e-parent\" data-id=\"515d35fa\" data-element_type=\"container\" data-e-type=\"container\" data-settings=\"{&quot;background_background&quot;:&quot;slideshow&quot;,&quot;background_slideshow_gallery&quot;:[{&quot;id&quot;:439,&quot;url&quot;:&quot;https:\\\/\\\/petrapekna.com\\\/wp-content\\\/uploads\\\/2025\\\/07\\\/APH001CN-R.-Web-002.jpg&quot;},{&quot;id&quot;:631,&quot;url&quot;:&quot;https:\\\/\\\/petrapekna.com\\\/wp-content\\\/uploads\\\/2025\\\/07\\\/51aec239-e8ef-431b-85e8-a08e887f1a3e-scaled.jpg&quot;},{&quot;id&quot;:446,&quot;url&quot;:&quot;https:\\\/\\\/petrapekna.com\\\/wp-content\\\/uploads\\\/2025\\\/07\\\/PP002CN-Dron-R.Alta-003-scaled.jpg&quot;},{&quot;id&quot;:445,&quot;url&quot;:&quot;https:\\\/\\\/petrapekna.com\\\/wp-content\\\/uploads\\\/2025\\\/07\\\/MHM514-scaled.jpg&quot;}],&quot;background_slideshow_ken_burns&quot;:&quot;yes&quot;,&quot;background_slideshow_transition_duration&quot;:300,&quot;background_slideshow_loop&quot;:&quot;yes&quot;,&quot;background_slideshow_slide_duration&quot;:5000,&quot;background_slideshow_slide_transition&quot;:&quot;fade&quot;,&quot;background_slideshow_ken_burns_zoom_direction&quot;:&quot;in&quot;}\">\n\t\t\t\t\t<div class=\"e-con-inner\">\n\t\t<div class=\"elementor-element elementor-element-d280ff3 e-con-full e-flex e-con e-child\" data-id=\"d280ff3\" data-element_type=\"container\" data-e-type=\"container\" data-settings=\"{&quot;background_background&quot;:&quot;classic&quot;}\">\n\t\t\t\t<div class=\"elementor-element elementor-element-32cb94c0 elementor-invisible elementor-widget elementor-widget-heading\" data-id=\"32cb94c0\" data-element_type=\"widget\" data-e-type=\"widget\" data-settings=\"{&quot;_animation&quot;:&quot;fadeInLeft&quot;}\" data-widget_type=\"heading.default\">\n\t\t\t\t<div class=\"elementor-widget-container\">\n\t\t\t\t\t<h2 class=\"elementor-heading-title elementor-size-default\">PETRA PEKNA <br>IMMOBILIEN\n<\/h2>\t\t\t\t<\/div>\n\t\t\t\t<\/div>\n\t\t\t\t<div class=\"elementor-element elementor-element-96f6025 elementor-invisible elementor-widget elementor-widget-text-editor\" data-id=\"96f6025\" data-element_type=\"widget\" data-e-type=\"widget\" data-settings=\"{&quot;_animation&quot;:&quot;fadeInLeft&quot;,&quot;_animation_delay&quot;:&quot;100&quot;}\" data-widget_type=\"text-editor.default\">\n\t\t\t\t<div class=\"elementor-widget-container\">\n\t\t\t\t\t\t\t\t\t<p><strong>Ihre Immobilienexperten in S\u2019Horta<\/strong><\/p>\t\t\t\t\t\t\t\t<\/div>\n\t\t\t\t<\/div>\n\t\t\t\t<\/div>\n\t\t<div class=\"elementor-element elementor-element-38f05e3d e-con-full e-flex e-con e-child\" data-id=\"38f05e3d\" data-element_type=\"container\" data-e-type=\"container\">\n\t\t\t\t<div class=\"elementor-element elementor-element-43b559ae elementor-align-left elementor-mobile-align-center elementor-widget__width-auto elementor-invisible elementor-widget elementor-widget-button\" data-id=\"43b559ae\" data-element_type=\"widget\" data-e-type=\"widget\" data-settings=\"{&quot;_animation&quot;:&quot;fadeInLeft&quot;,&quot;_animation_delay&quot;:&quot;200&quot;}\" data-widget_type=\"button.default\">\n\t\t\t\t<div class=\"elementor-widget-container\">\n\t\t\t\t\t\t\t\t\t<div class=\"elementor-button-wrapper\">\n\t\t\t\t\t<a class=\"elementor-button elementor-button-link elementor-size-sm\" href=\"https:\/\/petrapekna.com\/leistungen\">\n\t\t\t\t\t\t<span class=\"elementor-button-content-wrapper\">\n\t\t\t\t\t\t\t\t\t<span class=\"elementor-button-text\">Unsere Leistungen<\/span>\n\t\t\t\t\t<\/span>\n\t\t\t\t\t<\/a>\n\t\t\t\t<\/div>\n\t\t\t\t\t\t\t\t<\/div>\n\t\t\t\t<\/div>\n\t\t\t\t<div class=\"elementor-element elementor-element-35f658d8 elementor-align-left elementor-mobile-align-center elementor-widget__width-auto elementor-invisible elementor-widget elementor-widget-button\" data-id=\"35f658d8\" data-element_type=\"widget\" data-e-type=\"widget\" data-settings=\"{&quot;_animation&quot;:&quot;fadeInLeft&quot;,&quot;_animation_delay&quot;:&quot;200&quot;}\" data-widget_type=\"button.default\">\n\t\t\t\t<div class=\"elementor-widget-container\">\n\t\t\t\t\t\t\t\t\t<div class=\"elementor-button-wrapper\">\n\t\t\t\t\t<a class=\"elementor-button elementor-button-link elementor-size-sm\" href=\"https:\/\/petrapekna.com\/immobilien\/\">\n\t\t\t\t\t\t<span class=\"elementor-button-content-wrapper\">\n\t\t\t\t\t\t\t\t\t<span class=\"elementor-button-text\">Aktuelle Angebote<\/span>\n\t\t\t\t\t<\/span>\n\t\t\t\t\t<\/a>\n\t\t\t\t<\/div>\n\t\t\t\t\t\t\t\t<\/div>\n\t\t\t\t<\/div>\n\t\t\t\t<\/div>\n\t\t\t\t\t<\/div>\n\t\t\t\t<\/div>\n\t\t<div class=\"elementor-element elementor-element-421b667a e-flex e-con-boxed e-con e-parent\" data-id=\"421b667a\" data-element_type=\"container\" data-e-type=\"container\" data-settings=\"{&quot;background_background&quot;:&quot;classic&quot;}\">\n\t\t\t\t\t<div class=\"e-con-inner\">\n\t\t<div class=\"elementor-element elementor-element-91c8729 e-con-full e-flex e-con e-child\" data-id=\"91c8729\" data-element_type=\"container\" data-e-type=\"container\">\n\t\t\t\t<div class=\"elementor-element elementor-element-3753d6e0 elementor-widget elementor-widget-image\" data-id=\"3753d6e0\" data-element_type=\"widget\" data-e-type=\"widget\" data-widget_type=\"image.default\">\n\t\t\t\t<div class=\"elementor-widget-container\">\n\t\t\t\t\t\t\t\t\t\t\t\t\t\t\t<img fetchpriority=\"high\" decoding=\"async\" width=\"1920\" height=\"2560\" src=\"https:\/\/petrapekna.com\/wp-content\/uploads\/2025\/07\/3-scaled.jpg\" class=\"attachment-full size-full wp-image-463\" alt=\"Immobilienmakler Petra Pekna\" srcset=\"https:\/\/petrapekna.com\/wp-content\/uploads\/2025\/07\/3-scaled.jpg 1920w, https:\/\/petrapekna.com\/wp-content\/uploads\/2025\/07\/3-225x300.jpg 225w, https:\/\/petrapekna.com\/wp-content\/uploads\/2025\/07\/3-768x1024.jpg 768w, https:\/\/petrapekna.com\/wp-content\/uploads\/2025\/07\/3-1152x1536.jpg 1152w, https:\/\/petrapekna.com\/wp-content\/uploads\/2025\/07\/3-1536x2048.jpg 1536w\" sizes=\"(max-width: 1920px) 100vw, 1920px\" \/>\t\t\t\t\t\t\t\t\t\t\t\t\t\t\t<\/div>\n\t\t\t\t<\/div>\n\t\t\t\t<\/div>\n\t\t<div class=\"elementor-element elementor-element-134b996c e-con-full e-flex e-con e-child\" data-id=\"134b996c\" data-element_type=\"container\" data-e-type=\"container\">\n\t\t<div class=\"elementor-element elementor-element-75146a29 e-con-full e-flex e-con e-child\" data-id=\"75146a29\" data-element_type=\"container\" data-e-type=\"container\">\n\t\t<div class=\"elementor-element elementor-element-7188c8dd e-con-full e-flex elementor-invisible e-con e-child\" data-id=\"7188c8dd\" data-element_type=\"container\" data-e-type=\"container\" data-settings=\"{&quot;background_background&quot;:&quot;classic&quot;,&quot;animation&quot;:&quot;fadeInRight&quot;}\">\n\t\t\t\t<div class=\"elementor-element elementor-element-1e775699 elementor-invisible elementor-widget elementor-widget-heading\" data-id=\"1e775699\" data-element_type=\"widget\" data-e-type=\"widget\" data-settings=\"{&quot;_animation&quot;:&quot;fadeInLeft&quot;}\" data-widget_type=\"heading.default\">\n\t\t\t\t<div class=\"elementor-widget-container\">\n\t\t\t\t\t<div class=\"elementor-heading-title elementor-size-default\"><h1 style=\"color: #C6AD7B;font-weight: 600;font-size: 1.0em;font-style: italic\">Immobilie kaufen in S\u2019Horta<br \/> mit Petra Pekna \u2013 wenn Sie erfolgreich Immobilien in S\u2019Hortakaufen wollen <\/h1> <\/div>\t\t\t\t<\/div>\n\t\t\t\t<\/div>\n\t\t\t\t<div class=\"elementor-element elementor-element-1779d620 elementor-widget elementor-widget-heading\" data-id=\"1779d620\" data-element_type=\"widget\" data-e-type=\"widget\" data-widget_type=\"heading.default\">\n\t\t\t\t<div class=\"elementor-widget-container\">\n\t\t\t\t\t<h2 class=\"elementor-heading-title elementor-size-default\">Ihr lokaler Immobilienmakler und Preisexperte f\u00fcr den Hauskauf in S\u2019Horta<\/h2>\t\t\t\t<\/div>\n\t\t\t\t<\/div>\n\t\t\t\t<div class=\"elementor-element elementor-element-1f85f3ca elementor-widget elementor-widget-text-editor\" data-id=\"1f85f3ca\" data-element_type=\"widget\" data-e-type=\"widget\" data-widget_type=\"text-editor.default\">\n\t\t\t\t<div class=\"elementor-widget-container\">\n\t\t\t\t\t\t\t\t\t<div class=\"elementor-element elementor-element-1f85f3ca elementor-widget elementor-widget-text-editor\" data-id=\"1f85f3ca\" data-element_type=\"widget\" data-widget_type=\"text-editor.default\">\n<div class=\"elementor-widget-container\">\n<section class=\"text-token-text-primary w-full focus:outline-none [--shadow-height:45px] has-data-writing-block:pointer-events-none has-data-writing-block:-mt-(--shadow-height) has-data-writing-block:pt-(--shadow-height) [&amp;:has([data-writing-block])&gt;*]:pointer-events-auto scroll-mt-(--header-height)\" dir=\"auto\" data-turn-id=\"7aa7ea5a-8c4e-418f-8974-1d3ffa853087\" data-testid=\"conversation-turn-359\" data-scroll-anchor=\"false\" data-turn=\"user\"><\/section>\n<section class=\"text-token-text-primary w-full focus:outline-none [--shadow-height:45px] has-data-writing-block:pointer-events-none has-data-writing-block:-mt-(--shadow-height) has-data-writing-block:pt-(--shadow-height) [&amp;:has([data-writing-block])&gt;*]:pointer-events-auto scroll-mt-[calc(var(--header-height)+min(200px,max(70px,20svh)))]\" dir=\"auto\" data-turn-id=\"request-69ce6135-4dd4-8328-9ea6-f422786fb069-25\" data-testid=\"conversation-turn-360\" data-scroll-anchor=\"true\" data-turn=\"assistant\">\n<div class=\"text-base my-auto mx-auto pb-10 [--thread-content-margin:var(--thread-content-margin-xs,calc(var(--spacing)*4))] @w-sm\/main:[--thread-content-margin:var(--thread-content-margin-sm,calc(var(--spacing)*6))] @w-lg\/main:[--thread-content-margin:var(--thread-content-margin-lg,calc(var(--spacing)*16))] px-(--thread-content-margin)\">\n<div class=\"[--thread-content-max-width:40rem] @w-lg\/main:[--thread-content-max-width:48rem] mx-auto max-w-(--thread-content-max-width) flex-1 group\/turn-messages focus-visible:outline-hidden relative flex w-full min-w-0 flex-col agent-turn\">\n<div class=\"flex max-w-full flex-col gap-4 grow\">\n<div class=\"min-h-8 text-message relative flex w-full flex-col items-end gap-2 text-start break-words whitespace-normal outline-none keyboard-focused:focus-ring [.text-message+&amp;]:mt-1\" dir=\"auto\" tabindex=\"0\" data-message-author-role=\"assistant\" data-message-id=\"5baf388d-0adf-405a-91fe-fad2a68f07d1\" data-message-model-slug=\"gpt-5-mini\" data-turn-start-message=\"true\">\n<div class=\"flex w-full flex-col gap-1 empty:hidden\">\n<div class=\"markdown prose dark:prose-invert w-full wrap-break-word light markdown-new-styling\">\n<p data-start=\"0\" data-end=\"292\">In S\u2019Horta begleitet Petra Pekna Real Estate Agency Sie mit exklusiver Expertise und pers\u00f6nlichem Engagement beim Erwerb Ihrer Traumimmobilie. Ob charmante Finca, modernes Haus oder luxuri\u00f6se Villa \u2013 wir vereinen fundiertes Fachwissen mit einem feinen Gesp\u00fcr f\u00fcr Ihre individuellen W\u00fcnsche.<\/p>\n<p data-start=\"294\" data-end=\"588\">Unser Anspruch ist es, Sie beim Immobilienkauf in S\u2019Horta diskret und ma\u00dfgeschneidert zu unterst\u00fctzen. Von der ersten Beratung bis zum erfolgreichen Abschluss stehen wir Ihnen zuverl\u00e4ssig zur Seite und k\u00fcmmern uns um alle Details des Kaufprozesses \u2013 transparent, professionell und stressfrei.<\/p>\n<p data-start=\"590\" data-end=\"725\" data-is-last-node=\"\" data-is-only-node=\"\">F\u00fcr eine erste, unverbindliche telefonische Beratung erreichen Sie uns unter +34 87 15 32 007 oder nehmen Sie hier Kontakt mit uns auf.<\/p>\n<\/div>\n<\/div>\n<\/div>\n<\/div>\n<\/div>\n<\/div>\n<\/section>\n<\/div>\n<\/div>\t\t\t\t\t\t\t\t<\/div>\n\t\t\t\t<\/div>\n\t\t\t\t<div class=\"elementor-element elementor-element-2b871e56 elementor-align-left elementor-mobile-align-justify elementor-widget elementor-widget-button\" data-id=\"2b871e56\" data-element_type=\"widget\" data-e-type=\"widget\" data-widget_type=\"button.default\">\n\t\t\t\t<div class=\"elementor-widget-container\">\n\t\t\t\t\t\t\t\t\t<div class=\"elementor-button-wrapper\">\n\t\t\t\t\t<a class=\"elementor-button elementor-button-link elementor-size-sm\" href=\"https:\/\/petrapekna.com\/haus-kaufen-santanyi\/#schritte\">\n\t\t\t\t\t\t<span class=\"elementor-button-content-wrapper\">\n\t\t\t\t\t\t\t\t\t<span class=\"elementor-button-text\">Mehr erfahren<\/span>\n\t\t\t\t\t<\/span>\n\t\t\t\t\t<\/a>\n\t\t\t\t<\/div>\n\t\t\t\t\t\t\t\t<\/div>\n\t\t\t\t<\/div>\n\t\t\t\t<\/div>\n\t\t\t\t<\/div>\n\t\t\t\t<\/div>\n\t\t\t\t\t<\/div>\n\t\t\t\t<\/div>\n\t\t<div class=\"elementor-element elementor-element-390ef25 e-flex e-con-boxed e-con e-parent\" data-id=\"390ef25\" data-element_type=\"container\" data-e-type=\"container\" id=\"schritte\">\n\t\t\t\t\t<div class=\"e-con-inner\">\n\t\t<div class=\"elementor-element elementor-element-5ac6d2a e-con-full e-flex e-con e-child\" data-id=\"5ac6d2a\" data-element_type=\"container\" data-e-type=\"container\" data-settings=\"{&quot;background_background&quot;:&quot;classic&quot;}\">\n\t\t<div class=\"elementor-element elementor-element-29f98ad e-con-full e-flex e-con e-child\" data-id=\"29f98ad\" data-element_type=\"container\" data-e-type=\"container\">\n\t\t<div class=\"elementor-element elementor-element-24bce6b e-con-full e-flex e-con e-child\" data-id=\"24bce6b\" data-element_type=\"container\" data-e-type=\"container\">\n\t\t<div class=\"elementor-element elementor-element-26b8205 e-con-full e-flex e-con e-child\" data-id=\"26b8205\" data-element_type=\"container\" data-e-type=\"container\">\n\t\t\t\t<div class=\"elementor-element elementor-element-e18a5fb elementor-widget elementor-widget-heading\" data-id=\"e18a5fb\" data-element_type=\"widget\" data-e-type=\"widget\" data-widget_type=\"heading.default\">\n\t\t\t\t<div class=\"elementor-widget-container\">\n\t\t\t\t\t<h3 class=\"elementor-heading-title elementor-size-default\">In 4 Schritten <br>  zur Immobilie in S\u2019Horta<\/h3>\t\t\t\t<\/div>\n\t\t\t\t<\/div>\n\t\t\t\t<div class=\"elementor-element elementor-element-543c005 elementor-invisible elementor-widget elementor-widget-text-editor\" data-id=\"543c005\" data-element_type=\"widget\" data-e-type=\"widget\" data-settings=\"{&quot;_animation&quot;:&quot;fadeInLeft&quot;,&quot;_animation_delay&quot;:&quot;100&quot;}\" data-widget_type=\"text-editor.default\">\n\t\t\t\t<div class=\"elementor-widget-container\">\n\t\t\t\t\t\t\t\t\t<div class=\"flex flex-col text-sm pb-25\">\n<section class=\"text-token-text-primary w-full focus:outline-none [--shadow-height:45px] has-data-writing-block:pointer-events-none has-data-writing-block:-mt-(--shadow-height) has-data-writing-block:pt-(--shadow-height) [&amp;:has([data-writing-block])&gt;*]:pointer-events-auto scroll-mt-[calc(var(--header-height)+min(200px,max(70px,20svh)))]\" dir=\"auto\" data-turn-id=\"request-69ce6135-4dd4-8328-9ea6-f422786fb069-26\" data-testid=\"conversation-turn-362\" data-scroll-anchor=\"true\" data-turn=\"assistant\">\n<div class=\"text-base my-auto mx-auto pb-10 [--thread-content-margin:var(--thread-content-margin-xs,calc(var(--spacing)*4))] @w-sm\/main:[--thread-content-margin:var(--thread-content-margin-sm,calc(var(--spacing)*6))] @w-lg\/main:[--thread-content-margin:var(--thread-content-margin-lg,calc(var(--spacing)*16))] px-(--thread-content-margin)\">\n<div class=\"[--thread-content-max-width:40rem] @w-lg\/main:[--thread-content-max-width:48rem] mx-auto max-w-(--thread-content-max-width) flex-1 group\/turn-messages focus-visible:outline-hidden relative flex w-full min-w-0 flex-col agent-turn\">\n<div class=\"flex max-w-full flex-col gap-4 grow\">\n<div class=\"min-h-8 text-message relative flex w-full flex-col items-end gap-2 text-start break-words whitespace-normal outline-none keyboard-focused:focus-ring [.text-message+&amp;]:mt-1\" dir=\"auto\" tabindex=\"0\" data-message-author-role=\"assistant\" data-message-id=\"74daca48-1b41-4b91-88a4-838bfc47c017\" data-message-model-slug=\"gpt-5-mini\" data-turn-start-message=\"true\">\n<div class=\"flex w-full flex-col gap-1 empty:hidden\">\n<div class=\"markdown prose dark:prose-invert w-full wrap-break-word light markdown-new-styling\">\n<p data-start=\"0\" data-end=\"318\">In S\u2019Horta begleitet Petra Pekna Real Estate Agency Sie mit exklusiver Erfahrung und pers\u00f6nlichem Einsatz beim Erwerb Ihrer Traumimmobilie. Ob idyllische Finca, modernes Haus oder luxuri\u00f6se Villa \u2013 wir vereinen fundierte Expertise mit Leidenschaft f\u00fcr Mallorca und einem feinen Gesp\u00fcr f\u00fcr Ihre individuellen W\u00fcnsche.<\/p>\n<p data-start=\"320\" data-end=\"523\" data-is-last-node=\"\" data-is-only-node=\"\">Unser Anspruch ist es, Sie beim Immobilienkauf in S\u2019Horta diskret und ma\u00dfgeschneidert zu unterst\u00fctzen. So finden Sie die Immobilie, die perfekt zu Ihnen passt \u2013 stressfrei, transparent und professionell.<\/p>\n<\/div>\n<\/div>\n<\/div>\n<\/div>\n<\/div>\n<\/div>\n<\/section>\n<\/div>\t\t\t\t\t\t\t\t<\/div>\n\t\t\t\t<\/div>\n\t\t\t\t<\/div>\n\t\t<div class=\"elementor-element elementor-element-e8cb590 e-con-full e-flex e-con e-child\" data-id=\"e8cb590\" data-element_type=\"container\" data-e-type=\"container\">\n\t\t<div class=\"elementor-element elementor-element-1c82bfe e-con-full e-flex e-con e-child\" data-id=\"1c82bfe\" data-element_type=\"container\" data-e-type=\"container\" data-settings=\"{&quot;background_background&quot;:&quot;classic&quot;}\">\n\t\t\t\t<div class=\"elementor-element elementor-element-7b23237 elementor-position-inline-start elementor-view-default elementor-mobile-position-block-start elementor-widget elementor-widget-icon-box\" data-id=\"7b23237\" data-element_type=\"widget\" data-e-type=\"widget\" data-widget_type=\"icon-box.default\">\n\t\t\t\t<div class=\"elementor-widget-container\">\n\t\t\t\t\t\t\t<div class=\"elementor-icon-box-wrapper\">\n\n\t\t\t\t\t\t<div class=\"elementor-icon-box-icon\">\n\t\t\t\t<span  class=\"elementor-icon\">\n\t\t\t\t<svg xmlns=\"http:\/\/www.w3.org\/2000\/svg\" xmlns:xlink=\"http:\/\/www.w3.org\/1999\/xlink\" id=\"Capa_1\" x=\"0px\" y=\"0px\" viewBox=\"0 0 463.937 463.937\" style=\"enable-background:new 0 0 463.937 463.937;\" xml:space=\"preserve\"><g>\t<g>\t\t<path d=\"M460.414,216.518l-85.6-73.1c0.1-0.5,0.2-1,0.3-1.6v-95.6c-0.1-5.7-4.6-10.3-10.3-10.5h-47.8c-5.5,0-10,4.9-10,10.5v39.6   l-68.5-58.4c-3.7-3.2-9.2-3.2-13,0l-221.9,189c-4.3,3.5-4.8,9.8-1.3,14.1s9.8,4.8,14.1,1.3c0.1-0.1,0.1-0.1,0.2-0.2l215.4-183.4   l77.1,65.7l46.1,39.2l92.3,78.6c4.2,3.6,10.5,3.1,14.1-1.1C465.114,226.418,464.614,220.118,460.414,216.518z M355.014,126.518   l-28-23.6v-47.1h28V126.518z\"><\/path>\t<\/g><\/g><g>\t<g>\t\t<path d=\"M416.314,236.718l-28.1-24l-149.7-127.9c-3.7-3.2-9.2-3.2-13,0l-149.7,127.9l-28.1,24c-4.2,3.6-4.7,9.9-1.1,14.1   c3.5,4.2,9.7,4.7,13.8,1.2l0.1-0.1l12.5-10.8v187.5c0.1,5.6,4.7,10.2,10.3,10.3h297.3c5.6-0.1,10.2-4.6,10.3-10.3v-187.5   l12.5,10.8c1.8,1.5,4,2.4,6.4,2.4c2.9,0,5.7-1.3,7.6-3.5C421.114,246.518,420.514,240.218,416.314,236.718z M272.014,418.818h-80   v-108h80V418.818z M292.014,418.818v-117.7c0-5.5-4.1-10.3-9.6-10.3h-100.8c-5.5,0-9.6,4.8-9.6,10.3v117.7h-79v-194.8l139-118.4   l139,118.4v194.8H292.014z\"><\/path>\t<\/g><\/g><g><\/g><g><\/g><g><\/g><g><\/g><g><\/g><g><\/g><g><\/g><g><\/g><g><\/g><g><\/g><g><\/g><g><\/g><g><\/g><g><\/g><g><\/g><\/svg>\t\t\t\t<\/span>\n\t\t\t<\/div>\n\t\t\t\n\t\t\t\t\t\t<div class=\"elementor-icon-box-content\">\n\n\t\t\t\t\t\t\t\t\t<h3 class=\"elementor-icon-box-title\">\n\t\t\t\t\t\t<span  >\n\t\t\t\t\t\t\tBeratung &amp; Besichtigung\t\t\t\t\t\t<\/span>\n\t\t\t\t\t<\/h3>\n\t\t\t\t\n\t\t\t\t\t\t\t\t\t<p class=\"elementor-icon-box-description\">\n\t\t\t\t\t\tWir nehmen uns Zeit, Ihre individuellen W\u00fcnsche zu verstehen, und besichtigen gemeinsam passende Immobilien in S\u2019Horta. Dabei erhalten Sie einen exklusiven \u00dcberblick \u00fcber den Markt, die Abl\u00e4ufe und Ihre Optionen \u2013 so starten Sie bestens informiert in Ihren Immobilienkauf.\t\t\t\t\t<\/p>\n\t\t\t\t\n\t\t\t<\/div>\n\t\t\t\n\t\t<\/div>\n\t\t\t\t\t\t<\/div>\n\t\t\t\t<\/div>\n\t\t\t\t<\/div>\n\t\t<div class=\"elementor-element elementor-element-11fd7e8 e-con-full e-flex e-con e-child\" data-id=\"11fd7e8\" data-element_type=\"container\" data-e-type=\"container\" data-settings=\"{&quot;background_background&quot;:&quot;classic&quot;}\">\n\t\t\t\t<div class=\"elementor-element elementor-element-fce828c elementor-position-inline-start elementor-view-default elementor-mobile-position-block-start elementor-widget elementor-widget-icon-box\" data-id=\"fce828c\" data-element_type=\"widget\" data-e-type=\"widget\" data-widget_type=\"icon-box.default\">\n\t\t\t\t<div class=\"elementor-widget-container\">\n\t\t\t\t\t\t\t<div class=\"elementor-icon-box-wrapper\">\n\n\t\t\t\t\t\t<div class=\"elementor-icon-box-icon\">\n\t\t\t\t<span  class=\"elementor-icon\">\n\t\t\t\t<svg xmlns=\"http:\/\/www.w3.org\/2000\/svg\" xmlns:xlink=\"http:\/\/www.w3.org\/1999\/xlink\" id=\"Capa_1\" x=\"0px\" y=\"0px\" viewBox=\"0 0 463.937 463.937\" style=\"enable-background:new 0 0 463.937 463.937;\" xml:space=\"preserve\"><g>\t<g>\t\t<path d=\"M460.414,216.518l-85.6-73.1c0.1-0.5,0.2-1,0.3-1.6v-95.6c-0.1-5.7-4.6-10.3-10.3-10.5h-47.8c-5.5,0-10,4.9-10,10.5v39.6   l-68.5-58.4c-3.7-3.2-9.2-3.2-13,0l-221.9,189c-4.3,3.5-4.8,9.8-1.3,14.1s9.8,4.8,14.1,1.3c0.1-0.1,0.1-0.1,0.2-0.2l215.4-183.4   l77.1,65.7l46.1,39.2l92.3,78.6c4.2,3.6,10.5,3.1,14.1-1.1C465.114,226.418,464.614,220.118,460.414,216.518z M355.014,126.518   l-28-23.6v-47.1h28V126.518z\"><\/path>\t<\/g><\/g><g>\t<g>\t\t<path d=\"M416.314,236.718l-28.1-24l-149.7-127.9c-3.7-3.2-9.2-3.2-13,0l-149.7,127.9l-28.1,24c-4.2,3.6-4.7,9.9-1.1,14.1   c3.5,4.2,9.7,4.7,13.8,1.2l0.1-0.1l12.5-10.8v187.5c0.1,5.6,4.7,10.2,10.3,10.3h297.3c5.6-0.1,10.2-4.6,10.3-10.3v-187.5   l12.5,10.8c1.8,1.5,4,2.4,6.4,2.4c2.9,0,5.7-1.3,7.6-3.5C421.114,246.518,420.514,240.218,416.314,236.718z M272.014,418.818h-80   v-108h80V418.818z M292.014,418.818v-117.7c0-5.5-4.1-10.3-9.6-10.3h-100.8c-5.5,0-9.6,4.8-9.6,10.3v117.7h-79v-194.8l139-118.4   l139,118.4v194.8H292.014z\"><\/path>\t<\/g><\/g><g><\/g><g><\/g><g><\/g><g><\/g><g><\/g><g><\/g><g><\/g><g><\/g><g><\/g><g><\/g><g><\/g><g><\/g><g><\/g><g><\/g><g><\/g><\/svg>\t\t\t\t<\/span>\n\t\t\t<\/div>\n\t\t\t\n\t\t\t\t\t\t<div class=\"elementor-icon-box-content\">\n\n\t\t\t\t\t\t\t\t\t<h3 class=\"elementor-icon-box-title\">\n\t\t\t\t\t\t<span  >\n\t\t\t\t\t\t\tBesichtigungen &amp; Verhandlung\t\t\t\t\t\t<\/span>\n\t\t\t\t\t<\/h3>\n\t\t\t\t\n\t\t\t\t\t\t\t\t\t<p class=\"elementor-icon-box-description\">\n\t\t\t\t\t\tWir begleiten jede Besichtigung in S\u2019Horta, beantworten Ihre Fragen und geben realistische Einsch\u00e4tzungen zu Lage, Zustand und Potenzial der Immobilien. Bei Preisverhandlungen vertreten wir Ihre Interessen professionell und zuverl\u00e4ssig.\t\t\t\t\t<\/p>\n\t\t\t\t\n\t\t\t<\/div>\n\t\t\t\n\t\t<\/div>\n\t\t\t\t\t\t<\/div>\n\t\t\t\t<\/div>\n\t\t\t\t<\/div>\n\t\t\t\t<\/div>\n\t\t<div class=\"elementor-element elementor-element-68b2583 e-con-full e-flex e-con e-child\" data-id=\"68b2583\" data-element_type=\"container\" data-e-type=\"container\">\n\t\t<div class=\"elementor-element elementor-element-af8fe9f e-con-full e-flex e-con e-child\" data-id=\"af8fe9f\" data-element_type=\"container\" data-e-type=\"container\" data-settings=\"{&quot;background_background&quot;:&quot;classic&quot;}\">\n\t\t\t\t<div class=\"elementor-element elementor-element-1476ac2 elementor-position-inline-start elementor-view-default elementor-mobile-position-block-start elementor-widget elementor-widget-icon-box\" data-id=\"1476ac2\" data-element_type=\"widget\" data-e-type=\"widget\" data-widget_type=\"icon-box.default\">\n\t\t\t\t<div class=\"elementor-widget-container\">\n\t\t\t\t\t\t\t<div class=\"elementor-icon-box-wrapper\">\n\n\t\t\t\t\t\t<div class=\"elementor-icon-box-icon\">\n\t\t\t\t<span  class=\"elementor-icon\">\n\t\t\t\t<svg xmlns=\"http:\/\/www.w3.org\/2000\/svg\" xmlns:xlink=\"http:\/\/www.w3.org\/1999\/xlink\" id=\"Capa_1\" x=\"0px\" y=\"0px\" viewBox=\"0 0 463.937 463.937\" style=\"enable-background:new 0 0 463.937 463.937;\" xml:space=\"preserve\"><g>\t<g>\t\t<path d=\"M460.414,216.518l-85.6-73.1c0.1-0.5,0.2-1,0.3-1.6v-95.6c-0.1-5.7-4.6-10.3-10.3-10.5h-47.8c-5.5,0-10,4.9-10,10.5v39.6   l-68.5-58.4c-3.7-3.2-9.2-3.2-13,0l-221.9,189c-4.3,3.5-4.8,9.8-1.3,14.1s9.8,4.8,14.1,1.3c0.1-0.1,0.1-0.1,0.2-0.2l215.4-183.4   l77.1,65.7l46.1,39.2l92.3,78.6c4.2,3.6,10.5,3.1,14.1-1.1C465.114,226.418,464.614,220.118,460.414,216.518z M355.014,126.518   l-28-23.6v-47.1h28V126.518z\"><\/path>\t<\/g><\/g><g>\t<g>\t\t<path d=\"M416.314,236.718l-28.1-24l-149.7-127.9c-3.7-3.2-9.2-3.2-13,0l-149.7,127.9l-28.1,24c-4.2,3.6-4.7,9.9-1.1,14.1   c3.5,4.2,9.7,4.7,13.8,1.2l0.1-0.1l12.5-10.8v187.5c0.1,5.6,4.7,10.2,10.3,10.3h297.3c5.6-0.1,10.2-4.6,10.3-10.3v-187.5   l12.5,10.8c1.8,1.5,4,2.4,6.4,2.4c2.9,0,5.7-1.3,7.6-3.5C421.114,246.518,420.514,240.218,416.314,236.718z M272.014,418.818h-80   v-108h80V418.818z M292.014,418.818v-117.7c0-5.5-4.1-10.3-9.6-10.3h-100.8c-5.5,0-9.6,4.8-9.6,10.3v117.7h-79v-194.8l139-118.4   l139,118.4v194.8H292.014z\"><\/path>\t<\/g><\/g><g><\/g><g><\/g><g><\/g><g><\/g><g><\/g><g><\/g><g><\/g><g><\/g><g><\/g><g><\/g><g><\/g><g><\/g><g><\/g><g><\/g><g><\/g><\/svg>\t\t\t\t<\/span>\n\t\t\t<\/div>\n\t\t\t\n\t\t\t\t\t\t<div class=\"elementor-icon-box-content\">\n\n\t\t\t\t\t\t\t\t\t<h3 class=\"elementor-icon-box-title\">\n\t\t\t\t\t\t<span  >\n\t\t\t\t\t\t\tMarktanalyse &amp; Auswahl\t\t\t\t\t\t<\/span>\n\t\t\t\t\t<\/h3>\n\t\t\t\t\n\t\t\t\t\t\t\t\t\t<p class=\"elementor-icon-box-description\">\n\t\t\t\t\t\tWir analysieren Preise und vergleichen Immobilien gezielt in S\u2019Horta. Ihnen werden ausschlie\u00dflich Objekte pr\u00e4sentiert, die Ihren individuellen Kriterien entsprechen \u2013 inklusive hochwertiger Fotos, detaillierter Expos\u00e9s und pr\u00e4ziser Grundrisse.\t\t\t\t\t<\/p>\n\t\t\t\t\n\t\t\t<\/div>\n\t\t\t\n\t\t<\/div>\n\t\t\t\t\t\t<\/div>\n\t\t\t\t<\/div>\n\t\t\t\t<\/div>\n\t\t<div class=\"elementor-element elementor-element-c2585ac e-con-full e-flex e-con e-child\" data-id=\"c2585ac\" data-element_type=\"container\" data-e-type=\"container\" data-settings=\"{&quot;background_background&quot;:&quot;classic&quot;}\">\n\t\t\t\t<div class=\"elementor-element elementor-element-5e9601a elementor-position-inline-start elementor-view-default elementor-mobile-position-block-start elementor-widget elementor-widget-icon-box\" data-id=\"5e9601a\" data-element_type=\"widget\" data-e-type=\"widget\" data-widget_type=\"icon-box.default\">\n\t\t\t\t<div class=\"elementor-widget-container\">\n\t\t\t\t\t\t\t<div class=\"elementor-icon-box-wrapper\">\n\n\t\t\t\t\t\t<div class=\"elementor-icon-box-icon\">\n\t\t\t\t<span  class=\"elementor-icon\">\n\t\t\t\t<svg xmlns=\"http:\/\/www.w3.org\/2000\/svg\" xmlns:xlink=\"http:\/\/www.w3.org\/1999\/xlink\" id=\"Capa_1\" x=\"0px\" y=\"0px\" viewBox=\"0 0 463.937 463.937\" style=\"enable-background:new 0 0 463.937 463.937;\" xml:space=\"preserve\"><g>\t<g>\t\t<path d=\"M460.414,216.518l-85.6-73.1c0.1-0.5,0.2-1,0.3-1.6v-95.6c-0.1-5.7-4.6-10.3-10.3-10.5h-47.8c-5.5,0-10,4.9-10,10.5v39.6   l-68.5-58.4c-3.7-3.2-9.2-3.2-13,0l-221.9,189c-4.3,3.5-4.8,9.8-1.3,14.1s9.8,4.8,14.1,1.3c0.1-0.1,0.1-0.1,0.2-0.2l215.4-183.4   l77.1,65.7l46.1,39.2l92.3,78.6c4.2,3.6,10.5,3.1,14.1-1.1C465.114,226.418,464.614,220.118,460.414,216.518z M355.014,126.518   l-28-23.6v-47.1h28V126.518z\"><\/path>\t<\/g><\/g><g>\t<g>\t\t<path d=\"M416.314,236.718l-28.1-24l-149.7-127.9c-3.7-3.2-9.2-3.2-13,0l-149.7,127.9l-28.1,24c-4.2,3.6-4.7,9.9-1.1,14.1   c3.5,4.2,9.7,4.7,13.8,1.2l0.1-0.1l12.5-10.8v187.5c0.1,5.6,4.7,10.2,10.3,10.3h297.3c5.6-0.1,10.2-4.6,10.3-10.3v-187.5   l12.5,10.8c1.8,1.5,4,2.4,6.4,2.4c2.9,0,5.7-1.3,7.6-3.5C421.114,246.518,420.514,240.218,416.314,236.718z M272.014,418.818h-80   v-108h80V418.818z M292.014,418.818v-117.7c0-5.5-4.1-10.3-9.6-10.3h-100.8c-5.5,0-9.6,4.8-9.6,10.3v117.7h-79v-194.8l139-118.4   l139,118.4v194.8H292.014z\"><\/path>\t<\/g><\/g><g><\/g><g><\/g><g><\/g><g><\/g><g><\/g><g><\/g><g><\/g><g><\/g><g><\/g><g><\/g><g><\/g><g><\/g><g><\/g><g><\/g><g><\/g><\/svg>\t\t\t\t<\/span>\n\t\t\t<\/div>\n\t\t\t\n\t\t\t\t\t\t<div class=\"elementor-icon-box-content\">\n\n\t\t\t\t\t\t\t\t\t<h3 class=\"elementor-icon-box-title\">\n\t\t\t\t\t\t<span  >\n\t\t\t\t\t\t\tNotar &amp; Einzug\t\t\t\t\t\t<\/span>\n\t\t\t\t\t<\/h3>\n\t\t\t\t\n\t\t\t\t\t\t\t\t\t<p class=\"elementor-icon-box-description\">\n\t\t\t\t\t\tWir begleiten Sie zum Notartermin in S\u2019Horta, koordinieren s\u00e4mtliche Formalit\u00e4ten und unterst\u00fctzen Sie bei der Schl\u00fcssel\u00fcbergabe. So k\u00f6nnen Sie entspannt und stressfrei in Ihre neue Traumimmobilie einziehen.\t\t\t\t\t<\/p>\n\t\t\t\t\n\t\t\t<\/div>\n\t\t\t\n\t\t<\/div>\n\t\t\t\t\t\t<\/div>\n\t\t\t\t<\/div>\n\t\t\t\t<\/div>\n\t\t\t\t<\/div>\n\t\t\t\t<\/div>\n\t\t\t\t<\/div>\n\t\t\t\t<\/div>\n\t\t\t\t\t<\/div>\n\t\t\t\t<\/div>\n\t\t<div class=\"elementor-element elementor-element-a1e22c9 e-flex e-con-boxed e-con e-parent\" data-id=\"a1e22c9\" data-element_type=\"container\" data-e-type=\"container\">\n\t\t\t\t\t<div class=\"e-con-inner\">\n\t\t<div class=\"elementor-element elementor-element-3c64de5 e-con-full e-flex e-con e-child\" data-id=\"3c64de5\" data-element_type=\"container\" data-e-type=\"container\" data-settings=\"{&quot;background_background&quot;:&quot;classic&quot;}\">\n\t\t<div class=\"elementor-element elementor-element-6ee1484 e-con-full e-flex e-con e-child\" data-id=\"6ee1484\" data-element_type=\"container\" data-e-type=\"container\">\n\t\t\t\t<div class=\"elementor-element elementor-element-a73d5ed elementor-widget elementor-widget-heading\" data-id=\"a73d5ed\" data-element_type=\"widget\" data-e-type=\"widget\" data-widget_type=\"heading.default\">\n\t\t\t\t<div class=\"elementor-widget-container\">\n\t\t\t\t\t<h2 class=\"elementor-heading-title elementor-size-default\">Ihre Immobilie in S\u2019Horta kaufen<\/h2>\t\t\t\t<\/div>\n\t\t\t\t<\/div>\n\t\t\t\t<div class=\"elementor-element elementor-element-c3fd230 elementor-widget__width-initial elementor-widget-mobile__width-inherit elementor-invisible elementor-widget elementor-widget-text-editor\" data-id=\"c3fd230\" data-element_type=\"widget\" data-e-type=\"widget\" data-settings=\"{&quot;_animation&quot;:&quot;fadeInUp&quot;,&quot;_animation_delay&quot;:&quot;100&quot;}\" data-widget_type=\"text-editor.default\">\n\t\t\t\t<div class=\"elementor-widget-container\">\n\t\t\t\t\t\t\t\t\t<div class=\"flex flex-col text-sm pb-25\">\n<section class=\"text-token-text-primary w-full focus:outline-none [--shadow-height:45px] has-data-writing-block:pointer-events-none has-data-writing-block:-mt-(--shadow-height) has-data-writing-block:pt-(--shadow-height) [&amp;:has([data-writing-block])&gt;*]:pointer-events-auto scroll-mt-[calc(var(--header-height)+min(200px,max(70px,20svh)))]\" dir=\"auto\" data-turn-id=\"request-69ce6135-4dd4-8328-9ea6-f422786fb069-4\" data-testid=\"conversation-turn-372\" data-scroll-anchor=\"true\" data-turn=\"assistant\">\n<div class=\"text-base my-auto mx-auto pb-10 [--thread-content-margin:var(--thread-content-margin-xs,calc(var(--spacing)*4))] @w-sm\/main:[--thread-content-margin:var(--thread-content-margin-sm,calc(var(--spacing)*6))] @w-lg\/main:[--thread-content-margin:var(--thread-content-margin-lg,calc(var(--spacing)*16))] px-(--thread-content-margin)\">\n<div class=\"[--thread-content-max-width:40rem] @w-lg\/main:[--thread-content-max-width:48rem] mx-auto max-w-(--thread-content-max-width) flex-1 group\/turn-messages focus-visible:outline-hidden relative flex w-full min-w-0 flex-col agent-turn\">\n<div class=\"flex max-w-full flex-col gap-4 grow\">\n<div class=\"min-h-8 text-message relative flex w-full flex-col items-end gap-2 text-start break-words whitespace-normal outline-none keyboard-focused:focus-ring [.text-message+&amp;]:mt-1\" dir=\"auto\" tabindex=\"0\" data-message-author-role=\"assistant\" data-message-id=\"f8e632f3-c093-43d9-ad12-c28eb841e332\" data-message-model-slug=\"gpt-5-mini\" data-turn-start-message=\"true\">\n<div class=\"flex w-full flex-col gap-1 empty:hidden\">\n<div class=\"markdown prose dark:prose-invert w-full wrap-break-word light markdown-new-styling\">\n<p data-start=\"0\" data-end=\"398\">S\u2019Horta ist ein malerisches Dorf an der S\u00fcdostk\u00fcste Mallorcas, eingebettet zwischen K\u00fcste und sanften H\u00fcgeln. Der Ort blickt auf eine lange Geschichte zur\u00fcck, die sich in historischen Geb\u00e4uden und traditionellen Fincas widerspiegelt. Fr\u00fcher spielte S\u2019Horta eine wichtige Rolle in der Landwirtschaft und Fischerei der Region, heute pr\u00e4sentiert sich das Dorf als exklusives Wohn- und Lebenszentrum.<\/p>\n<p data-start=\"400\" data-end=\"795\" data-is-last-node=\"\" data-is-only-node=\"\">Das Dorfleben wird gepr\u00e4gt von engen Gassen, charmanten Pl\u00e4tzen und einer einladenden Gastronomie. F\u00fcr Immobilieninteressierte bietet S\u2019Horta ein abwechslungsreiches Angebot: idyllische Fincas, moderne Villen, traditionelle Stadth\u00e4user und Apartments \u2013 ideal f\u00fcr alle, die die Ruhe und Authentizit\u00e4t eines historischen Ortes mit exklusiver Lage und guter Anbindung an die K\u00fcste genie\u00dfen m\u00f6chten.<\/p>\n<\/div>\n<\/div>\n<\/div>\n<\/div>\n<\/div>\n<\/div>\n<\/section>\n<\/div>\t\t\t\t\t\t\t\t<\/div>\n\t\t\t\t<\/div>\n\t\t\t\t<\/div>\n\t\t<div class=\"elementor-element elementor-element-d731a57 e-con-full e-flex e-con e-child\" data-id=\"d731a57\" data-element_type=\"container\" data-e-type=\"container\">\n\t\t\t\t<div class=\"elementor-element elementor-element-f7a47cb elementor-align-right elementor-mobile-align-center elementor-widget elementor-widget-button\" data-id=\"f7a47cb\" data-element_type=\"widget\" data-e-type=\"widget\" data-widget_type=\"button.default\">\n\t\t\t\t<div class=\"elementor-widget-container\">\n\t\t\t\t\t\t\t\t\t<div class=\"elementor-button-wrapper\">\n\t\t\t\t\t<a class=\"elementor-button elementor-button-link elementor-size-sm\" href=\"https:\/\/petrapekna.com\/kontakt\/\">\n\t\t\t\t\t\t<span class=\"elementor-button-content-wrapper\">\n\t\t\t\t\t\t\t\t\t<span class=\"elementor-button-text\">Jetzt kontaktieren<\/span>\n\t\t\t\t\t<\/span>\n\t\t\t\t\t<\/a>\n\t\t\t\t<\/div>\n\t\t\t\t\t\t\t\t<\/div>\n\t\t\t\t<\/div>\n\t\t\t\t<\/div>\n\t\t\t\t<\/div>\n\t\t\t\t\t<\/div>\n\t\t\t\t<\/div>\n\t\t<div class=\"elementor-element elementor-element-e74b94e e-flex e-con-boxed e-con e-parent\" data-id=\"e74b94e\" data-element_type=\"container\" data-e-type=\"container\" data-settings=\"{&quot;background_background&quot;:&quot;classic&quot;}\">\n\t\t\t\t\t<div class=\"e-con-inner\">\n\t\t\t\t<div class=\"elementor-element elementor-element-1a00b01 elementor-widget elementor-widget-heading\" data-id=\"1a00b01\" data-element_type=\"widget\" data-e-type=\"widget\" data-widget_type=\"heading.default\">\n\t\t\t\t<div class=\"elementor-widget-container\">\n\t\t\t\t\t<h3 class=\"elementor-heading-title elementor-size-default\">\u00a0Exklusive Immobilien zum Kauf in S\u2019Horta<\/h3>\t\t\t\t<\/div>\n\t\t\t\t<\/div>\n\t\t\t\t<div data-frymo-query-id=\"2230\" data-frymo-widget-settings=\"{&quot;post_id&quot;:10303,&quot;widget_id&quot;:&quot;6a1f241&quot;,&quot;query_id&quot;:&quot;2230&quot;,&quot;scrolltop_offset&quot;:100}\" class=\"elementor-element elementor-element-6a1f241 elementor-widget elementor-widget-frymo-listing\" data-id=\"6a1f241\" data-element_type=\"widget\" data-e-type=\"widget\" data-settings=\"{&quot;slides_per_view_dropdown&quot;:&quot;3&quot;,&quot;slides_per_view_dropdown_tablet&quot;:&quot;2&quot;,&quot;slides_per_view_dropdown_mobile&quot;:&quot;1&quot;}\" data-widget_type=\"frymo-listing.grid-skin\">\n\t\t\t\t<div class=\"elementor-widget-container\">\n\t\t\t\t\t<div class=\"swiper-slider-container frymo-listing-slider swiper frymo-listing-slider--equal-height\" data-slider-settings={&quot;enable_slider&quot;:&quot;yes&quot;,&quot;speed&quot;:500,&quot;pagination_type&quot;:&quot;none&quot;,&quot;breakpoints&quot;:{&quot;0&quot;:{&quot;slidesPerView&quot;:1},&quot;767&quot;:{&quot;slidesPerView&quot;:2},&quot;1024&quot;:{&quot;slidesPerView&quot;:3}},&quot;spaceBetween&quot;:16,&quot;autoplay_delay&quot;:3000,&quot;autoplay_pause_on_hover&quot;:&quot;&quot;,&quot;loop&quot;:false,&quot;autoplay&quot;:false,&quot;freeMode&quot;:false,&quot;centeredSlides&quot;:false}><div class=\"frymo-listing frymo-listing-grid-skin swiper-wrapper\" data-settings=\"{&quot;post_id&quot;:10303,&quot;widget_id&quot;:&quot;6a1f241&quot;,&quot;query_id&quot;:&quot;2230&quot;,&quot;scrolltop_offset&quot;:100}\"><script type=\"application\/ld+json\">{\"@context\":\"https:\/\/schema.org\",\"@type\":\"ItemList\",\"itemListElement\":[{\"@type\":\"ListItem\",\"position\":1,\"name\":\"Impresionante propiedad con licencia de alquiler vacacional cerca de Santany\u00ed\",\"url\":\"https:\/\/petrapekna.com\/es\/immobilie\/impresionante-propiedad-con-licencia-de-alquiler-vacacional-cerca-de-santanyi\/\"},{\"@type\":\"ListItem\",\"position\":2,\"name\":\"Vida urbana en el campo: lujosa casa adosada en Santany\u00ed\",\"url\":\"https:\/\/petrapekna.com\/es\/immobilie\/vida-urbana-en-el-campo-lujosa-casa-adosada-en-santanyi\/\"},{\"@type\":\"ListItem\",\"position\":3,\"name\":\"Moderna casa de pueblo de nueva construcci\u00f3n\",\"url\":\"https:\/\/petrapekna.com\/es\/immobilie\/moderna-casa-de-pueblo-de-nueva-construccion\/\"},{\"@type\":\"ListItem\",\"position\":4,\"name\":\"Aut\u00e9ntica casa de campo de nueva construcci\u00f3n a pocos pasos del mar en Porto Petro\",\"url\":\"https:\/\/petrapekna.com\/es\/immobilie\/autentica-casa-de-campo-de-nueva-construccion-a-pocos-pasos-del-mar-en-porto-petro\/\"},{\"@type\":\"ListItem\",\"position\":5,\"name\":\"Villa de lujo en una ubicaci\u00f3n privilegiada cerca del mar\",\"url\":\"https:\/\/petrapekna.com\/es\/immobilie\/villa-de-lujo-en-una-ubicacion-privilegiada-cerca-del-mar\/\"},{\"@type\":\"ListItem\",\"position\":6,\"name\":\"Fant\u00e1stica propiedad cerca de la playa de Es Trenc\",\"url\":\"https:\/\/petrapekna.com\/es\/immobilie\/fantastica-propiedad-cerca-de-la-playa-de-es-trenc\/\"},{\"@type\":\"ListItem\",\"position\":7,\"name\":\"Aut\u00e9ntica casa de campo de nueva construcci\u00f3n en una ubicaci\u00f3n privilegiada\",\"url\":\"https:\/\/petrapekna.com\/es\/immobilie\/autentica-casa-de-campo-de-nueva-construccion-en-una-ubicacion-privilegiada\/\"},{\"@type\":\"ListItem\",\"position\":8,\"name\":\"Casa de campo de nueva construccion en las puertas de Santanyi\",\"url\":\"https:\/\/petrapekna.com\/es\/immobilie\/casa-de-campo-de-nueva-construccion-en-las-puertas-de-santanyi\/\"},{\"@type\":\"ListItem\",\"position\":9,\"name\":\"Elegante casa urbana integrada en la maravillosa naturaleza en las afueras de Alqueria Blanca\",\"url\":\"https:\/\/petrapekna.com\/es\/immobilie\/elegante-casa-urbana-integrada-en-la-maravillosa-naturaleza-en-las-afueras-de-alqueria-blanca\/\"},{\"@type\":\"ListItem\",\"position\":10,\"name\":\"Fabulosa y amplia casa de campo en las afueras de Santanyi\",\"url\":\"https:\/\/petrapekna.com\/es\/immobilie\/fabulosa-y-amplia-casa-de-campo-en-las-afueras-de-santanyi\/\"},{\"@type\":\"ListItem\",\"position\":11,\"name\":\"Elegante casa urbana integrada en la maravillosa naturaleza en las afueras de Alqueria Blanca\",\"url\":\"https:\/\/petrapekna.com\/es\/immobilie\/elegante-casa-urbana-integrada-en-la-maravillosa-naturaleza-en-las-afueras-de-alqueria-blanca-2\/\"},{\"@type\":\"ListItem\",\"position\":12,\"name\":\"Dos terreos urbanos en primera linea del mar en Cala d\u00b4Or\",\"url\":\"https:\/\/petrapekna.com\/es\/immobilie\/dos-terreos-urbanos-en-primera-linea-del-mar-en-cala-dor\/\"}]}<\/script><article class=\"frymo-listing-item post-id-1108 swiper-slide\"><a class=\"frymo-listing-image\" href=\"https:\/\/petrapekna.com\/es\/immobilie\/impresionante-propiedad-con-licencia-de-alquiler-vacacional-cerca-de-santanyi\/\" aria-label=\"Impresionante propiedad con licencia de alquiler vacacional cerca de Santany\u00ed\">                <div class=\"frymo-listing-tool\">\n                    <div class=\"frymo-favorite\" data-post-id=\"1108\">\n                        <svg xmlns=\"http:\/\/www.w3.org\/2000\/svg\" class=\"star-filled\"\n                             width=\"20\" height=\"20\" viewBox=\"0 0 48 48\">\n                            <g class=\"nc-icon-wrapper\">\n                                <path d=\"M24,44a1,1,0,0,1-.73-.316L6.246,25.5A11.493,11.493,0,1,1,24,11.039,11.493,11.493,0,1,1,41.74,25.514L24.73,43.684A1,1,0,0,1,24,44Z\"><\/path>\n                            <\/g>\n                        <\/svg>\n                        <svg xmlns=\"http:\/\/www.w3.org\/2000\/svg\" class=\"star-outline\"\n                             width=\"20\" height=\"20\" viewBox=\"0 0 48 48\">\n                            <g stroke-linecap=\"square\" stroke-width=\"2\" fill=\"none\" stroke=\"currentColor\"\n                               stroke-linejoin=\"miter\" class=\"nc-icon-wrapper\" stroke-miterlimit=\"10\">\n                                <path d=\"M41.108,24.778,24,42.556,6.892,24.778A10.529,10.529,0,1,1,24,12.928a10.529,10.529,0,1,1,17.108,11.85Z\"><\/path>\n                            <\/g>\n                        <\/svg>\n                    <\/div>\n                <\/div>\n\t\t\t<div class=\"frymo-listing-badges\"><\/div><div class=\"frymo-listing-image-wrapper\"><img decoding=\"async\" width=\"768\" height=\"511\" src=\"https:\/\/petrapekna.com\/wp-content\/uploads\/2025\/10\/c6147830-db36-465d-a7f5-78202f2495b9-2-768x511.jpg\" class=\"attachment-medium_large size-medium_large wp-post-image\" alt=\"DJI_0623\" srcset=\"https:\/\/petrapekna.com\/wp-content\/uploads\/2025\/10\/c6147830-db36-465d-a7f5-78202f2495b9-2-768x511.jpg 768w, https:\/\/petrapekna.com\/wp-content\/uploads\/2025\/10\/c6147830-db36-465d-a7f5-78202f2495b9-2-300x200.jpg 300w, https:\/\/petrapekna.com\/wp-content\/uploads\/2025\/10\/c6147830-db36-465d-a7f5-78202f2495b9-2-1024x681.jpg 1024w, https:\/\/petrapekna.com\/wp-content\/uploads\/2025\/10\/c6147830-db36-465d-a7f5-78202f2495b9-2-1536x1022.jpg 1536w, https:\/\/petrapekna.com\/wp-content\/uploads\/2025\/10\/c6147830-db36-465d-a7f5-78202f2495b9-2.jpg 1623w\" sizes=\"(max-width: 768px) 100vw, 768px\" \/><\/div><\/a><div class=\"frymo-listing-content\"><div class=\"frymo-listing-id-wrapper\"><div class=\"frymo-listing-property-id\">ID: 3060<\/div><\/div><h3 class='frymo-listing-title'><a href='https:\/\/petrapekna.com\/es\/immobilie\/impresionante-propiedad-con-licencia-de-alquiler-vacacional-cerca-de-santanyi\/' aria-label='Impresionante propiedad con licencia de alquiler vacacional cerca de Santany\u00ed'>Impresionante propiedad con licencia de alquiler vacacional cerca de Santany\u00ed<\/a><\/h3><div class=\"frymo-listing-location\"><i class=\"frymo-icon frymo-icon-location-2\"><\/i>Santanyi<\/div><div class=\"frymo-listing-meta\"><span class=\"frymo-listing-meta-item frymo-listing-area \" data-frymo-tooltip=\"Wohnfl\u00e4che ca.\"><i class=\"frymo-icon frymo-icon-flaeche\"><\/i><div class=\"frymo-listing-meta-item-value\">550 m\u00b2<\/div><\/span><span class=\"frymo-listing-meta-item frymo-listing-bedrooms \" data-frymo-tooltip=\"Schlafzimmer\"><i class=\"frymo-icon frymo-icon-betten\"><\/i><div class=\"frymo-listing-meta-item-value\">6<\/div><\/span><span class=\"frymo-listing-meta-item frymo-listing-bathrooms \" data-frymo-tooltip=\"Badezimmer\"><i class=\"frymo-icon frymo-icon-bad\"><\/i><div class=\"frymo-listing-meta-item-value\">5<\/div><\/span><span class=\"frymo-listing-meta-item frymo-listing-ground_area \" data-frymo-tooltip=\"Grundst\u00fccksfl\u00e4che ca.\"><i class=\"frymo-icon frymo-icon-grundstuecksflaeche\"><\/i><div class=\"frymo-listing-meta-item-value\">15.913 m\u00b2<\/div><\/span><\/div><div class=\"frymo-listing-price\"><span>Purchase Price<\/span> <span class=\"frymo-listing-price-value\">4.750.000 \u20ac<\/span><\/div><\/div><\/article><article class=\"frymo-listing-item post-id-9632 swiper-slide\"><a class=\"frymo-listing-image\" href=\"https:\/\/petrapekna.com\/es\/immobilie\/vida-urbana-en-el-campo-lujosa-casa-adosada-en-santanyi\/\" aria-label=\"Vida urbana en el campo: lujosa casa adosada en Santany\u00ed\">                <div class=\"frymo-listing-tool\">\n                    <div class=\"frymo-favorite\" data-post-id=\"9632\">\n                        <svg xmlns=\"http:\/\/www.w3.org\/2000\/svg\" class=\"star-filled\"\n                             width=\"20\" height=\"20\" viewBox=\"0 0 48 48\">\n                            <g class=\"nc-icon-wrapper\">\n                                <path d=\"M24,44a1,1,0,0,1-.73-.316L6.246,25.5A11.493,11.493,0,1,1,24,11.039,11.493,11.493,0,1,1,41.74,25.514L24.73,43.684A1,1,0,0,1,24,44Z\"><\/path>\n                            <\/g>\n                        <\/svg>\n                        <svg xmlns=\"http:\/\/www.w3.org\/2000\/svg\" class=\"star-outline\"\n                             width=\"20\" height=\"20\" viewBox=\"0 0 48 48\">\n                            <g stroke-linecap=\"square\" stroke-width=\"2\" fill=\"none\" stroke=\"currentColor\"\n                               stroke-linejoin=\"miter\" class=\"nc-icon-wrapper\" stroke-miterlimit=\"10\">\n                                <path d=\"M41.108,24.778,24,42.556,6.892,24.778A10.529,10.529,0,1,1,24,12.928a10.529,10.529,0,1,1,17.108,11.85Z\"><\/path>\n                            <\/g>\n                        <\/svg>\n                    <\/div>\n                <\/div>\n\t\t\t<div class=\"frymo-listing-badges\"><\/div><div class=\"frymo-listing-image-wrapper\"><img decoding=\"async\" width=\"768\" height=\"590\" src=\"https:\/\/petrapekna.com\/wp-content\/uploads\/2026\/02\/b879d726-16be-45d3-a640-38cb81fe9635-1-768x590.jpg\" class=\"attachment-medium_large size-medium_large wp-post-image\" alt=\"Olivo 1_Fachada pisci_DEF-2\" srcset=\"https:\/\/petrapekna.com\/wp-content\/uploads\/2026\/02\/b879d726-16be-45d3-a640-38cb81fe9635-1-768x590.jpg 768w, https:\/\/petrapekna.com\/wp-content\/uploads\/2026\/02\/b879d726-16be-45d3-a640-38cb81fe9635-1-300x231.jpg 300w, https:\/\/petrapekna.com\/wp-content\/uploads\/2026\/02\/b879d726-16be-45d3-a640-38cb81fe9635-1-1024x787.jpg 1024w, https:\/\/petrapekna.com\/wp-content\/uploads\/2026\/02\/b879d726-16be-45d3-a640-38cb81fe9635-1-16x12.jpg 16w, https:\/\/petrapekna.com\/wp-content\/uploads\/2026\/02\/b879d726-16be-45d3-a640-38cb81fe9635-1.jpg 1405w\" sizes=\"(max-width: 768px) 100vw, 768px\" \/><\/div><\/a><div class=\"frymo-listing-content\"><div class=\"frymo-listing-id-wrapper\"><div class=\"frymo-listing-property-id\">ID: 4093<\/div><\/div><h3 class='frymo-listing-title'><a href='https:\/\/petrapekna.com\/es\/immobilie\/vida-urbana-en-el-campo-lujosa-casa-adosada-en-santanyi\/' aria-label='Vida urbana en el campo: lujosa casa adosada en Santany\u00ed'>Vida urbana en el campo: lujosa casa adosada en Santany\u00ed<\/a><\/h3><div class=\"frymo-listing-location\"><i class=\"frymo-icon frymo-icon-location-2\"><\/i>Santanyi<\/div><div class=\"frymo-listing-meta\"><span class=\"frymo-listing-meta-item frymo-listing-bedrooms \" data-frymo-tooltip=\"Schlafzimmer\"><i class=\"frymo-icon frymo-icon-betten\"><\/i><div class=\"frymo-listing-meta-item-value\">5<\/div><\/span><span class=\"frymo-listing-meta-item frymo-listing-bathrooms \" data-frymo-tooltip=\"Badezimmer\"><i class=\"frymo-icon frymo-icon-bad\"><\/i><div class=\"frymo-listing-meta-item-value\">6<\/div><\/span><span class=\"frymo-listing-meta-item frymo-listing-ground_area \" data-frymo-tooltip=\"Grundst\u00fccksfl\u00e4che ca.\"><i class=\"frymo-icon frymo-icon-grundstuecksflaeche\"><\/i><div class=\"frymo-listing-meta-item-value\">300 m\u00b2<\/div><\/span><\/div><div class=\"frymo-listing-price\"><span>Purchase Price<\/span> <span class=\"frymo-listing-price-value\">4.500.000 \u20ac<\/span><\/div><\/div><\/article><article class=\"frymo-listing-item post-id-1158 swiper-slide\"><a class=\"frymo-listing-image\" href=\"https:\/\/petrapekna.com\/es\/immobilie\/moderna-casa-de-pueblo-de-nueva-construccion\/\" aria-label=\"Moderna casa de pueblo de nueva construcci\u00f3n\">                <div class=\"frymo-listing-tool\">\n                    <div class=\"frymo-favorite\" data-post-id=\"1158\">\n                        <svg xmlns=\"http:\/\/www.w3.org\/2000\/svg\" class=\"star-filled\"\n                             width=\"20\" height=\"20\" viewBox=\"0 0 48 48\">\n                            <g class=\"nc-icon-wrapper\">\n                                <path d=\"M24,44a1,1,0,0,1-.73-.316L6.246,25.5A11.493,11.493,0,1,1,24,11.039,11.493,11.493,0,1,1,41.74,25.514L24.73,43.684A1,1,0,0,1,24,44Z\"><\/path>\n                            <\/g>\n                        <\/svg>\n                        <svg xmlns=\"http:\/\/www.w3.org\/2000\/svg\" class=\"star-outline\"\n                             width=\"20\" height=\"20\" viewBox=\"0 0 48 48\">\n                            <g stroke-linecap=\"square\" stroke-width=\"2\" fill=\"none\" stroke=\"currentColor\"\n                               stroke-linejoin=\"miter\" class=\"nc-icon-wrapper\" stroke-miterlimit=\"10\">\n                                <path d=\"M41.108,24.778,24,42.556,6.892,24.778A10.529,10.529,0,1,1,24,12.928a10.529,10.529,0,1,1,17.108,11.85Z\"><\/path>\n                            <\/g>\n                        <\/svg>\n                    <\/div>\n                <\/div>\n\t\t\t<div class=\"frymo-listing-badges\"><\/div><div class=\"frymo-listing-image-wrapper\"><img loading=\"lazy\" decoding=\"async\" width=\"768\" height=\"432\" src=\"https:\/\/petrapekna.com\/wp-content\/uploads\/2025\/10\/2c3bffae-c0a5-4759-92cb-b94b44a30733-2-768x432.jpg\" class=\"attachment-medium_large size-medium_large wp-post-image\" alt=\"IMG-20250127-WA0042\" srcset=\"https:\/\/petrapekna.com\/wp-content\/uploads\/2025\/10\/2c3bffae-c0a5-4759-92cb-b94b44a30733-2-768x432.jpg 768w, https:\/\/petrapekna.com\/wp-content\/uploads\/2025\/10\/2c3bffae-c0a5-4759-92cb-b94b44a30733-2-300x169.jpg 300w, https:\/\/petrapekna.com\/wp-content\/uploads\/2025\/10\/2c3bffae-c0a5-4759-92cb-b94b44a30733-2-1024x576.jpg 1024w, https:\/\/petrapekna.com\/wp-content\/uploads\/2025\/10\/2c3bffae-c0a5-4759-92cb-b94b44a30733-2-1536x864.jpg 1536w, https:\/\/petrapekna.com\/wp-content\/uploads\/2025\/10\/2c3bffae-c0a5-4759-92cb-b94b44a30733-2.jpg 1600w\" sizes=\"(max-width: 768px) 100vw, 768px\" \/><\/div><\/a><div class=\"frymo-listing-content\"><div class=\"frymo-listing-id-wrapper\"><div class=\"frymo-listing-property-id\">ID: 4085<\/div><\/div><h3 class='frymo-listing-title'><a href='https:\/\/petrapekna.com\/es\/immobilie\/moderna-casa-de-pueblo-de-nueva-construccion\/' aria-label='Moderna casa de pueblo de nueva construcci\u00f3n'>Moderna casa de pueblo de nueva construcci\u00f3n<\/a><\/h3><div class=\"frymo-listing-location\"><i class=\"frymo-icon frymo-icon-location-2\"><\/i>Santanyi<\/div><div class=\"frymo-listing-meta\"><span class=\"frymo-listing-meta-item frymo-listing-area \" data-frymo-tooltip=\"Wohnfl\u00e4che ca.\"><i class=\"frymo-icon frymo-icon-flaeche\"><\/i><div class=\"frymo-listing-meta-item-value\">410 m\u00b2<\/div><\/span><span class=\"frymo-listing-meta-item frymo-listing-bedrooms \" data-frymo-tooltip=\"Schlafzimmer\"><i class=\"frymo-icon frymo-icon-betten\"><\/i><div class=\"frymo-listing-meta-item-value\">5<\/div><\/span><span class=\"frymo-listing-meta-item frymo-listing-bathrooms \" data-frymo-tooltip=\"Badezimmer\"><i class=\"frymo-icon frymo-icon-bad\"><\/i><div class=\"frymo-listing-meta-item-value\">5<\/div><\/span><span class=\"frymo-listing-meta-item frymo-listing-ground_area \" data-frymo-tooltip=\"Grundst\u00fccksfl\u00e4che ca.\"><i class=\"frymo-icon frymo-icon-grundstuecksflaeche\"><\/i><div class=\"frymo-listing-meta-item-value\">428 m\u00b2<\/div><\/span><\/div><div class=\"frymo-listing-price\"><span>Purchase Price<\/span> <span class=\"frymo-listing-price-value\">4.300.000 \u20ac<\/span><\/div><\/div><\/article><article class=\"frymo-listing-item post-id-5245 swiper-slide\"><a class=\"frymo-listing-image\" href=\"https:\/\/petrapekna.com\/es\/immobilie\/autentica-casa-de-campo-de-nueva-construccion-a-pocos-pasos-del-mar-en-porto-petro\/\" aria-label=\"Aut\u00e9ntica casa de campo de nueva construcci\u00f3n a pocos pasos del mar en Porto Petro\">                <div class=\"frymo-listing-tool\">\n                    <div class=\"frymo-favorite\" data-post-id=\"5245\">\n                        <svg xmlns=\"http:\/\/www.w3.org\/2000\/svg\" class=\"star-filled\"\n                             width=\"20\" height=\"20\" viewBox=\"0 0 48 48\">\n                            <g class=\"nc-icon-wrapper\">\n                                <path d=\"M24,44a1,1,0,0,1-.73-.316L6.246,25.5A11.493,11.493,0,1,1,24,11.039,11.493,11.493,0,1,1,41.74,25.514L24.73,43.684A1,1,0,0,1,24,44Z\"><\/path>\n                            <\/g>\n                        <\/svg>\n                        <svg xmlns=\"http:\/\/www.w3.org\/2000\/svg\" class=\"star-outline\"\n                             width=\"20\" height=\"20\" viewBox=\"0 0 48 48\">\n                            <g stroke-linecap=\"square\" stroke-width=\"2\" fill=\"none\" stroke=\"currentColor\"\n                               stroke-linejoin=\"miter\" class=\"nc-icon-wrapper\" stroke-miterlimit=\"10\">\n                                <path d=\"M41.108,24.778,24,42.556,6.892,24.778A10.529,10.529,0,1,1,24,12.928a10.529,10.529,0,1,1,17.108,11.85Z\"><\/path>\n                            <\/g>\n                        <\/svg>\n                    <\/div>\n                <\/div>\n\t\t\t<div class=\"frymo-listing-badges\"><\/div><div class=\"frymo-listing-image-wrapper\"><img loading=\"lazy\" decoding=\"async\" width=\"768\" height=\"512\" src=\"https:\/\/petrapekna.com\/wp-content\/uploads\/2025\/10\/c3211b15-9b3f-4b7e-80c3-d42883e8e73d-1-768x512.jpg\" class=\"attachment-medium_large size-medium_large wp-post-image\" alt=\"PP003CN Dron R.Web 008_tonemapped\" srcset=\"https:\/\/petrapekna.com\/wp-content\/uploads\/2025\/10\/c3211b15-9b3f-4b7e-80c3-d42883e8e73d-1-768x512.jpg 768w, https:\/\/petrapekna.com\/wp-content\/uploads\/2025\/10\/c3211b15-9b3f-4b7e-80c3-d42883e8e73d-1-300x200.jpg 300w, https:\/\/petrapekna.com\/wp-content\/uploads\/2025\/10\/c3211b15-9b3f-4b7e-80c3-d42883e8e73d-1-1024x683.jpg 1024w, https:\/\/petrapekna.com\/wp-content\/uploads\/2025\/10\/c3211b15-9b3f-4b7e-80c3-d42883e8e73d-1-1536x1024.jpg 1536w, https:\/\/petrapekna.com\/wp-content\/uploads\/2025\/10\/c3211b15-9b3f-4b7e-80c3-d42883e8e73d-1-18x12.jpg 18w, https:\/\/petrapekna.com\/wp-content\/uploads\/2025\/10\/c3211b15-9b3f-4b7e-80c3-d42883e8e73d-1.jpg 1620w\" sizes=\"(max-width: 768px) 100vw, 768px\" \/><\/div><\/a><div class=\"frymo-listing-content\"><div class=\"frymo-listing-id-wrapper\"><div class=\"frymo-listing-property-id\">ID: 3099<\/div><\/div><h3 class='frymo-listing-title'><a href='https:\/\/petrapekna.com\/es\/immobilie\/autentica-casa-de-campo-de-nueva-construccion-a-pocos-pasos-del-mar-en-porto-petro\/' aria-label='Aut\u00e9ntica casa de campo de nueva construcci\u00f3n a pocos pasos del mar en Porto Petro'>Aut\u00e9ntica casa de campo de nueva construcci\u00f3n a pocos pasos del mar en Porto Petro<\/a><\/h3><div class=\"frymo-listing-location\"><i class=\"frymo-icon frymo-icon-location-2\"><\/i>Porto Petro<\/div><div class=\"frymo-listing-meta\"><span class=\"frymo-listing-meta-item frymo-listing-area \" data-frymo-tooltip=\"Wohnfl\u00e4che ca.\"><i class=\"frymo-icon frymo-icon-flaeche\"><\/i><div class=\"frymo-listing-meta-item-value\">364 m\u00b2<\/div><\/span><span class=\"frymo-listing-meta-item frymo-listing-bedrooms \" data-frymo-tooltip=\"Schlafzimmer\"><i class=\"frymo-icon frymo-icon-betten\"><\/i><div class=\"frymo-listing-meta-item-value\">5<\/div><\/span><span class=\"frymo-listing-meta-item frymo-listing-bathrooms \" data-frymo-tooltip=\"Badezimmer\"><i class=\"frymo-icon frymo-icon-bad\"><\/i><div class=\"frymo-listing-meta-item-value\">5<\/div><\/span><span class=\"frymo-listing-meta-item frymo-listing-ground_area \" data-frymo-tooltip=\"Grundst\u00fccksfl\u00e4che ca.\"><i class=\"frymo-icon frymo-icon-grundstuecksflaeche\"><\/i><div class=\"frymo-listing-meta-item-value\">22.000 m\u00b2<\/div><\/span><\/div><div class=\"frymo-listing-price\"><span>Purchase Price<\/span> <span class=\"frymo-listing-price-value\">4.250.000 \u20ac<\/span><\/div><\/div><\/article><article class=\"frymo-listing-item post-id-10073 swiper-slide\"><a class=\"frymo-listing-image\" href=\"https:\/\/petrapekna.com\/es\/immobilie\/villa-de-lujo-en-una-ubicacion-privilegiada-cerca-del-mar\/\" aria-label=\"Villa de lujo en una ubicaci\u00f3n privilegiada cerca del mar\">                <div class=\"frymo-listing-tool\">\n                    <div class=\"frymo-favorite\" data-post-id=\"10073\">\n                        <svg xmlns=\"http:\/\/www.w3.org\/2000\/svg\" class=\"star-filled\"\n                             width=\"20\" height=\"20\" viewBox=\"0 0 48 48\">\n                            <g class=\"nc-icon-wrapper\">\n                                <path d=\"M24,44a1,1,0,0,1-.73-.316L6.246,25.5A11.493,11.493,0,1,1,24,11.039,11.493,11.493,0,1,1,41.74,25.514L24.73,43.684A1,1,0,0,1,24,44Z\"><\/path>\n                            <\/g>\n                        <\/svg>\n                        <svg xmlns=\"http:\/\/www.w3.org\/2000\/svg\" class=\"star-outline\"\n                             width=\"20\" height=\"20\" viewBox=\"0 0 48 48\">\n                            <g stroke-linecap=\"square\" stroke-width=\"2\" fill=\"none\" stroke=\"currentColor\"\n                               stroke-linejoin=\"miter\" class=\"nc-icon-wrapper\" stroke-miterlimit=\"10\">\n                                <path d=\"M41.108,24.778,24,42.556,6.892,24.778A10.529,10.529,0,1,1,24,12.928a10.529,10.529,0,1,1,17.108,11.85Z\"><\/path>\n                            <\/g>\n                        <\/svg>\n                    <\/div>\n                <\/div>\n\t\t\t<div class=\"frymo-listing-badges\"><\/div><div class=\"frymo-listing-image-wrapper\"><img loading=\"lazy\" decoding=\"async\" width=\"768\" height=\"512\" src=\"https:\/\/petrapekna.com\/wp-content\/uploads\/2026\/03\/a1e32f5f-c8af-4139-a251-8aff9b11b007-1-768x512.jpg\" class=\"attachment-medium_large size-medium_large wp-post-image\" alt=\"02 - Cala Figuera - Escala entrada + garatge_Post_tonemapped\" srcset=\"https:\/\/petrapekna.com\/wp-content\/uploads\/2026\/03\/a1e32f5f-c8af-4139-a251-8aff9b11b007-1-768x512.jpg 768w, https:\/\/petrapekna.com\/wp-content\/uploads\/2026\/03\/a1e32f5f-c8af-4139-a251-8aff9b11b007-1-300x200.jpg 300w, https:\/\/petrapekna.com\/wp-content\/uploads\/2026\/03\/a1e32f5f-c8af-4139-a251-8aff9b11b007-1-1024x682.jpg 1024w, https:\/\/petrapekna.com\/wp-content\/uploads\/2026\/03\/a1e32f5f-c8af-4139-a251-8aff9b11b007-1-1536x1023.jpg 1536w, https:\/\/petrapekna.com\/wp-content\/uploads\/2026\/03\/a1e32f5f-c8af-4139-a251-8aff9b11b007-1-18x12.jpg 18w, https:\/\/petrapekna.com\/wp-content\/uploads\/2026\/03\/a1e32f5f-c8af-4139-a251-8aff9b11b007-1.jpg 1621w\" sizes=\"(max-width: 768px) 100vw, 768px\" \/><\/div><\/a><div class=\"frymo-listing-content\"><div class=\"frymo-listing-id-wrapper\"><div class=\"frymo-listing-property-id\">ID: 1117<\/div><\/div><h3 class='frymo-listing-title'><a href='https:\/\/petrapekna.com\/es\/immobilie\/villa-de-lujo-en-una-ubicacion-privilegiada-cerca-del-mar\/' aria-label='Villa de lujo en una ubicaci\u00f3n privilegiada cerca del mar'>Villa de lujo en una ubicaci\u00f3n privilegiada cerca del mar<\/a><\/h3><div class=\"frymo-listing-location\"><i class=\"frymo-icon frymo-icon-location-2\"><\/i>Cala Figuera<\/div><div class=\"frymo-listing-meta\"><span class=\"frymo-listing-meta-item frymo-listing-area \" data-frymo-tooltip=\"Wohnfl\u00e4che ca.\"><i class=\"frymo-icon frymo-icon-flaeche\"><\/i><div class=\"frymo-listing-meta-item-value\">280 m\u00b2<\/div><\/span><span class=\"frymo-listing-meta-item frymo-listing-bedrooms \" data-frymo-tooltip=\"Schlafzimmer\"><i class=\"frymo-icon frymo-icon-betten\"><\/i><div class=\"frymo-listing-meta-item-value\">5<\/div><\/span><span class=\"frymo-listing-meta-item frymo-listing-bathrooms \" data-frymo-tooltip=\"Badezimmer\"><i class=\"frymo-icon frymo-icon-bad\"><\/i><div class=\"frymo-listing-meta-item-value\">6<\/div><\/span><span class=\"frymo-listing-meta-item frymo-listing-ground_area \" data-frymo-tooltip=\"Grundst\u00fccksfl\u00e4che ca.\"><i class=\"frymo-icon frymo-icon-grundstuecksflaeche\"><\/i><div class=\"frymo-listing-meta-item-value\">850 m\u00b2<\/div><\/span><\/div><div class=\"frymo-listing-price\"><span>Purchase Price<\/span> <span class=\"frymo-listing-price-value\">4.000.000 \u20ac<\/span><\/div><\/div><\/article><article class=\"frymo-listing-item post-id-1182 swiper-slide\"><a class=\"frymo-listing-image\" href=\"https:\/\/petrapekna.com\/es\/immobilie\/fantastica-propiedad-cerca-de-la-playa-de-es-trenc\/\" aria-label=\"Fant\u00e1stica propiedad cerca de la playa de Es Trenc\">                <div class=\"frymo-listing-tool\">\n                    <div class=\"frymo-favorite\" data-post-id=\"1182\">\n                        <svg xmlns=\"http:\/\/www.w3.org\/2000\/svg\" class=\"star-filled\"\n                             width=\"20\" height=\"20\" viewBox=\"0 0 48 48\">\n                            <g class=\"nc-icon-wrapper\">\n                                <path d=\"M24,44a1,1,0,0,1-.73-.316L6.246,25.5A11.493,11.493,0,1,1,24,11.039,11.493,11.493,0,1,1,41.74,25.514L24.73,43.684A1,1,0,0,1,24,44Z\"><\/path>\n                            <\/g>\n                        <\/svg>\n                        <svg xmlns=\"http:\/\/www.w3.org\/2000\/svg\" class=\"star-outline\"\n                             width=\"20\" height=\"20\" viewBox=\"0 0 48 48\">\n                            <g stroke-linecap=\"square\" stroke-width=\"2\" fill=\"none\" stroke=\"currentColor\"\n                               stroke-linejoin=\"miter\" class=\"nc-icon-wrapper\" stroke-miterlimit=\"10\">\n                                <path d=\"M41.108,24.778,24,42.556,6.892,24.778A10.529,10.529,0,1,1,24,12.928a10.529,10.529,0,1,1,17.108,11.85Z\"><\/path>\n                            <\/g>\n                        <\/svg>\n                    <\/div>\n                <\/div>\n\t\t\t<div class=\"frymo-listing-badges\"><\/div><div class=\"frymo-listing-image-wrapper\"><img loading=\"lazy\" decoding=\"async\" width=\"768\" height=\"357\" src=\"https:\/\/petrapekna.com\/wp-content\/uploads\/2025\/11\/868045aa-2110-41e8-afac-e55f207b70f2-1-768x357.jpg\" class=\"attachment-medium_large size-medium_large wp-post-image\" alt=\"1\" srcset=\"https:\/\/petrapekna.com\/wp-content\/uploads\/2025\/11\/868045aa-2110-41e8-afac-e55f207b70f2-1-768x357.jpg 768w, https:\/\/petrapekna.com\/wp-content\/uploads\/2025\/11\/868045aa-2110-41e8-afac-e55f207b70f2-1-300x139.jpg 300w, https:\/\/petrapekna.com\/wp-content\/uploads\/2025\/11\/868045aa-2110-41e8-afac-e55f207b70f2-1-1024x476.jpg 1024w, https:\/\/petrapekna.com\/wp-content\/uploads\/2025\/11\/868045aa-2110-41e8-afac-e55f207b70f2-1-1536x714.jpg 1536w, https:\/\/petrapekna.com\/wp-content\/uploads\/2025\/11\/868045aa-2110-41e8-afac-e55f207b70f2-1-18x8.jpg 18w, https:\/\/petrapekna.com\/wp-content\/uploads\/2025\/11\/868045aa-2110-41e8-afac-e55f207b70f2-1.jpg 1920w\" sizes=\"(max-width: 768px) 100vw, 768px\" \/><\/div><\/a><div class=\"frymo-listing-content\"><div class=\"frymo-listing-id-wrapper\"><div class=\"frymo-listing-property-id\">ID: 3064<\/div><\/div><h3 class='frymo-listing-title'><a href='https:\/\/petrapekna.com\/es\/immobilie\/fantastica-propiedad-cerca-de-la-playa-de-es-trenc\/' aria-label='Fant\u00e1stica propiedad cerca de la playa de Es Trenc'>Fant\u00e1stica propiedad cerca de la playa de Es Trenc<\/a><\/h3><div class=\"frymo-listing-location\"><i class=\"frymo-icon frymo-icon-location-2\"><\/i>Campos<\/div><div class=\"frymo-listing-meta\"><span class=\"frymo-listing-meta-item frymo-listing-area \" data-frymo-tooltip=\"Wohnfl\u00e4che ca.\"><i class=\"frymo-icon frymo-icon-flaeche\"><\/i><div class=\"frymo-listing-meta-item-value\">500 m\u00b2<\/div><\/span><span class=\"frymo-listing-meta-item frymo-listing-bedrooms \" data-frymo-tooltip=\"Schlafzimmer\"><i class=\"frymo-icon frymo-icon-betten\"><\/i><div class=\"frymo-listing-meta-item-value\">5<\/div><\/span><span class=\"frymo-listing-meta-item frymo-listing-bathrooms \" data-frymo-tooltip=\"Badezimmer\"><i class=\"frymo-icon frymo-icon-bad\"><\/i><div class=\"frymo-listing-meta-item-value\">5<\/div><\/span><span class=\"frymo-listing-meta-item frymo-listing-ground_area \" data-frymo-tooltip=\"Grundst\u00fccksfl\u00e4che ca.\"><i class=\"frymo-icon frymo-icon-grundstuecksflaeche\"><\/i><div class=\"frymo-listing-meta-item-value\">31.808 m\u00b2<\/div><\/span><\/div><div class=\"frymo-listing-price\"><span>Purchase Price<\/span> <span class=\"frymo-listing-price-value\">3.950.000 \u20ac<\/span><\/div><\/div><\/article><article class=\"frymo-listing-item post-id-8745 swiper-slide\"><a class=\"frymo-listing-image\" href=\"https:\/\/petrapekna.com\/es\/immobilie\/autentica-casa-de-campo-de-nueva-construccion-en-una-ubicacion-privilegiada\/\" aria-label=\"Aut\u00e9ntica casa de campo de nueva construcci\u00f3n en una ubicaci\u00f3n privilegiada\">                <div class=\"frymo-listing-tool\">\n                    <div class=\"frymo-favorite\" data-post-id=\"8745\">\n                        <svg xmlns=\"http:\/\/www.w3.org\/2000\/svg\" class=\"star-filled\"\n                             width=\"20\" height=\"20\" viewBox=\"0 0 48 48\">\n                            <g class=\"nc-icon-wrapper\">\n                                <path d=\"M24,44a1,1,0,0,1-.73-.316L6.246,25.5A11.493,11.493,0,1,1,24,11.039,11.493,11.493,0,1,1,41.74,25.514L24.73,43.684A1,1,0,0,1,24,44Z\"><\/path>\n                            <\/g>\n                        <\/svg>\n                        <svg xmlns=\"http:\/\/www.w3.org\/2000\/svg\" class=\"star-outline\"\n                             width=\"20\" height=\"20\" viewBox=\"0 0 48 48\">\n                            <g stroke-linecap=\"square\" stroke-width=\"2\" fill=\"none\" stroke=\"currentColor\"\n                               stroke-linejoin=\"miter\" class=\"nc-icon-wrapper\" stroke-miterlimit=\"10\">\n                                <path d=\"M41.108,24.778,24,42.556,6.892,24.778A10.529,10.529,0,1,1,24,12.928a10.529,10.529,0,1,1,17.108,11.85Z\"><\/path>\n                            <\/g>\n                        <\/svg>\n                    <\/div>\n                <\/div>\n\t\t\t<div class=\"frymo-listing-badges\"><\/div><div class=\"frymo-listing-image-wrapper\"><img loading=\"lazy\" decoding=\"async\" width=\"768\" height=\"537\" src=\"https:\/\/petrapekna.com\/wp-content\/uploads\/2026\/01\/4d6349ac-f5fb-4b1f-a3fe-d5e6b1424c67-2-768x537.jpg\" class=\"attachment-medium_large size-medium_large wp-post-image\" alt=\"Startbild_tonemapped\" srcset=\"https:\/\/petrapekna.com\/wp-content\/uploads\/2026\/01\/4d6349ac-f5fb-4b1f-a3fe-d5e6b1424c67-2-768x537.jpg 768w, https:\/\/petrapekna.com\/wp-content\/uploads\/2026\/01\/4d6349ac-f5fb-4b1f-a3fe-d5e6b1424c67-2-300x210.jpg 300w, https:\/\/petrapekna.com\/wp-content\/uploads\/2026\/01\/4d6349ac-f5fb-4b1f-a3fe-d5e6b1424c67-2-1024x715.jpg 1024w, https:\/\/petrapekna.com\/wp-content\/uploads\/2026\/01\/4d6349ac-f5fb-4b1f-a3fe-d5e6b1424c67-2-1536x1073.jpg 1536w, https:\/\/petrapekna.com\/wp-content\/uploads\/2026\/01\/4d6349ac-f5fb-4b1f-a3fe-d5e6b1424c67-2-18x12.jpg 18w, https:\/\/petrapekna.com\/wp-content\/uploads\/2026\/01\/4d6349ac-f5fb-4b1f-a3fe-d5e6b1424c67-2.jpg 1546w\" sizes=\"(max-width: 768px) 100vw, 768px\" \/><\/div><\/a><div class=\"frymo-listing-content\"><div class=\"frymo-listing-id-wrapper\"><div class=\"frymo-listing-property-id\">ID: 3092<\/div><\/div><h3 class='frymo-listing-title'><a href='https:\/\/petrapekna.com\/es\/immobilie\/autentica-casa-de-campo-de-nueva-construccion-en-una-ubicacion-privilegiada\/' aria-label='Aut\u00e9ntica casa de campo de nueva construcci\u00f3n en una ubicaci\u00f3n privilegiada'>Aut\u00e9ntica casa de campo de nueva construcci\u00f3n en una ubicaci\u00f3n privilegiada<\/a><\/h3><div class=\"frymo-listing-location\"><i class=\"frymo-icon frymo-icon-location-2\"><\/i>Santanyi<\/div><div class=\"frymo-listing-meta\"><span class=\"frymo-listing-meta-item frymo-listing-area \" data-frymo-tooltip=\"Wohnfl\u00e4che ca.\"><i class=\"frymo-icon frymo-icon-flaeche\"><\/i><div class=\"frymo-listing-meta-item-value\">336,43 m\u00b2<\/div><\/span><span class=\"frymo-listing-meta-item frymo-listing-bedrooms \" data-frymo-tooltip=\"Schlafzimmer\"><i class=\"frymo-icon frymo-icon-betten\"><\/i><div class=\"frymo-listing-meta-item-value\">4<\/div><\/span><span class=\"frymo-listing-meta-item frymo-listing-bathrooms \" data-frymo-tooltip=\"Badezimmer\"><i class=\"frymo-icon frymo-icon-bad\"><\/i><div class=\"frymo-listing-meta-item-value\">4<\/div><\/span><span class=\"frymo-listing-meta-item frymo-listing-ground_area \" data-frymo-tooltip=\"Grundst\u00fccksfl\u00e4che ca.\"><i class=\"frymo-icon frymo-icon-grundstuecksflaeche\"><\/i><div class=\"frymo-listing-meta-item-value\">23.084 m\u00b2<\/div><\/span><\/div><div class=\"frymo-listing-price\"><span>Purchase Price<\/span> <span class=\"frymo-listing-price-value\">3.690.000 \u20ac<\/span><\/div><\/div><\/article><article class=\"frymo-listing-item post-id-851 swiper-slide\"><a class=\"frymo-listing-image\" href=\"https:\/\/petrapekna.com\/es\/immobilie\/casa-de-campo-de-nueva-construccion-en-las-puertas-de-santanyi\/\" aria-label=\"Casa de campo de nueva construccion en las puertas de Santanyi\">                <div class=\"frymo-listing-tool\">\n                    <div class=\"frymo-favorite\" data-post-id=\"851\">\n                        <svg xmlns=\"http:\/\/www.w3.org\/2000\/svg\" class=\"star-filled\"\n                             width=\"20\" height=\"20\" viewBox=\"0 0 48 48\">\n                            <g class=\"nc-icon-wrapper\">\n                                <path d=\"M24,44a1,1,0,0,1-.73-.316L6.246,25.5A11.493,11.493,0,1,1,24,11.039,11.493,11.493,0,1,1,41.74,25.514L24.73,43.684A1,1,0,0,1,24,44Z\"><\/path>\n                            <\/g>\n                        <\/svg>\n                        <svg xmlns=\"http:\/\/www.w3.org\/2000\/svg\" class=\"star-outline\"\n                             width=\"20\" height=\"20\" viewBox=\"0 0 48 48\">\n                            <g stroke-linecap=\"square\" stroke-width=\"2\" fill=\"none\" stroke=\"currentColor\"\n                               stroke-linejoin=\"miter\" class=\"nc-icon-wrapper\" stroke-miterlimit=\"10\">\n                                <path d=\"M41.108,24.778,24,42.556,6.892,24.778A10.529,10.529,0,1,1,24,12.928a10.529,10.529,0,1,1,17.108,11.85Z\"><\/path>\n                            <\/g>\n                        <\/svg>\n                    <\/div>\n                <\/div>\n\t\t\t<div class=\"frymo-listing-badges\"><\/div><div class=\"frymo-listing-image-wrapper\"><img loading=\"lazy\" decoding=\"async\" width=\"768\" height=\"512\" src=\"https:\/\/petrapekna.com\/wp-content\/uploads\/2025\/07\/f379cccd-b4ee-4e34-ab7c-47dd2305f250-2-768x512.jpg\" class=\"attachment-medium_large size-medium_large wp-post-image\" alt=\"KMAL8167\" srcset=\"https:\/\/petrapekna.com\/wp-content\/uploads\/2025\/07\/f379cccd-b4ee-4e34-ab7c-47dd2305f250-2-768x512.jpg 768w, https:\/\/petrapekna.com\/wp-content\/uploads\/2025\/07\/f379cccd-b4ee-4e34-ab7c-47dd2305f250-2-300x200.jpg 300w, https:\/\/petrapekna.com\/wp-content\/uploads\/2025\/07\/f379cccd-b4ee-4e34-ab7c-47dd2305f250-2-1024x682.jpg 1024w, https:\/\/petrapekna.com\/wp-content\/uploads\/2025\/07\/f379cccd-b4ee-4e34-ab7c-47dd2305f250-2-1536x1023.jpg 1536w, https:\/\/petrapekna.com\/wp-content\/uploads\/2025\/07\/f379cccd-b4ee-4e34-ab7c-47dd2305f250-2.jpg 1621w\" sizes=\"(max-width: 768px) 100vw, 768px\" \/><\/div><\/a><div class=\"frymo-listing-content\"><div class=\"frymo-listing-id-wrapper\"><div class=\"frymo-listing-property-id\">ID: 3020<\/div><\/div><h3 class='frymo-listing-title'><a href='https:\/\/petrapekna.com\/es\/immobilie\/casa-de-campo-de-nueva-construccion-en-las-puertas-de-santanyi\/' aria-label='Casa de campo de nueva construccion en las puertas de Santanyi'>Casa de campo de nueva construccion en las puertas de Santanyi<\/a><\/h3><div class=\"frymo-listing-location\"><i class=\"frymo-icon frymo-icon-location-2\"><\/i>Santanyi<\/div><div class=\"frymo-listing-meta\"><span class=\"frymo-listing-meta-item frymo-listing-area \" data-frymo-tooltip=\"Wohnfl\u00e4che ca.\"><i class=\"frymo-icon frymo-icon-flaeche\"><\/i><div class=\"frymo-listing-meta-item-value\">353 m\u00b2<\/div><\/span><span class=\"frymo-listing-meta-item frymo-listing-bedrooms \" data-frymo-tooltip=\"Schlafzimmer\"><i class=\"frymo-icon frymo-icon-betten\"><\/i><div class=\"frymo-listing-meta-item-value\">4<\/div><\/span><span class=\"frymo-listing-meta-item frymo-listing-bathrooms \" data-frymo-tooltip=\"Badezimmer\"><i class=\"frymo-icon frymo-icon-bad\"><\/i><div class=\"frymo-listing-meta-item-value\">4<\/div><\/span><span class=\"frymo-listing-meta-item frymo-listing-ground_area \" data-frymo-tooltip=\"Grundst\u00fccksfl\u00e4che ca.\"><i class=\"frymo-icon frymo-icon-grundstuecksflaeche\"><\/i><div class=\"frymo-listing-meta-item-value\">19.533 m\u00b2<\/div><\/span><\/div><div class=\"frymo-listing-price\"><span>Purchase Price<\/span> <span class=\"frymo-listing-price-value\">3.600.000 \u20ac<\/span><\/div><\/div><\/article><article class=\"frymo-listing-item post-id-3128 swiper-slide\"><a class=\"frymo-listing-image\" href=\"https:\/\/petrapekna.com\/es\/immobilie\/elegante-casa-urbana-integrada-en-la-maravillosa-naturaleza-en-las-afueras-de-alqueria-blanca\/\" aria-label=\"Elegante casa urbana integrada en la maravillosa naturaleza en las afueras de Alqueria Blanca\">                <div class=\"frymo-listing-tool\">\n                    <div class=\"frymo-favorite\" data-post-id=\"3128\">\n                        <svg xmlns=\"http:\/\/www.w3.org\/2000\/svg\" class=\"star-filled\"\n                             width=\"20\" height=\"20\" viewBox=\"0 0 48 48\">\n                            <g class=\"nc-icon-wrapper\">\n                                <path d=\"M24,44a1,1,0,0,1-.73-.316L6.246,25.5A11.493,11.493,0,1,1,24,11.039,11.493,11.493,0,1,1,41.74,25.514L24.73,43.684A1,1,0,0,1,24,44Z\"><\/path>\n                            <\/g>\n                        <\/svg>\n                        <svg xmlns=\"http:\/\/www.w3.org\/2000\/svg\" class=\"star-outline\"\n                             width=\"20\" height=\"20\" viewBox=\"0 0 48 48\">\n                            <g stroke-linecap=\"square\" stroke-width=\"2\" fill=\"none\" stroke=\"currentColor\"\n                               stroke-linejoin=\"miter\" class=\"nc-icon-wrapper\" stroke-miterlimit=\"10\">\n                                <path d=\"M41.108,24.778,24,42.556,6.892,24.778A10.529,10.529,0,1,1,24,12.928a10.529,10.529,0,1,1,17.108,11.85Z\"><\/path>\n                            <\/g>\n                        <\/svg>\n                    <\/div>\n                <\/div>\n\t\t\t<div class=\"frymo-listing-badges\"><\/div><div class=\"frymo-listing-image-wrapper\"><img loading=\"lazy\" decoding=\"async\" width=\"768\" height=\"512\" src=\"https:\/\/petrapekna.com\/wp-content\/uploads\/2025\/10\/99a8c4bb-e6fc-4260-ad69-8e2a3310b57a-1-768x512.jpg\" class=\"attachment-medium_large size-medium_large wp-post-image\" alt=\"PARTE INTERIOR JARDIN_tonemapped_1\" srcset=\"https:\/\/petrapekna.com\/wp-content\/uploads\/2025\/10\/99a8c4bb-e6fc-4260-ad69-8e2a3310b57a-1-768x512.jpg 768w, https:\/\/petrapekna.com\/wp-content\/uploads\/2025\/10\/99a8c4bb-e6fc-4260-ad69-8e2a3310b57a-1-300x200.jpg 300w, https:\/\/petrapekna.com\/wp-content\/uploads\/2025\/10\/99a8c4bb-e6fc-4260-ad69-8e2a3310b57a-1-1024x683.jpg 1024w, https:\/\/petrapekna.com\/wp-content\/uploads\/2025\/10\/99a8c4bb-e6fc-4260-ad69-8e2a3310b57a-1-1536x1024.jpg 1536w, https:\/\/petrapekna.com\/wp-content\/uploads\/2025\/10\/99a8c4bb-e6fc-4260-ad69-8e2a3310b57a-1-18x12.jpg 18w, https:\/\/petrapekna.com\/wp-content\/uploads\/2025\/10\/99a8c4bb-e6fc-4260-ad69-8e2a3310b57a-1.jpg 1620w\" sizes=\"(max-width: 768px) 100vw, 768px\" \/><\/div><\/a><div class=\"frymo-listing-content\"><div class=\"frymo-listing-id-wrapper\"><div class=\"frymo-listing-property-id\">ID: 40884<\/div><\/div><h3 class='frymo-listing-title'><a href='https:\/\/petrapekna.com\/es\/immobilie\/elegante-casa-urbana-integrada-en-la-maravillosa-naturaleza-en-las-afueras-de-alqueria-blanca\/' aria-label='Elegante casa urbana integrada en la maravillosa naturaleza en las afueras de Alqueria Blanca'>Elegante casa urbana integrada en la maravillosa naturaleza en las afueras de Alqueria Blanca<\/a><\/h3><div class=\"frymo-listing-location\"><i class=\"frymo-icon frymo-icon-location-2\"><\/i>s&#039;Alqueria Blanca<\/div><div class=\"frymo-listing-meta\"><span class=\"frymo-listing-meta-item frymo-listing-area \" data-frymo-tooltip=\"Wohnfl\u00e4che ca.\"><i class=\"frymo-icon frymo-icon-flaeche\"><\/i><div class=\"frymo-listing-meta-item-value\">419 m\u00b2<\/div><\/span><span class=\"frymo-listing-meta-item frymo-listing-bedrooms \" data-frymo-tooltip=\"Schlafzimmer\"><i class=\"frymo-icon frymo-icon-betten\"><\/i><div class=\"frymo-listing-meta-item-value\">4<\/div><\/span><span class=\"frymo-listing-meta-item frymo-listing-bathrooms \" data-frymo-tooltip=\"Badezimmer\"><i class=\"frymo-icon frymo-icon-bad\"><\/i><div class=\"frymo-listing-meta-item-value\">4<\/div><\/span><span class=\"frymo-listing-meta-item frymo-listing-ground_area \" data-frymo-tooltip=\"Grundst\u00fccksfl\u00e4che ca.\"><i class=\"frymo-icon frymo-icon-grundstuecksflaeche\"><\/i><div class=\"frymo-listing-meta-item-value\">1.120 m\u00b2<\/div><\/span><\/div><div class=\"frymo-listing-price\"><span>Purchase Price<\/span> <span class=\"frymo-listing-price-value\">3.600.000 \u20ac<\/span><\/div><\/div><\/article><article class=\"frymo-listing-item post-id-1230 swiper-slide\"><a class=\"frymo-listing-image\" href=\"https:\/\/petrapekna.com\/es\/immobilie\/fabulosa-y-amplia-casa-de-campo-en-las-afueras-de-santanyi\/\" aria-label=\"Fabulosa y amplia casa de campo en las afueras de Santanyi\">                <div class=\"frymo-listing-tool\">\n                    <div class=\"frymo-favorite\" data-post-id=\"1230\">\n                        <svg xmlns=\"http:\/\/www.w3.org\/2000\/svg\" class=\"star-filled\"\n                             width=\"20\" height=\"20\" viewBox=\"0 0 48 48\">\n                            <g class=\"nc-icon-wrapper\">\n                                <path d=\"M24,44a1,1,0,0,1-.73-.316L6.246,25.5A11.493,11.493,0,1,1,24,11.039,11.493,11.493,0,1,1,41.74,25.514L24.73,43.684A1,1,0,0,1,24,44Z\"><\/path>\n                            <\/g>\n                        <\/svg>\n                        <svg xmlns=\"http:\/\/www.w3.org\/2000\/svg\" class=\"star-outline\"\n                             width=\"20\" height=\"20\" viewBox=\"0 0 48 48\">\n                            <g stroke-linecap=\"square\" stroke-width=\"2\" fill=\"none\" stroke=\"currentColor\"\n                               stroke-linejoin=\"miter\" class=\"nc-icon-wrapper\" stroke-miterlimit=\"10\">\n                                <path d=\"M41.108,24.778,24,42.556,6.892,24.778A10.529,10.529,0,1,1,24,12.928a10.529,10.529,0,1,1,17.108,11.85Z\"><\/path>\n                            <\/g>\n                        <\/svg>\n                    <\/div>\n                <\/div>\n\t\t\t<div class=\"frymo-listing-badges\"><\/div><div class=\"frymo-listing-image-wrapper\"><img loading=\"lazy\" decoding=\"async\" width=\"768\" height=\"509\" src=\"https:\/\/petrapekna.com\/wp-content\/uploads\/2025\/10\/257d33ad-71c7-40f2-b718-e9d1feb44d31-1-768x509.jpg\" class=\"attachment-medium_large size-medium_large wp-post-image\" alt=\"DSC_0101_tonemapped\" srcset=\"https:\/\/petrapekna.com\/wp-content\/uploads\/2025\/10\/257d33ad-71c7-40f2-b718-e9d1feb44d31-1-768x509.jpg 768w, https:\/\/petrapekna.com\/wp-content\/uploads\/2025\/10\/257d33ad-71c7-40f2-b718-e9d1feb44d31-1-300x199.jpg 300w, https:\/\/petrapekna.com\/wp-content\/uploads\/2025\/10\/257d33ad-71c7-40f2-b718-e9d1feb44d31-1-1024x678.jpg 1024w, https:\/\/petrapekna.com\/wp-content\/uploads\/2025\/10\/257d33ad-71c7-40f2-b718-e9d1feb44d31-1-1536x1017.jpg 1536w, https:\/\/petrapekna.com\/wp-content\/uploads\/2025\/10\/257d33ad-71c7-40f2-b718-e9d1feb44d31-1.jpg 1631w\" sizes=\"(max-width: 768px) 100vw, 768px\" \/><\/div><\/a><div class=\"frymo-listing-content\"><div class=\"frymo-listing-id-wrapper\"><div class=\"frymo-listing-property-id\">ID: 3026<\/div><\/div><h3 class='frymo-listing-title'><a href='https:\/\/petrapekna.com\/es\/immobilie\/fabulosa-y-amplia-casa-de-campo-en-las-afueras-de-santanyi\/' aria-label='Fabulosa y amplia casa de campo en las afueras de Santanyi'>Fabulosa y amplia casa de campo en las afueras de Santanyi<\/a><\/h3><div class=\"frymo-listing-location\"><i class=\"frymo-icon frymo-icon-location-2\"><\/i>Santanyi<\/div><div class=\"frymo-listing-meta\"><span class=\"frymo-listing-meta-item frymo-listing-area \" data-frymo-tooltip=\"Wohnfl\u00e4che ca.\"><i class=\"frymo-icon frymo-icon-flaeche\"><\/i><div class=\"frymo-listing-meta-item-value\">471 m\u00b2<\/div><\/span><span class=\"frymo-listing-meta-item frymo-listing-bedrooms \" data-frymo-tooltip=\"Schlafzimmer\"><i class=\"frymo-icon frymo-icon-betten\"><\/i><div class=\"frymo-listing-meta-item-value\">6<\/div><\/span><span class=\"frymo-listing-meta-item frymo-listing-bathrooms \" data-frymo-tooltip=\"Badezimmer\"><i class=\"frymo-icon frymo-icon-bad\"><\/i><div class=\"frymo-listing-meta-item-value\">6<\/div><\/span><span class=\"frymo-listing-meta-item frymo-listing-ground_area \" data-frymo-tooltip=\"Grundst\u00fccksfl\u00e4che ca.\"><i class=\"frymo-icon frymo-icon-grundstuecksflaeche\"><\/i><div class=\"frymo-listing-meta-item-value\">15.351 m\u00b2<\/div><\/span><\/div><div class=\"frymo-listing-price\"><span>Purchase Price<\/span> <span class=\"frymo-listing-price-value\">3.300.000 \u20ac<\/span><\/div><\/div><\/article><article class=\"frymo-listing-item post-id-8845 swiper-slide\"><a class=\"frymo-listing-image\" href=\"https:\/\/petrapekna.com\/es\/immobilie\/elegante-casa-urbana-integrada-en-la-maravillosa-naturaleza-en-las-afueras-de-alqueria-blanca-2\/\" aria-label=\"Elegante casa urbana integrada en la maravillosa naturaleza en las afueras de Alqueria Blanca\">                <div class=\"frymo-listing-tool\">\n                    <div class=\"frymo-favorite\" data-post-id=\"8845\">\n                        <svg xmlns=\"http:\/\/www.w3.org\/2000\/svg\" class=\"star-filled\"\n                             width=\"20\" height=\"20\" viewBox=\"0 0 48 48\">\n                            <g class=\"nc-icon-wrapper\">\n                                <path d=\"M24,44a1,1,0,0,1-.73-.316L6.246,25.5A11.493,11.493,0,1,1,24,11.039,11.493,11.493,0,1,1,41.74,25.514L24.73,43.684A1,1,0,0,1,24,44Z\"><\/path>\n                            <\/g>\n                        <\/svg>\n                        <svg xmlns=\"http:\/\/www.w3.org\/2000\/svg\" class=\"star-outline\"\n                             width=\"20\" height=\"20\" viewBox=\"0 0 48 48\">\n                            <g stroke-linecap=\"square\" stroke-width=\"2\" fill=\"none\" stroke=\"currentColor\"\n                               stroke-linejoin=\"miter\" class=\"nc-icon-wrapper\" stroke-miterlimit=\"10\">\n                                <path d=\"M41.108,24.778,24,42.556,6.892,24.778A10.529,10.529,0,1,1,24,12.928a10.529,10.529,0,1,1,17.108,11.85Z\"><\/path>\n                            <\/g>\n                        <\/svg>\n                    <\/div>\n                <\/div>\n\t\t\t<div class=\"frymo-listing-badges\"><\/div><div class=\"frymo-listing-image-wrapper\"><img loading=\"lazy\" decoding=\"async\" width=\"768\" height=\"512\" src=\"https:\/\/petrapekna.com\/wp-content\/uploads\/2026\/01\/783d5801-a905-4e4d-b156-0bfcb5ad1071-1-768x512.jpg\" class=\"attachment-medium_large size-medium_large wp-post-image\" alt=\"PATIO TRASERO_tonemapped\" srcset=\"https:\/\/petrapekna.com\/wp-content\/uploads\/2026\/01\/783d5801-a905-4e4d-b156-0bfcb5ad1071-1-768x512.jpg 768w, https:\/\/petrapekna.com\/wp-content\/uploads\/2026\/01\/783d5801-a905-4e4d-b156-0bfcb5ad1071-1-300x200.jpg 300w, https:\/\/petrapekna.com\/wp-content\/uploads\/2026\/01\/783d5801-a905-4e4d-b156-0bfcb5ad1071-1-1024x683.jpg 1024w, https:\/\/petrapekna.com\/wp-content\/uploads\/2026\/01\/783d5801-a905-4e4d-b156-0bfcb5ad1071-1-1536x1024.jpg 1536w, https:\/\/petrapekna.com\/wp-content\/uploads\/2026\/01\/783d5801-a905-4e4d-b156-0bfcb5ad1071-1-18x12.jpg 18w, https:\/\/petrapekna.com\/wp-content\/uploads\/2026\/01\/783d5801-a905-4e4d-b156-0bfcb5ad1071-1.jpg 1620w\" sizes=\"(max-width: 768px) 100vw, 768px\" \/><\/div><\/a><div class=\"frymo-listing-content\"><div class=\"frymo-listing-id-wrapper\"><div class=\"frymo-listing-property-id\">ID: 40881<\/div><\/div><h3 class='frymo-listing-title'><a href='https:\/\/petrapekna.com\/es\/immobilie\/elegante-casa-urbana-integrada-en-la-maravillosa-naturaleza-en-las-afueras-de-alqueria-blanca-2\/' aria-label='Elegante casa urbana integrada en la maravillosa naturaleza en las afueras de Alqueria Blanca'>Elegante casa urbana integrada en la maravillosa naturaleza en las afueras de Alqueria Blanca<\/a><\/h3><div class=\"frymo-listing-location\"><i class=\"frymo-icon frymo-icon-location-2\"><\/i>s&#039;Alqueria Blanca<\/div><div class=\"frymo-listing-meta\"><span class=\"frymo-listing-meta-item frymo-listing-area \" data-frymo-tooltip=\"Wohnfl\u00e4che ca.\"><i class=\"frymo-icon frymo-icon-flaeche\"><\/i><div class=\"frymo-listing-meta-item-value\">419,13 m\u00b2<\/div><\/span><span class=\"frymo-listing-meta-item frymo-listing-bedrooms \" data-frymo-tooltip=\"Schlafzimmer\"><i class=\"frymo-icon frymo-icon-betten\"><\/i><div class=\"frymo-listing-meta-item-value\">4<\/div><\/span><span class=\"frymo-listing-meta-item frymo-listing-bathrooms \" data-frymo-tooltip=\"Badezimmer\"><i class=\"frymo-icon frymo-icon-bad\"><\/i><div class=\"frymo-listing-meta-item-value\">4<\/div><\/span><span class=\"frymo-listing-meta-item frymo-listing-ground_area \" data-frymo-tooltip=\"Grundst\u00fccksfl\u00e4che ca.\"><i class=\"frymo-icon frymo-icon-grundstuecksflaeche\"><\/i><div class=\"frymo-listing-meta-item-value\">630 m\u00b2<\/div><\/span><\/div><div class=\"frymo-listing-price\"><span>Purchase Price<\/span> <span class=\"frymo-listing-price-value\">3.100.000 \u20ac<\/span><\/div><\/div><\/article><article class=\"frymo-listing-item post-id-10481 swiper-slide\"><a class=\"frymo-listing-image\" href=\"https:\/\/petrapekna.com\/es\/immobilie\/dos-terreos-urbanos-en-primera-linea-del-mar-en-cala-dor\/\" aria-label=\"Dos terreos urbanos en primera linea del mar en Cala d\u00b4Or\">                <div class=\"frymo-listing-tool\">\n                    <div class=\"frymo-favorite\" data-post-id=\"10481\">\n                        <svg xmlns=\"http:\/\/www.w3.org\/2000\/svg\" class=\"star-filled\"\n                             width=\"20\" height=\"20\" viewBox=\"0 0 48 48\">\n                            <g class=\"nc-icon-wrapper\">\n                                <path d=\"M24,44a1,1,0,0,1-.73-.316L6.246,25.5A11.493,11.493,0,1,1,24,11.039,11.493,11.493,0,1,1,41.74,25.514L24.73,43.684A1,1,0,0,1,24,44Z\"><\/path>\n                            <\/g>\n                        <\/svg>\n                        <svg xmlns=\"http:\/\/www.w3.org\/2000\/svg\" class=\"star-outline\"\n                             width=\"20\" height=\"20\" viewBox=\"0 0 48 48\">\n                            <g stroke-linecap=\"square\" stroke-width=\"2\" fill=\"none\" stroke=\"currentColor\"\n                               stroke-linejoin=\"miter\" class=\"nc-icon-wrapper\" stroke-miterlimit=\"10\">\n                                <path d=\"M41.108,24.778,24,42.556,6.892,24.778A10.529,10.529,0,1,1,24,12.928a10.529,10.529,0,1,1,17.108,11.85Z\"><\/path>\n                            <\/g>\n                        <\/svg>\n                    <\/div>\n                <\/div>\n\t\t\t<div class=\"frymo-listing-badges\"><\/div><div class=\"frymo-listing-image-wrapper\"><img loading=\"lazy\" decoding=\"async\" width=\"768\" height=\"509\" src=\"https:\/\/petrapekna.com\/wp-content\/uploads\/2026\/04\/c19b3f8a-bed8-419f-bcd5-c814cc3d090c-2-768x509.jpg\" class=\"attachment-medium_large size-medium_large wp-post-image\" alt=\"DSC_0017_tonemapped\" srcset=\"https:\/\/petrapekna.com\/wp-content\/uploads\/2026\/04\/c19b3f8a-bed8-419f-bcd5-c814cc3d090c-2-768x509.jpg 768w, https:\/\/petrapekna.com\/wp-content\/uploads\/2026\/04\/c19b3f8a-bed8-419f-bcd5-c814cc3d090c-2-300x199.jpg 300w, https:\/\/petrapekna.com\/wp-content\/uploads\/2026\/04\/c19b3f8a-bed8-419f-bcd5-c814cc3d090c-2-1024x678.jpg 1024w, https:\/\/petrapekna.com\/wp-content\/uploads\/2026\/04\/c19b3f8a-bed8-419f-bcd5-c814cc3d090c-2-1536x1017.jpg 1536w, https:\/\/petrapekna.com\/wp-content\/uploads\/2026\/04\/c19b3f8a-bed8-419f-bcd5-c814cc3d090c-2-18x12.jpg 18w, https:\/\/petrapekna.com\/wp-content\/uploads\/2026\/04\/c19b3f8a-bed8-419f-bcd5-c814cc3d090c-2.jpg 1631w\" sizes=\"(max-width: 768px) 100vw, 768px\" \/><\/div><\/a><div class=\"frymo-listing-content\"><div class=\"frymo-listing-id-wrapper\"><div class=\"frymo-listing-property-id\">ID: 2028<\/div><\/div><h3 class='frymo-listing-title'><a href='https:\/\/petrapekna.com\/es\/immobilie\/dos-terreos-urbanos-en-primera-linea-del-mar-en-cala-dor\/' aria-label='Dos terreos urbanos en primera linea del mar en Cala d\u00b4Or'>Dos terreos urbanos en primera linea del mar en Cala d\u00b4Or<\/a><\/h3><div class=\"frymo-listing-location\"><i class=\"frymo-icon frymo-icon-location-2\"><\/i>Cala d&#039; Or<\/div><div class=\"frymo-listing-meta\"><span class=\"frymo-listing-meta-item frymo-listing-ground_area \" data-frymo-tooltip=\"Grundst\u00fccksfl\u00e4che ca.\"><i class=\"frymo-icon frymo-icon-grundstuecksflaeche\"><\/i><div class=\"frymo-listing-meta-item-value\">2.032 m\u00b2<\/div><\/span><\/div><div class=\"frymo-listing-price\"><span>Purchase Price<\/span> <span class=\"frymo-listing-price-value\">3.000.000 \u20ac<\/span><\/div><\/div><\/article><\/div><\/div><div class=\"button-prev elementor-icon\"><svg aria-hidden=\"true\" class=\"e-font-icon-svg e-fas-chevron-left\" viewBox=\"0 0 320 512\" xmlns=\"http:\/\/www.w3.org\/2000\/svg\"><path d=\"M34.52 239.03L228.87 44.69c9.37-9.37 24.57-9.37 33.94 0l22.67 22.67c9.36 9.36 9.37 24.52.04 33.9L131.49 256l154.02 154.75c9.34 9.38 9.32 24.54-.04 33.9l-22.67 22.67c-9.37 9.37-24.57 9.37-33.94 0L34.52 272.97c-9.37-9.37-9.37-24.57 0-33.94z\"><\/path><\/svg><\/div><div class=\"button-next elementor-icon\"><svg aria-hidden=\"true\" class=\"e-font-icon-svg e-fas-chevron-right\" viewBox=\"0 0 320 512\" xmlns=\"http:\/\/www.w3.org\/2000\/svg\"><path d=\"M285.476 272.971L91.132 467.314c-9.373 9.373-24.569 9.373-33.941 0l-22.667-22.667c-9.357-9.357-9.375-24.522-.04-33.901L188.505 256 34.484 101.255c-9.335-9.379-9.317-24.544.04-33.901l22.667-22.667c9.373-9.373 24.569-9.373 33.941 0L285.475 239.03c9.373 9.372 9.373 24.568.001 33.941z\"><\/path><\/svg><\/div>\t\t\t\t<\/div>\n\t\t\t\t<\/div>\n\t\t\t\t<div class=\"elementor-element elementor-element-10bfa76 elementor-align-center elementor-mobile-align-center elementor-widget elementor-widget-button\" data-id=\"10bfa76\" data-element_type=\"widget\" data-e-type=\"widget\" data-widget_type=\"button.default\">\n\t\t\t\t<div class=\"elementor-widget-container\">\n\t\t\t\t\t\t\t\t\t<div class=\"elementor-button-wrapper\">\n\t\t\t\t\t<a class=\"elementor-button elementor-button-link elementor-size-sm\" href=\"https:\/\/petrapekna.com\/immobilien\/\">\n\t\t\t\t\t\t<span class=\"elementor-button-content-wrapper\">\n\t\t\t\t\t\t\t\t\t<span class=\"elementor-button-text\">Jetzt alle Immobilien ansehen<\/span>\n\t\t\t\t\t<\/span>\n\t\t\t\t\t<\/a>\n\t\t\t\t<\/div>\n\t\t\t\t\t\t\t\t<\/div>\n\t\t\t\t<\/div>\n\t\t\t\t\t<\/div>\n\t\t\t\t<\/div>\n\t\t<div class=\"elementor-element elementor-element-53a121ad e-con-full e-flex e-con e-parent\" data-id=\"53a121ad\" data-element_type=\"container\" data-e-type=\"container\">\n\t\t<div class=\"elementor-element elementor-element-11c3e419 e-con-full e-flex e-con e-child\" data-id=\"11c3e419\" data-element_type=\"container\" data-e-type=\"container\">\n\t\t\t\t<div class=\"elementor-element elementor-element-952f618 elementor-widget elementor-widget-image\" data-id=\"952f618\" data-element_type=\"widget\" data-e-type=\"widget\" data-widget_type=\"image.default\">\n\t\t\t\t<div class=\"elementor-widget-container\">\n\t\t\t\t\t\t\t\t\t\t\t\t\t\t\t<img loading=\"lazy\" decoding=\"async\" width=\"1707\" height=\"1527\" src=\"https:\/\/petrapekna.com\/wp-content\/uploads\/2025\/07\/616fda19-2b09-4817-a808-fe91fd3b892f-scaled-e1760352951838.jpg\" class=\"attachment-full size-full wp-image-647\" alt=\"Immobilien Petra Pekna\" srcset=\"https:\/\/petrapekna.com\/wp-content\/uploads\/2025\/07\/616fda19-2b09-4817-a808-fe91fd3b892f-scaled-e1760352951838.jpg 1707w, https:\/\/petrapekna.com\/wp-content\/uploads\/2025\/07\/616fda19-2b09-4817-a808-fe91fd3b892f-scaled-e1760352951838-300x268.jpg 300w, https:\/\/petrapekna.com\/wp-content\/uploads\/2025\/07\/616fda19-2b09-4817-a808-fe91fd3b892f-scaled-e1760352951838-1024x916.jpg 1024w, https:\/\/petrapekna.com\/wp-content\/uploads\/2025\/07\/616fda19-2b09-4817-a808-fe91fd3b892f-scaled-e1760352951838-768x687.jpg 768w, https:\/\/petrapekna.com\/wp-content\/uploads\/2025\/07\/616fda19-2b09-4817-a808-fe91fd3b892f-scaled-e1760352951838-1536x1374.jpg 1536w, https:\/\/petrapekna.com\/wp-content\/uploads\/2025\/07\/616fda19-2b09-4817-a808-fe91fd3b892f-scaled-e1760352951838-13x12.jpg 13w\" sizes=\"(max-width: 1707px) 100vw, 1707px\" \/>\t\t\t\t\t\t\t\t\t\t\t\t\t\t\t<\/div>\n\t\t\t\t<\/div>\n\t\t\t\t<\/div>\n\t\t<div class=\"elementor-element elementor-element-661f775 e-con-full e-flex e-con e-child\" data-id=\"661f775\" data-element_type=\"container\" data-e-type=\"container\" data-settings=\"{&quot;background_background&quot;:&quot;classic&quot;}\">\n\t\t\t\t<div class=\"elementor-element elementor-element-46d13521 elementor-invisible elementor-widget elementor-widget-heading\" data-id=\"46d13521\" data-element_type=\"widget\" data-e-type=\"widget\" data-settings=\"{&quot;_animation&quot;:&quot;fadeInLeft&quot;}\" data-widget_type=\"heading.default\">\n\t\t\t\t<div class=\"elementor-widget-container\">\n\t\t\t\t\t<h5 class=\"elementor-heading-title elementor-size-default\">\/ Kundenstimmen\n\n\n\n\n\n\n\n<\/h5>\t\t\t\t<\/div>\n\t\t\t\t<\/div>\n\t\t\t\t<div class=\"elementor-element elementor-element-490c1e27 elementor-widget elementor-widget-heading\" data-id=\"490c1e27\" data-element_type=\"widget\" data-e-type=\"widget\" data-widget_type=\"heading.default\">\n\t\t\t\t<div class=\"elementor-widget-container\">\n\t\t\t\t\t<h3 class=\"elementor-heading-title elementor-size-default\"><!-- x-tinymce\/html --><span style=\"color: inherit;font-family: inherit;font-size: 1.75rem;font-weight: 500;font-style: oblique\">Das sagen unsere Kunden \u00fcber uns<\/span><\/h3>\t\t\t\t<\/div>\n\t\t\t\t<\/div>\n\t\t\t\t<div class=\"elementor-element elementor-element-2074f993 elementor-widget elementor-widget-text-editor\" data-id=\"2074f993\" data-element_type=\"widget\" data-e-type=\"widget\" data-widget_type=\"text-editor.default\">\n\t\t\t\t<div class=\"elementor-widget-container\">\n\t\t\t\t\t\t\t\t\t<p data-start=\"3389\" data-end=\"3489\">Zufriedene Kunden sind die beste Empfehlung. Lesen Sie, warum Menschen uns ihr Vertrauen schenken:<\/p>\t\t\t\t\t\t\t\t<\/div>\n\t\t\t\t<\/div>\n\t\t\t\t<div class=\"elementor-element elementor-element-a209bf1 elementor-widget elementor-widget-html\" data-id=\"a209bf1\" data-element_type=\"widget\" data-e-type=\"widget\" data-widget_type=\"html.default\">\n\t\t\t\t<div class=\"elementor-widget-container\">\n\t\t\t\t\t<!-- Elfsight Google Reviews | Petra Pekna - Google -->\n<script src=\"https:\/\/elfsightcdn.com\/platform.js\" async><\/script>\n<div class=\"elfsight-app-4ea8bb94-7443-41f4-bc4b-b9eb4f125d6d\" data-elfsight-app-lazy><\/div>\t\t\t\t<\/div>\n\t\t\t\t<\/div>\n\t\t\t\t<div class=\"elementor-element elementor-element-7a077cf elementor-widget elementor-widget-text-editor\" data-id=\"7a077cf\" data-element_type=\"widget\" data-e-type=\"widget\" data-widget_type=\"text-editor.default\">\n\t\t\t\t<div class=\"elementor-widget-container\">\n\t\t\t\t\t\t\t\t\t<p>Hinweis zur Echtheit von Bewertungen:<br \/>Die hier ver\u00f6ffentlichten Bewertungen stammen von Personen, die unsere Dienstleistungen auf Portalen von Dritten bewertet haben. Eine Pr\u00fcfung der Echtheit kann derzeit nicht sicher gestellt werden, da die bewertenden Personen teilweise unter Synonymen diese auf den Seiten von Dritten hinterlassen.<\/p>\t\t\t\t\t\t\t\t<\/div>\n\t\t\t\t<\/div>\n\t\t\t\t<\/div>\n\t\t\t\t<\/div>\n\t\t<div class=\"elementor-element elementor-element-3ec3930 e-flex e-con-boxed e-con e-parent\" data-id=\"3ec3930\" data-element_type=\"container\" data-e-type=\"container\">\n\t\t\t\t\t<div class=\"e-con-inner\">\n\t\t\t\t<div class=\"elementor-element elementor-element-0d86cb3 elementor-widget elementor-widget-spacer\" data-id=\"0d86cb3\" data-element_type=\"widget\" data-e-type=\"widget\" data-widget_type=\"spacer.default\">\n\t\t\t\t<div class=\"elementor-widget-container\">\n\t\t\t\t\t\t\t<div class=\"elementor-spacer\">\n\t\t\t<div class=\"elementor-spacer-inner\"><\/div>\n\t\t<\/div>\n\t\t\t\t\t\t<\/div>\n\t\t\t\t<\/div>\n\t\t\t\t\t<\/div>\n\t\t\t\t<\/div>\n\t\t<div class=\"elementor-element elementor-element-a3a0ae0 e-flex e-con-boxed e-con e-parent\" data-id=\"a3a0ae0\" data-element_type=\"container\" data-e-type=\"container\">\n\t\t\t\t\t<div class=\"e-con-inner\">\n\t\t\t\t<div class=\"elementor-element elementor-element-7012603 elementor-widget elementor-widget-heading\" data-id=\"7012603\" data-element_type=\"widget\" data-e-type=\"widget\" data-widget_type=\"heading.default\">\n\t\t\t\t<div class=\"elementor-widget-container\">\n\t\t\t\t\t<h2 class=\"elementor-heading-title elementor-size-default\">Immobilien kaufen in S\u2019Horta \u2013 h\u00e4ufig gestellte Fragen<\/h2>\t\t\t\t<\/div>\n\t\t\t\t<\/div>\n\t\t\t\t\t<\/div>\n\t\t\t\t<\/div>\n\t\t<div class=\"elementor-element elementor-element-89036e7 e-flex e-con-boxed e-con e-parent\" data-id=\"89036e7\" data-element_type=\"container\" data-e-type=\"container\">\n\t\t\t\t\t<div class=\"e-con-inner\">\n\t\t\t\t<div class=\"elementor-element elementor-element-7424933 elementor-widget elementor-widget-n-accordion\" data-id=\"7424933\" data-element_type=\"widget\" data-e-type=\"widget\" data-settings=\"{&quot;default_state&quot;:&quot;expanded&quot;,&quot;max_items_expended&quot;:&quot;one&quot;,&quot;n_accordion_animation_duration&quot;:{&quot;unit&quot;:&quot;ms&quot;,&quot;size&quot;:400,&quot;sizes&quot;:[]}}\" data-widget_type=\"nested-accordion.default\">\n\t\t\t\t<div class=\"elementor-widget-container\">\n\t\t\t\t\t\t\t<div class=\"e-n-accordion\" aria-label=\"Accordion. Open links with Enter or Space, close with Escape, and navigate with Arrow Keys\">\n\t\t\t\t\t\t<details id=\"e-n-accordion-item-1210\" class=\"e-n-accordion-item\" open>\n\t\t\t\t<summary class=\"e-n-accordion-item-title\" data-accordion-index=\"1\" tabindex=\"0\" aria-expanded=\"true\" aria-controls=\"e-n-accordion-item-1210\" >\n\t\t\t\t\t<span class='e-n-accordion-item-title-header'><h3 class=\"e-n-accordion-item-title-text\"> Ist es sinnvoll, eine Immobilie in S\u2019Horta zu kaufen? <\/h3><\/span>\n\t\t\t\t\t\t\t<span class='e-n-accordion-item-title-icon'>\n\t\t\t<span class='e-opened' ><svg aria-hidden=\"true\" class=\"e-font-icon-svg e-fas-minus\" viewBox=\"0 0 448 512\" xmlns=\"http:\/\/www.w3.org\/2000\/svg\"><path d=\"M416 208H32c-17.67 0-32 14.33-32 32v32c0 17.67 14.33 32 32 32h384c17.67 0 32-14.33 32-32v-32c0-17.67-14.33-32-32-32z\"><\/path><\/svg><\/span>\n\t\t\t<span class='e-closed'><svg aria-hidden=\"true\" class=\"e-font-icon-svg e-fas-plus\" viewBox=\"0 0 448 512\" xmlns=\"http:\/\/www.w3.org\/2000\/svg\"><path d=\"M416 208H272V64c0-17.67-14.33-32-32-32h-32c-17.67 0-32 14.33-32 32v144H32c-17.67 0-32 14.33-32 32v32c0 17.67 14.33 32 32 32h144v144c0 17.67 14.33 32 32 32h32c17.67 0 32-14.33 32-32V304h144c17.67 0 32-14.33 32-32v-32c0-17.67-14.33-32-32-32z\"><\/path><\/svg><\/span>\n\t\t<\/span>\n\n\t\t\t\t\t\t<\/summary>\n\t\t\t\t<div role=\"region\" aria-labelledby=\"e-n-accordion-item-1210\" class=\"elementor-element elementor-element-9cbe65d e-con-full e-flex e-con e-child\" data-id=\"9cbe65d\" data-element_type=\"container\" data-e-type=\"container\">\n\t\t<div role=\"region\" aria-labelledby=\"e-n-accordion-item-1210\" class=\"elementor-element elementor-element-b469771 e-flex e-con-boxed e-con e-child\" data-id=\"b469771\" data-element_type=\"container\" data-e-type=\"container\">\n\t\t\t\t\t<div class=\"e-con-inner\">\n\t\t\t\t<div class=\"elementor-element elementor-element-4c92e51 elementor-widget elementor-widget-text-editor\" data-id=\"4c92e51\" data-element_type=\"widget\" data-e-type=\"widget\" data-widget_type=\"text-editor.default\">\n\t\t\t\t<div class=\"elementor-widget-container\">\n\t\t\t\t\t\t\t\t\t<div class=\"flex flex-col text-sm pb-25\">\n<section class=\"text-token-text-primary w-full focus:outline-none [--shadow-height:45px] has-data-writing-block:pointer-events-none has-data-writing-block:-mt-(--shadow-height) has-data-writing-block:pt-(--shadow-height) [&amp;:has([data-writing-block])&gt;*]:pointer-events-auto scroll-mt-[calc(var(--header-height)+min(200px,max(70px,20svh)))]\" dir=\"auto\" data-turn-id=\"request-69ce6135-4dd4-8328-9ea6-f422786fb069-72\" data-testid=\"conversation-turn-206\" data-scroll-anchor=\"true\" data-turn=\"assistant\">\n<div class=\"text-base my-auto mx-auto pb-10 [--thread-content-margin:var(--thread-content-margin-xs,calc(var(--spacing)*4))] @w-sm\/main:[--thread-content-margin:var(--thread-content-margin-sm,calc(var(--spacing)*6))] @w-lg\/main:[--thread-content-margin:var(--thread-content-margin-lg,calc(var(--spacing)*16))] px-(--thread-content-margin)\">\n<div class=\"[--thread-content-max-width:40rem] @w-lg\/main:[--thread-content-max-width:48rem] mx-auto max-w-(--thread-content-max-width) flex-1 group\/turn-messages focus-visible:outline-hidden relative flex w-full min-w-0 flex-col agent-turn\">\n<div class=\"flex max-w-full flex-col gap-4 grow\">\n<div class=\"min-h-8 text-message relative flex w-full flex-col items-end gap-2 text-start break-words whitespace-normal outline-none keyboard-focused:focus-ring [.text-message+&amp;]:mt-1\" dir=\"auto\" tabindex=\"0\" data-message-author-role=\"assistant\" data-message-id=\"0610d89f-b4d1-4468-ba0e-60ddca0ae2df\" data-message-model-slug=\"gpt-5-mini\" data-turn-start-message=\"true\">\n<div class=\"flex w-full flex-col gap-1 empty:hidden\">\n<div class=\"markdown prose dark:prose-invert w-full wrap-break-word light markdown-new-styling\">\n<div class=\"flex flex-col text-sm pb-25\">\n<section class=\"text-token-text-primary w-full focus:outline-none [--shadow-height:45px] has-data-writing-block:pointer-events-none has-data-writing-block:-mt-(--shadow-height) has-data-writing-block:pt-(--shadow-height) [&amp;:has([data-writing-block])&gt;*]:pointer-events-auto scroll-mt-(--header-height)\" dir=\"auto\" data-turn-id=\"d69cff23-20f1-4488-be31-71e0d29dbb13\" data-testid=\"conversation-turn-373\" data-scroll-anchor=\"false\" data-turn=\"user\"><\/section>\n<section class=\"text-token-text-primary w-full focus:outline-none [--shadow-height:45px] has-data-writing-block:pointer-events-none has-data-writing-block:-mt-(--shadow-height) has-data-writing-block:pt-(--shadow-height) [&amp;:has([data-writing-block])&gt;*]:pointer-events-auto scroll-mt-[calc(var(--header-height)+min(200px,max(70px,20svh)))]\" dir=\"auto\" data-turn-id=\"request-69ce6135-4dd4-8328-9ea6-f422786fb069-5\" data-testid=\"conversation-turn-374\" data-scroll-anchor=\"true\" data-turn=\"assistant\">\n<div class=\"text-base my-auto mx-auto pb-10 [--thread-content-margin:var(--thread-content-margin-xs,calc(var(--spacing)*4))] @w-sm\/main:[--thread-content-margin:var(--thread-content-margin-sm,calc(var(--spacing)*6))] @w-lg\/main:[--thread-content-margin:var(--thread-content-margin-lg,calc(var(--spacing)*16))] px-(--thread-content-margin)\">\n<div class=\"[--thread-content-max-width:40rem] @w-lg\/main:[--thread-content-max-width:48rem] mx-auto max-w-(--thread-content-max-width) flex-1 group\/turn-messages focus-visible:outline-hidden relative flex w-full min-w-0 flex-col agent-turn\">\n<div class=\"flex max-w-full flex-col gap-4 grow\">\n<div class=\"min-h-8 text-message relative flex w-full flex-col items-end gap-2 text-start break-words whitespace-normal outline-none keyboard-focused:focus-ring [.text-message+&amp;]:mt-1\" dir=\"auto\" tabindex=\"0\" data-message-author-role=\"assistant\" data-message-id=\"0df59940-8445-4a42-87be-b7d737a39c9f\" data-message-model-slug=\"gpt-5-mini\" data-turn-start-message=\"true\">\n<div class=\"flex w-full flex-col gap-1 empty:hidden\">\n<div class=\"markdown prose dark:prose-invert w-full wrap-break-word light markdown-new-styling\">\n<p data-start=\"0\" data-end=\"397\" data-is-last-node=\"\" data-is-only-node=\"\">Der Kauf einer Immobilie in S\u2019Horta ist f\u00fcr viele K\u00e4ufer eine langfristig attraktive Entscheidung. Die Region im S\u00fcdosten Mallorcas besticht durch ihr authentisches Flair, hohe Lebensqualit\u00e4t und zahlreiche Immobilien in ruhiger und exklusiver Umgebung. Ob charmante Finca, modernes Haus oder luxuri\u00f6se Villa \u2013 viele K\u00e4ufer finden hier ihre Traumimmobilie in einem der begehrtesten Orte der Insel.<\/p>\n<\/div>\n<\/div>\n<\/div>\n<\/div>\n<\/div>\n<\/div>\n<\/section>\n<\/div>\n<\/div>\n<\/div>\n<\/div>\n<\/div>\n<\/div>\n<\/div>\n<\/section>\n<\/div>\t\t\t\t\t\t\t\t<\/div>\n\t\t\t\t<\/div>\n\t\t\t\t\t<\/div>\n\t\t\t\t<\/div>\n\t\t\t\t<\/div>\n\t\t\t\t\t<\/details>\n\t\t\t\t\t\t<details id=\"e-n-accordion-item-1211\" class=\"e-n-accordion-item\" >\n\t\t\t\t<summary class=\"e-n-accordion-item-title\" data-accordion-index=\"2\" tabindex=\"-1\" aria-expanded=\"false\" aria-controls=\"e-n-accordion-item-1211\" >\n\t\t\t\t\t<span class='e-n-accordion-item-title-header'><h3 class=\"e-n-accordion-item-title-text\"> Wann ist der beste Zeitpunkt, eine Immobilie in S\u2019Horta zu kaufen? <\/h3><\/span>\n\t\t\t\t\t\t\t<span class='e-n-accordion-item-title-icon'>\n\t\t\t<span class='e-opened' ><svg aria-hidden=\"true\" class=\"e-font-icon-svg e-fas-minus\" viewBox=\"0 0 448 512\" xmlns=\"http:\/\/www.w3.org\/2000\/svg\"><path d=\"M416 208H32c-17.67 0-32 14.33-32 32v32c0 17.67 14.33 32 32 32h384c17.67 0 32-14.33 32-32v-32c0-17.67-14.33-32-32-32z\"><\/path><\/svg><\/span>\n\t\t\t<span class='e-closed'><svg aria-hidden=\"true\" class=\"e-font-icon-svg e-fas-plus\" viewBox=\"0 0 448 512\" xmlns=\"http:\/\/www.w3.org\/2000\/svg\"><path d=\"M416 208H272V64c0-17.67-14.33-32-32-32h-32c-17.67 0-32 14.33-32 32v144H32c-17.67 0-32 14.33-32 32v32c0 17.67 14.33 32 32 32h144v144c0 17.67 14.33 32 32 32h32c17.67 0 32-14.33 32-32V304h144c17.67 0 32-14.33 32-32v-32c0-17.67-14.33-32-32-32z\"><\/path><\/svg><\/span>\n\t\t<\/span>\n\n\t\t\t\t\t\t<\/summary>\n\t\t\t\t<div role=\"region\" aria-labelledby=\"e-n-accordion-item-1211\" class=\"elementor-element elementor-element-6d132b0 e-con-full e-flex e-con e-child\" data-id=\"6d132b0\" data-element_type=\"container\" data-e-type=\"container\">\n\t\t<div role=\"region\" aria-labelledby=\"e-n-accordion-item-1211\" class=\"elementor-element elementor-element-0b8867d e-flex e-con-boxed e-con e-child\" data-id=\"0b8867d\" data-element_type=\"container\" data-e-type=\"container\">\n\t\t\t\t\t<div class=\"e-con-inner\">\n\t\t\t\t<div class=\"elementor-element elementor-element-7b1cca7 elementor-widget elementor-widget-text-editor\" data-id=\"7b1cca7\" data-element_type=\"widget\" data-e-type=\"widget\" data-widget_type=\"text-editor.default\">\n\t\t\t\t<div class=\"elementor-widget-container\">\n\t\t\t\t\t\t\t\t\t<div class=\"flex flex-col text-sm pb-25\">\n<section class=\"text-token-text-primary w-full focus:outline-none [--shadow-height:45px] has-data-writing-block:pointer-events-none has-data-writing-block:-mt-(--shadow-height) has-data-writing-block:pt-(--shadow-height) [&amp;:has([data-writing-block])&gt;*]:pointer-events-auto scroll-mt-[calc(var(--header-height)+min(200px,max(70px,20svh)))]\" dir=\"auto\" data-turn-id=\"request-69ce6135-4dd4-8328-9ea6-f422786fb069-73\" data-testid=\"conversation-turn-208\" data-scroll-anchor=\"true\" data-turn=\"assistant\">\n<div class=\"text-base my-auto mx-auto pb-10 [--thread-content-margin:var(--thread-content-margin-xs,calc(var(--spacing)*4))] @w-sm\/main:[--thread-content-margin:var(--thread-content-margin-sm,calc(var(--spacing)*6))] @w-lg\/main:[--thread-content-margin:var(--thread-content-margin-lg,calc(var(--spacing)*16))] px-(--thread-content-margin)\">\n<div class=\"[--thread-content-max-width:40rem] @w-lg\/main:[--thread-content-max-width:48rem] mx-auto max-w-(--thread-content-max-width) flex-1 group\/turn-messages focus-visible:outline-hidden relative flex w-full min-w-0 flex-col agent-turn\">\n<div class=\"flex max-w-full flex-col gap-4 grow\">\n<div class=\"min-h-8 text-message relative flex w-full flex-col items-end gap-2 text-start break-words whitespace-normal outline-none keyboard-focused:focus-ring [.text-message+&amp;]:mt-1\" dir=\"auto\" tabindex=\"0\" data-message-author-role=\"assistant\" data-message-id=\"7cc01a34-0d69-4fa6-9d62-ee229ba52e9b\" data-message-model-slug=\"gpt-5-mini\" data-turn-start-message=\"true\">\n<div class=\"flex w-full flex-col gap-1 empty:hidden\">\n<div class=\"markdown prose dark:prose-invert w-full wrap-break-word light markdown-new-styling\">\n<div class=\"flex flex-col text-sm pb-25\">\n<section class=\"text-token-text-primary w-full focus:outline-none [--shadow-height:45px] has-data-writing-block:pointer-events-none has-data-writing-block:-mt-(--shadow-height) has-data-writing-block:pt-(--shadow-height) [&amp;:has([data-writing-block])&gt;*]:pointer-events-auto scroll-mt-[calc(var(--header-height)+min(200px,max(70px,20svh)))]\" dir=\"auto\" data-turn-id=\"request-69ce6135-4dd4-8328-9ea6-f422786fb069-6\" data-testid=\"conversation-turn-376\" data-scroll-anchor=\"true\" data-turn=\"assistant\">\n<div class=\"text-base my-auto mx-auto pb-10 [--thread-content-margin:var(--thread-content-margin-xs,calc(var(--spacing)*4))] @w-sm\/main:[--thread-content-margin:var(--thread-content-margin-sm,calc(var(--spacing)*6))] @w-lg\/main:[--thread-content-margin:var(--thread-content-margin-lg,calc(var(--spacing)*16))] px-(--thread-content-margin)\">\n<div class=\"[--thread-content-max-width:40rem] @w-lg\/main:[--thread-content-max-width:48rem] mx-auto max-w-(--thread-content-max-width) flex-1 group\/turn-messages focus-visible:outline-hidden relative flex w-full min-w-0 flex-col agent-turn\">\n<div class=\"flex max-w-full flex-col gap-4 grow\">\n<div class=\"min-h-8 text-message relative flex w-full flex-col items-end gap-2 text-start break-words whitespace-normal outline-none keyboard-focused:focus-ring [.text-message+&amp;]:mt-1\" dir=\"auto\" tabindex=\"0\" data-message-author-role=\"assistant\" data-message-id=\"b344f7b4-92c2-4b1c-97d8-45db55a036eb\" data-message-model-slug=\"gpt-5-mini\" data-turn-start-message=\"true\">\n<div class=\"flex w-full flex-col gap-1 empty:hidden\">\n<div class=\"markdown prose dark:prose-invert w-full wrap-break-word light markdown-new-styling\">\n<p data-start=\"0\" data-end=\"291\" data-is-last-node=\"\" data-is-only-node=\"\">Immobilien in S\u2019Horta k\u00f6nnen grunds\u00e4tzlich das ganze Jahr \u00fcber erworben werden. Besonders im Fr\u00fchling und Herbst werden h\u00e4ufig neue Objekte auf den Markt gebracht. Entscheidender als der Zeitpunkt ist jedoch, dass Lage, Preis und Immobilie exakt Ihren pers\u00f6nlichen Vorstellungen entsprechen.<\/p>\n<\/div>\n<\/div>\n<\/div>\n<\/div>\n<\/div>\n<\/div>\n<\/section>\n<\/div>\n<\/div>\n<\/div>\n<\/div>\n<\/div>\n<\/div>\n<\/div>\n<\/section>\n<\/div>\t\t\t\t\t\t\t\t<\/div>\n\t\t\t\t<\/div>\n\t\t\t\t\t<\/div>\n\t\t\t\t<\/div>\n\t\t\t\t<\/div>\n\t\t\t\t\t<\/details>\n\t\t\t\t\t\t<details id=\"e-n-accordion-item-1212\" class=\"e-n-accordion-item\" >\n\t\t\t\t<summary class=\"e-n-accordion-item-title\" data-accordion-index=\"3\" tabindex=\"-1\" aria-expanded=\"false\" aria-controls=\"e-n-accordion-item-1212\" >\n\t\t\t\t\t<span class='e-n-accordion-item-title-header'><h3 class=\"e-n-accordion-item-title-text\"> Was muss ich beachten, wenn ich eine Immobilie in S\u2019Horta kaufen m\u00f6chte? <\/h3><\/span>\n\t\t\t\t\t\t\t<span class='e-n-accordion-item-title-icon'>\n\t\t\t<span class='e-opened' ><svg aria-hidden=\"true\" class=\"e-font-icon-svg e-fas-minus\" viewBox=\"0 0 448 512\" xmlns=\"http:\/\/www.w3.org\/2000\/svg\"><path d=\"M416 208H32c-17.67 0-32 14.33-32 32v32c0 17.67 14.33 32 32 32h384c17.67 0 32-14.33 32-32v-32c0-17.67-14.33-32-32-32z\"><\/path><\/svg><\/span>\n\t\t\t<span class='e-closed'><svg aria-hidden=\"true\" class=\"e-font-icon-svg e-fas-plus\" viewBox=\"0 0 448 512\" xmlns=\"http:\/\/www.w3.org\/2000\/svg\"><path d=\"M416 208H272V64c0-17.67-14.33-32-32-32h-32c-17.67 0-32 14.33-32 32v144H32c-17.67 0-32 14.33-32 32v32c0 17.67 14.33 32 32 32h144v144c0 17.67 14.33 32 32 32h32c17.67 0 32-14.33 32-32V304h144c17.67 0 32-14.33 32-32v-32c0-17.67-14.33-32-32-32z\"><\/path><\/svg><\/span>\n\t\t<\/span>\n\n\t\t\t\t\t\t<\/summary>\n\t\t\t\t<div role=\"region\" aria-labelledby=\"e-n-accordion-item-1212\" class=\"elementor-element elementor-element-279c6ba e-con-full e-flex e-con e-child\" data-id=\"279c6ba\" data-element_type=\"container\" data-e-type=\"container\">\n\t\t<div role=\"region\" aria-labelledby=\"e-n-accordion-item-1212\" class=\"elementor-element elementor-element-a4174ae e-flex e-con-boxed e-con e-child\" data-id=\"a4174ae\" data-element_type=\"container\" data-e-type=\"container\">\n\t\t\t\t\t<div class=\"e-con-inner\">\n\t\t\t\t<div class=\"elementor-element elementor-element-b9d78a7 elementor-widget elementor-widget-text-editor\" data-id=\"b9d78a7\" data-element_type=\"widget\" data-e-type=\"widget\" data-widget_type=\"text-editor.default\">\n\t\t\t\t<div class=\"elementor-widget-container\">\n\t\t\t\t\t\t\t\t\t<p data-start=\"141\" data-end=\"156\">Beim Kauf oder Verkauf einer Immobilie sollten rechtliche, bauliche und finanzielle Aspekte sorgf\u00e4ltig gepr\u00fcft werden. Dazu z\u00e4hlen Eigentumsverh\u00e4ltnisse, Genehmigungen, Energieausweis und m\u00f6gliche Belastungen. Eine exklusive Begleitung durch einen erfahrenen Immobilienmakler in S\u2019Horta gew\u00e4hrleistet Sicherheit und Transparenz w\u00e4hrend des gesamten Prozesses der Immobiliensuche und des Kaufs.<\/p>\t\t\t\t\t\t\t\t<\/div>\n\t\t\t\t<\/div>\n\t\t\t\t\t<\/div>\n\t\t\t\t<\/div>\n\t\t\t\t<\/div>\n\t\t\t\t\t<\/details>\n\t\t\t\t\t\t<details id=\"e-n-accordion-item-1213\" class=\"e-n-accordion-item\" >\n\t\t\t\t<summary class=\"e-n-accordion-item-title\" data-accordion-index=\"4\" tabindex=\"-1\" aria-expanded=\"false\" aria-controls=\"e-n-accordion-item-1213\" >\n\t\t\t\t\t<span class='e-n-accordion-item-title-header'><h3 class=\"e-n-accordion-item-title-text\"> Welche Kosten entstehen beim Immobilienkauf auf Mallorca? <\/h3><\/span>\n\t\t\t\t\t\t\t<span class='e-n-accordion-item-title-icon'>\n\t\t\t<span class='e-opened' ><svg aria-hidden=\"true\" class=\"e-font-icon-svg e-fas-minus\" viewBox=\"0 0 448 512\" xmlns=\"http:\/\/www.w3.org\/2000\/svg\"><path d=\"M416 208H32c-17.67 0-32 14.33-32 32v32c0 17.67 14.33 32 32 32h384c17.67 0 32-14.33 32-32v-32c0-17.67-14.33-32-32-32z\"><\/path><\/svg><\/span>\n\t\t\t<span class='e-closed'><svg aria-hidden=\"true\" class=\"e-font-icon-svg e-fas-plus\" viewBox=\"0 0 448 512\" xmlns=\"http:\/\/www.w3.org\/2000\/svg\"><path d=\"M416 208H272V64c0-17.67-14.33-32-32-32h-32c-17.67 0-32 14.33-32 32v144H32c-17.67 0-32 14.33-32 32v32c0 17.67 14.33 32 32 32h144v144c0 17.67 14.33 32 32 32h32c17.67 0 32-14.33 32-32V304h144c17.67 0 32-14.33 32-32v-32c0-17.67-14.33-32-32-32z\"><\/path><\/svg><\/span>\n\t\t<\/span>\n\n\t\t\t\t\t\t<\/summary>\n\t\t\t\t<div role=\"region\" aria-labelledby=\"e-n-accordion-item-1213\" class=\"elementor-element elementor-element-e3d9d6f e-flex e-con-boxed e-con e-child\" data-id=\"e3d9d6f\" data-element_type=\"container\" data-e-type=\"container\">\n\t\t\t\t\t<div class=\"e-con-inner\">\n\t\t<div role=\"region\" aria-labelledby=\"e-n-accordion-item-1213\" class=\"elementor-element elementor-element-84428dd e-con-full e-flex e-con e-child\" data-id=\"84428dd\" data-element_type=\"container\" data-e-type=\"container\">\n\t\t\t\t<div class=\"elementor-element elementor-element-aa91bab elementor-widget elementor-widget-text-editor\" data-id=\"aa91bab\" data-element_type=\"widget\" data-e-type=\"widget\" data-widget_type=\"text-editor.default\">\n\t\t\t\t<div class=\"elementor-widget-container\">\n\t\t\t\t\t\t\t\t\t<div class=\"flex flex-col text-sm pb-25\">\n<section class=\"text-token-text-primary w-full focus:outline-none [--shadow-height:45px] has-data-writing-block:pointer-events-none has-data-writing-block:-mt-(--shadow-height) has-data-writing-block:pt-(--shadow-height) [&amp;:has([data-writing-block])&gt;*]:pointer-events-auto scroll-mt-[calc(var(--header-height)+min(200px,max(70px,20svh)))]\" dir=\"auto\" data-turn-id=\"request-69ce6135-4dd4-8328-9ea6-f422786fb069-8\" data-testid=\"conversation-turn-380\" data-scroll-anchor=\"true\" data-turn=\"assistant\">\n<div class=\"text-base my-auto mx-auto pb-10 [--thread-content-margin:var(--thread-content-margin-xs,calc(var(--spacing)*4))] @w-sm\/main:[--thread-content-margin:var(--thread-content-margin-sm,calc(var(--spacing)*6))] @w-lg\/main:[--thread-content-margin:var(--thread-content-margin-lg,calc(var(--spacing)*16))] px-(--thread-content-margin)\">\n<div class=\"[--thread-content-max-width:40rem] @w-lg\/main:[--thread-content-max-width:48rem] mx-auto max-w-(--thread-content-max-width) flex-1 group\/turn-messages focus-visible:outline-hidden relative flex w-full min-w-0 flex-col agent-turn\">\n<div class=\"flex max-w-full flex-col gap-4 grow\">\n<div class=\"min-h-8 text-message relative flex w-full flex-col items-end gap-2 text-start break-words whitespace-normal outline-none keyboard-focused:focus-ring [.text-message+&amp;]:mt-1\" dir=\"auto\" tabindex=\"0\" data-message-author-role=\"assistant\" data-message-id=\"6e6493cb-e1d9-49f0-bdea-b67b88226903\" data-message-model-slug=\"gpt-5-mini\" data-turn-start-message=\"true\">\n<div class=\"flex w-full flex-col gap-1 empty:hidden\">\n<div class=\"markdown prose dark:prose-invert w-full wrap-break-word light markdown-new-styling\">\n<p data-start=\"0\" data-end=\"239\" data-is-last-node=\"\" data-is-only-node=\"\">Neben dem Kaufpreis fallen beim Immobilienerwerb in S\u2019Horta zus\u00e4tzliche Kosten an, wie Steuern, Notar- und Grundbuchgeb\u00fchren. Diese sollten fr\u00fchzeitig eingeplant werden, um eine realistische und verl\u00e4ssliche Budgetplanung zu gew\u00e4hrleisten.<\/p>\n<\/div>\n<\/div>\n<\/div>\n<\/div>\n<\/div>\n<\/div>\n<\/section>\n<\/div>\t\t\t\t\t\t\t\t<\/div>\n\t\t\t\t<\/div>\n\t\t\t\t<\/div>\n\t\t\t\t\t<\/div>\n\t\t\t\t<\/div>\n\t\t\t\t\t<\/details>\n\t\t\t\t\t\t<details id=\"e-n-accordion-item-1214\" class=\"e-n-accordion-item\" >\n\t\t\t\t<summary class=\"e-n-accordion-item-title\" data-accordion-index=\"5\" tabindex=\"-1\" aria-expanded=\"false\" aria-controls=\"e-n-accordion-item-1214\" >\n\t\t\t\t\t<span class='e-n-accordion-item-title-header'><h3 class=\"e-n-accordion-item-title-text\"> Kann ich eine Immobilie in S\u2019Horta ohne Makler kaufen? <\/h3><\/span>\n\t\t\t\t\t\t\t<span class='e-n-accordion-item-title-icon'>\n\t\t\t<span class='e-opened' ><svg aria-hidden=\"true\" class=\"e-font-icon-svg e-fas-minus\" viewBox=\"0 0 448 512\" xmlns=\"http:\/\/www.w3.org\/2000\/svg\"><path d=\"M416 208H32c-17.67 0-32 14.33-32 32v32c0 17.67 14.33 32 32 32h384c17.67 0 32-14.33 32-32v-32c0-17.67-14.33-32-32-32z\"><\/path><\/svg><\/span>\n\t\t\t<span class='e-closed'><svg aria-hidden=\"true\" class=\"e-font-icon-svg e-fas-plus\" viewBox=\"0 0 448 512\" xmlns=\"http:\/\/www.w3.org\/2000\/svg\"><path d=\"M416 208H272V64c0-17.67-14.33-32-32-32h-32c-17.67 0-32 14.33-32 32v144H32c-17.67 0-32 14.33-32 32v32c0 17.67 14.33 32 32 32h144v144c0 17.67 14.33 32 32 32h32c17.67 0 32-14.33 32-32V304h144c17.67 0 32-14.33 32-32v-32c0-17.67-14.33-32-32-32z\"><\/path><\/svg><\/span>\n\t\t<\/span>\n\n\t\t\t\t\t\t<\/summary>\n\t\t\t\t<div role=\"region\" aria-labelledby=\"e-n-accordion-item-1214\" class=\"elementor-element elementor-element-726c055 e-flex e-con-boxed e-con e-child\" data-id=\"726c055\" data-element_type=\"container\" data-e-type=\"container\">\n\t\t\t\t\t<div class=\"e-con-inner\">\n\t\t<div role=\"region\" aria-labelledby=\"e-n-accordion-item-1214\" class=\"elementor-element elementor-element-5339c8e e-con-full e-flex e-con e-child\" data-id=\"5339c8e\" data-element_type=\"container\" data-e-type=\"container\">\n\t\t\t\t<div class=\"elementor-element elementor-element-129fa64 elementor-widget elementor-widget-text-editor\" data-id=\"129fa64\" data-element_type=\"widget\" data-e-type=\"widget\" data-widget_type=\"text-editor.default\">\n\t\t\t\t<div class=\"elementor-widget-container\">\n\t\t\t\t\t\t\t\t\t<div class=\"flex flex-col text-sm pb-25\">\n<section class=\"text-token-text-primary w-full focus:outline-none [--shadow-height:45px] has-data-writing-block:pointer-events-none has-data-writing-block:-mt-(--shadow-height) has-data-writing-block:pt-(--shadow-height) [&amp;:has([data-writing-block])&gt;*]:pointer-events-auto scroll-mt-[calc(var(--header-height)+min(200px,max(70px,20svh)))]\" dir=\"auto\" data-turn-id=\"request-69ce6135-4dd4-8328-9ea6-f422786fb069-9\" data-testid=\"conversation-turn-382\" data-scroll-anchor=\"true\" data-turn=\"assistant\">\n<div class=\"text-base my-auto mx-auto pb-10 [--thread-content-margin:var(--thread-content-margin-xs,calc(var(--spacing)*4))] @w-sm\/main:[--thread-content-margin:var(--thread-content-margin-sm,calc(var(--spacing)*6))] @w-lg\/main:[--thread-content-margin:var(--thread-content-margin-lg,calc(var(--spacing)*16))] px-(--thread-content-margin)\">\n<div class=\"[--thread-content-max-width:40rem] @w-lg\/main:[--thread-content-max-width:48rem] mx-auto max-w-(--thread-content-max-width) flex-1 group\/turn-messages focus-visible:outline-hidden relative flex w-full min-w-0 flex-col agent-turn\">\n<div class=\"flex max-w-full flex-col gap-4 grow\">\n<div class=\"min-h-8 text-message relative flex w-full flex-col items-end gap-2 text-start break-words whitespace-normal outline-none keyboard-focused:focus-ring [.text-message+&amp;]:mt-1\" dir=\"auto\" tabindex=\"0\" data-message-author-role=\"assistant\" data-message-id=\"abd776d0-0fe5-43f2-9c19-06f3de758f4b\" data-message-model-slug=\"gpt-5-mini\" data-turn-start-message=\"true\">\n<div class=\"flex w-full flex-col gap-1 empty:hidden\">\n<div class=\"markdown prose dark:prose-invert w-full wrap-break-word light markdown-new-styling\">\n<p data-start=\"0\" data-end=\"350\" data-is-last-node=\"\" data-is-only-node=\"\">Ja, grunds\u00e4tzlich ist ein Kauf einer Immobilie in S\u2019Horta auch ohne Makler m\u00f6glich. Allerdings erfordert dies umfassende Marktkenntnis, rechtliches Verst\u00e4ndnis und gen\u00fcgend Zeit. Gerade bei komplexen Kaufprozessen oder internationalen Beteiligten kann die exklusive Unterst\u00fctzung durch einen erfahrenen Immobilienmakler entscheidende Vorteile bieten.<\/p>\n<\/div>\n<\/div>\n<\/div>\n<\/div>\n<\/div>\n<\/div>\n<\/section>\n<\/div>\t\t\t\t\t\t\t\t<\/div>\n\t\t\t\t<\/div>\n\t\t\t\t<\/div>\n\t\t\t\t\t<\/div>\n\t\t\t\t<\/div>\n\t\t\t\t\t<\/details>\n\t\t\t\t\t\t<details id=\"e-n-accordion-item-1215\" class=\"e-n-accordion-item\" >\n\t\t\t\t<summary class=\"e-n-accordion-item-title\" data-accordion-index=\"6\" tabindex=\"-1\" aria-expanded=\"false\" aria-controls=\"e-n-accordion-item-1215\" >\n\t\t\t\t\t<span class='e-n-accordion-item-title-header'><h3 class=\"e-n-accordion-item-title-text\"> Warum ist ein Immobilienmakler beim Kauf in S\u2019Horta sinnvoll? <\/h3><\/span>\n\t\t\t\t\t\t\t<span class='e-n-accordion-item-title-icon'>\n\t\t\t<span class='e-opened' ><svg aria-hidden=\"true\" class=\"e-font-icon-svg e-fas-minus\" viewBox=\"0 0 448 512\" xmlns=\"http:\/\/www.w3.org\/2000\/svg\"><path d=\"M416 208H32c-17.67 0-32 14.33-32 32v32c0 17.67 14.33 32 32 32h384c17.67 0 32-14.33 32-32v-32c0-17.67-14.33-32-32-32z\"><\/path><\/svg><\/span>\n\t\t\t<span class='e-closed'><svg aria-hidden=\"true\" class=\"e-font-icon-svg e-fas-plus\" viewBox=\"0 0 448 512\" xmlns=\"http:\/\/www.w3.org\/2000\/svg\"><path d=\"M416 208H272V64c0-17.67-14.33-32-32-32h-32c-17.67 0-32 14.33-32 32v144H32c-17.67 0-32 14.33-32 32v32c0 17.67 14.33 32 32 32h144v144c0 17.67 14.33 32 32 32h32c17.67 0 32-14.33 32-32V304h144c17.67 0 32-14.33 32-32v-32c0-17.67-14.33-32-32-32z\"><\/path><\/svg><\/span>\n\t\t<\/span>\n\n\t\t\t\t\t\t<\/summary>\n\t\t\t\t<div role=\"region\" aria-labelledby=\"e-n-accordion-item-1215\" class=\"elementor-element elementor-element-0563443 e-flex e-con-boxed e-con e-child\" data-id=\"0563443\" data-element_type=\"container\" data-e-type=\"container\">\n\t\t\t\t\t<div class=\"e-con-inner\">\n\t\t<div role=\"region\" aria-labelledby=\"e-n-accordion-item-1215\" class=\"elementor-element elementor-element-c43b780 e-con-full e-flex e-con e-child\" data-id=\"c43b780\" data-element_type=\"container\" data-e-type=\"container\">\n\t\t\t\t<div class=\"elementor-element elementor-element-3043cb0 elementor-widget elementor-widget-text-editor\" data-id=\"3043cb0\" data-element_type=\"widget\" data-e-type=\"widget\" data-widget_type=\"text-editor.default\">\n\t\t\t\t<div class=\"elementor-widget-container\">\n\t\t\t\t\t\t\t\t\t<div class=\"flex flex-col text-sm pb-25\">\n<section class=\"text-token-text-primary w-full focus:outline-none [--shadow-height:45px] has-data-writing-block:pointer-events-none has-data-writing-block:-mt-(--shadow-height) has-data-writing-block:pt-(--shadow-height) [&amp;:has([data-writing-block])&gt;*]:pointer-events-auto scroll-mt-[calc(var(--header-height)+min(200px,max(70px,20svh)))]\" dir=\"auto\" data-turn-id=\"request-69ce6135-4dd4-8328-9ea6-f422786fb069-77\" data-testid=\"conversation-turn-216\" data-scroll-anchor=\"true\" data-turn=\"assistant\">\n<div class=\"text-base my-auto mx-auto pb-10 [--thread-content-margin:var(--thread-content-margin-xs,calc(var(--spacing)*4))] @w-sm\/main:[--thread-content-margin:var(--thread-content-margin-sm,calc(var(--spacing)*6))] @w-lg\/main:[--thread-content-margin:var(--thread-content-margin-lg,calc(var(--spacing)*16))] px-(--thread-content-margin)\">\n<div class=\"[--thread-content-max-width:40rem] @w-lg\/main:[--thread-content-max-width:48rem] mx-auto max-w-(--thread-content-max-width) flex-1 group\/turn-messages focus-visible:outline-hidden relative flex w-full min-w-0 flex-col agent-turn\">\n<div class=\"flex max-w-full flex-col gap-4 grow\">\n<div class=\"min-h-8 text-message relative flex w-full flex-col items-end gap-2 text-start break-words whitespace-normal outline-none keyboard-focused:focus-ring [.text-message+&amp;]:mt-1\" dir=\"auto\" tabindex=\"0\" data-message-author-role=\"assistant\" data-message-id=\"54deaf14-cda0-4912-97d5-972a4c3ea324\" data-message-model-slug=\"gpt-5-mini\" data-turn-start-message=\"true\">\n<div class=\"flex w-full flex-col gap-1 empty:hidden\">\n<div class=\"markdown prose dark:prose-invert w-full wrap-break-word light markdown-new-styling\">\n<section class=\"text-token-text-primary w-full focus:outline-none [--shadow-height:45px] has-data-writing-block:pointer-events-none has-data-writing-block:-mt-(--shadow-height) has-data-writing-block:pt-(--shadow-height) [&amp;:has([data-writing-block])&gt;*]:pointer-events-auto scroll-mt-(--header-height)\" dir=\"auto\" data-turn-id=\"d7bf333b-fd1b-4c75-b8e2-0e95807850d4\" data-testid=\"conversation-turn-383\" data-scroll-anchor=\"false\" data-turn=\"user\"><\/section>\n<section class=\"text-token-text-primary w-full focus:outline-none [--shadow-height:45px] has-data-writing-block:pointer-events-none has-data-writing-block:-mt-(--shadow-height) has-data-writing-block:pt-(--shadow-height) [&amp;:has([data-writing-block])&gt;*]:pointer-events-auto scroll-mt-[calc(var(--header-height)+min(200px,max(70px,20svh)))]\" dir=\"auto\" data-turn-id=\"request-69ce6135-4dd4-8328-9ea6-f422786fb069-10\" data-testid=\"conversation-turn-384\" data-scroll-anchor=\"true\" data-turn=\"assistant\">\n<div class=\"text-base my-auto mx-auto pb-10 [--thread-content-margin:var(--thread-content-margin-xs,calc(var(--spacing)*4))] @w-sm\/main:[--thread-content-margin:var(--thread-content-margin-sm,calc(var(--spacing)*6))] @w-lg\/main:[--thread-content-margin:var(--thread-content-margin-lg,calc(var(--spacing)*16))] px-(--thread-content-margin)\">\n<div class=\"[--thread-content-max-width:40rem] @w-lg\/main:[--thread-content-max-width:48rem] mx-auto max-w-(--thread-content-max-width) flex-1 group\/turn-messages focus-visible:outline-hidden relative flex w-full min-w-0 flex-col agent-turn\">\n<div class=\"flex max-w-full flex-col gap-4 grow\">\n<div class=\"min-h-8 text-message relative flex w-full flex-col items-end gap-2 text-start break-words whitespace-normal outline-none keyboard-focused:focus-ring [.text-message+&amp;]:mt-1\" dir=\"auto\" tabindex=\"0\" data-message-author-role=\"assistant\" data-message-id=\"2a4f04da-884d-4479-a272-908b669e3010\" data-message-model-slug=\"gpt-5-mini\" data-turn-start-message=\"true\">\n<div class=\"flex w-full flex-col gap-1 empty:hidden\">\n<div class=\"markdown prose dark:prose-invert w-full wrap-break-word light markdown-new-styling\">\n<p data-start=\"0\" data-end=\"267\" data-is-last-node=\"\" data-is-only-node=\"\">Ein erfahrener Makler kennt den Immobilienmarkt in S\u2019Horta, realistische Preise und die rechtlichen Besonderheiten vor Ort. K\u00e4ufer profitieren von pers\u00f6nlicher Beratung, professioneller Verhandlungsf\u00fchrung und einer sicheren, diskreten Begleitung bis zum Notartermin.<\/p>\n<\/div>\n<\/div>\n<\/div>\n<\/div>\n<\/div>\n<\/div>\n<\/section>\n<\/div>\n<\/div>\n<\/div>\n<\/div>\n<\/div>\n<\/div>\n<\/section>\n<\/div>\t\t\t\t\t\t\t\t<\/div>\n\t\t\t\t<\/div>\n\t\t\t\t<\/div>\n\t\t\t\t\t<\/div>\n\t\t\t\t<\/div>\n\t\t\t\t\t<\/details>\n\t\t\t\t\t\t<details id=\"e-n-accordion-item-1216\" class=\"e-n-accordion-item\" >\n\t\t\t\t<summary class=\"e-n-accordion-item-title\" data-accordion-index=\"7\" tabindex=\"-1\" aria-expanded=\"false\" aria-controls=\"e-n-accordion-item-1216\" >\n\t\t\t\t\t<span class='e-n-accordion-item-title-header'><h3 class=\"e-n-accordion-item-title-text\"> Kann man Immobilien mit Wohnrecht oder bestehender Vermietung in S\u2019Horta kaufen? <\/h3><\/span>\n\t\t\t\t\t\t\t<span class='e-n-accordion-item-title-icon'>\n\t\t\t<span class='e-opened' ><svg aria-hidden=\"true\" class=\"e-font-icon-svg e-fas-minus\" viewBox=\"0 0 448 512\" xmlns=\"http:\/\/www.w3.org\/2000\/svg\"><path d=\"M416 208H32c-17.67 0-32 14.33-32 32v32c0 17.67 14.33 32 32 32h384c17.67 0 32-14.33 32-32v-32c0-17.67-14.33-32-32-32z\"><\/path><\/svg><\/span>\n\t\t\t<span class='e-closed'><svg aria-hidden=\"true\" class=\"e-font-icon-svg e-fas-plus\" viewBox=\"0 0 448 512\" xmlns=\"http:\/\/www.w3.org\/2000\/svg\"><path d=\"M416 208H272V64c0-17.67-14.33-32-32-32h-32c-17.67 0-32 14.33-32 32v144H32c-17.67 0-32 14.33-32 32v32c0 17.67 14.33 32 32 32h144v144c0 17.67 14.33 32 32 32h32c17.67 0 32-14.33 32-32V304h144c17.67 0 32-14.33 32-32v-32c0-17.67-14.33-32-32-32z\"><\/path><\/svg><\/span>\n\t\t<\/span>\n\n\t\t\t\t\t\t<\/summary>\n\t\t\t\t<div role=\"region\" aria-labelledby=\"e-n-accordion-item-1216\" class=\"elementor-element elementor-element-d61d9ed e-flex e-con-boxed e-con e-child\" data-id=\"d61d9ed\" data-element_type=\"container\" data-e-type=\"container\">\n\t\t\t\t\t<div class=\"e-con-inner\">\n\t\t<div role=\"region\" aria-labelledby=\"e-n-accordion-item-1216\" class=\"elementor-element elementor-element-dbc3976 e-con-full e-flex e-con e-child\" data-id=\"dbc3976\" data-element_type=\"container\" data-e-type=\"container\">\n\t\t\t\t<div class=\"elementor-element elementor-element-17f75db elementor-widget elementor-widget-text-editor\" data-id=\"17f75db\" data-element_type=\"widget\" data-e-type=\"widget\" data-widget_type=\"text-editor.default\">\n\t\t\t\t<div class=\"elementor-widget-container\">\n\t\t\t\t\t\t\t\t\t<div class=\"flex flex-col text-sm pb-25\">\n<section class=\"text-token-text-primary w-full focus:outline-none [--shadow-height:45px] has-data-writing-block:pointer-events-none has-data-writing-block:-mt-(--shadow-height) has-data-writing-block:pt-(--shadow-height) [&amp;:has([data-writing-block])&gt;*]:pointer-events-auto scroll-mt-[calc(var(--header-height)+min(200px,max(70px,20svh)))]\" dir=\"auto\" data-turn-id=\"request-69ce6135-4dd4-8328-9ea6-f422786fb069-78\" data-testid=\"conversation-turn-218\" data-scroll-anchor=\"true\" data-turn=\"assistant\">\n<div class=\"text-base my-auto mx-auto pb-10 [--thread-content-margin:var(--thread-content-margin-xs,calc(var(--spacing)*4))] @w-sm\/main:[--thread-content-margin:var(--thread-content-margin-sm,calc(var(--spacing)*6))] @w-lg\/main:[--thread-content-margin:var(--thread-content-margin-lg,calc(var(--spacing)*16))] px-(--thread-content-margin)\">\n<div class=\"[--thread-content-max-width:40rem] @w-lg\/main:[--thread-content-max-width:48rem] mx-auto max-w-(--thread-content-max-width) flex-1 group\/turn-messages focus-visible:outline-hidden relative flex w-full min-w-0 flex-col agent-turn\">\n<div class=\"flex max-w-full flex-col gap-4 grow\">\n<div class=\"min-h-8 text-message relative flex w-full flex-col items-end gap-2 text-start break-words whitespace-normal outline-none keyboard-focused:focus-ring [.text-message+&amp;]:mt-1\" dir=\"auto\" tabindex=\"0\" data-message-author-role=\"assistant\" data-message-id=\"da5ff290-d1d5-41d3-bed8-e5332ad2aab4\" data-message-model-slug=\"gpt-5-mini\" data-turn-start-message=\"true\">\n<div class=\"flex w-full flex-col gap-1 empty:hidden\">\n<div class=\"markdown prose dark:prose-invert w-full wrap-break-word light markdown-new-styling\">\n<p data-start=\"52\" data-end=\"190\" data-is-last-node=\"\" data-is-only-node=\"\">Nein. Ein g\u00fcltiger Energieausweis ist gesetzlich vorgeschrieben und Voraussetzung f\u00fcr den Verkauf jeder Immobilie in S\u2019Horta auf Mallorca.<\/p>\n<\/div>\n<\/div>\n<\/div>\n<\/div>\n<\/div>\n<\/div>\n<\/section>\n<\/div>\t\t\t\t\t\t\t\t<\/div>\n\t\t\t\t<\/div>\n\t\t\t\t<\/div>\n\t\t\t\t\t<\/div>\n\t\t\t\t<\/div>\n\t\t\t\t\t<\/details>\n\t\t\t\t\t\t<details id=\"e-n-accordion-item-1217\" class=\"e-n-accordion-item\" >\n\t\t\t\t<summary class=\"e-n-accordion-item-title\" data-accordion-index=\"8\" tabindex=\"-1\" aria-expanded=\"false\" aria-controls=\"e-n-accordion-item-1217\" >\n\t\t\t\t\t<span class='e-n-accordion-item-title-header'><h3 class=\"e-n-accordion-item-title-text\"> Ist es besser, eine Immobilie in S\u2019Horta zu kaufen oder zu mieten? <\/h3><\/span>\n\t\t\t\t\t\t\t<span class='e-n-accordion-item-title-icon'>\n\t\t\t<span class='e-opened' ><svg aria-hidden=\"true\" class=\"e-font-icon-svg e-fas-minus\" viewBox=\"0 0 448 512\" xmlns=\"http:\/\/www.w3.org\/2000\/svg\"><path d=\"M416 208H32c-17.67 0-32 14.33-32 32v32c0 17.67 14.33 32 32 32h384c17.67 0 32-14.33 32-32v-32c0-17.67-14.33-32-32-32z\"><\/path><\/svg><\/span>\n\t\t\t<span class='e-closed'><svg aria-hidden=\"true\" class=\"e-font-icon-svg e-fas-plus\" viewBox=\"0 0 448 512\" xmlns=\"http:\/\/www.w3.org\/2000\/svg\"><path d=\"M416 208H272V64c0-17.67-14.33-32-32-32h-32c-17.67 0-32 14.33-32 32v144H32c-17.67 0-32 14.33-32 32v32c0 17.67 14.33 32 32 32h144v144c0 17.67 14.33 32 32 32h32c17.67 0 32-14.33 32-32V304h144c17.67 0 32-14.33 32-32v-32c0-17.67-14.33-32-32-32z\"><\/path><\/svg><\/span>\n\t\t<\/span>\n\n\t\t\t\t\t\t<\/summary>\n\t\t\t\t<div role=\"region\" aria-labelledby=\"e-n-accordion-item-1217\" class=\"elementor-element elementor-element-ee7f518 e-flex e-con-boxed e-con e-child\" data-id=\"ee7f518\" data-element_type=\"container\" data-e-type=\"container\">\n\t\t\t\t\t<div class=\"e-con-inner\">\n\t\t<div role=\"region\" aria-labelledby=\"e-n-accordion-item-1217\" class=\"elementor-element elementor-element-4b05ffa e-con-full e-flex e-con e-child\" data-id=\"4b05ffa\" data-element_type=\"container\" data-e-type=\"container\">\n\t\t\t\t<div class=\"elementor-element elementor-element-ef34617 elementor-widget elementor-widget-text-editor\" data-id=\"ef34617\" data-element_type=\"widget\" data-e-type=\"widget\" data-widget_type=\"text-editor.default\">\n\t\t\t\t<div class=\"elementor-widget-container\">\n\t\t\t\t\t\t\t\t\t<p>Das h\u00e4ngt von Ihren pers\u00f6nlichen Zielen ab. Wer langfristig in S\u2019Horta auf Mallorca leben oder investieren m\u00f6chte, entscheidet sich h\u00e4ufig f\u00fcr den Kauf. Mieten kann hingegen sinnvoll sein, um die Region zun\u00e4chst unverbindlich kennenzulernen.<\/p>\t\t\t\t\t\t\t\t<\/div>\n\t\t\t\t<\/div>\n\t\t\t\t<\/div>\n\t\t\t\t\t<\/div>\n\t\t\t\t<\/div>\n\t\t\t\t\t<\/details>\n\t\t\t\t\t\t<details id=\"e-n-accordion-item-1218\" class=\"e-n-accordion-item\" >\n\t\t\t\t<summary class=\"e-n-accordion-item-title\" data-accordion-index=\"9\" tabindex=\"-1\" aria-expanded=\"false\" aria-controls=\"e-n-accordion-item-1218\" >\n\t\t\t\t\t<span class='e-n-accordion-item-title-header'><h3 class=\"e-n-accordion-item-title-text\"> Kann man ein Haus mit Wohnrecht oder bestehender Vermietung in S\u2019Horta kaufen? <\/h3><\/span>\n\t\t\t\t\t\t\t<span class='e-n-accordion-item-title-icon'>\n\t\t\t<span class='e-opened' ><svg aria-hidden=\"true\" class=\"e-font-icon-svg e-fas-minus\" viewBox=\"0 0 448 512\" xmlns=\"http:\/\/www.w3.org\/2000\/svg\"><path d=\"M416 208H32c-17.67 0-32 14.33-32 32v32c0 17.67 14.33 32 32 32h384c17.67 0 32-14.33 32-32v-32c0-17.67-14.33-32-32-32z\"><\/path><\/svg><\/span>\n\t\t\t<span class='e-closed'><svg aria-hidden=\"true\" class=\"e-font-icon-svg e-fas-plus\" viewBox=\"0 0 448 512\" xmlns=\"http:\/\/www.w3.org\/2000\/svg\"><path d=\"M416 208H272V64c0-17.67-14.33-32-32-32h-32c-17.67 0-32 14.33-32 32v144H32c-17.67 0-32 14.33-32 32v32c0 17.67 14.33 32 32 32h144v144c0 17.67 14.33 32 32 32h32c17.67 0 32-14.33 32-32V304h144c17.67 0 32-14.33 32-32v-32c0-17.67-14.33-32-32-32z\"><\/path><\/svg><\/span>\n\t\t<\/span>\n\n\t\t\t\t\t\t<\/summary>\n\t\t\t\t<div role=\"region\" aria-labelledby=\"e-n-accordion-item-1218\" class=\"elementor-element elementor-element-3085078 e-flex e-con-boxed e-con e-child\" data-id=\"3085078\" data-element_type=\"container\" data-e-type=\"container\">\n\t\t\t\t\t<div class=\"e-con-inner\">\n\t\t<div role=\"region\" aria-labelledby=\"e-n-accordion-item-1218\" class=\"elementor-element elementor-element-85dfac3 e-con-full e-flex e-con e-child\" data-id=\"85dfac3\" data-element_type=\"container\" data-e-type=\"container\">\n\t\t\t\t<div class=\"elementor-element elementor-element-87a543e elementor-widget elementor-widget-text-editor\" data-id=\"87a543e\" data-element_type=\"widget\" data-e-type=\"widget\" data-widget_type=\"text-editor.default\">\n\t\t\t\t<div class=\"elementor-widget-container\">\n\t\t\t\t\t\t\t\t\t<div class=\"flex flex-col text-sm pb-25\">\n<section class=\"text-token-text-primary w-full focus:outline-none [--shadow-height:45px] has-data-writing-block:pointer-events-none has-data-writing-block:-mt-(--shadow-height) has-data-writing-block:pt-(--shadow-height) [&amp;:has([data-writing-block])&gt;*]:pointer-events-auto scroll-mt-[calc(var(--header-height)+min(200px,max(70px,20svh)))]\" dir=\"auto\" data-turn-id=\"request-69ce6135-4dd4-8328-9ea6-f422786fb069-80\" data-testid=\"conversation-turn-222\" data-scroll-anchor=\"true\" data-turn=\"assistant\">\n<div class=\"text-base my-auto mx-auto pb-10 [--thread-content-margin:var(--thread-content-margin-xs,calc(var(--spacing)*4))] @w-sm\/main:[--thread-content-margin:var(--thread-content-margin-sm,calc(var(--spacing)*6))] @w-lg\/main:[--thread-content-margin:var(--thread-content-margin-lg,calc(var(--spacing)*16))] px-(--thread-content-margin)\">\n<div class=\"[--thread-content-max-width:40rem] @w-lg\/main:[--thread-content-max-width:48rem] mx-auto max-w-(--thread-content-max-width) flex-1 group\/turn-messages focus-visible:outline-hidden relative flex w-full min-w-0 flex-col agent-turn\">\n<div class=\"flex max-w-full flex-col gap-4 grow\">\n<div class=\"min-h-8 text-message relative flex w-full flex-col items-end gap-2 text-start break-words whitespace-normal outline-none keyboard-focused:focus-ring [.text-message+&amp;]:mt-1\" dir=\"auto\" tabindex=\"0\" data-message-author-role=\"assistant\" data-message-id=\"00f5aa6a-25e2-4a55-beee-48c3b72d2680\" data-message-model-slug=\"gpt-5-mini\" data-turn-start-message=\"true\">\n<div class=\"flex w-full flex-col gap-1 empty:hidden\">\n<div class=\"markdown prose dark:prose-invert w-full wrap-break-word light markdown-new-styling\">\n<div class=\"flex flex-col text-sm pb-25\">\n<section class=\"text-token-text-primary w-full focus:outline-none [--shadow-height:45px] has-data-writing-block:pointer-events-none has-data-writing-block:-mt-(--shadow-height) has-data-writing-block:pt-(--shadow-height) [&amp;:has([data-writing-block])&gt;*]:pointer-events-auto scroll-mt-[calc(var(--header-height)+min(200px,max(70px,20svh)))]\" dir=\"auto\" data-turn-id=\"request-69ce6135-4dd4-8328-9ea6-f422786fb069-13\" data-testid=\"conversation-turn-390\" data-scroll-anchor=\"true\" data-turn=\"assistant\">\n<div class=\"text-base my-auto mx-auto pb-10 [--thread-content-margin:var(--thread-content-margin-xs,calc(var(--spacing)*4))] @w-sm\/main:[--thread-content-margin:var(--thread-content-margin-sm,calc(var(--spacing)*6))] @w-lg\/main:[--thread-content-margin:var(--thread-content-margin-lg,calc(var(--spacing)*16))] px-(--thread-content-margin)\">\n<div class=\"[--thread-content-max-width:40rem] @w-lg\/main:[--thread-content-max-width:48rem] mx-auto max-w-(--thread-content-max-width) flex-1 group\/turn-messages focus-visible:outline-hidden relative flex w-full min-w-0 flex-col agent-turn\">\n<div class=\"flex max-w-full flex-col gap-4 grow\">\n<div class=\"min-h-8 text-message relative flex w-full flex-col items-end gap-2 text-start break-words whitespace-normal outline-none keyboard-focused:focus-ring [.text-message+&amp;]:mt-1\" dir=\"auto\" tabindex=\"0\" data-message-author-role=\"assistant\" data-message-id=\"bcb0de63-bfab-4c7b-b1e8-25c8be041ae1\" data-message-model-slug=\"gpt-5-mini\" data-turn-start-message=\"true\">\n<div class=\"flex w-full flex-col gap-1 empty:hidden\">\n<div class=\"markdown prose dark:prose-invert w-full wrap-break-word light markdown-new-styling\">\n<p data-start=\"0\" data-end=\"235\" data-is-last-node=\"\" data-is-only-node=\"\">Ja, sowohl Immobilien mit Wohnrecht als auch vermietete Objekte in S\u2019Horta k\u00f6nnen erworben werden. Diese Varianten eignen sich insbesondere f\u00fcr K\u00e4ufer mit langfristiger Perspektive und sollten zuvor rechtlich sorgf\u00e4ltig gepr\u00fcft werden.<\/p>\n<\/div>\n<\/div>\n<\/div>\n<\/div>\n<\/div>\n<\/div>\n<\/section>\n<\/div>\n<\/div>\n<\/div>\n<\/div>\n<\/div>\n<\/div>\n<\/div>\n<\/section>\n<\/div>\t\t\t\t\t\t\t\t<\/div>\n\t\t\t\t<\/div>\n\t\t\t\t<\/div>\n\t\t\t\t\t<\/div>\n\t\t\t\t<\/div>\n\t\t\t\t\t<\/details>\n\t\t\t\t\t\t<details id=\"e-n-accordion-item-1219\" class=\"e-n-accordion-item\" >\n\t\t\t\t<summary class=\"e-n-accordion-item-title\" data-accordion-index=\"10\" tabindex=\"-1\" aria-expanded=\"false\" aria-controls=\"e-n-accordion-item-1219\" >\n\t\t\t\t\t<span class='e-n-accordion-item-title-header'><h3 class=\"e-n-accordion-item-title-text\"> Welche Immobilien gibt es in S\u2019Horta und im S\u00fcdosten Mallorcas? <\/h3><\/span>\n\t\t\t\t\t\t\t<span class='e-n-accordion-item-title-icon'>\n\t\t\t<span class='e-opened' ><svg aria-hidden=\"true\" class=\"e-font-icon-svg e-fas-minus\" viewBox=\"0 0 448 512\" xmlns=\"http:\/\/www.w3.org\/2000\/svg\"><path d=\"M416 208H32c-17.67 0-32 14.33-32 32v32c0 17.67 14.33 32 32 32h384c17.67 0 32-14.33 32-32v-32c0-17.67-14.33-32-32-32z\"><\/path><\/svg><\/span>\n\t\t\t<span class='e-closed'><svg aria-hidden=\"true\" class=\"e-font-icon-svg e-fas-plus\" viewBox=\"0 0 448 512\" xmlns=\"http:\/\/www.w3.org\/2000\/svg\"><path d=\"M416 208H272V64c0-17.67-14.33-32-32-32h-32c-17.67 0-32 14.33-32 32v144H32c-17.67 0-32 14.33-32 32v32c0 17.67 14.33 32 32 32h144v144c0 17.67 14.33 32 32 32h32c17.67 0 32-14.33 32-32V304h144c17.67 0 32-14.33 32-32v-32c0-17.67-14.33-32-32-32z\"><\/path><\/svg><\/span>\n\t\t<\/span>\n\n\t\t\t\t\t\t<\/summary>\n\t\t\t\t<div role=\"region\" aria-labelledby=\"e-n-accordion-item-1219\" class=\"elementor-element elementor-element-cdac947 e-flex e-con-boxed e-con e-child\" data-id=\"cdac947\" data-element_type=\"container\" data-e-type=\"container\">\n\t\t\t\t\t<div class=\"e-con-inner\">\n\t\t<div role=\"region\" aria-labelledby=\"e-n-accordion-item-1219\" class=\"elementor-element elementor-element-256cf75 e-con-full e-flex e-con e-child\" data-id=\"256cf75\" data-element_type=\"container\" data-e-type=\"container\">\n\t\t\t\t<div class=\"elementor-element elementor-element-2e962aa elementor-widget elementor-widget-text-editor\" data-id=\"2e962aa\" data-element_type=\"widget\" data-e-type=\"widget\" data-widget_type=\"text-editor.default\">\n\t\t\t\t<div class=\"elementor-widget-container\">\n\t\t\t\t\t\t\t\t\t<div class=\"flex flex-col text-sm pb-25\">\n<section class=\"text-token-text-primary w-full focus:outline-none [--shadow-height:45px] has-data-writing-block:pointer-events-none has-data-writing-block:-mt-(--shadow-height) has-data-writing-block:pt-(--shadow-height) [&amp;:has([data-writing-block])&gt;*]:pointer-events-auto scroll-mt-[calc(var(--header-height)+min(200px,max(70px,20svh)))]\" dir=\"auto\" data-turn-id=\"request-69ce6135-4dd4-8328-9ea6-f422786fb069-83\" data-testid=\"conversation-turn-228\" data-scroll-anchor=\"true\" data-turn=\"assistant\">\n<div class=\"text-base my-auto mx-auto pb-10 [--thread-content-margin:var(--thread-content-margin-xs,calc(var(--spacing)*4))] @w-sm\/main:[--thread-content-margin:var(--thread-content-margin-sm,calc(var(--spacing)*6))] @w-lg\/main:[--thread-content-margin:var(--thread-content-margin-lg,calc(var(--spacing)*16))] px-(--thread-content-margin)\">\n<div class=\"[--thread-content-max-width:40rem] @w-lg\/main:[--thread-content-max-width:48rem] mx-auto max-w-(--thread-content-max-width) flex-1 group\/turn-messages focus-visible:outline-hidden relative flex w-full min-w-0 flex-col agent-turn\">\n<div class=\"flex max-w-full flex-col gap-4 grow\">\n<div class=\"min-h-8 text-message relative flex w-full flex-col items-end gap-2 text-start break-words whitespace-normal outline-none keyboard-focused:focus-ring [.text-message+&amp;]:mt-1\" dir=\"auto\" tabindex=\"0\" data-message-author-role=\"assistant\" data-message-id=\"5b621892-2051-4be9-8cbc-eaf8985177b2\" data-message-model-slug=\"gpt-5-mini\" data-turn-start-message=\"true\">\n<div class=\"flex w-full flex-col gap-1 empty:hidden\">\n<div class=\"markdown prose dark:prose-invert w-full wrap-break-word light markdown-new-styling\">\n<p data-start=\"0\" data-end=\"192\">S\u2019Horta und die umliegenden Orte im S\u00fcdosten Mallorcas, darunter Col\u00f2nia de Sant Jordi, Ses Salines, Llombards und Cala Figuera, bieten ein besonders exklusives Immobilienangebot f\u00fcr K\u00e4ufer.<\/p>\n<p data-start=\"194\" data-end=\"208\">Dazu z\u00e4hlen:<\/p>\n<ul data-start=\"210\" data-end=\"425\">\n<li data-section-id=\"glbck5\" data-start=\"210\" data-end=\"265\">Charmante Fincas und Landh\u00e4user, auch Neubauobjekte<\/li>\n<li data-section-id=\"1q9rdsa\" data-start=\"266\" data-end=\"327\">Stilvolle Stadth\u00e4user im historischen Zentrum von S\u2019Horta<\/li>\n<li data-section-id=\"1iypo5r\" data-start=\"328\" data-end=\"381\">Moderne Villen mit Pool und gro\u00dfz\u00fcgigen Terrassen<\/li>\n<li data-section-id=\"14lb4f9\" data-start=\"382\" data-end=\"425\">Exklusive Anwesen in erster Meereslinie<\/li>\n<\/ul>\n<p data-start=\"427\" data-end=\"770\" data-is-last-node=\"\" data-is-only-node=\"\"><br \/>Viele Immobilien \u00fcberzeugen durch mediterranes Flair, Panoramablick oder unmittelbare N\u00e4he zum Meer. Ob eine ruhige Finca, ein modernes Stadthaus oder ein Traumhaus nahe dem Naturpark Parc Natural de Mondrag\u00f3 \u2013 erfahrene Makler begleiten Sie professionell und diskret bei der Suche, beim Kauf und bei der Vermittlung von Immobilien in S\u2019Horta.<\/p>\n<\/div>\n<\/div>\n<\/div>\n<\/div>\n<\/div>\n<\/div>\n<\/section>\n<\/div>\t\t\t\t\t\t\t\t<\/div>\n\t\t\t\t<\/div>\n\t\t\t\t<\/div>\n\t\t\t\t\t<\/div>\n\t\t\t\t<\/div>\n\t\t\t\t\t<\/details>\n\t\t\t\t\t\t<details id=\"e-n-accordion-item-12110\" class=\"e-n-accordion-item\" >\n\t\t\t\t<summary class=\"e-n-accordion-item-title\" data-accordion-index=\"11\" tabindex=\"-1\" aria-expanded=\"false\" aria-controls=\"e-n-accordion-item-12110\" >\n\t\t\t\t\t<span class='e-n-accordion-item-title-header'><h3 class=\"e-n-accordion-item-title-text\"> H\u00e4ufige Themen rund um Immobilien S\u2019Horta <\/h3><\/span>\n\t\t\t\t\t\t\t<span class='e-n-accordion-item-title-icon'>\n\t\t\t<span class='e-opened' ><svg aria-hidden=\"true\" class=\"e-font-icon-svg e-fas-minus\" viewBox=\"0 0 448 512\" xmlns=\"http:\/\/www.w3.org\/2000\/svg\"><path d=\"M416 208H32c-17.67 0-32 14.33-32 32v32c0 17.67 14.33 32 32 32h384c17.67 0 32-14.33 32-32v-32c0-17.67-14.33-32-32-32z\"><\/path><\/svg><\/span>\n\t\t\t<span class='e-closed'><svg aria-hidden=\"true\" class=\"e-font-icon-svg e-fas-plus\" viewBox=\"0 0 448 512\" xmlns=\"http:\/\/www.w3.org\/2000\/svg\"><path d=\"M416 208H272V64c0-17.67-14.33-32-32-32h-32c-17.67 0-32 14.33-32 32v144H32c-17.67 0-32 14.33-32 32v32c0 17.67 14.33 32 32 32h144v144c0 17.67 14.33 32 32 32h32c17.67 0 32-14.33 32-32V304h144c17.67 0 32-14.33 32-32v-32c0-17.67-14.33-32-32-32z\"><\/path><\/svg><\/span>\n\t\t<\/span>\n\n\t\t\t\t\t\t<\/summary>\n\t\t\t\t<div role=\"region\" aria-labelledby=\"e-n-accordion-item-12110\" class=\"elementor-element elementor-element-95e1199 e-flex e-con-boxed e-con e-child\" data-id=\"95e1199\" data-element_type=\"container\" data-e-type=\"container\">\n\t\t\t\t\t<div class=\"e-con-inner\">\n\t\t<div role=\"region\" aria-labelledby=\"e-n-accordion-item-12110\" class=\"elementor-element elementor-element-8b3792f e-con-full e-flex e-con e-child\" data-id=\"8b3792f\" data-element_type=\"container\" data-e-type=\"container\">\n\t\t\t\t<div class=\"elementor-element elementor-element-b2e11b2 elementor-widget elementor-widget-text-editor\" data-id=\"b2e11b2\" data-element_type=\"widget\" data-e-type=\"widget\" data-widget_type=\"text-editor.default\">\n\t\t\t\t<div class=\"elementor-widget-container\">\n\t\t\t\t\t\t\t\t\t<p>Immobilie S\u2019Horta, Notar S\u2019Horta, Nebenkosten, Verkaufspreis, Immobilienbewertung S\u2019Horta, Kaufvertrag, Steuern, Einfamilienhaus S\u2019Horta, Grundbuch S\u2019Horta, Energieausweis S\u2019Horta, Ertragswertverfahren, Vergleichswertverfahren, Alleinerbe, Spekulationsfrist, private Ver\u00e4u\u00dferungsgesch\u00e4fte, Grunderwerbsteuer, Erbengemeinschaft, Wohnfl\u00e4che, Sachverst\u00e4ndiger S\u2019Horta, Immobilienkauf Mallorca, Gemeinde S\u2019Horta, Immobilie auf Mallorca.<\/p>\t\t\t\t\t\t\t\t<\/div>\n\t\t\t\t<\/div>\n\t\t\t\t<\/div>\n\t\t\t\t\t<\/div>\n\t\t\t\t<\/div>\n\t\t\t\t\t<\/details>\n\t\t\t\t\t<\/div>\n\t\t\t\t\t<script type=\"application\/ld+json\">{\"@context\":\"https:\\\/\\\/schema.org\",\"@type\":\"FAQPage\",\"mainEntity\":[{\"@type\":\"Question\",\"name\":\"Ist es sinnvoll, eine Immobilie in S\\u2019Horta zu kaufen?\",\"acceptedAnswer\":{\"@type\":\"Answer\",\"text\":\"Der Kauf einer Immobilie in S\\u2019Horta ist f\\u00fcr viele K\\u00e4ufer eine langfristig attraktive Entscheidung. Die Region im S\\u00fcdosten Mallorcas besticht durch ihr authentisches Flair, hohe Lebensqualit\\u00e4t und zahlreiche Immobilien in ruhiger und exklusiver Umgebung. Ob charmante Finca, modernes Haus oder luxuri\\u00f6se Villa \\u2013 viele K\\u00e4ufer finden hier ihre Traumimmobilie in einem der begehrtesten Orte der Insel.\"}},{\"@type\":\"Question\",\"name\":\"Wann ist der beste Zeitpunkt, eine Immobilie in S\\u2019Horta zu kaufen?\",\"acceptedAnswer\":{\"@type\":\"Answer\",\"text\":\"Immobilien in S\\u2019Horta k\\u00f6nnen grunds\\u00e4tzlich das ganze Jahr \\u00fcber erworben werden. Besonders im Fr\\u00fchling und Herbst werden h\\u00e4ufig neue Objekte auf den Markt gebracht. Entscheidender als der Zeitpunkt ist jedoch, dass Lage, Preis und Immobilie exakt Ihren pers\\u00f6nlichen Vorstellungen entsprechen.\"}},{\"@type\":\"Question\",\"name\":\"Was muss ich beachten, wenn ich eine Immobilie in S\\u2019Horta kaufen m\\u00f6chte?\",\"acceptedAnswer\":{\"@type\":\"Answer\",\"text\":\"Beim Kauf oder Verkauf einer Immobilie sollten rechtliche, bauliche und finanzielle Aspekte sorgf\\u00e4ltig gepr\\u00fcft werden. Dazu z\\u00e4hlen Eigentumsverh\\u00e4ltnisse, Genehmigungen, Energieausweis und m\\u00f6gliche Belastungen. Eine exklusive Begleitung durch einen erfahrenen Immobilienmakler in S\\u2019Horta gew\\u00e4hrleistet Sicherheit und Transparenz w\\u00e4hrend des gesamten Prozesses der Immobiliensuche und des Kaufs.\"}},{\"@type\":\"Question\",\"name\":\"Welche Kosten entstehen beim Immobilienkauf auf Mallorca?\",\"acceptedAnswer\":{\"@type\":\"Answer\",\"text\":\"Neben dem Kaufpreis fallen beim Immobilienerwerb in S\\u2019Horta zus\\u00e4tzliche Kosten an, wie Steuern, Notar- und Grundbuchgeb\\u00fchren. Diese sollten fr\\u00fchzeitig eingeplant werden, um eine realistische und verl\\u00e4ssliche Budgetplanung zu gew\\u00e4hrleisten.\"}},{\"@type\":\"Question\",\"name\":\"Kann ich eine Immobilie in S\\u2019Horta ohne Makler kaufen?\",\"acceptedAnswer\":{\"@type\":\"Answer\",\"text\":\"Ja, grunds\\u00e4tzlich ist ein Kauf einer Immobilie in S\\u2019Horta auch ohne Makler m\\u00f6glich. Allerdings erfordert dies umfassende Marktkenntnis, rechtliches Verst\\u00e4ndnis und gen\\u00fcgend Zeit. Gerade bei komplexen Kaufprozessen oder internationalen Beteiligten kann die exklusive Unterst\\u00fctzung durch einen erfahrenen Immobilienmakler entscheidende Vorteile bieten.\"}},{\"@type\":\"Question\",\"name\":\"Warum ist ein Immobilienmakler beim Kauf in S\\u2019Horta sinnvoll?\",\"acceptedAnswer\":{\"@type\":\"Answer\",\"text\":\"Ein erfahrener Makler kennt den Immobilienmarkt in S\\u2019Horta, realistische Preise und die rechtlichen Besonderheiten vor Ort. K\\u00e4ufer profitieren von pers\\u00f6nlicher Beratung, professioneller Verhandlungsf\\u00fchrung und einer sicheren, diskreten Begleitung bis zum Notartermin.\"}},{\"@type\":\"Question\",\"name\":\"Kann man Immobilien mit Wohnrecht oder bestehender Vermietung in S\\u2019Horta kaufen?\",\"acceptedAnswer\":{\"@type\":\"Answer\",\"text\":\"Nein. Ein g\\u00fcltiger Energieausweis ist gesetzlich vorgeschrieben und Voraussetzung f\\u00fcr den Verkauf jeder Immobilie in S\\u2019Horta auf Mallorca.\"}},{\"@type\":\"Question\",\"name\":\"Ist es besser, eine Immobilie in S\\u2019Horta zu kaufen oder zu mieten?\",\"acceptedAnswer\":{\"@type\":\"Answer\",\"text\":\"Das h\\u00e4ngt von Ihren pers\\u00f6nlichen Zielen ab. Wer langfristig in S\\u2019Horta auf Mallorca leben oder investieren m\\u00f6chte, entscheidet sich h\\u00e4ufig f\\u00fcr den Kauf. Mieten kann hingegen sinnvoll sein, um die Region zun\\u00e4chst unverbindlich kennenzulernen.\"}},{\"@type\":\"Question\",\"name\":\"Kann man ein Haus mit Wohnrecht oder bestehender Vermietung in S\\u2019Horta kaufen?\",\"acceptedAnswer\":{\"@type\":\"Answer\",\"text\":\"Ja, sowohl Immobilien mit Wohnrecht als auch vermietete Objekte in S\\u2019Horta k\\u00f6nnen erworben werden. Diese Varianten eignen sich insbesondere f\\u00fcr K\\u00e4ufer mit langfristiger Perspektive und sollten zuvor rechtlich sorgf\\u00e4ltig gepr\\u00fcft werden.\"}},{\"@type\":\"Question\",\"name\":\"Welche Immobilien gibt es in S\\u2019Horta und im S\\u00fcdosten Mallorcas?\",\"acceptedAnswer\":{\"@type\":\"Answer\",\"text\":\"S\\u2019Horta und die umliegenden Orte im S\\u00fcdosten Mallorcas, darunter Col\\u00f2nia de Sant Jordi, Ses Salines, Llombards und Cala Figuera, bieten ein besonders exklusives Immobilienangebot f\\u00fcr K\\u00e4ufer.\\nDazu z\\u00e4hlen:\\n\\nCharmante Fincas und Landh\\u00e4user, auch Neubauobjekte\\nStilvolle Stadth\\u00e4user im historischen Zentrum von S\\u2019Horta\\nModerne Villen mit Pool und gro\\u00dfz\\u00fcgigen Terrassen\\nExklusive Anwesen in erster Meereslinie\\n\\nViele Immobilien \\u00fcberzeugen durch mediterranes Flair, Panoramablick oder unmittelbare N\\u00e4he zum Meer. Ob eine ruhige Finca, ein modernes Stadthaus oder ein Traumhaus nahe dem Naturpark Parc Natural de Mondrag\\u00f3 \\u2013 erfahrene Makler begleiten Sie professionell und diskret bei der Suche, beim Kauf und bei der Vermittlung von Immobilien in S\\u2019Horta.\"}},{\"@type\":\"Question\",\"name\":\"H\\u00e4ufige Themen rund um Immobilien S\\u2019Horta\",\"acceptedAnswer\":{\"@type\":\"Answer\",\"text\":\"Immobilie S\\u2019Horta, Notar S\\u2019Horta, Nebenkosten, Verkaufspreis, Immobilienbewertung S\\u2019Horta, Kaufvertrag, Steuern, Einfamilienhaus S\\u2019Horta, Grundbuch S\\u2019Horta, Energieausweis S\\u2019Horta, Ertragswertverfahren, Vergleichswertverfahren, Alleinerbe, Spekulationsfrist, private Ver\\u00e4u\\u00dferungsgesch\\u00e4fte, Grunderwerbsteuer, Erbengemeinschaft, Wohnfl\\u00e4che, Sachverst\\u00e4ndiger S\\u2019Horta, Immobilienkauf Mallorca, Gemeinde S\\u2019Horta, Immobilie auf Mallorca.\"}}]}<\/script>\n\t\t\t\t\t\t\t<\/div>\n\t\t\t\t<\/div>\n\t\t\t\t\t<\/div>\n\t\t\t\t<\/div>\n\t\t<div class=\"elementor-element elementor-element-a53c3be e-flex e-con-boxed e-con e-parent\" data-id=\"a53c3be\" data-element_type=\"container\" data-e-type=\"container\">\n\t\t\t\t\t<div class=\"e-con-inner\">\n\t\t\t\t<div class=\"elementor-element elementor-element-640dc23 elementor-widget elementor-widget-html\" data-id=\"640dc23\" data-element_type=\"widget\" data-e-type=\"widget\" data-widget_type=\"html.default\">\n\t\t\t\t<div class=\"elementor-widget-container\">\n\t\t\t\t\t<script type=\"application\/ld+json\">\r\n{\r\n  \"@context\": \"https:\/\/schema.org\",\r\n  \"@type\": \"RealEstateAgent\",\r\n  \"name\": \"Immobilien S\u2019Horta | Petra Pekna Immobilien\",\r\n  \"image\": \"https:\/\/petrapekna.com\/wp-content\/uploads\/2025\/10\/Logotipo-color-1-fondo-blanco-1024x517.jpg\",\r\n  \"url\": \"https:\/\/petrapekna.com\/immobilien-s-horta\",\r\n  \"address\": {\r\n    \"@type\": \"PostalAddress\",\r\n    \"streetAddress\": \"Carrer Verge del Carme, 52\",\r\n    \"addressLocality\": \"cala figuera\",\r\n    \"postalCode\": \"07659\",\r\n    \"addressCountry\": \"ES\"\r\n  },\r\n  \"geo\": {\r\n    \"@type\": \"GeoCoordinates\",\r\n    \"latitude\": 39.33086460,\r\n    \"longitude\": 3.17041700\r\n  },\r\n  \"openingHoursSpecification\": [\r\n    {\r\n      \"@type\": \"OpeningHoursSpecification\",\r\n      \"dayOfWeek\": [\r\n        \"Monday\",\r\n        \"Tuesday\",\r\n        \"Wednesday\",\r\n        \"Thursday\",\r\n        \"Friday\"\r\n      ],\r\n      \"opens\": \"09:00\",\r\n      \"closes\": \"17:00\"\r\n    },\r\n    {\r\n      \"@type\": \"OpeningHoursSpecification\",\r\n      \"dayOfWeek\": [\r\n        \"Saturday\",\r\n        \"Sunday\"\r\n      ],\r\n      \"opens\": \"00:00\",\r\n      \"closes\": \"00:00\"\r\n    }\r\n  ],\r\n  \"knowsAbout\":[\r\n\"Immobilienmakler S\u2019Horta\",\r\n\"Immobilien S\u2019Horta\",\r\n\"Immobilienbewertung S\u2019Horta\",\r\n\"Immobilie verkaufen S\u2019Horta\",\r\n\"Haus kaufen S\u2019Horta\",\r\n\"Wohnung kaufen S\u2019Horta\",\r\n\"Wohnung mieten S\u2019Horta\",\r\n\"haus mieten S\u2019Horta\"\r\n], \r\n \"keywords\": \"Immobilienmakler S\u2019Horta, Makler S\u2019Horta, Immobilien S\u2019Horta, Immobilienagentur S\u2019Horta, Immobilienb\u00fcro S\u2019Horta, Wohnung kaufen S\u2019Horta, Haus kaufen S\u2019Horta, Wohnung verkaufen S\u2019Horta, Haus verkaufen S\u2019Horta, Immobilie verkaufen S\u2019Horta, Immobilienbewertung S\u2019Horta, Wertermittlung S\u2019Horta, Verkehrswert Immobilie S\u2019Horta, Expos\u00e9 Erstellung S\u2019Horta, Home Staging S\u2019Horta, 3D Rundgang S\u2019Horta, Energieausweis S\u2019Horta, Wohnung vermieten S\u2019Horta, Immobilie vermieten S\u2019Horta, Kapitalanlage S\u2019Horta, Mehrfamilienhaus kaufen S\u2019Horta, Gewerbeimmobilie S\u2019Horta, Grundst\u00fcck verkaufen S\u2019Horta, Notar Immobilien S\u2019Horta, Maklerprovision S\u2019Horta, Grundbuchauszug S\u2019Horta, Real Estate Agent S\u2019Horta\",\r\n \"hasMap\":\"https:\/\/maps.google.com\/?cid=1938842600204666192\",\r\n \"areaServed\":[\"https:\/\/de.wikipedia.org\/wiki\/S%E2%80%99Horta\" \r\n],\r\n     \"additionalType\": [\r\n\"https:\/\/de.wikipedia.org\/wiki\/Immobilienmakler\",\r\n\"https:\/\/de.wikipedia.org\/wiki\/Makler\",\r\n\"https:\/\/de.wikipedia.org\/wiki\/Immobilienfinanzierung\",\r\n\"https:\/\/de.wikipedia.org\/wiki\/Immobilien\",\r\n\"https:\/\/de.wikipedia.org\/wiki\/Makler#Vermittlungsmakler\",\r\n\"https:\/\/de.wikipedia.org\/wiki\/Makler#Nachweismakler\",\r\n\"T\/doc\/Real_estate_agent\",\r\n\"https:\/\/www.wikidata.org\/wiki\/Q519076\",\r\n\"https:\/\/de.wikipedia.org\/wiki\/Grundst\u00fccksbewertung\"\r\n],\r\n                      \"award\":[\r\n       \"Top Immobilienmakler S\u2019Horta 2026\",\r\n      \"Top Makler S\u2019Horta 2026\"\r\n   ],\r\n   \"description\":\"Immobilien S\u2019Horta | Petra Pekna Immobilien begleitet Sie exklusiv beim Kauf und Verkauf von Immobilien in S\u2019Horta auf Mallorca. Ob charmante Finca, modernes Haus oder luxuri\u00f6se Villa \u2013 wir verbinden fundiertes Fachwissen mit pers\u00f6nlicher Beratung und unterst\u00fctzen Sie professionell, diskret und stressfrei bei der Verwirklichung Ihrer Immobilienziele.\",\r\n    \"disambiguatingDescription\":\"Exklusive Immobilienvermittlung und Maklerdienstleistungen in S\u2019Horta, Mallorca, spezialisiert auf Kauf, Verkauf und Beratung von Fincas, Villen und Wohnimmobilien.\",\r\n  \"sameAs\": [\r\n\"https:\/\/www.facebook.com\/people\/Petra-Pekna-Real-Estate\/100071948467810\/\",\r\n\"https:\/\/www.immowelt.de\/profil\/7a9a96aa5e094f7d90c356f46bc3d956\",\r\n\"https:\/\/www.instagram.com\/petrapekna_realestate\/?hl=en\",\r\n\"https:\/\/www.linkedin.com\/posts\/petra-pekna-real-estate-90a156242_luxury-property-onsale-activity-6983347678755610624-vdzW\"\r\n]\r\n}\r\n<\/script>\t\t\t\t<\/div>\n\t\t\t\t<\/div>\n\t\t\t\t\t<\/div>\n\t\t\t\t<\/div>\n\t\t\t\t<\/div>\n\t\t","protected":false},"excerpt":{"rendered":"<p>PETRA PEKNA IMMOBILIEN Ihre Immobilienexperten in S\u2019Horta Unsere Leistungen Aktuelle Angebote Immobilie kaufen in S\u2019Horta mit Petra Pekna \u2013 wenn Sie erfolgreich Immobilien in S\u2019Hortakaufen wollen Ihr lokaler Immobilienmakler und Preisexperte f\u00fcr den Hauskauf in S\u2019Horta In S\u2019Horta begleitet Petra Pekna Real Estate Agency Sie mit exklusiver Expertise und pers\u00f6nlichem Engagement beim Erwerb Ihrer Traumimmobilie. [&hellip;]<\/p>\n","protected":false},"author":4,"featured_media":0,"parent":0,"menu_order":0,"comment_status":"closed","ping_status":"closed","template":"","meta":{"_acf_changed":false,"footnotes":""},"class_list":["post-10303","page","type-page","status-publish","hentry"],"acf":[],"_links":{"self":[{"href":"https:\/\/petrapekna.com\/es\/wp-json\/wp\/v2\/pages\/10303","targetHints":{"allow":["GET"]}}],"collection":[{"href":"https:\/\/petrapekna.com\/es\/wp-json\/wp\/v2\/pages"}],"about":[{"href":"https:\/\/petrapekna.com\/es\/wp-json\/wp\/v2\/types\/page"}],"author":[{"embeddable":true,"href":"https:\/\/petrapekna.com\/es\/wp-json\/wp\/v2\/users\/4"}],"replies":[{"embeddable":true,"href":"https:\/\/petrapekna.com\/es\/wp-json\/wp\/v2\/comments?post=10303"}],"version-history":[{"count":5,"href":"https:\/\/petrapekna.com\/es\/wp-json\/wp\/v2\/pages\/10303\/revisions"}],"predecessor-version":[{"id":10319,"href":"https:\/\/petrapekna.com\/es\/wp-json\/wp\/v2\/pages\/10303\/revisions\/10319"}],"wp:attachment":[{"href":"https:\/\/petrapekna.com\/es\/wp-json\/wp\/v2\/media?parent=10303"}],"curies":[{"name":"wp","href":"https:\/\/api.w.org\/{rel}","templated":true}]}}